{"id":80559,"date":"2025-10-29T11:10:59","date_gmt":"2025-10-29T09:10:59","guid":{"rendered":"https:\/\/cambrabcn.org\/informe-trimestral-de-coyuntura-catalana-2025\/"},"modified":"2026-02-04T09:27:22","modified_gmt":"2026-02-04T07:27:22","slug":"informe-trimestral-de-coyuntura-catalana-2025","status":"publish","type":"study","link":"https:\/\/cambrabcn.org\/es\/informe-trimestral-de-coyuntura-catalana-2025\/","title":{"rendered":"Informe trimestral de coyuntura catalana | 2025"},"content":{"rendered":"\n<div style=\"height:5px\" aria-hidden=\"true\" class=\"wp-block-spacer\"><\/div>\n\n\n\n<p class=\"has-normal-b-font-size\">El Informe de coyuntura catalana del cuarto trimestre de 2025, donde se actualizan las previsiones econ\u00f3micas anuales de 2025 y 2026 y se estima la evoluci\u00f3n del PIB del tercer y cuarto trimestre de 2025. La conclusi\u00f3n del informe es que <strong>la C\u00e1mara aumenta tres d\u00e9cimas la previsi\u00f3n de crecimiento para 2025 (2,9%) y mantiene en 2,4% la de 2026<\/strong>.<\/p>\n\n\n\n<p class=\"has-normal-b-font-size\">Accede a la\u00a0<strong><mark style=\"background-color:rgba(0, 0, 0, 0)\" class=\"has-inline-color has-primary-default-red-color\"><a href=\"https:\/\/cambrabcn.org\/la-cambra-revisa-a-lalca-la-previsio-de-creixement-per-al-2025-fins-al-29-i-mante-la-del-2026-al-24\/\" target=\"_blank\" rel=\"noreferrer noopener\">nota de prensa del IV trimestre de 2025<\/a><\/mark><\/strong> y a la <strong><mark style=\"background-color:rgba(0, 0, 0, 0)\" class=\"has-inline-color has-primary-default-red-color\"><a href=\"https:\/\/cambrabcn.org\/wp-content\/uploads\/2025\/10\/Informe-trimestral-conjuntura_Octubre_2025-Presentacio.pdf\" target=\"_blank\" rel=\"noreferrer noopener\">presentaci\u00f3n del Informe trimestral de coyuntura catalana<\/a><\/mark><\/strong>.<\/p>\n\n\n\n<div style=\"height:5px\" aria-hidden=\"true\" class=\"wp-block-spacer\"><\/div>\n\n\n\n<div class=\"wp-block-columns is-layout-flex wp-container-core-columns-is-layout-28f84493 wp-block-columns-is-layout-flex\">\n<div class=\"wp-block-column is-layout-flow wp-block-column-is-layout-flow\">\n<h3 class=\"wp-block-heading has-medium-b-font-size\" id=\"h-previsiones-de-crecimiento\"><mark style=\"background-color:rgba(0, 0, 0, 0);color:#0078bf\" class=\"has-inline-color\">PREVISIONES DE CRECIMIENTO<\/mark><\/h3>\n\n\n\n<p class=\"has-normal-b-font-size\"><strong>PIB anual. Catalu\u00f1a <\/strong>(%, tasa de variaci\u00f3n interanual)<\/p>\n\n\n\n<figure class=\"wp-block-image size-full is-resized is-style-default\" style=\"margin-right:var(--wp--preset--spacing--80);margin-left:var(--wp--preset--spacing--80)\"><img data-dominant-color=\"d8dad0\" data-has-transparency=\"false\" loading=\"lazy\" decoding=\"async\" width=\"923\" height=\"757\" src=\"https:\/\/cambrabcn.org\/wp-content\/uploads\/2025\/10\/Informe-Conjuntura-21102025_1-v2.png\" alt=\"\" class=\"wp-image-105140 not-transparent\" style=\"--dominant-color: #d8dad0; width:392px;height:auto\" srcset=\"https:\/\/cambrabcn.org\/wp-content\/uploads\/2025\/10\/Informe-Conjuntura-21102025_1-v2.png 923w, https:\/\/cambrabcn.org\/wp-content\/uploads\/2025\/10\/Informe-Conjuntura-21102025_1-v2-300x246.png 300w, https:\/\/cambrabcn.org\/wp-content\/uploads\/2025\/10\/Informe-Conjuntura-21102025_1-v2-768x630.png 768w, https:\/\/cambrabcn.org\/wp-content\/uploads\/2025\/10\/Informe-Conjuntura-21102025_1-v2-600x492.png 600w\" sizes=\"auto, (max-width: 923px) 100vw, 923px\" \/><\/figure>\n\n\n\n<p class=\"has-normal-b-font-size\"><strong>Fuente:<\/strong> Cambra de Barcelona y AQR-Lab<\/p>\n\n\n\n<div style=\"height:1px\" aria-hidden=\"true\" class=\"wp-block-spacer\"><\/div>\n<\/div>\n\n\n\n<div class=\"wp-block-column is-layout-flow wp-block-column-is-layout-flow\">\n<blockquote class=\"wp-block-quote is-style-plain is-layout-flow wp-block-quote-is-layout-flow\" style=\"margin-top:var(--wp--preset--spacing--80);margin-bottom:var(--wp--preset--spacing--80);padding-top:0;padding-bottom:0\">\n<h4 class=\"wp-block-heading has-medium-b-font-size\" id=\"h-la-cambra-aumenta-tres-decimas-la-prevision-de-avance-del-pib-catalan-para-el-2025-2-9-y-mantiene-en-el-2-4-la-del-2026\"><strong>La Cambra aumenta tres d\u00e9cimas la previsi\u00f3n de avance del PIB catal\u00e1n para el 2025 (2,9%) y mantiene en el 2,4% la del 2026<\/strong><\/h4>\n\n\n\n<div style=\"height:1px\" aria-hidden=\"true\" class=\"wp-block-spacer\"><\/div>\n\n\n\n<p class=\"has-normal-b-font-size\">La revisi\u00f3n de 2025 incorpora la revisi\u00f3n estad\u00edstica de los datos oficiales de 2025, el buen comportamiento del consumo privado y la inversi\u00f3n, y la resiliencia de las exportaciones.<\/p>\n<\/blockquote>\n<\/div>\n<\/div>\n\n\n\n<hr class=\"wp-block-separator has-alpha-channel-opacity is-style-wide\"\/>\n\n\n\n<div class=\"wp-block-columns is-layout-flex wp-container-core-columns-is-layout-28f84493 wp-block-columns-is-layout-flex\">\n<div class=\"wp-block-column is-layout-flow wp-block-column-is-layout-flow\">\n<h3 class=\"wp-block-heading has-medium-b-font-size\" id=\"h-contribucion-al-crecimiento\"><mark style=\"background-color:rgba(0, 0, 0, 0);color:#0078bf\" class=\"has-inline-color\">CONTRIBUCI\u00d3N AL CRECIMIENTO<\/mark><\/h3>\n\n\n\n<p class=\"has-normal-b-font-size\"><strong>Contribuci\u00f3n al crecimiento interanual del PIB. Catalu\u00f1a <\/strong>(En %)<\/p>\n\n\n\n<figure class=\"wp-block-image size-full is-resized is-style-default\" style=\"margin-right:var(--wp--preset--spacing--80);margin-left:var(--wp--preset--spacing--80)\"><img data-dominant-color=\"e6d2ae\" data-has-transparency=\"false\" loading=\"lazy\" decoding=\"async\" width=\"923\" height=\"768\" src=\"https:\/\/cambrabcn.org\/wp-content\/uploads\/2025\/10\/Informe-Conjuntura-21102025_2.png\" alt=\"\" class=\"wp-image-105130 not-transparent\" style=\"--dominant-color: #e6d2ae; width:392px;height:auto\" srcset=\"https:\/\/cambrabcn.org\/wp-content\/uploads\/2025\/10\/Informe-Conjuntura-21102025_2.png 923w, https:\/\/cambrabcn.org\/wp-content\/uploads\/2025\/10\/Informe-Conjuntura-21102025_2-300x250.png 300w, https:\/\/cambrabcn.org\/wp-content\/uploads\/2025\/10\/Informe-Conjuntura-21102025_2-768x639.png 768w, https:\/\/cambrabcn.org\/wp-content\/uploads\/2025\/10\/Informe-Conjuntura-21102025_2-600x499.png 600w\" sizes=\"auto, (max-width: 923px) 100vw, 923px\" \/><\/figure>\n\n\n\n<p class=\"has-normal-b-font-size\"><strong>Fuente:<\/strong>\u00a0Idescat<\/p>\n\n\n\n<div style=\"height:1px\" aria-hidden=\"true\" class=\"wp-block-spacer\"><\/div>\n<\/div>\n\n\n\n<div class=\"wp-block-column is-layout-flow wp-block-column-is-layout-flow\">\n<blockquote class=\"wp-block-quote is-style-plain is-layout-flow wp-block-quote-is-layout-flow\" style=\"margin-top:var(--wp--preset--spacing--80);margin-bottom:var(--wp--preset--spacing--80);padding-top:0;padding-bottom:0\">\n<h4 class=\"wp-block-heading has-medium-b-font-size\" id=\"h-la-demanda-interna-impulsa-el-crecimiento-de-la-economia-mientras-que-se-reduce-la-contribucion-de-la-demanda-exterior-neta\"><strong>La demanda interna impulsa el crecimiento de la econom\u00eda, mientras que se reduce la contribuci\u00f3n de la demanda exterior neta<\/strong><\/h4>\n\n\n\n<div style=\"height:1px\" aria-hidden=\"true\" class=\"wp-block-spacer\"><\/div>\n\n\n\n<p class=\"has-normal-b-font-size\">Pese a la resiliencia del sector exterior, la demanda interna toma el relevo gracias al impulso de la inversi\u00f3n y del consumo privado.<\/p>\n<\/blockquote>\n<\/div>\n<\/div>\n\n\n\n<hr class=\"wp-block-separator has-alpha-channel-opacity is-style-wide\"\/>\n\n\n\n<div class=\"wp-block-columns is-layout-flex wp-container-core-columns-is-layout-28f84493 wp-block-columns-is-layout-flex\">\n<div class=\"wp-block-column is-layout-flow wp-block-column-is-layout-flow\">\n<h3 class=\"wp-block-heading has-medium-b-font-size\" id=\"h-inversion\"><mark style=\"background-color:rgba(0, 0, 0, 0);color:#0078bf\" class=\"has-inline-color\">INVERSI\u00d3N<\/mark><\/h3>\n\n\n\n<p class=\"has-normal-b-font-size\"><strong>Inversi\u00f3n. Catalu\u00f1a<\/strong> (\u00cdndice T1 2019 = 100. Precios constantes)<\/p>\n\n\n\n<figure class=\"wp-block-image size-full is-resized is-style-default\" style=\"margin-right:var(--wp--preset--spacing--80);margin-left:var(--wp--preset--spacing--80)\"><img data-dominant-color=\"f8f7f5\" data-has-transparency=\"false\" loading=\"lazy\" decoding=\"async\" width=\"923\" height=\"759\" src=\"https:\/\/cambrabcn.org\/wp-content\/uploads\/2025\/10\/Informe-Conjuntura-21102025_3.png\" alt=\"\" class=\"wp-image-105133 not-transparent\" style=\"--dominant-color: #f8f7f5; width:392px;height:auto\" srcset=\"https:\/\/cambrabcn.org\/wp-content\/uploads\/2025\/10\/Informe-Conjuntura-21102025_3.png 923w, https:\/\/cambrabcn.org\/wp-content\/uploads\/2025\/10\/Informe-Conjuntura-21102025_3-300x247.png 300w, https:\/\/cambrabcn.org\/wp-content\/uploads\/2025\/10\/Informe-Conjuntura-21102025_3-768x632.png 768w, https:\/\/cambrabcn.org\/wp-content\/uploads\/2025\/10\/Informe-Conjuntura-21102025_3-600x493.png 600w\" sizes=\"auto, (max-width: 923px) 100vw, 923px\" \/><\/figure>\n\n\n\n<p class=\"has-normal-b-font-size\"><strong>Fuente:<\/strong> Idescat<\/p>\n\n\n\n<div style=\"height:1px\" aria-hidden=\"true\" class=\"wp-block-spacer\"><\/div>\n<\/div>\n\n\n\n<div class=\"wp-block-column is-layout-flow wp-block-column-is-layout-flow\">\n<blockquote class=\"wp-block-quote is-style-plain is-layout-flow wp-block-quote-is-layout-flow\" style=\"margin-top:var(--wp--preset--spacing--80);margin-bottom:var(--wp--preset--spacing--80);padding-top:0;padding-bottom:0\">\n<h4 class=\"wp-block-heading has-medium-b-font-size\" id=\"h-los-dos-componentes-de-la-inversion-presentan-una-trayectoria-positiva-si-bien-con-diferencias-de-intensidad\"><strong>Los dos componentes de la inversi\u00f3n presentan una trayectoria positiva, si bien con diferencias de intensidad<\/strong><\/h4>\n\n\n\n<div style=\"height:1px\" aria-hidden=\"true\" class=\"wp-block-spacer\"><\/div>\n\n\n\n<p class=\"has-normal-b-font-size\">La inversi\u00f3n se ve favorecida por el despliegue final de los fondos Next Generation EU, los tipos de inter\u00e9s m\u00e1s bajos y el aumento de los beneficios empresariales.<\/p>\n<\/blockquote>\n<\/div>\n<\/div>\n\n\n\n<hr class=\"wp-block-separator has-alpha-channel-opacity is-style-wide\"\/>\n\n\n\n<div class=\"wp-block-columns is-layout-flex wp-container-core-columns-is-layout-28f84493 wp-block-columns-is-layout-flex\">\n<div class=\"wp-block-column is-layout-flow wp-block-column-is-layout-flow\">\n<h3 class=\"wp-block-heading has-medium-b-font-size\" id=\"h-productividad\"><mark style=\"background-color:rgba(0, 0, 0, 0);color:#0078bf\" class=\"has-inline-color\">PRODUCTIVIDAD<\/mark><\/h3>\n\n\n\n<p class=\"has-normal-b-font-size\"><strong>Productividad. Catalu\u00f1a<\/strong> <br>(Precios corrientes. MM4T. \u00cdndice 2019 = 100)<\/p>\n\n\n\n<figure class=\"wp-block-image size-full is-resized is-style-default\" style=\"margin-right:var(--wp--preset--spacing--80);margin-left:var(--wp--preset--spacing--80)\"><img data-dominant-color=\"f6f7f5\" data-has-transparency=\"false\" loading=\"lazy\" decoding=\"async\" width=\"923\" height=\"759\" src=\"https:\/\/cambrabcn.org\/wp-content\/uploads\/2025\/10\/Informe-Conjuntura-21102025_4.png\" alt=\"\" class=\"wp-image-105136 not-transparent\" style=\"--dominant-color: #f6f7f5; width:392px;height:auto\" srcset=\"https:\/\/cambrabcn.org\/wp-content\/uploads\/2025\/10\/Informe-Conjuntura-21102025_4.png 923w, https:\/\/cambrabcn.org\/wp-content\/uploads\/2025\/10\/Informe-Conjuntura-21102025_4-300x247.png 300w, https:\/\/cambrabcn.org\/wp-content\/uploads\/2025\/10\/Informe-Conjuntura-21102025_4-768x632.png 768w, https:\/\/cambrabcn.org\/wp-content\/uploads\/2025\/10\/Informe-Conjuntura-21102025_4-600x493.png 600w\" sizes=\"auto, (max-width: 923px) 100vw, 923px\" \/><\/figure>\n\n\n\n<p class=\"has-normal-b-font-size\"><strong>Fuente:<\/strong> Idescat, TGSS y INE<\/p>\n\n\n\n<div style=\"height:1px\" aria-hidden=\"true\" class=\"wp-block-spacer\"><\/div>\n<\/div>\n\n\n\n<div class=\"wp-block-column is-layout-flow wp-block-column-is-layout-flow\">\n<blockquote class=\"wp-block-quote is-style-plain is-layout-flow wp-block-quote-is-layout-flow\" style=\"margin-top:var(--wp--preset--spacing--80);margin-bottom:var(--wp--preset--spacing--80);padding-top:0;padding-bottom:0\">\n<h4 class=\"wp-block-heading has-medium-b-font-size\" id=\"h-la-productividad-ha-recuperado-los-niveles-prepandemia\"><strong>La productividad ha recuperado los niveles prepandemia<\/strong><\/h4>\n\n\n\n<div style=\"height:1px\" aria-hidden=\"true\" class=\"wp-block-spacer\"><\/div>\n\n\n\n<p class=\"has-normal-b-font-size\">La productividad por hora efectiva aumenta a una velocidad superior a la productividad por trabajador equivalente a tiempo completo, debido al aumento de horas no trabajadas por incapacidad temporal.<\/p>\n<\/blockquote>\n<\/div>\n<\/div>\n\n\n\n<h3 class=\"wp-block-heading\" id=\"h-sobre-el-informe-de-coyuntura-economica-catalana\">Sobre el Informe de coyuntura econ\u00f3mica catalana<\/h3>\n\n\n\n<p class=\"has-normal-b-font-size\">El Informe de coyuntura catalana es una publicaci\u00f3n trimestral elaborada por el Gabinete de Estudios Econ\u00f3micos de la C\u00e1mara de Comercio de Barcelona y el Laboratorio de Transferencia de An\u00e1lisis Cuantitativo Regional de la Universidad de Barcelona (AQR-Lab), con el objetivo de realizar un seguimiento sistem\u00e1tico de la econom\u00eda catalana.<\/p>\n\n\n\n<p class=\"has-normal-b-font-size\">El an\u00e1lisis recoge una serie de estad\u00edsticas, tanto propias como obtenidas de fuentes oficiales, que permiten medir los principales indicadores econ\u00f3micos como el empleo, las exportaciones, el turismo, la inflaci\u00f3n y la Encuesta de Clima Empresarial. Asimismo, incluye un apartado de previsiones de crecimiento del PIB tanto trimestral como anual. Los informes tambi\u00e9n cuentan con apartados monogr\u00e1ficos dedicados a indicadores concretos ligados a la actualidad econ\u00f3mica, con un an\u00e1lisis m\u00e1s detallado de su situaci\u00f3n. <\/p>\n\n\n\n<p><\/p>\n","protected":false},"excerpt":{"rendered":"<p>Consulta y descarga el estudio completo<\/p>\n","protected":false},"author":6,"featured_media":79976,"parent":0,"template":"wp-custom-template-single-study-mailing-es","study-category":[767,770],"study-type":[975],"study-territory":[],"territorial-chamber":[],"services-for":[],"solutions-for":[433],"location":[],"class_list":["post-80559","study","type-study","status-publish","has-post-thumbnail","hentry","study-category-estudios-economia","study-category-estudios-informe-trimestral-de-coyuntura-catalana","study-type-estudio","solutions-for-soluciones-estudios"],"pp_statuses_selecting_workflow":false,"pp_workflow_action":"current","pp_status_selection":"publish","acf":[],"yoast_head":"<!-- This site is optimized with the Yoast SEO Premium plugin v27.1 (Yoast SEO v27.4) - https:\/\/yoast.com\/product\/yoast-seo-premium-wordpress\/ -->\n<title>Informe trimestral de coyuntura catalana | 2025 | Cambra de Comer\u00e7 de Barcelona<\/title>\n<meta name=\"description\" content=\"Seguimiento sistem\u00e1tico de la econom\u00eda catalana a trav\u00e9s de estad\u00edsticas que permiten medir los principales indicadores econ\u00f3micos.\" \/>\n<meta name=\"robots\" content=\"index, follow, max-snippet:-1, max-image-preview:large, max-video-preview:-1\" \/>\n<link rel=\"canonical\" href=\"https:\/\/cambrabcn.org\/es\/informe-trimestral-de-coyuntura-catalana-2025\/\" \/>\n<meta property=\"og:locale\" content=\"es_ES\" \/>\n<meta property=\"og:type\" content=\"article\" \/>\n<meta property=\"og:title\" content=\"Informe trimestral de coyuntura catalana | 2025\" \/>\n<meta property=\"og:description\" content=\"Seguimiento sistem\u00e1tico de la econom\u00eda catalana a trav\u00e9s de estad\u00edsticas que permiten medir los principales indicadores econ\u00f3micos.\" \/>\n<meta property=\"og:url\" content=\"https:\/\/cambrabcn.org\/es\/informe-trimestral-de-coyuntura-catalana-2025\/\" \/>\n<meta property=\"og:site_name\" content=\"Cambra de Comer\u00e7 de Barcelona\" \/>\n<meta property=\"article:modified_time\" content=\"2026-02-04T07:27:22+00:00\" \/>\n<meta property=\"og:image\" content=\"https:\/\/cambrabcn.org\/wp-content\/uploads\/2025\/02\/Informe-conjuntura_2025.png\" \/>\n\t<meta property=\"og:image:width\" content=\"280\" \/>\n\t<meta property=\"og:image:height\" content=\"350\" \/>\n\t<meta property=\"og:image:type\" content=\"image\/png\" \/>\n<meta name=\"twitter:card\" content=\"summary_large_image\" \/>\n<meta name=\"twitter:site\" content=\"@cambrabcn\" \/>\n<meta name=\"twitter:label1\" content=\"Tiempo de lectura\" \/>\n\t<meta name=\"twitter:data1\" content=\"3 minutos\" \/>\n<script type=\"application\/ld+json\" class=\"yoast-schema-graph\">{\"@context\":\"https:\\\/\\\/schema.org\",\"@graph\":[{\"@type\":[\"Article\",\"Report\"],\"@id\":\"https:\\\/\\\/cambrabcn.org\\\/es\\\/informe-trimestral-de-coyuntura-catalana-2025\\\/#article\",\"isPartOf\":{\"@id\":\"https:\\\/\\\/cambrabcn.org\\\/es\\\/informe-trimestral-de-coyuntura-catalana-2025\\\/\"},\"author\":{\"name\":\"gserrano\",\"@id\":\"https:\\\/\\\/cambrabcn.org\\\/es\\\/#\\\/schema\\\/person\\\/ee54a1cc56c112db06d158f03fc10e54\"},\"headline\":\"Informe trimestral de coyuntura catalana | 2025\",\"datePublished\":\"2025-10-29T09:10:59+00:00\",\"dateModified\":\"2026-02-04T07:27:22+00:00\",\"mainEntityOfPage\":{\"@id\":\"https:\\\/\\\/cambrabcn.org\\\/es\\\/informe-trimestral-de-coyuntura-catalana-2025\\\/\"},\"wordCount\":476,\"publisher\":{\"@id\":\"https:\\\/\\\/cambrabcn.org\\\/es\\\/#organization\"},\"image\":{\"@id\":\"https:\\\/\\\/cambrabcn.org\\\/es\\\/informe-trimestral-de-coyuntura-catalana-2025\\\/#primaryimage\"},\"thumbnailUrl\":\"https:\\\/\\\/cambrabcn.org\\\/wp-content\\\/uploads\\\/2025\\\/02\\\/Informe-conjuntura_2025.png\",\"inLanguage\":\"es\"},{\"@type\":[\"WebPage\",\"ItemPage\"],\"@id\":\"https:\\\/\\\/cambrabcn.org\\\/es\\\/informe-trimestral-de-coyuntura-catalana-2025\\\/\",\"url\":\"https:\\\/\\\/cambrabcn.org\\\/es\\\/informe-trimestral-de-coyuntura-catalana-2025\\\/\",\"name\":\"Informe trimestral de coyuntura catalana | 2025 | Cambra de Comer\u00e7 de Barcelona\",\"isPartOf\":{\"@id\":\"https:\\\/\\\/cambrabcn.org\\\/es\\\/#website\"},\"primaryImageOfPage\":{\"@id\":\"https:\\\/\\\/cambrabcn.org\\\/es\\\/informe-trimestral-de-coyuntura-catalana-2025\\\/#primaryimage\"},\"image\":{\"@id\":\"https:\\\/\\\/cambrabcn.org\\\/es\\\/informe-trimestral-de-coyuntura-catalana-2025\\\/#primaryimage\"},\"thumbnailUrl\":\"https:\\\/\\\/cambrabcn.org\\\/wp-content\\\/uploads\\\/2025\\\/02\\\/Informe-conjuntura_2025.png\",\"datePublished\":\"2025-10-29T09:10:59+00:00\",\"dateModified\":\"2026-02-04T07:27:22+00:00\",\"description\":\"Seguimiento sistem\u00e1tico de la econom\u00eda catalana a trav\u00e9s de estad\u00edsticas que permiten medir los principales indicadores econ\u00f3micos.\",\"breadcrumb\":{\"@id\":\"https:\\\/\\\/cambrabcn.org\\\/es\\\/informe-trimestral-de-coyuntura-catalana-2025\\\/#breadcrumb\"},\"inLanguage\":\"es\",\"potentialAction\":[{\"@type\":\"ReadAction\",\"target\":[\"https:\\\/\\\/cambrabcn.org\\\/es\\\/informe-trimestral-de-coyuntura-catalana-2025\\\/\"]}]},{\"@type\":\"ImageObject\",\"inLanguage\":\"es\",\"@id\":\"https:\\\/\\\/cambrabcn.org\\\/es\\\/informe-trimestral-de-coyuntura-catalana-2025\\\/#primaryimage\",\"url\":\"https:\\\/\\\/cambrabcn.org\\\/wp-content\\\/uploads\\\/2025\\\/02\\\/Informe-conjuntura_2025.png\",\"contentUrl\":\"https:\\\/\\\/cambrabcn.org\\\/wp-content\\\/uploads\\\/2025\\\/02\\\/Informe-conjuntura_2025.png\",\"width\":280,\"height\":350},{\"@type\":\"BreadcrumbList\",\"@id\":\"https:\\\/\\\/cambrabcn.org\\\/es\\\/informe-trimestral-de-coyuntura-catalana-2025\\\/#breadcrumb\",\"itemListElement\":[{\"@type\":\"ListItem\",\"position\":1,\"name\":\"Home\",\"item\":\"https:\\\/\\\/cambrabcn.org\\\/es\\\/\"},{\"@type\":\"ListItem\",\"position\":2,\"name\":\"Estudios\",\"item\":\"https:\\\/\\\/cambrabcn.org\\\/es\\\/estudios\\\/\"},{\"@type\":\"ListItem\",\"position\":3,\"name\":\"Informe trimestral de coyuntura catalana | 2025\"}]},{\"@type\":\"WebSite\",\"@id\":\"https:\\\/\\\/cambrabcn.org\\\/es\\\/#website\",\"url\":\"https:\\\/\\\/cambrabcn.org\\\/es\\\/\",\"name\":\"Cambra de Comer\u00e7 de Barcelona\",\"description\":\"La Cambra de Tothom\",\"publisher\":{\"@id\":\"https:\\\/\\\/cambrabcn.org\\\/es\\\/#organization\"},\"alternateName\":\"Cambra Oficial de Comer\u00e7, Ind\u00fastria, Serveis i Navegaci\u00f3 de Barcelona\",\"potentialAction\":[{\"@type\":\"SearchAction\",\"target\":{\"@type\":\"EntryPoint\",\"urlTemplate\":\"https:\\\/\\\/cambrabcn.org\\\/es\\\/?s={search_term_string}\"},\"query-input\":{\"@type\":\"PropertyValueSpecification\",\"valueRequired\":true,\"valueName\":\"search_term_string\"}}],\"inLanguage\":\"es\"},{\"@type\":\"Organization\",\"@id\":\"https:\\\/\\\/cambrabcn.org\\\/es\\\/#organization\",\"name\":\"Cambra de Comer\u00e7 de Barcelona\",\"alternateName\":\"Cambra Oficial de Comer\u00e7, Ind\u00fastria, Serveis i Navegaci\u00f3 de Barcelona\",\"url\":\"https:\\\/\\\/cambrabcn.org\\\/es\\\/\",\"logo\":{\"@type\":\"ImageObject\",\"inLanguage\":\"es\",\"@id\":\"https:\\\/\\\/cambrabcn.org\\\/es\\\/#\\\/schema\\\/logo\\\/image\\\/\",\"url\":\"https:\\\/\\\/cambrabcn.org\\\/wp-content\\\/uploads\\\/2023\\\/11\\\/logo-cambra-300x77-1.png\",\"contentUrl\":\"https:\\\/\\\/cambrabcn.org\\\/wp-content\\\/uploads\\\/2023\\\/11\\\/logo-cambra-300x77-1.png\",\"width\":300,\"height\":77,\"caption\":\"Cambra de Comer\u00e7 de Barcelona\"},\"image\":{\"@id\":\"https:\\\/\\\/cambrabcn.org\\\/es\\\/#\\\/schema\\\/logo\\\/image\\\/\"},\"sameAs\":[\"https:\\\/\\\/x.com\\\/cambrabcn\",\"https:\\\/\\\/www.instagram.com\\\/cambrabcn\\\/\",\"https:\\\/\\\/www.linkedin.com\\\/school\\\/cambrabcn\",\"https:\\\/\\\/www.youtube.com\\\/user\\\/PressCambrabcn\",\"https:\\\/\\\/ca.wikipedia.org\\\/wiki\\\/Cambra_Oficial_de_Comer\u00e7,_Ind\u00fastria_i_Navegaci\u00f3_de_Barcelona\",\"http:\\\/\\\/viaf.org\\\/viaf\\\/124017095\"],\"description\":\"La Cambra Oficial de Comer\u00e7, Ind\u00fastria, Serveis i Navegaci\u00f3 de Barcelona \u00e9s una corporaci\u00f3 de dret p\u00fablic que presta serveis a les empreses, contribuint a la regeneraci\u00f3 del teixit econ\u00f2mic i la creaci\u00f3 d\u2019ocupaci\u00f3.\",\"email\":\"cambra@cambrabcn.cat\",\"telephone\":\"+34 93 416 93 00\",\"legalName\":\"La Cambra Oficial de Comer\u00e7, Ind\u00fastria, Serveis i Navegaci\u00f3 de Barcelona\",\"foundingDate\":\"1886-01-01\",\"vatID\":\"Q0873001B\",\"taxID\":\"Q0873001B\",\"naics\":\"813910\"},{\"@type\":\"Person\",\"@id\":\"https:\\\/\\\/cambrabcn.org\\\/es\\\/#\\\/schema\\\/person\\\/ee54a1cc56c112db06d158f03fc10e54\",\"name\":\"gserrano\",\"image\":{\"@type\":\"ImageObject\",\"inLanguage\":\"es\",\"@id\":\"https:\\\/\\\/secure.gravatar.com\\\/avatar\\\/e40bac4442d90536ebc8fbd4366db3f24b572fbef387a6ce93e60af3502dee40?s=96&d=mm&r=g2983056967f2fd84af09451ba5f7c192\",\"url\":\"https:\\\/\\\/secure.gravatar.com\\\/avatar\\\/e40bac4442d90536ebc8fbd4366db3f24b572fbef387a6ce93e60af3502dee40?s=96&d=mm&r=g\",\"contentUrl\":\"https:\\\/\\\/secure.gravatar.com\\\/avatar\\\/e40bac4442d90536ebc8fbd4366db3f24b572fbef387a6ce93e60af3502dee40?s=96&d=mm&r=g\",\"caption\":\"gserrano\"}}]}<\/script>\n<!-- \/ Yoast SEO Premium plugin. -->","yoast_head_json":{"title":"Informe trimestral de coyuntura catalana | 2025 | Cambra de Comer\u00e7 de Barcelona","description":"Seguimiento sistem\u00e1tico de la econom\u00eda catalana a trav\u00e9s de estad\u00edsticas que permiten medir los principales indicadores econ\u00f3micos.","robots":{"index":"index","follow":"follow","max-snippet":"max-snippet:-1","max-image-preview":"max-image-preview:large","max-video-preview":"max-video-preview:-1"},"canonical":"https:\/\/cambrabcn.org\/es\/informe-trimestral-de-coyuntura-catalana-2025\/","og_locale":"es_ES","og_type":"article","og_title":"Informe trimestral de coyuntura catalana | 2025","og_description":"Seguimiento sistem\u00e1tico de la econom\u00eda catalana a trav\u00e9s de estad\u00edsticas que permiten medir los principales indicadores econ\u00f3micos.","og_url":"https:\/\/cambrabcn.org\/es\/informe-trimestral-de-coyuntura-catalana-2025\/","og_site_name":"Cambra de Comer\u00e7 de Barcelona","article_modified_time":"2026-02-04T07:27:22+00:00","og_image":[{"width":280,"height":350,"url":"https:\/\/cambrabcn.org\/wp-content\/uploads\/2025\/02\/Informe-conjuntura_2025.png","type":"image\/png"}],"twitter_card":"summary_large_image","twitter_site":"@cambrabcn","twitter_misc":{"Tiempo de lectura":"3 minutos"},"schema":{"@context":"https:\/\/schema.org","@graph":[{"@type":["Article","Report"],"@id":"https:\/\/cambrabcn.org\/es\/informe-trimestral-de-coyuntura-catalana-2025\/#article","isPartOf":{"@id":"https:\/\/cambrabcn.org\/es\/informe-trimestral-de-coyuntura-catalana-2025\/"},"author":{"name":"gserrano","@id":"https:\/\/cambrabcn.org\/es\/#\/schema\/person\/ee54a1cc56c112db06d158f03fc10e54"},"headline":"Informe trimestral de coyuntura catalana | 2025","datePublished":"2025-10-29T09:10:59+00:00","dateModified":"2026-02-04T07:27:22+00:00","mainEntityOfPage":{"@id":"https:\/\/cambrabcn.org\/es\/informe-trimestral-de-coyuntura-catalana-2025\/"},"wordCount":476,"publisher":{"@id":"https:\/\/cambrabcn.org\/es\/#organization"},"image":{"@id":"https:\/\/cambrabcn.org\/es\/informe-trimestral-de-coyuntura-catalana-2025\/#primaryimage"},"thumbnailUrl":"https:\/\/cambrabcn.org\/wp-content\/uploads\/2025\/02\/Informe-conjuntura_2025.png","inLanguage":"es"},{"@type":["WebPage","ItemPage"],"@id":"https:\/\/cambrabcn.org\/es\/informe-trimestral-de-coyuntura-catalana-2025\/","url":"https:\/\/cambrabcn.org\/es\/informe-trimestral-de-coyuntura-catalana-2025\/","name":"Informe trimestral de coyuntura catalana | 2025 | Cambra de Comer\u00e7 de Barcelona","isPartOf":{"@id":"https:\/\/cambrabcn.org\/es\/#website"},"primaryImageOfPage":{"@id":"https:\/\/cambrabcn.org\/es\/informe-trimestral-de-coyuntura-catalana-2025\/#primaryimage"},"image":{"@id":"https:\/\/cambrabcn.org\/es\/informe-trimestral-de-coyuntura-catalana-2025\/#primaryimage"},"thumbnailUrl":"https:\/\/cambrabcn.org\/wp-content\/uploads\/2025\/02\/Informe-conjuntura_2025.png","datePublished":"2025-10-29T09:10:59+00:00","dateModified":"2026-02-04T07:27:22+00:00","description":"Seguimiento sistem\u00e1tico de la econom\u00eda catalana a trav\u00e9s de estad\u00edsticas que permiten medir los principales indicadores econ\u00f3micos.","breadcrumb":{"@id":"https:\/\/cambrabcn.org\/es\/informe-trimestral-de-coyuntura-catalana-2025\/#breadcrumb"},"inLanguage":"es","potentialAction":[{"@type":"ReadAction","target":["https:\/\/cambrabcn.org\/es\/informe-trimestral-de-coyuntura-catalana-2025\/"]}]},{"@type":"ImageObject","inLanguage":"es","@id":"https:\/\/cambrabcn.org\/es\/informe-trimestral-de-coyuntura-catalana-2025\/#primaryimage","url":"https:\/\/cambrabcn.org\/wp-content\/uploads\/2025\/02\/Informe-conjuntura_2025.png","contentUrl":"https:\/\/cambrabcn.org\/wp-content\/uploads\/2025\/02\/Informe-conjuntura_2025.png","width":280,"height":350},{"@type":"BreadcrumbList","@id":"https:\/\/cambrabcn.org\/es\/informe-trimestral-de-coyuntura-catalana-2025\/#breadcrumb","itemListElement":[{"@type":"ListItem","position":1,"name":"Home","item":"https:\/\/cambrabcn.org\/es\/"},{"@type":"ListItem","position":2,"name":"Estudios","item":"https:\/\/cambrabcn.org\/es\/estudios\/"},{"@type":"ListItem","position":3,"name":"Informe trimestral de coyuntura catalana | 2025"}]},{"@type":"WebSite","@id":"https:\/\/cambrabcn.org\/es\/#website","url":"https:\/\/cambrabcn.org\/es\/","name":"Cambra de Comer\u00e7 de Barcelona","description":"La Cambra de Tothom","publisher":{"@id":"https:\/\/cambrabcn.org\/es\/#organization"},"alternateName":"Cambra Oficial de Comer\u00e7, Ind\u00fastria, Serveis i Navegaci\u00f3 de Barcelona","potentialAction":[{"@type":"SearchAction","target":{"@type":"EntryPoint","urlTemplate":"https:\/\/cambrabcn.org\/es\/?s={search_term_string}"},"query-input":{"@type":"PropertyValueSpecification","valueRequired":true,"valueName":"search_term_string"}}],"inLanguage":"es"},{"@type":"Organization","@id":"https:\/\/cambrabcn.org\/es\/#organization","name":"Cambra de Comer\u00e7 de Barcelona","alternateName":"Cambra Oficial de Comer\u00e7, Ind\u00fastria, Serveis i Navegaci\u00f3 de Barcelona","url":"https:\/\/cambrabcn.org\/es\/","logo":{"@type":"ImageObject","inLanguage":"es","@id":"https:\/\/cambrabcn.org\/es\/#\/schema\/logo\/image\/","url":"https:\/\/cambrabcn.org\/wp-content\/uploads\/2023\/11\/logo-cambra-300x77-1.png","contentUrl":"https:\/\/cambrabcn.org\/wp-content\/uploads\/2023\/11\/logo-cambra-300x77-1.png","width":300,"height":77,"caption":"Cambra de Comer\u00e7 de Barcelona"},"image":{"@id":"https:\/\/cambrabcn.org\/es\/#\/schema\/logo\/image\/"},"sameAs":["https:\/\/x.com\/cambrabcn","https:\/\/www.instagram.com\/cambrabcn\/","https:\/\/www.linkedin.com\/school\/cambrabcn","https:\/\/www.youtube.com\/user\/PressCambrabcn","https:\/\/ca.wikipedia.org\/wiki\/Cambra_Oficial_de_Comer\u00e7,_Ind\u00fastria_i_Navegaci\u00f3_de_Barcelona","http:\/\/viaf.org\/viaf\/124017095"],"description":"La Cambra Oficial de Comer\u00e7, Ind\u00fastria, Serveis i Navegaci\u00f3 de Barcelona \u00e9s una corporaci\u00f3 de dret p\u00fablic que presta serveis a les empreses, contribuint a la regeneraci\u00f3 del teixit econ\u00f2mic i la creaci\u00f3 d\u2019ocupaci\u00f3.","email":"cambra@cambrabcn.cat","telephone":"+34 93 416 93 00","legalName":"La Cambra Oficial de Comer\u00e7, Ind\u00fastria, Serveis i Navegaci\u00f3 de Barcelona","foundingDate":"1886-01-01","vatID":"Q0873001B","taxID":"Q0873001B","naics":"813910"},{"@type":"Person","@id":"https:\/\/cambrabcn.org\/es\/#\/schema\/person\/ee54a1cc56c112db06d158f03fc10e54","name":"gserrano","image":{"@type":"ImageObject","inLanguage":"es","@id":"https:\/\/secure.gravatar.com\/avatar\/e40bac4442d90536ebc8fbd4366db3f24b572fbef387a6ce93e60af3502dee40?s=96&d=mm&r=g2983056967f2fd84af09451ba5f7c192","url":"https:\/\/secure.gravatar.com\/avatar\/e40bac4442d90536ebc8fbd4366db3f24b572fbef387a6ce93e60af3502dee40?s=96&d=mm&r=g","contentUrl":"https:\/\/secure.gravatar.com\/avatar\/e40bac4442d90536ebc8fbd4366db3f24b572fbef387a6ce93e60af3502dee40?s=96&d=mm&r=g","caption":"gserrano"}}]}},"_links":{"self":[{"href":"https:\/\/cambrabcn.org\/es\/wp-json\/wp\/v2\/study\/80559","targetHints":{"allow":["GET"]}}],"collection":[{"href":"https:\/\/cambrabcn.org\/es\/wp-json\/wp\/v2\/study"}],"about":[{"href":"https:\/\/cambrabcn.org\/es\/wp-json\/wp\/v2\/types\/study"}],"author":[{"embeddable":true,"href":"https:\/\/cambrabcn.org\/es\/wp-json\/wp\/v2\/users\/6"}],"version-history":[{"count":2,"href":"https:\/\/cambrabcn.org\/es\/wp-json\/wp\/v2\/study\/80559\/revisions"}],"predecessor-version":[{"id":108436,"href":"https:\/\/cambrabcn.org\/es\/wp-json\/wp\/v2\/study\/80559\/revisions\/108436"}],"wp:featuredmedia":[{"embeddable":true,"href":"https:\/\/cambrabcn.org\/es\/wp-json\/wp\/v2\/media\/79976"}],"wp:attachment":[{"href":"https:\/\/cambrabcn.org\/es\/wp-json\/wp\/v2\/media?parent=80559"}],"wp:term":[{"taxonomy":"study-category","embeddable":true,"href":"https:\/\/cambrabcn.org\/es\/wp-json\/wp\/v2\/study-category?post=80559"},{"taxonomy":"study-type","embeddable":true,"href":"https:\/\/cambrabcn.org\/es\/wp-json\/wp\/v2\/study-type?post=80559"},{"taxonomy":"study-territory","embeddable":true,"href":"https:\/\/cambrabcn.org\/es\/wp-json\/wp\/v2\/study-territory?post=80559"},{"taxonomy":"territorial-chamber","embeddable":true,"href":"https:\/\/cambrabcn.org\/es\/wp-json\/wp\/v2\/territorial-chamber?post=80559"},{"taxonomy":"services-for","embeddable":true,"href":"https:\/\/cambrabcn.org\/es\/wp-json\/wp\/v2\/services-for?post=80559"},{"taxonomy":"solutions-for","embeddable":true,"href":"https:\/\/cambrabcn.org\/es\/wp-json\/wp\/v2\/solutions-for?post=80559"},{"taxonomy":"location","embeddable":true,"href":"https:\/\/cambrabcn.org\/es\/wp-json\/wp\/v2\/location?post=80559"}],"curies":[{"name":"wp","href":"https:\/\/api.w.org\/{rel}","templated":true}]}}