{"id":63438,"date":"2024-09-02T16:04:35","date_gmt":"2024-09-02T14:04:35","guid":{"rendered":"https:\/\/cambrabcn.org\/?post_type=service&#038;p=63438"},"modified":"2025-12-10T10:52:34","modified_gmt":"2025-12-10T08:52:34","slug":"revisio-com-es","status":"publish","type":"service","link":"https:\/\/cambrabcn.org\/es\/revisio-com-es\/","title":{"rendered":"ReVisi\u00f3n COM"},"content":{"rendered":"<div id=\"cambra-image-slider-block-block_1f533d3acc9c8a32a23b0c11deba74bb\" class=\"cambra-image-slider-block\">\n\t<section class=\"splide cambra-image-slider\" aria-label=\"Cambra image slider\">\n    <div class=\"splide__arrows\">\n        <button class=\"splide__arrow splide__arrow--prev\">\n            <svg width=\"6\" height=\"12\" viewBox=\"0 0 6 12\" fill=\"none\" xmlns=\"http:\/\/www.w3.org\/2000\/svg\">\n                <path fill-rule=\"evenodd\" clip-rule=\"evenodd\"\n                      d=\"M5.64261 10.9761C5.47176 11.147 5.19475 11.147 5.02389 10.9761L0.357226 6.30944C0.275179 6.22739 0.229085 6.11611 0.229085 6.00008C0.229085 5.88405 0.275179 5.77277 0.357226 5.69072L5.02389 1.02406C5.19475 0.853202 5.47176 0.853202 5.64261 1.02406C5.81347 1.19491 5.81347 1.47192 5.64261 1.64277L1.2853 6.00008L5.64261 10.3574C5.81347 10.5282 5.81347 10.8053 5.64261 10.9761Z\"\n                      fill=\"#E0071B\"\/>\n            <\/svg>\n        <\/button>\n        <button class=\"splide__arrow splide__arrow--next\">\n            <svg width=\"6\" height=\"12\" viewBox=\"0 0 6 12\" fill=\"none\" xmlns=\"http:\/\/www.w3.org\/2000\/svg\">\n                <path fill-rule=\"evenodd\" clip-rule=\"evenodd\"\n                      d=\"M0.357389 1.02389C0.528243 0.853038 0.805253 0.853038 0.976107 1.02389L5.64277 5.69056C5.72482 5.77261 5.77092 5.88389 5.77092 5.99992C5.77092 6.11595 5.72482 6.22723 5.64277 6.30928L0.976107 10.9759C0.805253 11.1468 0.528243 11.1468 0.357389 10.9759C0.186534 10.8051 0.186534 10.5281 0.357389 10.3572L4.7147 5.99992L0.357389 1.64261C0.186534 1.47176 0.186534 1.19475 0.357389 1.02389Z\"\n                      fill=\"#E0071B\"\/>\n            <\/svg>\n        <\/button>\n    <\/div>\n    <div class=\"splide__track\">\n        <ul class=\"splide__list\">\n\t\t\t                <li class=\"splide__slide\">\n\t\t\t\t\t\t\t\t\t\t\t<img loading=\"lazy\" decoding=\"async\" width=\"205\" height=\"101\" src=\"https:\/\/cambrabcn.org\/wp-content\/uploads\/2024\/02\/Cofinancat_UE_205x101.png\" class=\"attachment-medium size-medium\" alt=\"\" \/>\t\t\t\t\t                <\/li>\n\t\t\t                <li class=\"splide__slide\">\n\t\t\t\t\t\t\t\t\t\t\t<img loading=\"lazy\" decoding=\"async\" width=\"205\" height=\"101\" src=\"https:\/\/cambrabcn.org\/wp-content\/uploads\/2024\/07\/Ministerio_Hacienda_205x101-1.png\" class=\"attachment-medium size-medium\" alt=\"\" \/>\t\t\t\t\t                <\/li>\n\t\t\t                <li class=\"splide__slide\">\n\t\t\t\t\t\t\t\t\t\t\t<img loading=\"lazy\" decoding=\"async\" width=\"205\" height=\"101\" src=\"https:\/\/cambrabcn.org\/wp-content\/uploads\/2024\/02\/Fondos_europeos_205x101.png\" class=\"attachment-medium size-medium\" alt=\"\" \/>\t\t\t\t\t                <\/li>\n\t\t\t                <li class=\"splide__slide\">\n\t\t\t\t\t\t\t\t\t\t\t<img loading=\"lazy\" decoding=\"async\" width=\"205\" height=\"101\" src=\"https:\/\/cambrabcn.org\/wp-content\/uploads\/2023\/12\/Camara_Espana_205x101-jpg.webp\" class=\"attachment-medium size-medium\" alt=\"\" \/>\t\t\t\t\t                <\/li>\n\t\t\t                <li class=\"splide__slide\">\n\t\t\t\t\t\t\t\t\t\t\t<img loading=\"lazy\" decoding=\"async\" width=\"205\" height=\"101\" src=\"https:\/\/cambrabcn.org\/wp-content\/uploads\/2024\/07\/Ministerio_ECE_205x101.png\" class=\"attachment-medium size-medium\" alt=\"\" \/>\t\t\t\t\t                <\/li>\n\t\t\t                <li class=\"splide__slide\">\n\t\t\t\t\t\t\t\t\t\t\t<img loading=\"lazy\" decoding=\"async\" width=\"205\" height=\"101\" src=\"https:\/\/cambrabcn.org\/wp-content\/uploads\/2023\/12\/Cambra_Barcelona_205x101.png\" class=\"attachment-medium size-medium\" alt=\"\" \/>\t\t\t\t\t                <\/li>\n\t\t\t        <\/ul>\n    <\/div>\n<\/section>\n<\/div>\n","protected":false},"excerpt":{"rendered":"<p>El proyecto ReVisi\u00f3 COM tiene por objetivo crear, revisar y actualizar el plan estrat\u00e9gico de ejes comerciales para contribuir a la dinamizaci\u00f3n y competitividad de los comercios que forman parte de su zona comercial, as\u00ed como a la maximizaci\u00f3n de su impacto. Con este proyecto tambi\u00e9n se quiere iniciar la reflexi\u00f3n para la creaci\u00f3n de un modelo de gesti\u00f3n de los ejes comerciales que se adec\u00fae a sus necesidades actuales y futuras para una implementaci\u00f3n al d\u00eda a d\u00eda y a largo plazo eficiente y sostenible.<\/p>\n<p>Este servicio es gratuito para los ejes comerciales participantes y ser\u00e1 financiado por el Fondo Europeo de Desarrollo Regional (FEDER) y por la Secretar\u00eda de Estado de Comercio del Ministerio de Econom\u00eda, Comercio y Empresa en el marco del Programa de Comercio Minorista 2024.<\/p>\n","protected":false},"author":4,"featured_media":63517,"parent":0,"template":"","service-category":[451],"service-offeree":[],"territorial-chamber":[],"services-for":[],"solutions-for":[428],"location":[],"class_list":["post-63438","service","type-service","status-publish","has-post-thumbnail","hentry","service-category-comercio","solutions-for-soluciones-comercio"],"pp_statuses_selecting_workflow":false,"pp_workflow_action":"current","pp_status_selection":"publish","acf":[],"yoast_head":"<!-- This site is optimized with the Yoast SEO Premium plugin v27.1 (Yoast SEO v27.4) - https:\/\/yoast.com\/product\/yoast-seo-premium-wordpress\/ -->\n<title>ReVisi\u00f3n COM | Cambra de Comer\u00e7 de Barcelona<\/title>\n<meta name=\"description\" content=\"ReVisi\u00f3 COM busca actualizar los planes estrat\u00e9gicos de ejes comerciales para dinamizarlos y mejorar su competitividad.\" \/>\n<meta name=\"robots\" content=\"index, follow, max-snippet:-1, max-image-preview:large, max-video-preview:-1\" \/>\n<link rel=\"canonical\" href=\"https:\/\/cambrabcn.org\/es\/revisio-com-es\/\" \/>\n<meta property=\"og:locale\" content=\"es_ES\" \/>\n<meta property=\"og:type\" content=\"article\" \/>\n<meta property=\"og:title\" content=\"ReVisi\u00f3n COM\" \/>\n<meta property=\"og:description\" content=\"ReVisi\u00f3 COM busca actualizar los planes estrat\u00e9gicos de ejes comerciales para dinamizarlos y mejorar su competitividad.\" \/>\n<meta property=\"og:url\" content=\"https:\/\/cambrabcn.org\/es\/revisio-com-es\/\" \/>\n<meta property=\"og:site_name\" content=\"Cambra de Comer\u00e7 de Barcelona\" \/>\n<meta property=\"article:modified_time\" content=\"2025-12-10T08:52:34+00:00\" \/>\n<meta property=\"og:image\" content=\"https:\/\/cambrabcn.org\/wp-content\/uploads\/2024\/09\/ReVisio_COM_1200x273.png\" \/>\n\t<meta property=\"og:image:width\" content=\"1200\" \/>\n\t<meta property=\"og:image:height\" content=\"273\" \/>\n\t<meta property=\"og:image:type\" content=\"image\/png\" \/>\n<meta name=\"twitter:card\" content=\"summary_large_image\" \/>\n<meta name=\"twitter:site\" content=\"@cambrabcn\" \/>\n<meta name=\"twitter:label1\" content=\"Tiempo de lectura\" \/>\n\t<meta name=\"twitter:data1\" content=\"5 minutos\" \/>\n<script type=\"application\/ld+json\" class=\"yoast-schema-graph\">{\"@context\":\"https:\\\/\\\/schema.org\",\"@graph\":[{\"@type\":\"WebPage\",\"@id\":\"https:\\\/\\\/cambrabcn.org\\\/es\\\/revisio-com-es\\\/\",\"url\":\"https:\\\/\\\/cambrabcn.org\\\/es\\\/revisio-com-es\\\/\",\"name\":\"ReVisi\u00f3n COM | Cambra de Comer\u00e7 de Barcelona\",\"isPartOf\":{\"@id\":\"https:\\\/\\\/cambrabcn.org\\\/es\\\/#website\"},\"primaryImageOfPage\":{\"@id\":\"https:\\\/\\\/cambrabcn.org\\\/es\\\/revisio-com-es\\\/#primaryimage\"},\"image\":{\"@id\":\"https:\\\/\\\/cambrabcn.org\\\/es\\\/revisio-com-es\\\/#primaryimage\"},\"thumbnailUrl\":\"https:\\\/\\\/cambrabcn.org\\\/wp-content\\\/uploads\\\/2024\\\/09\\\/ReVisio_COM_1200x273.png\",\"datePublished\":\"2024-09-02T14:04:35+00:00\",\"dateModified\":\"2025-12-10T08:52:34+00:00\",\"description\":\"ReVisi\u00f3 COM busca actualizar los planes estrat\u00e9gicos de ejes comerciales para dinamizarlos y mejorar su competitividad.\",\"breadcrumb\":{\"@id\":\"https:\\\/\\\/cambrabcn.org\\\/es\\\/revisio-com-es\\\/#breadcrumb\"},\"inLanguage\":\"es\",\"potentialAction\":[{\"@type\":\"ReadAction\",\"target\":[\"https:\\\/\\\/cambrabcn.org\\\/es\\\/revisio-com-es\\\/\"]}]},{\"@type\":\"ImageObject\",\"inLanguage\":\"es\",\"@id\":\"https:\\\/\\\/cambrabcn.org\\\/es\\\/revisio-com-es\\\/#primaryimage\",\"url\":\"https:\\\/\\\/cambrabcn.org\\\/wp-content\\\/uploads\\\/2024\\\/09\\\/ReVisio_COM_1200x273.png\",\"contentUrl\":\"https:\\\/\\\/cambrabcn.org\\\/wp-content\\\/uploads\\\/2024\\\/09\\\/ReVisio_COM_1200x273.png\",\"width\":1200,\"height\":273},{\"@type\":\"BreadcrumbList\",\"@id\":\"https:\\\/\\\/cambrabcn.org\\\/es\\\/revisio-com-es\\\/#breadcrumb\",\"itemListElement\":[{\"@type\":\"ListItem\",\"position\":1,\"name\":\"Home\",\"item\":\"https:\\\/\\\/cambrabcn.org\\\/es\\\/\"},{\"@type\":\"ListItem\",\"position\":2,\"name\":\"Servicios\",\"item\":\"https:\\\/\\\/cambrabcn.org\\\/es\\\/servicios\\\/\"},{\"@type\":\"ListItem\",\"position\":3,\"name\":\"ReVisi\u00f3n COM\"}]},{\"@type\":\"WebSite\",\"@id\":\"https:\\\/\\\/cambrabcn.org\\\/es\\\/#website\",\"url\":\"https:\\\/\\\/cambrabcn.org\\\/es\\\/\",\"name\":\"Cambra de Comer\u00e7 de Barcelona\",\"description\":\"La Cambra de Tothom\",\"publisher\":{\"@id\":\"https:\\\/\\\/cambrabcn.org\\\/es\\\/#organization\"},\"alternateName\":\"Cambra Oficial de Comer\u00e7, Ind\u00fastria, Serveis i Navegaci\u00f3 de Barcelona\",\"potentialAction\":[{\"@type\":\"SearchAction\",\"target\":{\"@type\":\"EntryPoint\",\"urlTemplate\":\"https:\\\/\\\/cambrabcn.org\\\/es\\\/?s={search_term_string}\"},\"query-input\":{\"@type\":\"PropertyValueSpecification\",\"valueRequired\":true,\"valueName\":\"search_term_string\"}}],\"inLanguage\":\"es\"},{\"@type\":\"Organization\",\"@id\":\"https:\\\/\\\/cambrabcn.org\\\/es\\\/#organization\",\"name\":\"Cambra de Comer\u00e7 de Barcelona\",\"alternateName\":\"Cambra Oficial de Comer\u00e7, Ind\u00fastria, Serveis i Navegaci\u00f3 de Barcelona\",\"url\":\"https:\\\/\\\/cambrabcn.org\\\/es\\\/\",\"logo\":{\"@type\":\"ImageObject\",\"inLanguage\":\"es\",\"@id\":\"https:\\\/\\\/cambrabcn.org\\\/es\\\/#\\\/schema\\\/logo\\\/image\\\/\",\"url\":\"https:\\\/\\\/cambrabcn.org\\\/wp-content\\\/uploads\\\/2023\\\/11\\\/logo-cambra-300x77-1.png\",\"contentUrl\":\"https:\\\/\\\/cambrabcn.org\\\/wp-content\\\/uploads\\\/2023\\\/11\\\/logo-cambra-300x77-1.png\",\"width\":300,\"height\":77,\"caption\":\"Cambra de Comer\u00e7 de Barcelona\"},\"image\":{\"@id\":\"https:\\\/\\\/cambrabcn.org\\\/es\\\/#\\\/schema\\\/logo\\\/image\\\/\"},\"sameAs\":[\"https:\\\/\\\/x.com\\\/cambrabcn\",\"https:\\\/\\\/www.instagram.com\\\/cambrabcn\\\/\",\"https:\\\/\\\/www.linkedin.com\\\/school\\\/cambrabcn\",\"https:\\\/\\\/www.youtube.com\\\/user\\\/PressCambrabcn\",\"https:\\\/\\\/ca.wikipedia.org\\\/wiki\\\/Cambra_Oficial_de_Comer\u00e7,_Ind\u00fastria_i_Navegaci\u00f3_de_Barcelona\",\"http:\\\/\\\/viaf.org\\\/viaf\\\/124017095\"],\"description\":\"La Cambra Oficial de Comer\u00e7, Ind\u00fastria, Serveis i Navegaci\u00f3 de Barcelona \u00e9s una corporaci\u00f3 de dret p\u00fablic que presta serveis a les empreses, contribuint a la regeneraci\u00f3 del teixit econ\u00f2mic i la creaci\u00f3 d\u2019ocupaci\u00f3.\",\"email\":\"cambra@cambrabcn.cat\",\"telephone\":\"+34 93 416 93 00\",\"legalName\":\"La Cambra Oficial de Comer\u00e7, Ind\u00fastria, Serveis i Navegaci\u00f3 de Barcelona\",\"foundingDate\":\"1886-01-01\",\"vatID\":\"Q0873001B\",\"taxID\":\"Q0873001B\",\"naics\":\"813910\"}]}<\/script>\n<!-- \/ Yoast SEO Premium plugin. -->","yoast_head_json":{"title":"ReVisi\u00f3n COM | Cambra de Comer\u00e7 de Barcelona","description":"ReVisi\u00f3 COM busca actualizar los planes estrat\u00e9gicos de ejes comerciales para dinamizarlos y mejorar su competitividad.","robots":{"index":"index","follow":"follow","max-snippet":"max-snippet:-1","max-image-preview":"max-image-preview:large","max-video-preview":"max-video-preview:-1"},"canonical":"https:\/\/cambrabcn.org\/es\/revisio-com-es\/","og_locale":"es_ES","og_type":"article","og_title":"ReVisi\u00f3n COM","og_description":"ReVisi\u00f3 COM busca actualizar los planes estrat\u00e9gicos de ejes comerciales para dinamizarlos y mejorar su competitividad.","og_url":"https:\/\/cambrabcn.org\/es\/revisio-com-es\/","og_site_name":"Cambra de Comer\u00e7 de Barcelona","article_modified_time":"2025-12-10T08:52:34+00:00","og_image":[{"width":1200,"height":273,"url":"https:\/\/cambrabcn.org\/wp-content\/uploads\/2024\/09\/ReVisio_COM_1200x273.png","type":"image\/png"}],"twitter_card":"summary_large_image","twitter_site":"@cambrabcn","twitter_misc":{"Tiempo de lectura":"5 minutos"},"schema":{"@context":"https:\/\/schema.org","@graph":[{"@type":"WebPage","@id":"https:\/\/cambrabcn.org\/es\/revisio-com-es\/","url":"https:\/\/cambrabcn.org\/es\/revisio-com-es\/","name":"ReVisi\u00f3n COM | Cambra de Comer\u00e7 de Barcelona","isPartOf":{"@id":"https:\/\/cambrabcn.org\/es\/#website"},"primaryImageOfPage":{"@id":"https:\/\/cambrabcn.org\/es\/revisio-com-es\/#primaryimage"},"image":{"@id":"https:\/\/cambrabcn.org\/es\/revisio-com-es\/#primaryimage"},"thumbnailUrl":"https:\/\/cambrabcn.org\/wp-content\/uploads\/2024\/09\/ReVisio_COM_1200x273.png","datePublished":"2024-09-02T14:04:35+00:00","dateModified":"2025-12-10T08:52:34+00:00","description":"ReVisi\u00f3 COM busca actualizar los planes estrat\u00e9gicos de ejes comerciales para dinamizarlos y mejorar su competitividad.","breadcrumb":{"@id":"https:\/\/cambrabcn.org\/es\/revisio-com-es\/#breadcrumb"},"inLanguage":"es","potentialAction":[{"@type":"ReadAction","target":["https:\/\/cambrabcn.org\/es\/revisio-com-es\/"]}]},{"@type":"ImageObject","inLanguage":"es","@id":"https:\/\/cambrabcn.org\/es\/revisio-com-es\/#primaryimage","url":"https:\/\/cambrabcn.org\/wp-content\/uploads\/2024\/09\/ReVisio_COM_1200x273.png","contentUrl":"https:\/\/cambrabcn.org\/wp-content\/uploads\/2024\/09\/ReVisio_COM_1200x273.png","width":1200,"height":273},{"@type":"BreadcrumbList","@id":"https:\/\/cambrabcn.org\/es\/revisio-com-es\/#breadcrumb","itemListElement":[{"@type":"ListItem","position":1,"name":"Home","item":"https:\/\/cambrabcn.org\/es\/"},{"@type":"ListItem","position":2,"name":"Servicios","item":"https:\/\/cambrabcn.org\/es\/servicios\/"},{"@type":"ListItem","position":3,"name":"ReVisi\u00f3n COM"}]},{"@type":"WebSite","@id":"https:\/\/cambrabcn.org\/es\/#website","url":"https:\/\/cambrabcn.org\/es\/","name":"Cambra de Comer\u00e7 de Barcelona","description":"La Cambra de Tothom","publisher":{"@id":"https:\/\/cambrabcn.org\/es\/#organization"},"alternateName":"Cambra Oficial de Comer\u00e7, Ind\u00fastria, Serveis i Navegaci\u00f3 de Barcelona","potentialAction":[{"@type":"SearchAction","target":{"@type":"EntryPoint","urlTemplate":"https:\/\/cambrabcn.org\/es\/?s={search_term_string}"},"query-input":{"@type":"PropertyValueSpecification","valueRequired":true,"valueName":"search_term_string"}}],"inLanguage":"es"},{"@type":"Organization","@id":"https:\/\/cambrabcn.org\/es\/#organization","name":"Cambra de Comer\u00e7 de Barcelona","alternateName":"Cambra Oficial de Comer\u00e7, Ind\u00fastria, Serveis i Navegaci\u00f3 de Barcelona","url":"https:\/\/cambrabcn.org\/es\/","logo":{"@type":"ImageObject","inLanguage":"es","@id":"https:\/\/cambrabcn.org\/es\/#\/schema\/logo\/image\/","url":"https:\/\/cambrabcn.org\/wp-content\/uploads\/2023\/11\/logo-cambra-300x77-1.png","contentUrl":"https:\/\/cambrabcn.org\/wp-content\/uploads\/2023\/11\/logo-cambra-300x77-1.png","width":300,"height":77,"caption":"Cambra de Comer\u00e7 de Barcelona"},"image":{"@id":"https:\/\/cambrabcn.org\/es\/#\/schema\/logo\/image\/"},"sameAs":["https:\/\/x.com\/cambrabcn","https:\/\/www.instagram.com\/cambrabcn\/","https:\/\/www.linkedin.com\/school\/cambrabcn","https:\/\/www.youtube.com\/user\/PressCambrabcn","https:\/\/ca.wikipedia.org\/wiki\/Cambra_Oficial_de_Comer\u00e7,_Ind\u00fastria_i_Navegaci\u00f3_de_Barcelona","http:\/\/viaf.org\/viaf\/124017095"],"description":"La Cambra Oficial de Comer\u00e7, Ind\u00fastria, Serveis i Navegaci\u00f3 de Barcelona \u00e9s una corporaci\u00f3 de dret p\u00fablic que presta serveis a les empreses, contribuint a la regeneraci\u00f3 del teixit econ\u00f2mic i la creaci\u00f3 d\u2019ocupaci\u00f3.","email":"cambra@cambrabcn.cat","telephone":"+34 93 416 93 00","legalName":"La Cambra Oficial de Comer\u00e7, Ind\u00fastria, Serveis i Navegaci\u00f3 de Barcelona","foundingDate":"1886-01-01","vatID":"Q0873001B","taxID":"Q0873001B","naics":"813910"}]}},"_links":{"self":[{"href":"https:\/\/cambrabcn.org\/es\/wp-json\/wp\/v2\/service\/63438","targetHints":{"allow":["GET"]}}],"collection":[{"href":"https:\/\/cambrabcn.org\/es\/wp-json\/wp\/v2\/service"}],"about":[{"href":"https:\/\/cambrabcn.org\/es\/wp-json\/wp\/v2\/types\/service"}],"author":[{"embeddable":true,"href":"https:\/\/cambrabcn.org\/es\/wp-json\/wp\/v2\/users\/4"}],"version-history":[{"count":1,"href":"https:\/\/cambrabcn.org\/es\/wp-json\/wp\/v2\/service\/63438\/revisions"}],"predecessor-version":[{"id":63478,"href":"https:\/\/cambrabcn.org\/es\/wp-json\/wp\/v2\/service\/63438\/revisions\/63478"}],"wp:featuredmedia":[{"embeddable":true,"href":"https:\/\/cambrabcn.org\/es\/wp-json\/wp\/v2\/media\/63517"}],"wp:attachment":[{"href":"https:\/\/cambrabcn.org\/es\/wp-json\/wp\/v2\/media?parent=63438"}],"wp:term":[{"taxonomy":"service-category","embeddable":true,"href":"https:\/\/cambrabcn.org\/es\/wp-json\/wp\/v2\/service-category?post=63438"},{"taxonomy":"service-offeree","embeddable":true,"href":"https:\/\/cambrabcn.org\/es\/wp-json\/wp\/v2\/service-offeree?post=63438"},{"taxonomy":"territorial-chamber","embeddable":true,"href":"https:\/\/cambrabcn.org\/es\/wp-json\/wp\/v2\/territorial-chamber?post=63438"},{"taxonomy":"services-for","embeddable":true,"href":"https:\/\/cambrabcn.org\/es\/wp-json\/wp\/v2\/services-for?post=63438"},{"taxonomy":"solutions-for","embeddable":true,"href":"https:\/\/cambrabcn.org\/es\/wp-json\/wp\/v2\/solutions-for?post=63438"},{"taxonomy":"location","embeddable":true,"href":"https:\/\/cambrabcn.org\/es\/wp-json\/wp\/v2\/location?post=63438"}],"curies":[{"name":"wp","href":"https:\/\/api.w.org\/{rel}","templated":true}]}}