{"id":46771,"date":"2024-04-03T12:00:00","date_gmt":"2024-04-03T10:00:00","guid":{"rendered":"https:\/\/cambrabcn.org\/?post_type=service&#038;p=46771"},"modified":"2026-03-11T09:48:44","modified_gmt":"2026-03-11T07:48:44","slug":"registro-de-exportadores-rex","status":"publish","type":"service","link":"https:\/\/cambrabcn.org\/es\/registro-de-exportadores-rex\/","title":{"rendered":"Registro de exportadores (REX)"},"content":{"rendered":"<div id=\"cambra-image-slider-block-block_cb2083ea001f4bd298deb31ddb193d60\" class=\"cambra-image-slider-block\">\n\t<section class=\"splide cambra-image-slider\" aria-label=\"Cambra image slider\">\n    <div class=\"splide__arrows\">\n        <button class=\"splide__arrow splide__arrow--prev\">\n            <svg width=\"6\" height=\"12\" viewBox=\"0 0 6 12\" fill=\"none\" xmlns=\"http:\/\/www.w3.org\/2000\/svg\">\n                <path fill-rule=\"evenodd\" clip-rule=\"evenodd\"\n                      d=\"M5.64261 10.9761C5.47176 11.147 5.19475 11.147 5.02389 10.9761L0.357226 6.30944C0.275179 6.22739 0.229085 6.11611 0.229085 6.00008C0.229085 5.88405 0.275179 5.77277 0.357226 5.69072L5.02389 1.02406C5.19475 0.853202 5.47176 0.853202 5.64261 1.02406C5.81347 1.19491 5.81347 1.47192 5.64261 1.64277L1.2853 6.00008L5.64261 10.3574C5.81347 10.5282 5.81347 10.8053 5.64261 10.9761Z\"\n                      fill=\"#E0071B\"\/>\n            <\/svg>\n        <\/button>\n        <button class=\"splide__arrow splide__arrow--next\">\n            <svg width=\"6\" height=\"12\" viewBox=\"0 0 6 12\" fill=\"none\" xmlns=\"http:\/\/www.w3.org\/2000\/svg\">\n                <path fill-rule=\"evenodd\" clip-rule=\"evenodd\"\n                      d=\"M0.357389 1.02389C0.528243 0.853038 0.805253 0.853038 0.976107 1.02389L5.64277 5.69056C5.72482 5.77261 5.77092 5.88389 5.77092 5.99992C5.77092 6.11595 5.72482 6.22723 5.64277 6.30928L0.976107 10.9759C0.805253 11.1468 0.528243 11.1468 0.357389 10.9759C0.186534 10.8051 0.186534 10.5281 0.357389 10.3572L4.7147 5.99992L0.357389 1.64261C0.186534 1.47176 0.186534 1.19475 0.357389 1.02389Z\"\n                      fill=\"#E0071B\"\/>\n            <\/svg>\n        <\/button>\n    <\/div>\n    <div class=\"splide__track\">\n        <ul class=\"splide__list\">\n\t\t\t                <li class=\"splide__slide\">\n\t\t\t\t\t\t\t\t\t\t\t<img loading=\"lazy\" decoding=\"async\" width=\"205\" height=\"101\" src=\"https:\/\/cambrabcn.org\/wp-content\/uploads\/2023\/12\/EEN_205x101.png\" class=\"attachment-medium size-medium\" alt=\"\" \/>\t\t\t\t\t                <\/li>\n\t\t\t        <\/ul>\n    <\/div>\n<\/section>\n<\/div>\n","protected":false},"excerpt":{"rendered":"<p>El Sistema REX permite a las empresas exportadoras autocertificar el origen preferencial de las mercanc\u00edas, simplificando as\u00ed los tr\u00e1mites de exportaci\u00f3n. Se trata de la \u00fanica prueba de origen preferencial admitida en los acuerdos de comercio preferencial (FTA) firmados por la UE con determinados pa\u00edses terceros.<\/p>\n","protected":false},"author":4,"featured_media":4944,"parent":0,"template":"","service-category":[503,499,510,501],"service-offeree":[1026,1028],"territorial-chamber":[],"services-for":[308,307,311],"solutions-for":[438,447],"location":[],"class_list":["post-46771","service","type-service","status-publish","has-post-thumbnail","hentry","service-category-internacionalizacion","service-category-tramites","service-category-internacional-tramites","service-category-tramites-para-la-internacionalizacion","service-offeree-destinatarios-grandes-empresas","service-offeree-destinatarios-pymes","services-for-comercial-y-marketing","services-for-direccion-general-y-gerencia","services-for-produccion-y-logistica","solutions-for-soluciones-internacional","solutions-for-soluciones-tramites"],"pp_statuses_selecting_workflow":false,"pp_workflow_action":"current","pp_status_selection":"publish","acf":[],"yoast_head":"<!-- This site is optimized with the Yoast SEO Premium plugin v27.1 (Yoast SEO v27.4) - https:\/\/yoast.com\/product\/yoast-seo-premium-wordpress\/ -->\n<title>Registro de exportadores (REX) | Cambra de Comer\u00e7 de Barcelona<\/title>\n<meta name=\"description\" content=\"El Sistema REX permite a empresas exportadoras autocertificar el origen preferencial de mercanc\u00edas, simplificando tr\u00e1mites de exportaci\u00f3n bajo acuerdos de comercio preferencial de la UE con pa\u00edses terceros.\" \/>\n<meta name=\"robots\" content=\"index, follow, max-snippet:-1, max-image-preview:large, max-video-preview:-1\" \/>\n<link rel=\"canonical\" href=\"https:\/\/cambrabcn.org\/es\/registro-de-exportadores-rex\/\" \/>\n<meta property=\"og:locale\" content=\"es_ES\" \/>\n<meta property=\"og:type\" content=\"article\" \/>\n<meta property=\"og:title\" content=\"Registro de exportadores (REX)\" \/>\n<meta property=\"og:description\" content=\"El Sistema REX permite a empresas exportadoras autocertificar el origen preferencial de mercanc\u00edas, simplificando tr\u00e1mites de exportaci\u00f3n bajo acuerdos de comercio preferencial de la UE con pa\u00edses terceros.\" \/>\n<meta property=\"og:url\" content=\"https:\/\/cambrabcn.org\/es\/registro-de-exportadores-rex\/\" \/>\n<meta property=\"og:site_name\" content=\"Cambra de Comer\u00e7 de Barcelona\" \/>\n<meta property=\"article:modified_time\" content=\"2026-03-11T07:48:44+00:00\" \/>\n<meta property=\"og:image\" content=\"https:\/\/cambrabcn.org\/wp-content\/uploads\/2023\/12\/REX_767x380.png\" \/>\n\t<meta property=\"og:image:width\" content=\"767\" \/>\n\t<meta property=\"og:image:height\" content=\"380\" \/>\n\t<meta property=\"og:image:type\" content=\"image\/png\" \/>\n<meta name=\"twitter:card\" content=\"summary_large_image\" \/>\n<meta name=\"twitter:site\" content=\"@cambrabcn\" \/>\n<meta name=\"twitter:label1\" content=\"Tiempo de lectura\" \/>\n\t<meta name=\"twitter:data1\" content=\"1 minuto\" \/>\n<script type=\"application\/ld+json\" class=\"yoast-schema-graph\">{\"@context\":\"https:\\\/\\\/schema.org\",\"@graph\":[{\"@type\":\"WebPage\",\"@id\":\"https:\\\/\\\/cambrabcn.org\\\/es\\\/registro-de-exportadores-rex\\\/\",\"url\":\"https:\\\/\\\/cambrabcn.org\\\/es\\\/registro-de-exportadores-rex\\\/\",\"name\":\"Registro de exportadores (REX) | Cambra de Comer\u00e7 de Barcelona\",\"isPartOf\":{\"@id\":\"https:\\\/\\\/cambrabcn.org\\\/es\\\/#website\"},\"primaryImageOfPage\":{\"@id\":\"https:\\\/\\\/cambrabcn.org\\\/es\\\/registro-de-exportadores-rex\\\/#primaryimage\"},\"image\":{\"@id\":\"https:\\\/\\\/cambrabcn.org\\\/es\\\/registro-de-exportadores-rex\\\/#primaryimage\"},\"thumbnailUrl\":\"https:\\\/\\\/cambrabcn.org\\\/wp-content\\\/uploads\\\/2023\\\/12\\\/REX_767x380.png\",\"datePublished\":\"2024-04-03T10:00:00+00:00\",\"dateModified\":\"2026-03-11T07:48:44+00:00\",\"description\":\"El Sistema REX permite a empresas exportadoras autocertificar el origen preferencial de mercanc\u00edas, simplificando tr\u00e1mites de exportaci\u00f3n bajo acuerdos de comercio preferencial de la UE con pa\u00edses terceros.\",\"breadcrumb\":{\"@id\":\"https:\\\/\\\/cambrabcn.org\\\/es\\\/registro-de-exportadores-rex\\\/#breadcrumb\"},\"inLanguage\":\"es\",\"potentialAction\":[{\"@type\":\"ReadAction\",\"target\":[\"https:\\\/\\\/cambrabcn.org\\\/es\\\/registro-de-exportadores-rex\\\/\"]}]},{\"@type\":\"ImageObject\",\"inLanguage\":\"es\",\"@id\":\"https:\\\/\\\/cambrabcn.org\\\/es\\\/registro-de-exportadores-rex\\\/#primaryimage\",\"url\":\"https:\\\/\\\/cambrabcn.org\\\/wp-content\\\/uploads\\\/2023\\\/12\\\/REX_767x380.png\",\"contentUrl\":\"https:\\\/\\\/cambrabcn.org\\\/wp-content\\\/uploads\\\/2023\\\/12\\\/REX_767x380.png\",\"width\":767,\"height\":380},{\"@type\":\"BreadcrumbList\",\"@id\":\"https:\\\/\\\/cambrabcn.org\\\/es\\\/registro-de-exportadores-rex\\\/#breadcrumb\",\"itemListElement\":[{\"@type\":\"ListItem\",\"position\":1,\"name\":\"Home\",\"item\":\"https:\\\/\\\/cambrabcn.org\\\/es\\\/\"},{\"@type\":\"ListItem\",\"position\":2,\"name\":\"Servicios\",\"item\":\"https:\\\/\\\/cambrabcn.org\\\/es\\\/servicios\\\/\"},{\"@type\":\"ListItem\",\"position\":3,\"name\":\"Registro de exportadores (REX)\"}]},{\"@type\":\"WebSite\",\"@id\":\"https:\\\/\\\/cambrabcn.org\\\/es\\\/#website\",\"url\":\"https:\\\/\\\/cambrabcn.org\\\/es\\\/\",\"name\":\"Cambra de Comer\u00e7 de Barcelona\",\"description\":\"La Cambra de Tothom\",\"publisher\":{\"@id\":\"https:\\\/\\\/cambrabcn.org\\\/es\\\/#organization\"},\"alternateName\":\"Cambra Oficial de Comer\u00e7, Ind\u00fastria, Serveis i Navegaci\u00f3 de Barcelona\",\"potentialAction\":[{\"@type\":\"SearchAction\",\"target\":{\"@type\":\"EntryPoint\",\"urlTemplate\":\"https:\\\/\\\/cambrabcn.org\\\/es\\\/?s={search_term_string}\"},\"query-input\":{\"@type\":\"PropertyValueSpecification\",\"valueRequired\":true,\"valueName\":\"search_term_string\"}}],\"inLanguage\":\"es\"},{\"@type\":\"Organization\",\"@id\":\"https:\\\/\\\/cambrabcn.org\\\/es\\\/#organization\",\"name\":\"Cambra de Comer\u00e7 de Barcelona\",\"alternateName\":\"Cambra Oficial de Comer\u00e7, Ind\u00fastria, Serveis i Navegaci\u00f3 de Barcelona\",\"url\":\"https:\\\/\\\/cambrabcn.org\\\/es\\\/\",\"logo\":{\"@type\":\"ImageObject\",\"inLanguage\":\"es\",\"@id\":\"https:\\\/\\\/cambrabcn.org\\\/es\\\/#\\\/schema\\\/logo\\\/image\\\/\",\"url\":\"https:\\\/\\\/cambrabcn.org\\\/wp-content\\\/uploads\\\/2023\\\/11\\\/logo-cambra-300x77-1.png\",\"contentUrl\":\"https:\\\/\\\/cambrabcn.org\\\/wp-content\\\/uploads\\\/2023\\\/11\\\/logo-cambra-300x77-1.png\",\"width\":300,\"height\":77,\"caption\":\"Cambra de Comer\u00e7 de Barcelona\"},\"image\":{\"@id\":\"https:\\\/\\\/cambrabcn.org\\\/es\\\/#\\\/schema\\\/logo\\\/image\\\/\"},\"sameAs\":[\"https:\\\/\\\/x.com\\\/cambrabcn\",\"https:\\\/\\\/www.instagram.com\\\/cambrabcn\\\/\",\"https:\\\/\\\/www.linkedin.com\\\/school\\\/cambrabcn\",\"https:\\\/\\\/www.youtube.com\\\/user\\\/PressCambrabcn\",\"https:\\\/\\\/ca.wikipedia.org\\\/wiki\\\/Cambra_Oficial_de_Comer\u00e7,_Ind\u00fastria_i_Navegaci\u00f3_de_Barcelona\",\"http:\\\/\\\/viaf.org\\\/viaf\\\/124017095\"],\"description\":\"La Cambra Oficial de Comer\u00e7, Ind\u00fastria, Serveis i Navegaci\u00f3 de Barcelona \u00e9s una corporaci\u00f3 de dret p\u00fablic que presta serveis a les empreses, contribuint a la regeneraci\u00f3 del teixit econ\u00f2mic i la creaci\u00f3 d\u2019ocupaci\u00f3.\",\"email\":\"cambra@cambrabcn.cat\",\"telephone\":\"+34 93 416 93 00\",\"legalName\":\"La Cambra Oficial de Comer\u00e7, Ind\u00fastria, Serveis i Navegaci\u00f3 de Barcelona\",\"foundingDate\":\"1886-01-01\",\"vatID\":\"Q0873001B\",\"taxID\":\"Q0873001B\",\"naics\":\"813910\"}]}<\/script>\n<!-- \/ Yoast SEO Premium plugin. -->","yoast_head_json":{"title":"Registro de exportadores (REX) | Cambra de Comer\u00e7 de Barcelona","description":"El Sistema REX permite a empresas exportadoras autocertificar el origen preferencial de mercanc\u00edas, simplificando tr\u00e1mites de exportaci\u00f3n bajo acuerdos de comercio preferencial de la UE con pa\u00edses terceros.","robots":{"index":"index","follow":"follow","max-snippet":"max-snippet:-1","max-image-preview":"max-image-preview:large","max-video-preview":"max-video-preview:-1"},"canonical":"https:\/\/cambrabcn.org\/es\/registro-de-exportadores-rex\/","og_locale":"es_ES","og_type":"article","og_title":"Registro de exportadores (REX)","og_description":"El Sistema REX permite a empresas exportadoras autocertificar el origen preferencial de mercanc\u00edas, simplificando tr\u00e1mites de exportaci\u00f3n bajo acuerdos de comercio preferencial de la UE con pa\u00edses terceros.","og_url":"https:\/\/cambrabcn.org\/es\/registro-de-exportadores-rex\/","og_site_name":"Cambra de Comer\u00e7 de Barcelona","article_modified_time":"2026-03-11T07:48:44+00:00","og_image":[{"width":767,"height":380,"url":"https:\/\/cambrabcn.org\/wp-content\/uploads\/2023\/12\/REX_767x380.png","type":"image\/png"}],"twitter_card":"summary_large_image","twitter_site":"@cambrabcn","twitter_misc":{"Tiempo de lectura":"1 minuto"},"schema":{"@context":"https:\/\/schema.org","@graph":[{"@type":"WebPage","@id":"https:\/\/cambrabcn.org\/es\/registro-de-exportadores-rex\/","url":"https:\/\/cambrabcn.org\/es\/registro-de-exportadores-rex\/","name":"Registro de exportadores (REX) | Cambra de Comer\u00e7 de Barcelona","isPartOf":{"@id":"https:\/\/cambrabcn.org\/es\/#website"},"primaryImageOfPage":{"@id":"https:\/\/cambrabcn.org\/es\/registro-de-exportadores-rex\/#primaryimage"},"image":{"@id":"https:\/\/cambrabcn.org\/es\/registro-de-exportadores-rex\/#primaryimage"},"thumbnailUrl":"https:\/\/cambrabcn.org\/wp-content\/uploads\/2023\/12\/REX_767x380.png","datePublished":"2024-04-03T10:00:00+00:00","dateModified":"2026-03-11T07:48:44+00:00","description":"El Sistema REX permite a empresas exportadoras autocertificar el origen preferencial de mercanc\u00edas, simplificando tr\u00e1mites de exportaci\u00f3n bajo acuerdos de comercio preferencial de la UE con pa\u00edses terceros.","breadcrumb":{"@id":"https:\/\/cambrabcn.org\/es\/registro-de-exportadores-rex\/#breadcrumb"},"inLanguage":"es","potentialAction":[{"@type":"ReadAction","target":["https:\/\/cambrabcn.org\/es\/registro-de-exportadores-rex\/"]}]},{"@type":"ImageObject","inLanguage":"es","@id":"https:\/\/cambrabcn.org\/es\/registro-de-exportadores-rex\/#primaryimage","url":"https:\/\/cambrabcn.org\/wp-content\/uploads\/2023\/12\/REX_767x380.png","contentUrl":"https:\/\/cambrabcn.org\/wp-content\/uploads\/2023\/12\/REX_767x380.png","width":767,"height":380},{"@type":"BreadcrumbList","@id":"https:\/\/cambrabcn.org\/es\/registro-de-exportadores-rex\/#breadcrumb","itemListElement":[{"@type":"ListItem","position":1,"name":"Home","item":"https:\/\/cambrabcn.org\/es\/"},{"@type":"ListItem","position":2,"name":"Servicios","item":"https:\/\/cambrabcn.org\/es\/servicios\/"},{"@type":"ListItem","position":3,"name":"Registro de exportadores (REX)"}]},{"@type":"WebSite","@id":"https:\/\/cambrabcn.org\/es\/#website","url":"https:\/\/cambrabcn.org\/es\/","name":"Cambra de Comer\u00e7 de Barcelona","description":"La Cambra de Tothom","publisher":{"@id":"https:\/\/cambrabcn.org\/es\/#organization"},"alternateName":"Cambra Oficial de Comer\u00e7, Ind\u00fastria, Serveis i Navegaci\u00f3 de Barcelona","potentialAction":[{"@type":"SearchAction","target":{"@type":"EntryPoint","urlTemplate":"https:\/\/cambrabcn.org\/es\/?s={search_term_string}"},"query-input":{"@type":"PropertyValueSpecification","valueRequired":true,"valueName":"search_term_string"}}],"inLanguage":"es"},{"@type":"Organization","@id":"https:\/\/cambrabcn.org\/es\/#organization","name":"Cambra de Comer\u00e7 de Barcelona","alternateName":"Cambra Oficial de Comer\u00e7, Ind\u00fastria, Serveis i Navegaci\u00f3 de Barcelona","url":"https:\/\/cambrabcn.org\/es\/","logo":{"@type":"ImageObject","inLanguage":"es","@id":"https:\/\/cambrabcn.org\/es\/#\/schema\/logo\/image\/","url":"https:\/\/cambrabcn.org\/wp-content\/uploads\/2023\/11\/logo-cambra-300x77-1.png","contentUrl":"https:\/\/cambrabcn.org\/wp-content\/uploads\/2023\/11\/logo-cambra-300x77-1.png","width":300,"height":77,"caption":"Cambra de Comer\u00e7 de Barcelona"},"image":{"@id":"https:\/\/cambrabcn.org\/es\/#\/schema\/logo\/image\/"},"sameAs":["https:\/\/x.com\/cambrabcn","https:\/\/www.instagram.com\/cambrabcn\/","https:\/\/www.linkedin.com\/school\/cambrabcn","https:\/\/www.youtube.com\/user\/PressCambrabcn","https:\/\/ca.wikipedia.org\/wiki\/Cambra_Oficial_de_Comer\u00e7,_Ind\u00fastria_i_Navegaci\u00f3_de_Barcelona","http:\/\/viaf.org\/viaf\/124017095"],"description":"La Cambra Oficial de Comer\u00e7, Ind\u00fastria, Serveis i Navegaci\u00f3 de Barcelona \u00e9s una corporaci\u00f3 de dret p\u00fablic que presta serveis a les empreses, contribuint a la regeneraci\u00f3 del teixit econ\u00f2mic i la creaci\u00f3 d\u2019ocupaci\u00f3.","email":"cambra@cambrabcn.cat","telephone":"+34 93 416 93 00","legalName":"La Cambra Oficial de Comer\u00e7, Ind\u00fastria, Serveis i Navegaci\u00f3 de Barcelona","foundingDate":"1886-01-01","vatID":"Q0873001B","taxID":"Q0873001B","naics":"813910"}]}},"_links":{"self":[{"href":"https:\/\/cambrabcn.org\/es\/wp-json\/wp\/v2\/service\/46771","targetHints":{"allow":["GET"]}}],"collection":[{"href":"https:\/\/cambrabcn.org\/es\/wp-json\/wp\/v2\/service"}],"about":[{"href":"https:\/\/cambrabcn.org\/es\/wp-json\/wp\/v2\/types\/service"}],"author":[{"embeddable":true,"href":"https:\/\/cambrabcn.org\/es\/wp-json\/wp\/v2\/users\/4"}],"version-history":[{"count":4,"href":"https:\/\/cambrabcn.org\/es\/wp-json\/wp\/v2\/service\/46771\/revisions"}],"predecessor-version":[{"id":51918,"href":"https:\/\/cambrabcn.org\/es\/wp-json\/wp\/v2\/service\/46771\/revisions\/51918"}],"wp:featuredmedia":[{"embeddable":true,"href":"https:\/\/cambrabcn.org\/es\/wp-json\/wp\/v2\/media\/4944"}],"wp:attachment":[{"href":"https:\/\/cambrabcn.org\/es\/wp-json\/wp\/v2\/media?parent=46771"}],"wp:term":[{"taxonomy":"service-category","embeddable":true,"href":"https:\/\/cambrabcn.org\/es\/wp-json\/wp\/v2\/service-category?post=46771"},{"taxonomy":"service-offeree","embeddable":true,"href":"https:\/\/cambrabcn.org\/es\/wp-json\/wp\/v2\/service-offeree?post=46771"},{"taxonomy":"territorial-chamber","embeddable":true,"href":"https:\/\/cambrabcn.org\/es\/wp-json\/wp\/v2\/territorial-chamber?post=46771"},{"taxonomy":"services-for","embeddable":true,"href":"https:\/\/cambrabcn.org\/es\/wp-json\/wp\/v2\/services-for?post=46771"},{"taxonomy":"solutions-for","embeddable":true,"href":"https:\/\/cambrabcn.org\/es\/wp-json\/wp\/v2\/solutions-for?post=46771"},{"taxonomy":"location","embeddable":true,"href":"https:\/\/cambrabcn.org\/es\/wp-json\/wp\/v2\/location?post=46771"}],"curies":[{"name":"wp","href":"https:\/\/api.w.org\/{rel}","templated":true}]}}