{"id":90408,"date":"2025-05-21T10:09:57","date_gmt":"2025-05-21T08:09:57","guid":{"rendered":"https:\/\/cambrabcn.org\/missio-guadalajara-ciutat-de-mexic\/"},"modified":"2025-10-09T09:46:56","modified_gmt":"2025-10-09T07:46:56","slug":"mision-guadalajara-ciudad-de-mexico","status":"publish","type":"page","link":"https:\/\/cambrabcn.org\/es\/mision-guadalajara-ciudad-de-mexico\/","title":{"rendered":"Misi\u00f3n Guadalajara &#8211; Ciudad de M\u00e9xico"},"content":{"rendered":"\n<div style=\"height:7px\" aria-hidden=\"true\" class=\"wp-block-spacer\"><\/div>\n\n\n\n<div class=\"wp-block-group is-content-justification-space-between is-nowrap is-layout-flex wp-container-core-group-is-layout-e601aaa1 wp-block-group-is-layout-flex\" style=\"padding-bottom:var(--wp--preset--spacing--60)\">\n<figure class=\"wp-block-image size-full has-custom-border block-visibility-hide-small-screen\"><img data-dominant-color=\"65686b\" data-has-transparency=\"false\" loading=\"lazy\" decoding=\"async\" width=\"2500\" height=\"998\" src=\"https:\/\/cambrabcn.org\/wp-content\/uploads\/2025\/05\/header_landing_business_bridge3.jpg\" alt=\"\" class=\"wp-image-90319 not-transparent\" style=\"--dominant-color: #65686b; border-radius:8px;object-fit:cover\" srcset=\"https:\/\/cambrabcn.org\/wp-content\/uploads\/2025\/05\/header_landing_business_bridge3.jpg 2500w, https:\/\/cambrabcn.org\/wp-content\/uploads\/2025\/05\/header_landing_business_bridge3-300x120.jpg 300w, https:\/\/cambrabcn.org\/wp-content\/uploads\/2025\/05\/header_landing_business_bridge3-1024x409.jpg 1024w, https:\/\/cambrabcn.org\/wp-content\/uploads\/2025\/05\/header_landing_business_bridge3-768x307.jpg 768w, https:\/\/cambrabcn.org\/wp-content\/uploads\/2025\/05\/header_landing_business_bridge3-1536x613.jpg 1536w, https:\/\/cambrabcn.org\/wp-content\/uploads\/2025\/05\/header_landing_business_bridge3-2048x818.jpg 2048w, https:\/\/cambrabcn.org\/wp-content\/uploads\/2025\/05\/header_landing_business_bridge3-600x240.jpg 600w\" sizes=\"auto, (max-width: 2500px) 100vw, 2500px\" \/><\/figure>\n\n\n\n<figure class=\"wp-block-image size-full has-custom-border block-visibility-hide-large-screen block-visibility-hide-medium-screen\"><img data-dominant-color=\"606061\" data-has-transparency=\"false\" loading=\"lazy\" decoding=\"async\" width=\"1654\" height=\"2376\" src=\"https:\/\/cambrabcn.org\/wp-content\/uploads\/2025\/05\/header_landing_business_bridge_resp.jpg\" alt=\"Barcelona Business Bridge\" class=\"wp-image-90325 not-transparent\" style=\"--dominant-color: #606061; border-radius:8px;object-fit:cover\" srcset=\"https:\/\/cambrabcn.org\/wp-content\/uploads\/2025\/05\/header_landing_business_bridge_resp.jpg 1654w, https:\/\/cambrabcn.org\/wp-content\/uploads\/2025\/05\/header_landing_business_bridge_resp-209x300.jpg 209w, https:\/\/cambrabcn.org\/wp-content\/uploads\/2025\/05\/header_landing_business_bridge_resp-713x1024.jpg 713w, https:\/\/cambrabcn.org\/wp-content\/uploads\/2025\/05\/header_landing_business_bridge_resp-768x1103.jpg 768w, https:\/\/cambrabcn.org\/wp-content\/uploads\/2025\/05\/header_landing_business_bridge_resp-1069x1536.jpg 1069w, https:\/\/cambrabcn.org\/wp-content\/uploads\/2025\/05\/header_landing_business_bridge_resp-1426x2048.jpg 1426w, https:\/\/cambrabcn.org\/wp-content\/uploads\/2025\/05\/header_landing_business_bridge_resp-600x862.jpg 600w\" sizes=\"auto, (max-width: 1654px) 100vw, 1654px\" \/><\/figure>\n<\/div>\n\n\n\n<h1 class=\"wp-block-heading has-text-align-center header-bcn-mex\" id=\"h-guadalajara-ciudad-de-mexico\" style=\"margin-top:var(--wp--preset--spacing--30);margin-bottom:0;padding-top:0px;padding-bottom:0px;font-size:3.5rem\">Guadalajara | Ciudad de M\u00e9xico<\/h1>\n\n\n\n<p class=\"has-text-align-center cambra-bottom-line cambra-bottom-line--center has-large-font-size\" style=\"margin-top:10px;margin-bottom:10px;padding-top:0px;padding-bottom:0px\">Barcelona Business Bridge<\/p>\n\n\n\n<div class=\"wp-block-columns is-layout-flex wp-container-core-columns-is-layout-665cfa55 wp-block-columns-is-layout-flex\" style=\"padding-top:40px;padding-bottom:0px\">\n<div class=\"wp-block-column is-layout-flow wp-block-column-is-layout-flow\">\n<h2 class=\"wp-block-heading has-text-align-left has-medium-b-font-size\" id=\"h-mision-empresarial-barcelona-mexico\">Misi\u00f3n empresarial Barcelona-M\u00e9xico<\/h2>\n\n\n\n<p><strong>Guadalajara, Jalisco<\/strong>, es uno de los principales polos econ\u00f3micos de Latinoam\u00e9rica, destacando en diversos sectores estrat\u00e9gicos gracias a su infraestructura avanzada, el acceso privilegiado a los mercados, el talento altamente cualificado y especializado, y el s\u00f3lido apoyo institucional. Este entorno din\u00e1mico la convierte en un punto de atracci\u00f3n tanto para empresas locales como internacionales.<\/p>\n\n\n\n<p>En este contexto, la Cambra de Comer\u00e7 de Barcelona y el Ayuntamiento de Barcelona, con el apoyo de la C\u00e1mara de Espa\u00f1a en M\u00e9xico y la C\u00e1mara de Guadalajara, organizan una <strong>misi\u00f3n empresarial<\/strong> a Guadalajara y Ciudad de M\u00e9xico en el marco del <strong>Barcelona Business Bridge<\/strong>.<\/p>\n\n\n\n<p>Esta iniciativa est\u00e1 dirigida a <strong>empresas que quieran expandirse a M\u00e9xico<\/strong>, con el objetivo de encontrar nuevos <strong>clientes, distribuidores, socios comerciales <\/strong>o<strong> proveedores<\/strong> en diferentes sectores estrat\u00e9gicos.<\/p>\n<\/div>\n\n\n\n<div class=\"wp-block-column is-layout-flow wp-block-column-is-layout-flow\" style=\"flex-basis:340px\" id=\"card-box-shadow-cambra-card\">\n<div class=\"wp-block-columns card-box-shadow cambra-card is-layout-flex wp-container-core-columns-is-layout-28f84493 wp-block-columns-is-layout-flex\">\n<div class=\"wp-block-column has-border-color is-layout-flow wp-block-column-is-layout-flow\" style=\"border-color:#c5c5c5;border-width:1px;padding-bottom:20px\">\n<div class=\"wp-block-group is-layout-constrained wp-container-core-group-is-layout-dc67907a wp-block-group-is-layout-constrained\" style=\"margin-top:20px;margin-bottom:var(--wp--preset--spacing--20);padding-top:0;padding-right:var(--wp--preset--spacing--40);padding-bottom:0;padding-left:var(--wp--preset--spacing--40)\">\n<h4 class=\"wp-block-heading has-border-color has-cambra-bg-alt-border-color\" id=\"h-contacto\">Contacto<\/h4>\n\n\n\n<div class=\"wp-block-group is-nowrap is-layout-flex wp-container-core-group-is-layout-c0bf7c87 wp-block-group-is-layout-flex\" style=\"margin-top:0;margin-bottom:0;padding-top:0;padding-bottom:0;padding-left:20px\">\n<figure class=\"wp-block-image size-large is-resized\"><img decoding=\"async\" src=\"https:\/\/cambrabcn.org\/wp-content\/plugins\/cambra-custom-blocks\/\/images\/product\/icon-general-user.svg\" alt=\"\" style=\"width:18px\"\/><\/figure>\n\n\n\n<p class=\"curs-data has-small-font-size\" style=\"font-style:normal;font-weight:700\">Nombre:<\/p>\n\n\n\n<p class=\"curs-data has-small-font-size\">Roger Cardona<\/p>\n<\/div>\n\n\n\n<div class=\"wp-block-group is-nowrap is-layout-flex wp-container-core-group-is-layout-c0bf7c87 wp-block-group-is-layout-flex\" style=\"margin-top:0;margin-bottom:0;padding-top:0;padding-bottom:0;padding-left:20px\">\n<figure class=\"wp-block-image size-large is-resized\"><img decoding=\"async\" src=\"https:\/\/cambrabcn.org\/wp-content\/plugins\/cambra-custom-blocks\/\/images\/product\/icon-media-mail-close.svg\" alt=\"\" style=\"width:20px\"\/><\/figure>\n\n\n\n<p class=\"curs-data has-small-font-size\" style=\"font-style:normal;font-weight:700\">Email:<\/p>\n\n\n\n<p class=\"curs-data has-small-font-size\"><a href=\"mailto:roger.cardona@cambrabcn.cat\">roger.cardona@cambrabcn.cat<\/a><\/p>\n<\/div>\n\n\n\n<div class=\"wp-block-group is-nowrap is-layout-flex wp-container-core-group-is-layout-c0bf7c87 wp-block-group-is-layout-flex\" style=\"margin-top:0;margin-bottom:0;padding-top:0;padding-bottom:0;padding-left:20px\">\n<figure class=\"wp-block-image size-large is-resized\"><img decoding=\"async\" src=\"https:\/\/cambrabcn.org\/wp-content\/plugins\/cambra-custom-blocks\/\/images\/product\/icon-contact-phone.svg\" alt=\"\" style=\"width:21px\"\/><\/figure>\n\n\n\n<p class=\"curs-data has-small-font-size\" style=\"font-style:normal;font-weight:700\">Tel\u00e9fono:<\/p>\n\n\n\n<p class=\"curs-data has-small-font-size\">636 809 364<\/p>\n<\/div>\n\n\n\n<a id=\"btn-contact\" class=\"justification-center button button--secondary link-info\" href=\"#informacio\">\n            <span class=\"summary-icon\">\n                <img loading=\"lazy\" decoding=\"async\" width=\"20\" height=\"20\" src=\"https:\/\/cambrabcn.org\/wp-content\/plugins\/cambra-custom-blocks\/\/images\/product\/icon-media-mail-close-black.svg\" alt=\"Icona de demanar informaci\u00f3\"\/>\n            <\/span>\n            <span>Solicita m\u00e1s informaci\u00f3n<\/span>\n        <\/a><br\/>\n<\/div>\n<\/div>\n<\/div>\n<\/div>\n<\/div>\n\n\n\n<hr class=\"wp-block-separator has-text-color has-secondary-whitest-black-color has-alpha-channel-opacity has-secondary-whitest-black-background-color has-background is-style-wide wp-container-content-9cfa9a5a\" style=\"margin-top:var(--wp--preset--spacing--60);margin-bottom:var(--wp--preset--spacing--60)\"\/>\n\n\n\n<div class=\"wp-block-columns is-layout-flex wp-container-core-columns-is-layout-6f2b22fb wp-block-columns-is-layout-flex\" style=\"padding-top:20px;padding-right:0;padding-bottom:40px;padding-left:0\">\n<div class=\"wp-block-column is-layout-flow wp-block-column-is-layout-flow\" style=\"flex-basis:50%\">\n<h2 class=\"wp-block-heading has-text-align-left has-text-color has-link-color has-large-font-size wp-elements-e87e2446ed5ef4831ba567455f86368c\" id=\"h-que-te-ofrecemos\" style=\"color:#cb0011\">\u00bfQu\u00e9 te ofrecemos?<\/h2>\n\n\n\n<ul class=\"wp-block-list\">\n<li>Agendas de negocio personalizadas y visitas a empresas<\/li>\n\n\n\n<li>Estudio de mercado y resoluci\u00f3n de consultas<\/li>\n\n\n\n<li>Soporte durante toda la misi\u00f3n<\/li>\n\n\n\n<li>Participaci\u00f3n en las diferentes actividades del programa<\/li>\n\n\n\n<li>Gesti\u00f3n de la subvenci\u00f3n para la \u201cbolsa de viaje\u201d<\/li>\n\n\n\n<li>Seguimiento post-misi\u00f3n<\/li>\n<\/ul>\n<\/div>\n\n\n\n<div class=\"wp-block-column is-layout-flow wp-block-column-is-layout-flow\" style=\"flex-basis:50%\">\n<h2 class=\"wp-block-heading has-text-align-left has-text-color has-link-color has-large-font-size wp-elements-2856b23c18d2d67011b74e26515b530a\" id=\"h-calendario-provisional\" style=\"color:#cb0011\">Calendario provisional<\/h2>\n\n\n\n<ul class=\"wp-block-list\">\n<li>Julio &#8211; Octubre: Inscripciones (\u00a1<strong>plazas limitadas!<\/strong>)<\/li>\n\n\n\n<li>Noviembre: Validaci\u00f3n y env\u00edo de agendas de negocio y entrega de estudio de mercado personalizado para cada empresa<\/li>\n\n\n\n<li>Del  30 de noviembre al 5 de diciembre: Misi\u00f3n a Guadalajara y Ciudad de M\u00e9xico<\/li>\n<\/ul>\n<\/div>\n<\/div>\n\n\n\n<div class=\"wp-block-group box-programacio has-background is-layout-constrained wp-container-core-group-is-layout-57c1633a wp-block-group-is-layout-constrained\" style=\"border-radius:10px;background-color:#f2f2f2;padding-right:50px;padding-left:50px\">\n<h1 class=\"wp-block-heading has-text-align-center header-bcn-mex\" id=\"h-programacion-provisional\" style=\"margin-top:var(--wp--preset--spacing--30);margin-bottom:0;padding-top:0px;padding-bottom:0px;font-size:3.5rem\">Programaci\u00f3n provisional<\/h1>\n\n\n\n<h2 class=\"wp-block-heading has-text-align-left has-cambra-fg-color has-text-color has-link-color has-large-font-size wp-elements-e93513a419ff96f29559ddcd810ce8b6\" id=\"h-guadalajara\">Guadalajara<\/h2>\n\n\n\n<div class=\"wp-block-group grup-programcio is-layout-constrained wp-block-group-is-layout-constrained\">\n<div class=\"wp-block-group is-nowrap is-layout-flex wp-container-core-group-is-layout-f66f9956 wp-block-group-is-layout-flex\">\n<div class=\"circulo\">\n    <div class=\"fecha2\">30<\/div>    <div class=\"mes\">Nov<\/div><\/div><div class=\"linea\"><\/div>\n\n\n\n<div class=\"wp-block-group has-cambra-bg-background-color has-background wp-container-content-958eb9dc is-vertical is-layout-flex wp-container-core-group-is-layout-536533ed wp-block-group-is-layout-flex\" style=\"border-radius:8px;margin-top:0;margin-bottom:0;padding-top:var(--wp--preset--spacing--40);padding-right:var(--wp--preset--spacing--40);padding-bottom:var(--wp--preset--spacing--40);padding-left:var(--wp--preset--spacing--40)\">\n<p class=\"has-text-color has-link-color has-normal-b-font-size wp-elements-daf01347f1643d8213f3dfe3db4fd0ba\" style=\"color:#cb0011\"><strong><strong>Encuentro con las empresas de la misi\u00f3n en el stand de Barcelona de la FIL<\/strong><\/strong><\/p>\n\n\n\n<p class=\"has-small-font-size\">Visita a la Feria Internacional del Libro (FIL) de Guadalajara, aprovechando la oportunidad para conocer de cerca su impacto cultural y econ\u00f3mico, as\u00ed como para asistir a los eventos institucionales organizados por el Ayuntamiento de Barcelona como ciudad invitada de honor.<\/p>\n<\/div>\n<\/div>\n\n\n\n<div class=\"wp-block-group is-nowrap is-layout-flex wp-container-core-group-is-layout-f66f9956 wp-block-group-is-layout-flex\">\n<div class=\"circulo\">\n    <div class=\"fecha2\">1<\/div>   <div class=\"mes\">Dic<\/div><\/div>\n\n\n\n<div class=\"wp-block-group has-cambra-bg-background-color has-background wp-container-content-958eb9dc is-vertical is-layout-flex wp-container-core-group-is-layout-536533ed wp-block-group-is-layout-flex\" style=\"border-radius:8px;margin-top:0;margin-bottom:0;padding-top:var(--wp--preset--spacing--40);padding-right:var(--wp--preset--spacing--40);padding-bottom:var(--wp--preset--spacing--40);padding-left:var(--wp--preset--spacing--40)\">\n<p class=\"has-text-color has-link-color has-normal-b-font-size wp-elements-011653ea86a44f9caa00fdf78aa33fee\" style=\"color:#cb0011\"><strong><strong><strong>Evento de promoci\u00f3n y networking: Barcelona y Guadalajara, ciudades conectadas<\/strong><\/strong><\/strong><\/p>\n\n\n\n<p class=\"has-small-font-size\">Evento de <strong>networking empresarial<\/strong> coorganizado por la C\u00e1mara de Guadalajara, dise\u00f1ado para conectar la delegaci\u00f3n con el ecosistema local. Este encuentro facilitar\u00e1 el intercambio con empresas, instituciones y profesionales de sectores estrat\u00e9gicos, favoreciendo nuevas colaboraciones y sinergias entre Barcelona y Guadalajara.<\/p>\n\n\n\n<div style=\"height:25px\" aria-hidden=\"true\" class=\"wp-block-spacer wp-container-content-c00f5982\"><\/div>\n\n\n\n<p class=\"has-text-color has-link-color has-normal-b-font-size wp-elements-55381ae3c6e2f692db53219496db2963\" style=\"color:#cb0011\"><strong><strong><strong>Visitas grupales empresariales en Guadalajara<\/strong><\/strong><\/strong><\/p>\n\n\n\n<p class=\"has-small-font-size\">Las visitas coordinadas ofrecer\u00e1n a la delegaci\u00f3n la oportunidad de explorar colaboraciones potenciales, conocer de primera mano las mejores pr\u00e1cticas y descubrir soluciones innovadoras en sectores estrat\u00e9gicos.<\/p>\n\n\n\n<p class=\"has-small-font-size\">El itinerario incluir\u00e1 <strong>visitas guiadas a empresas e instituciones l\u00edderes <\/strong>en Guadalajara, permitiendo a los participantes conocer el tejido empresarial, las estrategias de innovaci\u00f3n y los modelos de negocio aplicados a nivel internacional. Adem\u00e1s, se organizar\u00e1n espacios para la interacci\u00f3n con representantes de estas empresas e instituciones, favoreciendo el intercambio de experiencias y la identificaci\u00f3n de <strong>oportunidades de colaboraci\u00f3n<\/strong>.<\/p>\n<\/div>\n<\/div>\n\n\n\n<div class=\"wp-block-group is-nowrap is-layout-flex wp-container-core-group-is-layout-f66f9956 wp-block-group-is-layout-flex\">\n<div class=\"circulo\">\n    <div class=\"fecha2\">2<\/div>   <div class=\"mes\">Dic<\/div><\/div>\n\n\n\n<div class=\"wp-block-group has-cambra-bg-background-color has-background wp-container-content-958eb9dc is-vertical is-layout-flex wp-container-core-group-is-layout-536533ed wp-block-group-is-layout-flex\" style=\"border-radius:8px;margin-top:0;margin-bottom:0;padding-top:var(--wp--preset--spacing--40);padding-right:var(--wp--preset--spacing--40);padding-bottom:var(--wp--preset--spacing--40);padding-left:var(--wp--preset--spacing--40)\">\n<p class=\"has-text-color has-link-color has-normal-b-font-size wp-elements-a0a5592ce6e85235b7220c647adc400e\" style=\"color:#cb0011\"><strong><strong><strong>Ronda de reuniones B2B<\/strong><\/strong><\/strong><\/p>\n\n\n\n<p class=\"has-small-font-size\">Se organizar\u00e1 una ronda de reuniones B2B con <strong>agendas de negocio personalizadas<\/strong>, adaptadas a los intereses espec\u00edficos de cada empresa de la delegaci\u00f3n, con el objetivo de facilitar encuentros directos con los principales colaboradores locales potenciales.<\/p>\n\n\n\n<p class=\"has-small-font-size\">Para garantizar un evento efectivo, la empresa catalana describir\u00e1 su <strong>actividad y objetivos<\/strong> en la ficha de inscripci\u00f3n de la misi\u00f3n, la cual ser\u00e1 enviada a los colaboradores locales para desarrollar la agenda personalizada.<\/p>\n<\/div>\n<\/div>\n<\/div>\n\n\n\n<h2 class=\"wp-block-heading has-text-align-left has-cambra-fg-color has-text-color has-link-color has-large-font-size wp-elements-dc4fb48fd75cd2bb1a11d2f72bc1a056\" id=\"h-ciudad-de-mexico-opcional\">Ciudad de M\u00e9xico (opcional)<\/h2>\n\n\n\n<div class=\"wp-block-group grup-programcio is-layout-constrained wp-block-group-is-layout-constrained\">\n<div class=\"wp-block-group is-nowrap is-layout-flex wp-container-core-group-is-layout-f66f9956 wp-block-group-is-layout-flex\">\n<div class=\"circulo\">\n    <div class=\"fecha2\">3<\/div><div class=\"mes\">Dic<\/div><\/div><div class=\"linea\"><\/div>\n\n\n\n<div class=\"wp-block-group has-cambra-bg-background-color has-background wp-container-content-958eb9dc is-vertical is-layout-flex wp-container-core-group-is-layout-536533ed wp-block-group-is-layout-flex\" style=\"border-radius:8px;margin-top:0;margin-bottom:0;padding-top:var(--wp--preset--spacing--40);padding-right:var(--wp--preset--spacing--40);padding-bottom:var(--wp--preset--spacing--40);padding-left:var(--wp--preset--spacing--40)\">\n<p class=\"has-text-color has-link-color has-normal-b-font-size wp-elements-b67939fecd9e82de7025a4e95a8db3c2\" style=\"color:#cb0011\"><strong><strong><strong>Seminario de oportunidades Barcelona-M\u00e9xico<\/strong><\/strong><\/strong><\/p>\n\n\n\n<p class=\"has-small-font-size\">El seminario, en formato desayuno, explorar\u00e1 sectores clave para la cooperaci\u00f3n empresarial, destacando las inversiones, la innovaci\u00f3n y las alianzas estrat\u00e9gicas en \u00e1mbitos estrat\u00e9gicos para Barcelona como las ciencias de la vida, la tecnolog\u00eda o las infraestructuras. Con expertos y empresas, se debatir\u00e1n tendencias de mercado, incentivos gubernamentales y casos de \u00e9xito para impulsar los negocios bilaterales.<\/p>\n\n\n\n<div style=\"height:25px\" aria-hidden=\"true\" class=\"wp-block-spacer wp-container-content-c00f5982\"><\/div>\n\n\n\n<p class=\"has-text-color has-link-color has-normal-b-font-size wp-elements-7f88caafe049776dd7a8d4bf304aaf86\" style=\"color:#cb0011\"><strong><strong><strong>Visitas grupales empresariales en Ciudad de M\u00e9xico<\/strong><\/strong><\/strong><\/p>\n\n\n\n<p class=\"has-small-font-size\">El itinerario incluir\u00e1 v<strong>isitas guiadas a empresas e instituciones l\u00edderes <\/strong>en Ciudad de M\u00e9xico. Se organizar\u00e1n espacios para la interacci\u00f3n con representantes de estas empresas e instituciones, favoreciendo el intercambio de experiencias y la identificaci\u00f3n de <strong>oportunidades de colaboraci\u00f3n<\/strong>.<\/p>\n<\/div>\n<\/div>\n\n\n\n<div class=\"wp-block-group is-nowrap is-layout-flex wp-container-core-group-is-layout-f66f9956 wp-block-group-is-layout-flex\">\n<div class=\"circulo\">\n    <div class=\"fecha2\">4<\/div>   <div class=\"mes\">Dic<\/div> <\/div>\n\n\n\n<div class=\"wp-block-group has-cambra-bg-background-color has-background wp-container-content-958eb9dc is-vertical is-layout-flex wp-container-core-group-is-layout-536533ed wp-block-group-is-layout-flex\" style=\"border-radius:8px;margin-top:0;margin-bottom:0;padding-top:var(--wp--preset--spacing--40);padding-right:var(--wp--preset--spacing--40);padding-bottom:var(--wp--preset--spacing--40);padding-left:var(--wp--preset--spacing--40)\">\n<p class=\"has-text-color has-link-color has-normal-b-font-size wp-elements-a0a5592ce6e85235b7220c647adc400e\" style=\"color:#cb0011\"><strong><strong><strong>Ronda de reuniones B2B<\/strong><\/strong><\/strong><\/p>\n\n\n\n<p class=\"has-small-font-size\">Se organizar\u00e1 una ronda de reuniones B2B con <strong>agendas de negocio personalizadas<\/strong>, adaptadas a los intereses espec\u00edficos de cada empresa de la misi\u00f3n, con el objetivo de facilitar encuentros directos con los principales colaboradores locales potenciales.<\/p>\n<\/div>\n<\/div>\n\n\n\n<div class=\"wp-block-group is-nowrap is-layout-flex wp-container-core-group-is-layout-f66f9956 wp-block-group-is-layout-flex\">\n<div class=\"circulo\">\n    <div class=\"fecha2\">5<\/div>   <div class=\"mes\">Dic<\/div> <\/div>\n\n\n\n<div class=\"wp-block-group has-cambra-bg-background-color has-background wp-container-content-958eb9dc is-vertical is-layout-flex wp-container-core-group-is-layout-536533ed wp-block-group-is-layout-flex\" style=\"border-radius:8px;margin-top:0;margin-bottom:0;padding-top:var(--wp--preset--spacing--40);padding-right:var(--wp--preset--spacing--40);padding-bottom:var(--wp--preset--spacing--40);padding-left:var(--wp--preset--spacing--40)\">\n<p class=\"has-text-color has-link-color has-normal-b-font-size wp-elements-9186a17ed94ceb7e7fd4c2891d48107d\" style=\"color:#cb0011\"><strong><strong>Fin de la misi\u00f3n<\/strong><\/strong><\/p>\n\n\n\n<p class=\"has-small-font-size\">Finalizaci\u00f3n de la misi\u00f3n y regreso de Ciudad de M\u00e9xico a Barcelona.<\/p>\n<\/div>\n<\/div>\n<\/div>\n<\/div>\n\n\n\n<div class=\"wp-block-cover is-light has-parallax que-es-bcn\" style=\"border-radius:10px;margin-top:50px;margin-bottom:50px;padding-right:0;padding-left:0\"><div class=\"wp-block-cover__image-background wp-image-90186 has-parallax\" style=\"background-position:50% 50%;background-image:url(https:\/\/cambrabcn.org\/wp-content\/uploads\/2025\/05\/background-barcelona.png)\"><\/div><span aria-hidden=\"true\" class=\"wp-block-cover__background has-background-dim-0 has-background-dim\" style=\"background-color:#848c96\"><\/span><div class=\"wp-block-cover__inner-container is-layout-constrained wp-container-core-cover-is-layout-c44746a8 wp-block-cover-is-layout-constrained\">\n<div class=\"wp-block-group blur-white is-vertical is-content-justification-center is-layout-flex wp-container-core-group-is-layout-4fe3b13b wp-block-group-is-layout-flex\">\n<p class=\"has-text-align-center has-large-font-size\"><strong>Que es el Barcelona Business Bridge?<\/strong><\/p>\n\n\n\n<p class=\"has-text-align-center has-normal-font-size\">El Barcelona Business Bridge son acciones de Promoci\u00f3n Econ\u00f3mica Internacional de Barcelona como entorno econ\u00f3mico y empresarial, como destino de inversi\u00f3n y para atraer talento. Se desarrollan en mercados internacionales estrat\u00e9gicos para la ciudad, donde el eje central son las oportunidades econ\u00f3micas y empresariales. La combinaci\u00f3n de agendas individualizadas, visitas grupales sectoriales y eventos de networking impulsa el desarrollo de oportunidades comerciales, la transferencia de conocimiento y la conexi\u00f3n con el ecosistema empresarial.<\/p>\n<\/div>\n<\/div><\/div>\n\n\n\n<div class=\"wp-block-group pila-logos is-vertical is-content-justification-center is-layout-flex wp-container-core-group-is-layout-ce155fab wp-block-group-is-layout-flex\">\n<p class=\"has-text-align-center has-secondary-lightest-black-color has-text-color has-link-color wp-elements-36471171918c6052587a1ad4cabb225f\">Organizado por:<\/p>\n\n\n\n<div class=\"wp-block-group is-nowrap is-layout-flex wp-container-core-group-is-layout-d7104b08 wp-block-group-is-layout-flex\">\n<figure class=\"wp-block-image size-full is-resized\"><img data-dominant-color=\"6c4348\" data-has-transparency=\"false\" loading=\"lazy\" decoding=\"async\" width=\"600\" height=\"202\" src=\"https:\/\/cambrabcn.org\/wp-content\/uploads\/2025\/05\/logo-ajuntament.png\" alt=\"\" class=\"wp-image-90207 not-transparent\" style=\"--dominant-color: #6c4348; width:auto;height:60px\" srcset=\"https:\/\/cambrabcn.org\/wp-content\/uploads\/2025\/05\/logo-ajuntament.png 600w, https:\/\/cambrabcn.org\/wp-content\/uploads\/2025\/05\/logo-ajuntament-300x101.png 300w\" sizes=\"auto, (max-width: 600px) 100vw, 600px\" \/><\/figure>\n\n\n\n<figure class=\"wp-block-image size-full is-resized\"><img data-dominant-color=\"d0bebe\" data-has-transparency=\"false\" loading=\"lazy\" decoding=\"async\" width=\"800\" height=\"199\" src=\"https:\/\/cambrabcn.org\/wp-content\/uploads\/2025\/05\/logo-cambrabcn5.png\" alt=\"\" class=\"wp-image-90210 not-transparent\" style=\"--dominant-color: #d0bebe; width:auto;height:60px\" srcset=\"https:\/\/cambrabcn.org\/wp-content\/uploads\/2025\/05\/logo-cambrabcn5.png 800w, https:\/\/cambrabcn.org\/wp-content\/uploads\/2025\/05\/logo-cambrabcn5-300x75.png 300w, https:\/\/cambrabcn.org\/wp-content\/uploads\/2025\/05\/logo-cambrabcn5-768x191.png 768w, https:\/\/cambrabcn.org\/wp-content\/uploads\/2025\/05\/logo-cambrabcn5-600x149.png 600w\" sizes=\"auto, (max-width: 800px) 100vw, 800px\" \/><\/figure>\n<\/div>\n<\/div>\n\n\n\n<hr class=\"wp-block-separator has-text-color has-secondary-whitest-black-color has-alpha-channel-opacity has-secondary-whitest-black-background-color has-background is-style-wide wp-container-content-9cfa9a5a\" style=\"margin-top:var(--wp--preset--spacing--60);margin-bottom:var(--wp--preset--spacing--60)\"\/>\n\n\n\n<div class=\"wp-block-group pila-logos is-vertical is-content-justification-center is-layout-flex wp-container-core-group-is-layout-ce155fab wp-block-group-is-layout-flex\">\n<p class=\"has-text-align-center has-secondary-lightest-black-color has-text-color has-link-color wp-elements-2c60b5129191efe36344f02e0ccd3bb3\">Con la colaboraci\u00f3n de:<\/p>\n\n\n\n<div class=\"wp-block-group is-nowrap is-layout-flex wp-container-core-group-is-layout-d7104b08 wp-block-group-is-layout-flex\">\n<figure class=\"wp-block-image size-full is-resized\"><img data-dominant-color=\"000000\" data-has-transparency=\"true\" loading=\"lazy\" decoding=\"async\" width=\"800\" height=\"568\" src=\"https:\/\/cambrabcn.org\/wp-content\/uploads\/2025\/05\/logo-barcelonacreativity.png\" alt=\"\" class=\"wp-image-90233 has-transparency\" style=\"--dominant-color: #000000; width:108px;height:auto\" srcset=\"https:\/\/cambrabcn.org\/wp-content\/uploads\/2025\/05\/logo-barcelonacreativity.png 800w, https:\/\/cambrabcn.org\/wp-content\/uploads\/2025\/05\/logo-barcelonacreativity-300x213.png 300w, https:\/\/cambrabcn.org\/wp-content\/uploads\/2025\/05\/logo-barcelonacreativity-768x545.png 768w, https:\/\/cambrabcn.org\/wp-content\/uploads\/2025\/05\/logo-barcelonacreativity-600x426.png 600w\" sizes=\"auto, (max-width: 800px) 100vw, 800px\" \/><\/figure>\n\n\n\n<figure class=\"wp-block-image size-full is-resized\"><img data-dominant-color=\"aa1e30\" data-has-transparency=\"true\" loading=\"lazy\" decoding=\"async\" width=\"1978\" height=\"708\" src=\"https:\/\/cambrabcn.org\/wp-content\/uploads\/2025\/05\/logo_camara_Guadalajara.png\" alt=\"\" class=\"wp-image-90242 has-transparency\" style=\"--dominant-color: #aa1e30; width:auto;height:60px\" srcset=\"https:\/\/cambrabcn.org\/wp-content\/uploads\/2025\/05\/logo_camara_Guadalajara.png 1978w, https:\/\/cambrabcn.org\/wp-content\/uploads\/2025\/05\/logo_camara_Guadalajara-300x107.png 300w, https:\/\/cambrabcn.org\/wp-content\/uploads\/2025\/05\/logo_camara_Guadalajara-1024x367.png 1024w, https:\/\/cambrabcn.org\/wp-content\/uploads\/2025\/05\/logo_camara_Guadalajara-768x275.png 768w, https:\/\/cambrabcn.org\/wp-content\/uploads\/2025\/05\/logo_camara_Guadalajara-1536x550.png 1536w, https:\/\/cambrabcn.org\/wp-content\/uploads\/2025\/05\/logo_camara_Guadalajara-600x215.png 600w\" sizes=\"auto, (max-width: 1978px) 100vw, 1978px\" \/><\/figure>\n\n\n\n<figure class=\"wp-block-image size-full is-resized\"><img data-dominant-color=\"bc2632\" data-has-transparency=\"true\" loading=\"lazy\" decoding=\"async\" width=\"800\" height=\"255\" src=\"https:\/\/cambrabcn.org\/wp-content\/uploads\/2025\/05\/logo-camaraespana.png\" alt=\"\" class=\"wp-image-90236 has-transparency\" style=\"--dominant-color: #bc2632; width:auto;height:60px\" srcset=\"https:\/\/cambrabcn.org\/wp-content\/uploads\/2025\/05\/logo-camaraespana.png 800w, https:\/\/cambrabcn.org\/wp-content\/uploads\/2025\/05\/logo-camaraespana-300x96.png 300w, https:\/\/cambrabcn.org\/wp-content\/uploads\/2025\/05\/logo-camaraespana-768x245.png 768w, https:\/\/cambrabcn.org\/wp-content\/uploads\/2025\/05\/logo-camaraespana-600x191.png 600w\" sizes=\"auto, (max-width: 800px) 100vw, 800px\" \/><\/figure>\n\n\n\n<figure class=\"wp-block-image size-full is-resized\"><img data-dominant-color=\"5e1b1a\" data-has-transparency=\"true\" loading=\"lazy\" decoding=\"async\" width=\"800\" height=\"227\" src=\"https:\/\/cambrabcn.org\/wp-content\/uploads\/2025\/05\/logo-cambragirona.png\" alt=\"\" class=\"wp-image-90239 has-transparency\" style=\"--dominant-color: #5e1b1a; width:auto;height:60px\" srcset=\"https:\/\/cambrabcn.org\/wp-content\/uploads\/2025\/05\/logo-cambragirona.png 800w, https:\/\/cambrabcn.org\/wp-content\/uploads\/2025\/05\/logo-cambragirona-300x85.png 300w, https:\/\/cambrabcn.org\/wp-content\/uploads\/2025\/05\/logo-cambragirona-768x218.png 768w, https:\/\/cambrabcn.org\/wp-content\/uploads\/2025\/05\/logo-cambragirona-600x170.png 600w, https:\/\/cambrabcn.org\/wp-content\/uploads\/2025\/05\/logo-cambragirona-350x100.png 350w\" sizes=\"auto, (max-width: 800px) 100vw, 800px\" \/><\/figure>\n<\/div>\n<\/div>\n\n\n\n<hr class=\"wp-block-separator has-text-color has-secondary-whitest-black-color has-alpha-channel-opacity has-secondary-whitest-black-background-color has-background is-style-wide wp-container-content-9cfa9a5a\" style=\"margin-top:var(--wp--preset--spacing--60);margin-bottom:var(--wp--preset--spacing--60)\"\/>\n\n\n\n<h3 class=\"wp-block-heading has-text-align-center\">FAQs<\/h3>\n\n\n\n<div class=\"wp-block-cambra-custom-blocks-cambra-accordion cambra-accordion__item js-accordion-item no-js faqs-missio has-text-color has-link-color wp-elements-718defe1e8fd6a6d182f2478012e867d\" data-initially-open=\"false\" data-click-to-close=\"true\" data-auto-close=\"true\" data-scroll=\"false\" data-scroll-offset=\"0\" style=\"color:#cb0011\"><h2 id=\"at-3653\" class=\"cambra-accordion__title js-accordion-controller\" role=\"button\">\u00bfQu\u00e9 incluye la misi\u00f3n?<\/h2><div id=\"ac-3653\" class=\"cambra-accordion__content\" style=\"display:none\">\n<ul class=\"wp-block-list\">\n<li>Agendas de negocio personalizadas (contactos con clientes, distribuidores, socios comerciales, etc.).<\/li>\n\n\n\n<li>Participaci\u00f3n en tres eventos de networking: en la Feria Internacional del Libro (FIL), en la C\u00e1mara de Guadalajara y en la C\u00e1mara Espa\u00f1ola en Ciudad de M\u00e9xico.<\/li>\n\n\n\n<li>Visitas grupales a empresas e instituciones de inter\u00e9s general para la delegaci\u00f3n.<\/li>\n\n\n\n<li>Transporte interno grupal en Guadalajara y en Ciudad de M\u00e9xico.<\/li>\n\n\n\n<li>Alojamiento durante la misi\u00f3n.<\/li>\n\n\n\n<li>Las comidas grupales previstas en el programa.<\/li>\n\n\n\n<li>Acompa\u00f1amiento por parte del equipo t\u00e9cnico de la Cambra de Comer\u00e7 de Barcelona.<\/li>\n\n\n\n<li>Acompa\u00f1amiento en la tramitaci\u00f3n y justificaci\u00f3n de la subvenci\u00f3n de los vuelos.<\/li>\n<\/ul>\n<\/div><\/div>\n\n\n\n<div class=\"wp-block-cambra-custom-blocks-cambra-accordion cambra-accordion__item js-accordion-item no-js faqs-missio has-text-color has-link-color wp-elements-3475972d0a25156f008a171fe4082af2\" data-initially-open=\"false\" data-click-to-close=\"true\" data-auto-close=\"true\" data-scroll=\"false\" data-scroll-offset=\"0\" style=\"color:#cb0011\"><h2 id=\"at-1440\" class=\"cambra-accordion__title js-accordion-controller\" role=\"button\">\u00bfQu\u00e9 no incluye la misi\u00f3n?<\/h2><div id=\"ac-1440\" class=\"cambra-accordion__content\" style=\"display:none\">\n<ul class=\"wp-block-list\">\n<li>Vuelos internacionales (Barcelona \u2013 Guadalajara \u2013 Ciudad de M\u00e9xico \u2013 Barcelona).<\/li>\n\n\n\n<li>Desplazamientos individuales asociados a las visitas de la agenda personalizada.<\/li>\n\n\n\n<li>Gastos personales u otros servicios fuera del programa oficial.<\/li>\n<\/ul>\n<\/div><\/div>\n\n\n\n<div class=\"wp-block-cambra-custom-blocks-cambra-accordion cambra-accordion__item js-accordion-item no-js faqs-missio has-text-color has-link-color wp-elements-e5d7eb8170469bf1cf5eca687d4ad0e8\" data-initially-open=\"false\" data-click-to-close=\"true\" data-auto-close=\"true\" data-scroll=\"false\" data-scroll-offset=\"0\" style=\"color:#cb0011\"><h2 id=\"at-2425\" class=\"cambra-accordion__title js-accordion-controller\" role=\"button\">\u00bfHay alguna subvenci\u00f3n para cubrir los vuelos?<\/h2><div id=\"ac-2425\" class=\"cambra-accordion__content\" style=\"display:none\">\n<p>S\u00ed, se ofrece una subvenci\u00f3n de 480\u20ac en concepto de vuelos a trav\u00e9s del programa \u201cPyme Global \u2013 C\u00e1mara de Espa\u00f1a\u201d.<\/p>\n<\/div><\/div>\n\n\n\n<div class=\"wp-block-cambra-custom-blocks-cambra-accordion cambra-accordion__item js-accordion-item no-js faqs-missio has-text-color has-link-color wp-elements-ac7097f3fe66da5a43a30d827215efb1\" data-initially-open=\"false\" data-click-to-close=\"true\" data-auto-close=\"true\" data-scroll=\"false\" data-scroll-offset=\"0\" style=\"color:#cb0011\"><h2 id=\"at-4074\" class=\"cambra-accordion__title js-accordion-controller\" role=\"button\">\u00bfCu\u00e1ndo se devuelve el importe subvencionado?<\/h2><div id=\"ac-4074\" class=\"cambra-accordion__content\" style=\"display:none\">\n<p>Teniendo en cuenta que la misi\u00f3n se realizar\u00e1 en diciembre, se prev\u00e9 que el reembolso se haga alrededor de junio de 2026. Se trata de un proceso vinculado a fondos europeos que puede ser lento, pero la Cambra dar\u00e1 soporte durante todo el proceso de justificaci\u00f3n.<\/p>\n<\/div><\/div>\n\n\n\n<div class=\"wp-block-cambra-custom-blocks-cambra-accordion cambra-accordion__item js-accordion-item no-js faqs-missio has-text-color has-link-color wp-elements-d2bc94f1fd4470d7987bad176606be1d\" data-initially-open=\"false\" data-click-to-close=\"true\" data-auto-close=\"true\" data-scroll=\"false\" data-scroll-offset=\"0\" style=\"color:#cb0011\"><h2 id=\"at-3439\" class=\"cambra-accordion__title js-accordion-controller\" role=\"button\">\u00bfPueden participar dos representantes por empresa?<\/h2><div id=\"ac-3439\" class=\"cambra-accordion__content\" style=\"display:none\">\n<p>La participaci\u00f3n de un segundo representante es posible, pero no est\u00e1 garantizada de entrada. Hay que solicitarla expresamente en el momento de presentar la inscripci\u00f3n, mediante el formulario correspondiente.<\/p>\n\n\n\n<p>Inicialmente, se prev\u00e9 el apoyo para un solo representante por empresa. La participaci\u00f3n de un segundo representante podr\u00e1 ser autorizada solo si hay disponibilidad presupuestaria (por ejemplo, si hay empresas que finalmente no participan o se dan de baja). En caso de que haya lista de espera de empresas, se priorizar\u00e1 la entrada de nuevas empresas antes que la incorporaci\u00f3n de un segundo participante de una empresa ya admitida.<\/p>\n\n\n\n<p>Los costes subvencionables (vuelos, alojamiento, manutenci\u00f3n, etc.) se aplican de forma individual para cada participante aprobado.<\/p>\n<\/div><\/div>\n\n\n\n<div class=\"wp-block-cambra-custom-blocks-cambra-accordion cambra-accordion__item js-accordion-item no-js faqs-missio has-text-color has-link-color wp-elements-05b06ce3443bebcbbbba7bd5d654e59d\" data-initially-open=\"false\" data-click-to-close=\"true\" data-auto-close=\"true\" data-scroll=\"false\" data-scroll-offset=\"0\" style=\"color:#cb0011\"><h2 id=\"at-2910\" class=\"cambra-accordion__title js-accordion-controller\" role=\"button\">\u00bfQu\u00e9 tipo de empresas participan?<\/h2><div id=\"ac-2910\" class=\"cambra-accordion__content\" style=\"display:none\">\n<p>Ya han mostrado inter\u00e9s empresas de los sectores qu\u00edmico, farmac\u00e9utico, alimentaci\u00f3n, movilidad, automoci\u00f3n, audiovisual e industrias creativas, entre otros. Tambi\u00e9n puede haber presencia de agencias de dise\u00f1o o servicios, no solo fabricantes.<\/p>\n<\/div><\/div>\n\n\n\n<div class=\"wp-block-cambra-custom-blocks-cambra-accordion cambra-accordion__item js-accordion-item no-js faqs-missio has-text-color has-link-color wp-elements-453c6ee74d8a6fd9d1ebb1b78d81949a\" data-initially-open=\"false\" data-click-to-close=\"true\" data-auto-close=\"true\" data-scroll=\"false\" data-scroll-offset=\"0\" style=\"color:#cb0011\"><h2 id=\"at-4511\" class=\"cambra-accordion__title js-accordion-controller\" role=\"button\">\u00bfLas visitas ser\u00e1n solo para empresas de los sectores tecnol\u00f3gico, agroalimentario o biom\u00e9dico?<\/h2><div id=\"ac-4511\" class=\"cambra-accordion__content\" style=\"display:none\">\n<p>No. Los sectores mencionados son solo ejemplos orientativos. El programa se divide en dos partes:<\/p>\n\n\n\n<ul class=\"wp-block-list\">\n<li>Visitas grupales a empresas e instituciones de inter\u00e9s transversal.<\/li>\n\n\n\n<li>Agenda individual con reuniones personalizadas seg\u00fan el perfil y objetivos de cada empresa.<\/li>\n<\/ul>\n<\/div><\/div>\n\n\n\n<div class=\"wp-block-cambra-custom-blocks-cambra-accordion cambra-accordion__item js-accordion-item no-js faqs-missio has-text-color has-link-color wp-elements-d0d839368b8c441067cdcdf719a60d8d\" data-initially-open=\"false\" data-click-to-close=\"true\" data-auto-close=\"true\" data-scroll=\"false\" data-scroll-offset=\"0\" style=\"color:#cb0011\"><h2 id=\"at-5809\" class=\"cambra-accordion__title js-accordion-controller\" role=\"button\">\u00bfQu\u00e9 criterios se tendr\u00e1n en cuenta para seleccionar las empresas participantes?<\/h2><div id=\"ac-5809\" class=\"cambra-accordion__content\" style=\"display:none\">\n<p>Los criterios de selecci\u00f3n son:<\/p>\n\n\n\n<ul class=\"wp-block-list\">\n<li>La adecuaci\u00f3n del producto o servicio al mercado mexicano.<\/li>\n\n\n\n<li>El orden de llegada de la inscripci\u00f3n.<\/li>\n<\/ul>\n<\/div><\/div>\n\n\n\n<div class=\"wp-block-cambra-custom-blocks-cambra-accordion cambra-accordion__item js-accordion-item no-js faqs-missio has-text-color has-link-color wp-elements-ccb45ae15c6da7a9f27cf678b30290fa\" data-initially-open=\"false\" data-click-to-close=\"true\" data-auto-close=\"true\" data-scroll=\"false\" data-scroll-offset=\"0\" style=\"color:#cb0011\"><h2 id=\"at-102\" class=\"cambra-accordion__title js-accordion-controller\" role=\"button\">\u00bfQu\u00e9 compromisos asume la empresa participante?<\/h2><div id=\"ac-102\" class=\"cambra-accordion__content\" style=\"display:none\">\n<ul class=\"wp-block-list\">\n<li>Cumplir con las reuniones y actividades programadas.<\/li>\n\n\n\n<li>Enviar la informaci\u00f3n requerida dentro de los plazos establecidos.<\/li>\n\n\n\n<li>Responder una encuesta de valoraci\u00f3n al finalizar la misi\u00f3n.<\/li>\n\n\n\n<li>Responder una encuesta de impacto entre 6 y 8 meses despu\u00e9s del viaje.<\/li>\n<\/ul>\n<\/div><\/div>\n\n\n\n<div class=\"wp-block-cambra-custom-blocks-cambra-accordion cambra-accordion__item js-accordion-item no-js faqs-missio has-text-color has-link-color wp-elements-d3590dfec703defa98145a0fd9923b20\" data-initially-open=\"false\" data-click-to-close=\"true\" data-auto-close=\"true\" data-scroll=\"false\" data-scroll-offset=\"0\" style=\"color:#cb0011\"><h2 id=\"at-4257\" class=\"cambra-accordion__title js-accordion-controller\" role=\"button\">\u00bfCon qui\u00e9n puedo contactar en caso de duda?<\/h2><div id=\"ac-4257\" class=\"cambra-accordion__content\" style=\"display:none\">\n<p>Roger Cardona &#8211; Departamento Internacional \u2013 Cambra de Comer\u00e7 de Barcelona<br>Tel\u00e9fono: 636 809 364<br>Correo electr\u00f3nico: <a href=\"mailto:roger.cardona@cambrabcn.cat\" target=\"_blank\" rel=\"noreferrer noopener\">roger.cardona@cambrabcn.cat<\/a><\/p>\n<\/div><\/div>\n\n\n\n<div class=\"wp-block-group alignfull has-background is-layout-constrained wp-block-group-is-layout-constrained\" id=\"informacio\" style=\"background-color:#c4c4c41a;margin-top:var(--wp--preset--spacing--70);padding-top:var(--wp--preset--spacing--80)\">\n<h3 class=\"wp-block-heading heading-2 has-large-font-size\" id=\"h-quieres-saber-mas-sobre-la-mision-empresarial-barcelona-mexico\"><strong><strong>Quieres saber m\u00e1s sobre la misi\u00f3n empresarial Barcelona-M\u00e9xico?<\/strong><\/strong><\/h3>\n\n\n<script>\nvar gform;gform||(document.addEventListener(\"gform_main_scripts_loaded\",function(){gform.scriptsLoaded=!0}),document.addEventListener(\"gform\/theme\/scripts_loaded\",function(){gform.themeScriptsLoaded=!0}),window.addEventListener(\"DOMContentLoaded\",function(){gform.domLoaded=!0}),gform={domLoaded:!1,scriptsLoaded:!1,themeScriptsLoaded:!1,isFormEditor:()=>\"function\"==typeof InitializeEditor,callIfLoaded:function(o){return!(!gform.domLoaded||!gform.scriptsLoaded||!gform.themeScriptsLoaded&&!gform.isFormEditor()||(gform.isFormEditor()&&console.warn(\"The use of gform.initializeOnLoaded() is deprecated in the form editor context and will be removed in Gravity Forms 3.1.\"),o(),0))},initializeOnLoaded:function(o){gform.callIfLoaded(o)||(document.addEventListener(\"gform_main_scripts_loaded\",()=>{gform.scriptsLoaded=!0,gform.callIfLoaded(o)}),document.addEventListener(\"gform\/theme\/scripts_loaded\",()=>{gform.themeScriptsLoaded=!0,gform.callIfLoaded(o)}),window.addEventListener(\"DOMContentLoaded\",()=>{gform.domLoaded=!0,gform.callIfLoaded(o)}))},hooks:{action:{},filter:{}},addAction:function(o,r,e,t){gform.addHook(\"action\",o,r,e,t)},addFilter:function(o,r,e,t){gform.addHook(\"filter\",o,r,e,t)},doAction:function(o){gform.doHook(\"action\",o,arguments)},applyFilters:function(o){return gform.doHook(\"filter\",o,arguments)},removeAction:function(o,r){gform.removeHook(\"action\",o,r)},removeFilter:function(o,r,e){gform.removeHook(\"filter\",o,r,e)},addHook:function(o,r,e,t,n){null==gform.hooks[o][r]&&(gform.hooks[o][r]=[]);var d=gform.hooks[o][r];null==n&&(n=r+\"_\"+d.length),gform.hooks[o][r].push({tag:n,callable:e,priority:t=null==t?10:t})},doHook:function(r,o,e){var t;if(e=Array.prototype.slice.call(e,1),null!=gform.hooks[r][o]&&((o=gform.hooks[r][o]).sort(function(o,r){return o.priority-r.priority}),o.forEach(function(o){\"function\"!=typeof(t=o.callable)&&(t=window[t]),\"action\"==r?t.apply(null,e):e[0]=t.apply(null,e)})),\"filter\"==r)return e[0]},removeHook:function(o,r,t,n){var e;null!=gform.hooks[o][r]&&(e=(e=gform.hooks[o][r]).filter(function(o,r,e){return!!(null!=n&&n!=o.tag||null!=t&&t!=o.priority)}),gform.hooks[o][r]=e)}});\n<\/script>\n\n                <div class='gf_browser_gecko gform_wrapper gravity-theme gform-theme--no-framework' data-form-theme='gravity-theme' data-form-index='0' id='gform_wrapper_3' style='display:none'><div id='gf_3' class='gform_anchor' tabindex='-1'><\/div>\n                        <div class='gform_heading'>\n\t\t\t\t\t\t\t<p class='gform_required_legend'>&quot;<span class=\"gfield_required gfield_required_asterisk\">*<\/span>&quot; se\u00f1ala los campos obligatorios<\/p>\n                        <\/div><form method='post' enctype='multipart\/form-data'  id='gform_3'  action='\/es\/wp-json\/wp\/v2\/pages\/90408#gf_3' data-formid='3' novalidate><div class='gf_invisible ginput_recaptchav3' data-sitekey='6Le50lwgAAAAAK4KNd-5hzMEDqW9efVwIkG9UVFT' data-tabindex='0'><input id=\"input_bfdac43ce5b88fb280a46e2b292cbf67\" class=\"gfield_recaptcha_response\" type=\"hidden\" name=\"input_bfdac43ce5b88fb280a46e2b292cbf67\" value=\"\"\/><\/div> \r\n <input type='hidden' class='gforms-pum' value='{\"closepopup\":false,\"closedelay\":0,\"openpopup\":false,\"openpopup_id\":0}' \/>\n                        <div class='gform-body gform_body'><div id='gform_fields_3' class='gform_fields top_label form_sublabel_below description_below validation_below'><div id=\"field_3_1\" class=\"gfield gfield--type-text gfield--input-type-text gfield--width-half icon-people gf-name gfield_contains_required field_sublabel_below gfield--no-description field_description_below field_validation_below gfield_visibility_visible\"  ><label class='gfield_label gform-field-label' for='input_3_1'>Nombre<span class=\"gfield_required\"><span class=\"gfield_required gfield_required_asterisk\">*<\/span><\/span><\/label><div class='ginput_container ginput_container_text'><input name='input_1' id='input_3_1' type='text' value='' class='large'    placeholder='Nombre *' aria-required=\"true\" aria-invalid=\"false\"   \/><\/div><\/div><div id=\"field_3_3\" class=\"gfield gfield--type-text gfield--input-type-text gfield--width-half icon-people gf-surname gfield_contains_required field_sublabel_below gfield--no-description field_description_below field_validation_below gfield_visibility_visible\"  ><label class='gfield_label gform-field-label' for='input_3_3'>Primer apellido<span class=\"gfield_required\"><span class=\"gfield_required gfield_required_asterisk\">*<\/span><\/span><\/label><div class='ginput_container ginput_container_text'><input name='input_3' id='input_3_3' type='text' value='' class='large'    placeholder='Primer apellido *' aria-required=\"true\" aria-invalid=\"false\"   \/><\/div><\/div><div id=\"field_3_4\" class=\"gfield gfield--type-text gfield--input-type-text gfield--width-half icon-people gf-surname2 field_sublabel_below gfield--no-description field_description_below field_validation_below gfield_visibility_visible\"  ><label class='gfield_label gform-field-label' for='input_3_4'>Segundo apellido<\/label><div class='ginput_container ginput_container_text'><input name='input_4' id='input_3_4' type='text' value='' class='large'    placeholder='Segundo apellido'  aria-invalid=\"false\"   \/><\/div><\/div><div id=\"field_3_5\" class=\"gfield gfield--type-email gfield--input-type-email gfield--width-half icon-email-close gf-email gfield_contains_required field_sublabel_below gfield--no-description field_description_below field_validation_below gfield_visibility_visible\"  ><label class='gfield_label gform-field-label' for='input_3_5'>Correo electr\u00f3nico<span class=\"gfield_required\"><span class=\"gfield_required gfield_required_asterisk\">*<\/span><\/span><\/label><div class='ginput_container ginput_container_email'>\n                            <input name='input_5' id='input_3_5' type='email' value='' class='large'   placeholder='Correo electr\u00f3nico *' aria-required=\"true\" aria-invalid=\"false\"  \/>\n                        <\/div><\/div><div id=\"field_3_8\" class=\"gfield gfield--type-phone gfield--input-type-phone gfield--width-half icon-phone gf-phone field_sublabel_below gfield--no-description field_description_below field_validation_below gfield_visibility_visible\"  ><label class='gfield_label gform-field-label' for='input_3_8'>Tel\u00e9fono<\/label><div class='ginput_container ginput_container_phone'><input name='input_8' id='input_3_8' type='tel' value='' class='large'  placeholder='Tel\u00e9fono'  aria-invalid=\"false\"   \/><\/div><\/div><div id=\"field_3_13\" class=\"gfield gfield--type-select gfield--input-type-select gfield--width-half icon-people gf-profile gfield_contains_required field_sublabel_below gfield--no-description field_description_below field_validation_below gfield_visibility_visible\"  ><label class='gfield_label gform-field-label' for='input_3_13'>Soy<span class=\"gfield_required\"><span class=\"gfield_required gfield_required_asterisk\">*<\/span><\/span><\/label><div class='ginput_container ginput_container_select'><select name='input_13' id='input_3_13' class='large gfield_select'    aria-required=\"true\" aria-invalid=\"false\" ><option value='' selected='selected' class='gf_placeholder'>Soy *<\/option><option value='0' >Otros<\/option><option value='1' >Empresario<\/option><option value='2' >Emprendedor<\/option><option value='3' >Aut\u00f3nomo<\/option><option value='5' >Asalariado<\/option><option value='6' >Estudiante<\/option><\/select><\/div><\/div><div id=\"field_3_7\" class=\"gfield gfield--type-text gfield--input-type-text gfield--width-half icon-docu gf-nif field_sublabel_below gfield--no-description field_description_below field_validation_below gfield_visibility_visible\"  ><label class='gfield_label gform-field-label' for='input_3_7'>NIF\/CIF<\/label><div class='ginput_container ginput_container_text'><input name='input_7' id='input_3_7' type='text' value='' class='large'    placeholder='NIF\/CIF'  aria-invalid=\"false\"   \/><\/div><\/div><div id=\"field_3_9\" class=\"gfield gfield--type-text gfield--input-type-text gfield--width-half icon-building gf-company gfield_contains_required field_sublabel_below gfield--no-description field_description_below field_validation_below gfield_visibility_visible\"  ><label class='gfield_label gform-field-label' for='input_3_9'>Empresa<span class=\"gfield_required\"><span class=\"gfield_required gfield_required_asterisk\">*<\/span><\/span><\/label><div class='ginput_container ginput_container_text'><input name='input_9' id='input_3_9' type='text' value='' class='large'    placeholder='Empresa *' aria-required=\"true\" aria-invalid=\"false\"   \/><\/div><\/div><div id=\"field_3_32\" class=\"gfield gfield--type-textarea gfield--input-type-textarea gfield--width-full gfield_contains_required field_sublabel_below gfield--no-description field_description_below field_validation_below gfield_visibility_visible\"  ><label class='gfield_label gform-field-label' for='input_3_32'>Comentario<span class=\"gfield_required\"><span class=\"gfield_required gfield_required_asterisk\">*<\/span><\/span><\/label><div class='ginput_container ginput_container_textarea'><textarea name='input_32' id='input_3_32' class='textarea large'   maxlength='512' placeholder='Comentario *' aria-required=\"true\" aria-invalid=\"false\"   rows='10' cols='50'><\/textarea><\/div><\/div><fieldset data-adminLabel=\"newsletter\" id=\"field_3_14\" class=\"gfield gfield--type-checkbox gfield--type-choice gfield--input-type-checkbox gfield--width-full cambra-gdpr-comercial field_sublabel_below gfield--no-description field_description_below hidden_label field_validation_below gfield_visibility_hidden\"  ><div class=\"admin-hidden-markup\"><i class=\"gform-icon gform-icon--hidden\" aria-hidden=\"true\" title=\"Este campo est\u00e1 oculto cuando se visualiza el formulario\"><\/i><span>Este campo est\u00e1 oculto cuando se visualiza el formulario<\/span><\/div><legend class='gfield_label gform-field-label gfield_label_before_complex' >Newsletter<\/legend><div class='ginput_container ginput_container_checkbox'><div class='gfield_checkbox ' id='input_3_14'><div class='gchoice gchoice_3_14_1'>\n\t\t\t\t\t\t\t\t<input class='gfield-choice-input' name='input_14.1' type='checkbox'  value='Quiero suscribirme a la newsletter de la C\u00e1mara y estar informado\/a de toda la actualidad'  id='choice_3_14_1'   \/>\n\t\t\t\t\t\t\t\t<label for='choice_3_14_1' id='label_3_14_1' class='gform-field-label gform-field-label--type-inline'>Quiero suscribirme a la newsletter de la C\u00e1mara y estar informado\/a de toda la actualidad<\/label>\n\t\t\t\t\t\t\t<\/div><\/div><\/div><\/fieldset><fieldset id=\"field_3_27\" class=\"gfield gfield--type-consent gfield--type-choice gfield--input-type-consent gfield--width-full gfield_contains_required field_sublabel_below gfield--has-description field_description_below hidden_label field_validation_below gfield_visibility_visible\"  ><legend class='gfield_label gform-field-label gfield_label_before_complex' >Pol\u00edtica de privacidad<span class=\"gfield_required\"><span class=\"gfield_required gfield_required_asterisk\">*<\/span><\/span><\/legend><div class='ginput_container ginput_container_consent'><input name='input_27.1' id='input_3_27_1' type='checkbox' value='1'  aria-describedby=\"gfield_consent_description_3_27\" aria-required=\"true\" aria-invalid=\"false\"   \/> <label class=\"gform-field-label gform-field-label--type-inline gfield_consent_label\" for='input_3_27_1' >He le\u00eddo y acepto la <a class=\"cambra_gdpr_js\" href=\"\/es\/politica-de-privacidad\">pol\u00edtica de privacidad<\/a><span class=\"gfield_required gfield_required_asterisk\">*<\/span><\/label><input type='hidden' name='input_27.2' value='He le\u00eddo y acepto la &lt;a class=&quot;cambra_gdpr_js&quot; href=&quot;\/es\/politica-de-privacidad&quot;&gt;pol\u00edtica de privacidad&lt;\/a&gt;' class='gform_hidden' \/><input type='hidden' name='input_27.3' value='33' class='gform_hidden' \/><\/div><div class='gfield_description gfield_consent_description' id='gfield_consent_description_3_27' tabindex='0'><i>Informaci\u00f3n b\u00e1sica sobre el tratamiento de datos (Reglamento (UE) 2016\/679)<\/i> <strong>Responsable del tratamiento:<\/strong> C\u00e1mara Oficial de Comercio, Industria, Servicios y Navegaci\u00f3n de Barcelona.  <strong>Finalidades:<\/strong> Responder a las consultas y dudas planteadas, enviar informaci\u00f3n solicitada, enviar comunicaciones sobre su \u00e1mbito de inter\u00e9s,   y si lo se\u00f1ala, enviarle informaci\u00f3n de la corporaci\u00f3n.   <strong>Legitimaci\u00f3n:<\/strong> Inter\u00e9s leg\u00edtimo de atenci\u00f3n a los\/las usuarios\/as, inter\u00e9s leg\u00edtimo de mercadotecnia art.21.2 Ley 34\/2002 y consentimiento.   <strong>Destinatarios\/as:<\/strong> Los datos no se comunicar\u00e1n a terceros, salvo que lo exija una ley o sea necesario para la resoluci\u00f3n de la consulta.   <strong>Derechos:<\/strong> Acceder, rectificar y suprimir datos, as\u00ed como los dem\u00e1s que se exponen en las Pol\u00edticas de Privacidad.   <strong>M\u00e1s informaci\u00f3n<\/strong> en las <strong><u><a href=\"\/es\/politica-de-privacidad\/\" target=\"_blank\"><i>Pol\u00edticas de privacidad<\/i><\/a><\/u><\/strong> de la C\u00e1mara.  <\/div><\/fieldset><div id=\"field_3_35\" class=\"gfield gfield--type-html gfield--input-type-html gfield--width-full cambra-gdpr-append-label gfield_html gfield_html_formatted field_sublabel_below gfield--no-description field_description_below field_validation_below gfield_visibility_visible\"  >Autorizaci\u00f3n de uso de datos personales, <a class=\"\" href=\"\/es\/politica-de-privacidad\/\">consulta la pol\u00edtica de privacidad<\/a>\r\n<\/div><fieldset id=\"field_3_36\" class=\"gfield gfield--type-radio gfield--type-choice gfield--input-type-radio gfield--width-full cambra-gdpr-append field_sublabel_below gfield--no-description field_description_below field_validation_below gfield_visibility_visible\"  ><legend class='gfield_label gform-field-label screen-reader-text' ><\/legend><div class='ginput_container ginput_container_radio'><div class='gfield_radio' id='input_3_36'>\n\t\t\t<div class='gchoice gchoice_3_36_0'>\n\t\t\t\t\t<input class='gfield-choice-input' name='input_36' type='radio' value='S\u00ed autoritzo la utilitzaci\u00f3 de les meves dades personals per a l\u2019enviament d\u2019informaci\u00f3, descomptes i avantatges exclusius de la corporaci\u00f3.'  id='choice_3_36_0' onchange='gformToggleRadioOther( this )'    \/>\n\t\t\t\t\t<label for='choice_3_36_0' id='label_3_36_0' class='gform-field-label gform-field-label--type-inline'>S\u00ed autoritzo la utilitzaci\u00f3 de les meves dades personals per a l\u2019enviament d\u2019informaci\u00f3, descomptes i avantatges exclusius de la corporaci\u00f3.<\/label>\n\t\t\t<\/div>\n\t\t\t<div class='gchoice gchoice_3_36_1'>\n\t\t\t\t\t<input class='gfield-choice-input' name='input_36' type='radio' value='No autoritzo la utilitzaci\u00f3 de les meves dades personals per a l\u2019enviament d\u2019informaci\u00f3, descomptes i avantatges exclusius de la corporaci\u00f3.'  id='choice_3_36_1' onchange='gformToggleRadioOther( this )'    \/>\n\t\t\t\t\t<label for='choice_3_36_1' id='label_3_36_1' class='gform-field-label gform-field-label--type-inline'>No autoritzo la utilitzaci\u00f3 de les meves dades personals per a l\u2019enviament d\u2019informaci\u00f3, descomptes i avantatges exclusius de la corporaci\u00f3.<\/label>\n\t\t\t<\/div><\/div><\/div><\/fieldset><div id=\"field_3_25\" class=\"gfield gfield--type-hidden gfield--input-type-hidden gfield--width-full gform_hidden field_sublabel_below gfield--no-description field_description_below field_validation_below gfield_visibility_visible\"  ><div class='ginput_container ginput_container_text'><input name='input_25' id='input_3_25' type='hidden' class='gform_hidden'  aria-invalid=\"false\" value='92560' \/><\/div><\/div><div id=\"field_3_33\" class=\"gfield gfield--type-hidden gfield--input-type-hidden gform_hidden field_sublabel_below gfield--no-description field_description_below field_validation_below gfield_visibility_visible\"  ><div class='ginput_container ginput_container_text'><input name='input_33' id='input_3_33' type='hidden' class='gform_hidden'  aria-invalid=\"false\" value='Misi\u00f3n Guadalajara &#8211; Ciudad de M\u00e9xico' \/><\/div><\/div><div id=\"field_3_34\" class=\"gfield gfield--type-textarea gfield--input-type-textarea recaptcha-token field_sublabel_below gfield--no-description field_description_below field_validation_below gfield_visibility_hidden\"  ><div class=\"admin-hidden-markup\"><i class=\"gform-icon gform-icon--hidden\" aria-hidden=\"true\" title=\"Este campo est\u00e1 oculto cuando se visualiza el formulario\"><\/i><span>Este campo est\u00e1 oculto cuando se visualiza el formulario<\/span><\/div><label class='gfield_label gform-field-label' for='input_3_34'>reCAPTCHA token<\/label><div class='ginput_container ginput_container_textarea'><textarea name='input_34' id='input_3_34' class='textarea large'      aria-invalid=\"false\"   rows='10' cols='50'><\/textarea><\/div><\/div><\/div><\/div>\n        <div class='gform-footer gform_footer top_label'> <input type='submit' id='gform_submit_button_3' class='gform_button button' onclick='gform.submission.handleButtonClick(this);' data-submission-type='submit' value='Enviar'  \/> \n            <input type='hidden' class='gform_hidden' name='gform_submission_method' data-js='gform_submission_method_3' value='postback' \/>\n            <input type='hidden' class='gform_hidden' name='gform_theme' data-js='gform_theme_3' id='gform_theme_3' value='gravity-theme' \/>\n            <input type='hidden' class='gform_hidden' name='gform_style_settings' data-js='gform_style_settings_3' id='gform_style_settings_3' value='{&quot;inputPrimaryColor&quot;:&quot;#204ce5&quot;}' \/>\n            <input type='hidden' class='gform_hidden' name='is_submit_3' value='1' \/>\n            <input type='hidden' class='gform_hidden' name='gform_submit' value='3' \/>\n            \n            <input type='hidden' class='gform_hidden' name='gform_currency' data-currency='EUR' value='eRfXvhp4apLNsIsP8A4BMEo4Zd983qd2HOICReoUxpaWaJ4Lrf9oLML9iJlRHQLsa3isHHcBdbzFEMq\/XJi\/Qf\/LmYrdzlq+bts07s4WSPZa+bo=' \/>\n            <input type='hidden' class='gform_hidden' name='gform_unique_id' value='' \/>\n            <input type='hidden' class='gform_hidden' name='state_3' value='WyJ7XCIxNC4xXCI6XCIxNTIyZTJlOWJmNzlkMTg4YTc0OTRiZTQ3Yzc5MDMxNVwiLFwiMjcuMVwiOlwiYTIzNjQxYTQyMDcyMjBhNzUwOWI0NDc5NzdlZGUyMzFcIixcIjI3LjJcIjpcImI3YjkwMGI3NjlkZjcxZDYyOGI3ZDYwOWE0MTQ1NDg4XCIsXCIyNy4zXCI6XCI1Yzk4Y2M3MjhlMDc3NGZhYTNjNmRjZDQ2NGIyY2MzYVwiLFwiMzZcIjpbXCIzY2FmODEzNjRkNTg5NjJhZGI5MzZiNmNiZjQzZTBlMlwiLFwiYjQ4YjZlYzNiZTA3M2U4OGEwNWI3MGY1NjQwMzM2YmFcIl19IiwiYWZhM2IwMzI5MGE5N2Q3MTMxZmFiYjc2NWVjZDIwMWIiXQ==' \/>\n            <input type='hidden' autocomplete='off' class='gform_hidden' name='gform_target_page_number_3' id='gform_target_page_number_3' value='0' \/>\n            <input type='hidden' autocomplete='off' class='gform_hidden' name='gform_source_page_number_3' id='gform_source_page_number_3' value='1' \/>\n            <input type='hidden' name='gform_field_values' value='product_id=92560' \/>\n            \n        <\/div>\n                        <\/form>\n                        <\/div><script>\ngform.initializeOnLoaded( function() {gformInitSpinner( 3, 'data:image\/gif;base64,R0lGODlhAQABAIAAAAAAAP\/\/\/yH5BAEAAAAALAAAAAABAAEAAAIBRAA7', true );jQuery('#gform_ajax_frame_3').on('load',function(){var contents = jQuery(this).contents().find('*').html();var is_postback = contents.indexOf('GF_AJAX_POSTBACK') >= 0;if(!is_postback){return;}var form_content = jQuery(this).contents().find('#gform_wrapper_3');var is_confirmation = jQuery(this).contents().find('#gform_confirmation_wrapper_3').length > 0;var is_redirect = contents.indexOf('gformRedirect(){') >= 0;var is_form = form_content.length > 0 && ! is_redirect && ! is_confirmation;var mt = parseInt(jQuery('html').css('margin-top'), 10) + parseInt(jQuery('body').css('margin-top'), 10) + 100;if(is_form){form_content.find('form').css('opacity', 0);jQuery('#gform_wrapper_3').html(form_content.html());if(form_content.hasClass('gform_validation_error')){jQuery('#gform_wrapper_3').addClass('gform_validation_error');} else {jQuery('#gform_wrapper_3').removeClass('gform_validation_error');}setTimeout( function() { \/* delay the scroll by 50 milliseconds to fix a bug in chrome *\/ jQuery(document).scrollTop(jQuery('#gform_wrapper_3').offset().top - mt); }, 50 );if(window['gformInitDatepicker']) {gformInitDatepicker();}if(window['gformInitPriceFields']) {gformInitPriceFields();}var current_page = jQuery('#gform_source_page_number_3').val();gformInitSpinner( 3, 'data:image\/gif;base64,R0lGODlhAQABAIAAAAAAAP\/\/\/yH5BAEAAAAALAAAAAABAAEAAAIBRAA7', true );jQuery(document).trigger('gform_page_loaded', [3, current_page]);window['gf_submitting_3'] = false;}else if(!is_redirect){var confirmation_content = jQuery(this).contents().find('.GF_AJAX_POSTBACK').html();if(!confirmation_content){confirmation_content = contents;}jQuery('#gform_wrapper_3').replaceWith(confirmation_content);jQuery(document).scrollTop(jQuery('#gf_3').offset().top - mt);jQuery(document).trigger('gform_confirmation_loaded', [3]);window['gf_submitting_3'] = false;wp.a11y.speak(jQuery('#gform_confirmation_message_3').text());}else{jQuery('#gform_3').append(contents);if(window['gformRedirect']) {gformRedirect();}}jQuery(document).trigger(\"gform_pre_post_render\", [{ formId: \"3\", currentPage: \"current_page\", abort: function() { this.preventDefault(); } }]);        if (event && event.defaultPrevented) {                return;        }        const gformWrapperDiv = document.getElementById( \"gform_wrapper_3\" );        if ( gformWrapperDiv ) {            const visibilitySpan = document.createElement( \"span\" );            visibilitySpan.id = \"gform_visibility_test_3\";            gformWrapperDiv.insertAdjacentElement( \"afterend\", visibilitySpan );        }        const visibilityTestDiv = document.getElementById( \"gform_visibility_test_3\" );        let postRenderFired = false;        function triggerPostRender() {            if ( postRenderFired ) {                return;            }            postRenderFired = true;            gform.core.triggerPostRenderEvents( 3, current_page );            if ( visibilityTestDiv ) {                visibilityTestDiv.parentNode.removeChild( visibilityTestDiv );            }        }        function debounce( func, wait, immediate ) {            var timeout;            return function() {                var context = this, args = arguments;                var later = function() {                    timeout = null;                    if ( !immediate ) func.apply( context, args );                };                var callNow = immediate && !timeout;                clearTimeout( timeout );                timeout = setTimeout( later, wait );                if ( callNow ) func.apply( context, args );            };        }        const debouncedTriggerPostRender = debounce( function() {            triggerPostRender();        }, 200 );        if ( visibilityTestDiv && visibilityTestDiv.offsetParent === null ) {            const observer = new MutationObserver( ( mutations ) => {                mutations.forEach( ( mutation ) => {                    if ( mutation.type === 'attributes' && visibilityTestDiv.offsetParent !== null ) {                        debouncedTriggerPostRender();                        observer.disconnect();                    }                });            });            observer.observe( document.body, {                attributes: true,                childList: false,                subtree: true,                attributeFilter: [ 'style', 'class' ],            });        } else {            triggerPostRender();        }    } );} );\n<\/script>\n\n\n\n<div style=\"height:0px\" aria-hidden=\"true\" id=\"next-generation-form\" class=\"wp-block-spacer\"><\/div>\n<\/div>\n\n\n\n<style>\n\/** FAQs **\/\n.faqs-missio .cambra-accordion__content{ color:#222 !important;}\n.faqs-missio .cambra-accordion__content p{margin-bottom: 10px !important; font-size:14px !important;}\n.faqs-missio .cambra-accordion__content ul li{font-size:14px !important;}\n.faqs-missio .cambra-accordion__title{ font-size:18px !important;}\n\n.blur-white{\nborder-radius: 10px;\n  background: rgba(255, 255, 255, 0.6);\n  backdrop-filter: blur(8px);\n  -webkit-backdrop-filter: blur(10px);\n  box-shadow: 0 4px 20px rgba(0, 0, 0, 0.1);\n  width: 60%;\n  padding: 40px;\n}\n    .linea {\n      position: absolute;\n      top: 10px; \/* justo debajo del c\u00edrculo *\/\n      left: 40px;\n      width: 2px;\n      height: 80%; \/* largo de la l\u00ednea *\/\n      background-color: #cb0011;\n      z-index: 1; \/* detr\u00e1s del c\u00edrculo *\/\n    }\n    .circulo {\n      width: 89px;\n      height: 80px;\n      border: 2px solid #cb0011;\n      background-color: white;\n      border-radius: 50%;\n      display: flex;\n      flex-direction: column;\n      justify-content: center;\n      align-items: center;\n      text-align: center;\nposition:relative;\nz-index:2;\n    }\n\n    .fecha {\n      font-size: 22px;\nline-height: 22px;\n      font-weight: bold;\n    }\n    .fecha2 {\n      font-size: 28px;\nline-height: 28px;\n      font-weight: bold;\n    }\n\n    .mes {\n      font-size: 16px;\nline-height: 16px;\n    }\n\n\n\n\n#informacio{position:relativa}\n\n#field_15_32{ display:none; }\n\n.btn-o  {\n    background: linear-gradient(to right, #ea4e1c, #ecb25b);\n    color: white;\n    padding: 10px;\n    border: none;\n    border-radius: 4px;\nfont-weight:700;\n    cursor: pointer;\n    font-size: 16px;\n    transition: background 0.3s;\ndisplay: block;\n  margin: 0 auto;\n    margin-top: 0px;\n  width: 80%;\n  margin-top: 20px;\n}\n\n.btn-o:hover {\n    background: linear-gradient(to right, #ecb25b, #ea4e1c);\n}\n\n\n.sense-curs{\nbox-shadow: none !important;\n}\n.sense-curs:hover{\noutline: none !important;\n}\na.sr7-btn, .sr7-layer, .wp-block-heading, .header-sticky{\n\t\tfont-family: \"Red Hat Text\" !important;\n\t}\n#SR7_11_1{\nborder-radius: 5px;\noverflow: hidden;\nfont-family: \"Red Hat Text\" !important;\n}\n.curs-data{\npadding-top:10px;\n}\n.titol-curs{\nmin-height: 70px;\n}\n.titol-curs2{\nmin-height: 50px;\n}\n\n.banner-desc {\n            display: flex;\n            align-items: center;\n            justify-content: end;\n            background-color: #F8F9FA;\n            box-shadow: rgba(50, 50, 93, 0.25) 0px 2px 5px -1px, rgba(0, 0, 0, 0.3) 0px 1px 3px -1px !important;\n            width: 100%; \/* 80% del ancho de la pantalla *\/\n            margin: 50px 0px; \/* Centrado horizontal *\/\n            border-radius: 8px;\n        }\n      .banner-desc .descuento {\n            font-size: 3em;\n            font-weight: bold;\n            color: #ff5733;\n            with:20%\n        }\n       .banner-desc .texto {\n            font-size: 1.4em;\n            text-align: left;\n            padding-left:15px;\n            width:50%\n        }\n       .banner-desc .codigo {\n            text-align: center;\n   background: rgb(254,188,72);\nbackground: -moz-linear-gradient(273deg, rgba(254,188,72,1) 0%, rgba(229,52,17,1) 100%);\nbackground: -webkit-linear-gradient(273deg, rgba(254,188,72,1) 0%, rgba(229,52,17,1) 100%);\nbackground: linear-gradient(273deg, rgba(254,188,72,1) 0%, rgba(229,52,17,1) 100%);\nfilter: progid:DXImageTransform.Microsoft.gradient(startColorstr=\"#febc48\",endColorstr=\"#e53411\",GradientType=1); \n            color: white;\n            padding: 15px;\n            width: 30%; \/* Asegura que ocupe todo el ancho disponible *\/\n border-top-right-radius: 8px;\n  border-bottom-right-radius: 8px;\nont-size: 1.1em;\n        }\n       .banner-desc .codigo strong {\n            display: block;\n            font-size: 1.4em;\n        }\n@media (max-width: 768px) {\n.header-bcn-mex{font-size: 35px !important;}\n.items-box-bcn-mex{flex-direction: column;gap:10px;}\n.curs-data {padding-top:0px !important;}\n.box-programacio{ padding: 20px !important;}\n.box-programacio h2{font-size: 22px !important; text-align: center; }\n.grup-programcio > .wp-block-group { flex-direction: column !important;  justify-content: center !important;  align-items: center !important; gap:10px !important;}\n.grup-programcio > .wp-block-group > .wp-block-group {z-index:2 !important;}\n.linea{ left: 50%;  transform: translateX(-50%); height: 90%;}\n.circulo{width:85px!important;}\n.que-es-bcn{ padding: 50px 20px !important;}\n.que-es-bcn .blur-white{width:100% !important; padding:15px;}\n.que-es-bcn .has-large-font-size{ font-size: 22px !important; line-height: 28px !important;}\n.que-es-bcn .has-normal-font-size{ font-size: 14px !important; line-height: 20px !important;}\n.pila-logos > .wp-block-group{flex-direction: column !important;  justify-content: center !important;  align-items: center !important; gap:20px !important;}\n.pila-logos > .wp-block-group img{height: 40px !important; width: auto !important; }\n    h2.wp-block-heading{\n        font-size:2.2em;\n    }\n    .banner-desc {\n        flex-direction: column;\n        align-items: stretch;\n        text-align: center;\n    }\n\n    .banner-desc .descuento, .banner-desc .texto, .banner-desc .codigo {\n        width: 100% !important;\n        padding: 15px;\n        border-radius: 0;\n    }\n.banner-desc .descuento{\n        font-size: 4em;\n        text-align: center;\n        padding-bottom:0px;\n        height:100px;\n}\n.banner-desc .texto{\n        font-size: 1.2em;\n        text-align: center;\n}\n\n     .banner-desc .codigo {\n        border-bottom-left-radius: 8px !important;\n        border-bottom-right-radius: 8px !important;\n        border-top-right-radius: 0 !important;\n    }\n#sticky-element{\n        display:none;\n}\n.titol-curs{\nmin-height: auto !important;\n}\n}\n\n<\/style><br\/>\n","protected":false},"excerpt":{"rendered":"<p>Guadalajara | Ciudad de M\u00e9xico Barcelona Business Bridge Misi\u00f3n empresarial Barcelona-M\u00e9xico Guadalajara, Jalisco, es uno de los principales polos econ\u00f3micos de Latinoam\u00e9rica, destacando en diversos sectores estrat\u00e9gicos gracias a su infraestructura avanzada, el acceso privilegiado a los mercados, el talento altamente cualificado y especializado, y el s\u00f3lido apoyo institucional. Este entorno din\u00e1mico la convierte en [&hellip;]<\/p>\n","protected":false},"author":6,"featured_media":0,"parent":0,"menu_order":0,"comment_status":"closed","ping_status":"closed","template":"","meta":{"_acf_changed":false,"inline_featured_image":false,"ep_exclude_from_search":false,"footnotes":""},"class_list":["post-90408","page","type-page","status-publish","hentry"],"pp_statuses_selecting_workflow":false,"pp_workflow_action":"current","pp_status_selection":"publish","acf":[],"yoast_head":"<!-- This site is optimized with the Yoast SEO Premium plugin v27.1 (Yoast SEO v27.4) - https:\/\/yoast.com\/product\/yoast-seo-premium-wordpress\/ -->\n<title>Misi\u00f3n Guadalajara - Ciudad de M\u00e9xico | Cambra de Comer\u00e7 de Barcelona<\/title>\n<meta name=\"description\" content=\"Participa en la misi\u00f3n empresarial Guadalajara - Ciudad de M\u00e9xico y abre oportunidades de negocio en diversos sectores.\" \/>\n<meta name=\"robots\" content=\"index, follow, max-snippet:-1, max-image-preview:large, max-video-preview:-1\" \/>\n<link rel=\"canonical\" href=\"https:\/\/cambrabcn.org\/es\/mision-guadalajara-ciudad-de-mexico\/\" \/>\n<meta property=\"og:locale\" content=\"es_ES\" \/>\n<meta property=\"og:type\" content=\"article\" \/>\n<meta property=\"og:title\" content=\"Misi\u00f3n Guadalajara - Ciudad de M\u00e9xico\" \/>\n<meta property=\"og:description\" content=\"Participa en la misi\u00f3n empresarial Guadalajara - Ciudad de M\u00e9xico y abre oportunidades de negocio en diversos sectores.\" \/>\n<meta property=\"og:url\" content=\"https:\/\/cambrabcn.org\/es\/mision-guadalajara-ciudad-de-mexico\/\" \/>\n<meta property=\"og:site_name\" content=\"Cambra de Comer\u00e7 de Barcelona\" \/>\n<meta property=\"article:modified_time\" content=\"2025-10-09T07:46:56+00:00\" \/>\n<meta property=\"og:image\" content=\"https:\/\/cambrabcn.org\/wp-content\/uploads\/2025\/05\/header_landing_business_bridge3.jpg\" \/>\n\t<meta property=\"og:image:width\" content=\"2500\" \/>\n\t<meta property=\"og:image:height\" content=\"998\" \/>\n\t<meta property=\"og:image:type\" content=\"image\/jpeg\" \/>\n<meta name=\"twitter:card\" content=\"summary_large_image\" \/>\n<meta name=\"twitter:site\" content=\"@cambrabcn\" \/>\n<meta name=\"twitter:label1\" content=\"Tiempo de lectura\" \/>\n\t<meta name=\"twitter:data1\" content=\"9 minutos\" \/>\n<script type=\"application\/ld+json\" class=\"yoast-schema-graph\">{\"@context\":\"https:\\\/\\\/schema.org\",\"@graph\":[{\"@type\":\"WebPage\",\"@id\":\"https:\\\/\\\/cambrabcn.org\\\/es\\\/mision-guadalajara-ciudad-de-mexico\\\/\",\"url\":\"https:\\\/\\\/cambrabcn.org\\\/es\\\/mision-guadalajara-ciudad-de-mexico\\\/\",\"name\":\"Misi\u00f3n Guadalajara - Ciudad de M\u00e9xico | Cambra de Comer\u00e7 de Barcelona\",\"isPartOf\":{\"@id\":\"https:\\\/\\\/cambrabcn.org\\\/es\\\/#website\"},\"primaryImageOfPage\":{\"@id\":\"https:\\\/\\\/cambrabcn.org\\\/es\\\/mision-guadalajara-ciudad-de-mexico\\\/#primaryimage\"},\"image\":{\"@id\":\"https:\\\/\\\/cambrabcn.org\\\/es\\\/mision-guadalajara-ciudad-de-mexico\\\/#primaryimage\"},\"thumbnailUrl\":\"https:\\\/\\\/cambrabcn.org\\\/wp-content\\\/uploads\\\/2025\\\/05\\\/header_landing_business_bridge3.jpg\",\"datePublished\":\"2025-05-21T08:09:57+00:00\",\"dateModified\":\"2025-10-09T07:46:56+00:00\",\"description\":\"Participa en la misi\u00f3n empresarial Guadalajara - Ciudad de M\u00e9xico y abre oportunidades de negocio en diversos sectores.\",\"breadcrumb\":{\"@id\":\"https:\\\/\\\/cambrabcn.org\\\/es\\\/mision-guadalajara-ciudad-de-mexico\\\/#breadcrumb\"},\"inLanguage\":\"es\",\"potentialAction\":[{\"@type\":\"ReadAction\",\"target\":[\"https:\\\/\\\/cambrabcn.org\\\/es\\\/mision-guadalajara-ciudad-de-mexico\\\/\"]}]},{\"@type\":\"ImageObject\",\"inLanguage\":\"es\",\"@id\":\"https:\\\/\\\/cambrabcn.org\\\/es\\\/mision-guadalajara-ciudad-de-mexico\\\/#primaryimage\",\"url\":\"https:\\\/\\\/cambrabcn.org\\\/wp-content\\\/uploads\\\/2025\\\/05\\\/header_landing_business_bridge3.jpg\",\"contentUrl\":\"https:\\\/\\\/cambrabcn.org\\\/wp-content\\\/uploads\\\/2025\\\/05\\\/header_landing_business_bridge3.jpg\"},{\"@type\":\"BreadcrumbList\",\"@id\":\"https:\\\/\\\/cambrabcn.org\\\/es\\\/mision-guadalajara-ciudad-de-mexico\\\/#breadcrumb\",\"itemListElement\":[{\"@type\":\"ListItem\",\"position\":1,\"name\":\"Home\",\"item\":\"https:\\\/\\\/cambrabcn.org\\\/es\\\/\"},{\"@type\":\"ListItem\",\"position\":2,\"name\":\"Misi\u00f3n Guadalajara &#8211; Ciudad de M\u00e9xico\"}]},{\"@type\":\"WebSite\",\"@id\":\"https:\\\/\\\/cambrabcn.org\\\/es\\\/#website\",\"url\":\"https:\\\/\\\/cambrabcn.org\\\/es\\\/\",\"name\":\"Cambra de Comer\u00e7 de Barcelona\",\"description\":\"La Cambra de Tothom\",\"publisher\":{\"@id\":\"https:\\\/\\\/cambrabcn.org\\\/es\\\/#organization\"},\"alternateName\":\"Cambra Oficial de Comer\u00e7, Ind\u00fastria, Serveis i Navegaci\u00f3 de Barcelona\",\"potentialAction\":[{\"@type\":\"SearchAction\",\"target\":{\"@type\":\"EntryPoint\",\"urlTemplate\":\"https:\\\/\\\/cambrabcn.org\\\/es\\\/?s={search_term_string}\"},\"query-input\":{\"@type\":\"PropertyValueSpecification\",\"valueRequired\":true,\"valueName\":\"search_term_string\"}}],\"inLanguage\":\"es\"},{\"@type\":\"Organization\",\"@id\":\"https:\\\/\\\/cambrabcn.org\\\/es\\\/#organization\",\"name\":\"Cambra de Comer\u00e7 de Barcelona\",\"alternateName\":\"Cambra Oficial de Comer\u00e7, Ind\u00fastria, Serveis i Navegaci\u00f3 de Barcelona\",\"url\":\"https:\\\/\\\/cambrabcn.org\\\/es\\\/\",\"logo\":{\"@type\":\"ImageObject\",\"inLanguage\":\"es\",\"@id\":\"https:\\\/\\\/cambrabcn.org\\\/es\\\/#\\\/schema\\\/logo\\\/image\\\/\",\"url\":\"https:\\\/\\\/cambrabcn.org\\\/wp-content\\\/uploads\\\/2023\\\/11\\\/logo-cambra-300x77-1.png\",\"contentUrl\":\"https:\\\/\\\/cambrabcn.org\\\/wp-content\\\/uploads\\\/2023\\\/11\\\/logo-cambra-300x77-1.png\",\"width\":300,\"height\":77,\"caption\":\"Cambra de Comer\u00e7 de Barcelona\"},\"image\":{\"@id\":\"https:\\\/\\\/cambrabcn.org\\\/es\\\/#\\\/schema\\\/logo\\\/image\\\/\"},\"sameAs\":[\"https:\\\/\\\/x.com\\\/cambrabcn\",\"https:\\\/\\\/www.instagram.com\\\/cambrabcn\\\/\",\"https:\\\/\\\/www.linkedin.com\\\/school\\\/cambrabcn\",\"https:\\\/\\\/www.youtube.com\\\/user\\\/PressCambrabcn\",\"https:\\\/\\\/ca.wikipedia.org\\\/wiki\\\/Cambra_Oficial_de_Comer\u00e7,_Ind\u00fastria_i_Navegaci\u00f3_de_Barcelona\",\"http:\\\/\\\/viaf.org\\\/viaf\\\/124017095\"],\"description\":\"La Cambra Oficial de Comer\u00e7, Ind\u00fastria, Serveis i Navegaci\u00f3 de Barcelona \u00e9s una corporaci\u00f3 de dret p\u00fablic que presta serveis a les empreses, contribuint a la regeneraci\u00f3 del teixit econ\u00f2mic i la creaci\u00f3 d\u2019ocupaci\u00f3.\",\"email\":\"cambra@cambrabcn.cat\",\"telephone\":\"+34 93 416 93 00\",\"legalName\":\"La Cambra Oficial de Comer\u00e7, Ind\u00fastria, Serveis i Navegaci\u00f3 de Barcelona\",\"foundingDate\":\"1886-01-01\",\"vatID\":\"Q0873001B\",\"taxID\":\"Q0873001B\",\"naics\":\"813910\"}]}<\/script>\n<!-- \/ Yoast SEO Premium plugin. -->","yoast_head_json":{"title":"Misi\u00f3n Guadalajara - Ciudad de M\u00e9xico | Cambra de Comer\u00e7 de Barcelona","description":"Participa en la misi\u00f3n empresarial Guadalajara - Ciudad de M\u00e9xico y abre oportunidades de negocio en diversos sectores.","robots":{"index":"index","follow":"follow","max-snippet":"max-snippet:-1","max-image-preview":"max-image-preview:large","max-video-preview":"max-video-preview:-1"},"canonical":"https:\/\/cambrabcn.org\/es\/mision-guadalajara-ciudad-de-mexico\/","og_locale":"es_ES","og_type":"article","og_title":"Misi\u00f3n Guadalajara - Ciudad de M\u00e9xico","og_description":"Participa en la misi\u00f3n empresarial Guadalajara - Ciudad de M\u00e9xico y abre oportunidades de negocio en diversos sectores.","og_url":"https:\/\/cambrabcn.org\/es\/mision-guadalajara-ciudad-de-mexico\/","og_site_name":"Cambra de Comer\u00e7 de Barcelona","article_modified_time":"2025-10-09T07:46:56+00:00","og_image":[{"width":2500,"height":998,"url":"https:\/\/cambrabcn.org\/wp-content\/uploads\/2025\/05\/header_landing_business_bridge3.jpg","type":"image\/jpeg"}],"twitter_card":"summary_large_image","twitter_site":"@cambrabcn","twitter_misc":{"Tiempo de lectura":"9 minutos"},"schema":{"@context":"https:\/\/schema.org","@graph":[{"@type":"WebPage","@id":"https:\/\/cambrabcn.org\/es\/mision-guadalajara-ciudad-de-mexico\/","url":"https:\/\/cambrabcn.org\/es\/mision-guadalajara-ciudad-de-mexico\/","name":"Misi\u00f3n Guadalajara - Ciudad de M\u00e9xico | Cambra de Comer\u00e7 de Barcelona","isPartOf":{"@id":"https:\/\/cambrabcn.org\/es\/#website"},"primaryImageOfPage":{"@id":"https:\/\/cambrabcn.org\/es\/mision-guadalajara-ciudad-de-mexico\/#primaryimage"},"image":{"@id":"https:\/\/cambrabcn.org\/es\/mision-guadalajara-ciudad-de-mexico\/#primaryimage"},"thumbnailUrl":"https:\/\/cambrabcn.org\/wp-content\/uploads\/2025\/05\/header_landing_business_bridge3.jpg","datePublished":"2025-05-21T08:09:57+00:00","dateModified":"2025-10-09T07:46:56+00:00","description":"Participa en la misi\u00f3n empresarial Guadalajara - Ciudad de M\u00e9xico y abre oportunidades de negocio en diversos sectores.","breadcrumb":{"@id":"https:\/\/cambrabcn.org\/es\/mision-guadalajara-ciudad-de-mexico\/#breadcrumb"},"inLanguage":"es","potentialAction":[{"@type":"ReadAction","target":["https:\/\/cambrabcn.org\/es\/mision-guadalajara-ciudad-de-mexico\/"]}]},{"@type":"ImageObject","inLanguage":"es","@id":"https:\/\/cambrabcn.org\/es\/mision-guadalajara-ciudad-de-mexico\/#primaryimage","url":"https:\/\/cambrabcn.org\/wp-content\/uploads\/2025\/05\/header_landing_business_bridge3.jpg","contentUrl":"https:\/\/cambrabcn.org\/wp-content\/uploads\/2025\/05\/header_landing_business_bridge3.jpg"},{"@type":"BreadcrumbList","@id":"https:\/\/cambrabcn.org\/es\/mision-guadalajara-ciudad-de-mexico\/#breadcrumb","itemListElement":[{"@type":"ListItem","position":1,"name":"Home","item":"https:\/\/cambrabcn.org\/es\/"},{"@type":"ListItem","position":2,"name":"Misi\u00f3n Guadalajara &#8211; Ciudad de M\u00e9xico"}]},{"@type":"WebSite","@id":"https:\/\/cambrabcn.org\/es\/#website","url":"https:\/\/cambrabcn.org\/es\/","name":"Cambra de Comer\u00e7 de Barcelona","description":"La Cambra de Tothom","publisher":{"@id":"https:\/\/cambrabcn.org\/es\/#organization"},"alternateName":"Cambra Oficial de Comer\u00e7, Ind\u00fastria, Serveis i Navegaci\u00f3 de Barcelona","potentialAction":[{"@type":"SearchAction","target":{"@type":"EntryPoint","urlTemplate":"https:\/\/cambrabcn.org\/es\/?s={search_term_string}"},"query-input":{"@type":"PropertyValueSpecification","valueRequired":true,"valueName":"search_term_string"}}],"inLanguage":"es"},{"@type":"Organization","@id":"https:\/\/cambrabcn.org\/es\/#organization","name":"Cambra de Comer\u00e7 de Barcelona","alternateName":"Cambra Oficial de Comer\u00e7, Ind\u00fastria, Serveis i Navegaci\u00f3 de Barcelona","url":"https:\/\/cambrabcn.org\/es\/","logo":{"@type":"ImageObject","inLanguage":"es","@id":"https:\/\/cambrabcn.org\/es\/#\/schema\/logo\/image\/","url":"https:\/\/cambrabcn.org\/wp-content\/uploads\/2023\/11\/logo-cambra-300x77-1.png","contentUrl":"https:\/\/cambrabcn.org\/wp-content\/uploads\/2023\/11\/logo-cambra-300x77-1.png","width":300,"height":77,"caption":"Cambra de Comer\u00e7 de Barcelona"},"image":{"@id":"https:\/\/cambrabcn.org\/es\/#\/schema\/logo\/image\/"},"sameAs":["https:\/\/x.com\/cambrabcn","https:\/\/www.instagram.com\/cambrabcn\/","https:\/\/www.linkedin.com\/school\/cambrabcn","https:\/\/www.youtube.com\/user\/PressCambrabcn","https:\/\/ca.wikipedia.org\/wiki\/Cambra_Oficial_de_Comer\u00e7,_Ind\u00fastria_i_Navegaci\u00f3_de_Barcelona","http:\/\/viaf.org\/viaf\/124017095"],"description":"La Cambra Oficial de Comer\u00e7, Ind\u00fastria, Serveis i Navegaci\u00f3 de Barcelona \u00e9s una corporaci\u00f3 de dret p\u00fablic que presta serveis a les empreses, contribuint a la regeneraci\u00f3 del teixit econ\u00f2mic i la creaci\u00f3 d\u2019ocupaci\u00f3.","email":"cambra@cambrabcn.cat","telephone":"+34 93 416 93 00","legalName":"La Cambra Oficial de Comer\u00e7, Ind\u00fastria, Serveis i Navegaci\u00f3 de Barcelona","foundingDate":"1886-01-01","vatID":"Q0873001B","taxID":"Q0873001B","naics":"813910"}]}},"mfb_rest_fields":["pp_statuses_selecting_workflow","pp_workflow_action","pp_status_selection","yoast_head","yoast_head_json"],"_links":{"self":[{"href":"https:\/\/cambrabcn.org\/es\/wp-json\/wp\/v2\/pages\/90408","targetHints":{"allow":["GET"]}}],"collection":[{"href":"https:\/\/cambrabcn.org\/es\/wp-json\/wp\/v2\/pages"}],"about":[{"href":"https:\/\/cambrabcn.org\/es\/wp-json\/wp\/v2\/types\/page"}],"author":[{"embeddable":true,"href":"https:\/\/cambrabcn.org\/es\/wp-json\/wp\/v2\/users\/6"}],"replies":[{"embeddable":true,"href":"https:\/\/cambrabcn.org\/es\/wp-json\/wp\/v2\/comments?post=90408"}],"version-history":[{"count":14,"href":"https:\/\/cambrabcn.org\/es\/wp-json\/wp\/v2\/pages\/90408\/revisions"}],"predecessor-version":[{"id":104163,"href":"https:\/\/cambrabcn.org\/es\/wp-json\/wp\/v2\/pages\/90408\/revisions\/104163"}],"wp:attachment":[{"href":"https:\/\/cambrabcn.org\/es\/wp-json\/wp\/v2\/media?parent=90408"}],"curies":[{"name":"wp","href":"https:\/\/api.w.org\/{rel}","templated":true}]}}