{"id":86285,"date":"2025-04-14T16:11:11","date_gmt":"2025-04-14T14:11:11","guid":{"rendered":"https:\/\/cambrabcn.org\/agenda-es\/actes-i-jornades\/"},"modified":"2025-04-22T08:37:31","modified_gmt":"2025-04-22T06:37:31","slug":"actos-y-jornadas","status":"publish","type":"page","link":"https:\/\/cambrabcn.org\/es\/agenda-es\/actos-y-jornadas\/","title":{"rendered":"Actes i jornades"},"content":{"rendered":"<div class=\"wp-block-cambra-custom-blocks-cambra-breadcrumbs\"><nav role=\"navigation\" aria-label=\"Breadcrumb\" class=\"breadcrumb\"><ol class=\"breadcrumb-items\"><li class=\"breadcrumb-item breadcrumb-item--current breadcrumb-item--home\"><span class=\"breadcrumb-item-name\">Inicio<\/span><\/li><\/ol><\/nav><\/div>\n\n\n<div class=\"wp-block-cambra-custom-blocks-cambra-section-title cambra-section-title\"><h2 class=\"cambra-section-title--title\">Actos y Jornadas<\/h2><h5 class=\"cambra-section-title--content\">Aqu\u00ed encontrar\u00e9is todos los actos y jornadas programados<\/h5><\/div>\n\n\n\t<div id=\"cambra-calendar-entry-schedule-agenda-filters-block_9ea40df7c6e7742b9237081a62e38dc4\" class=\"cambra-calendar-entry-schedule-agenda-filters\">\n\t\t<div class=\"cambra-container-filters\">\n    <div class=\"cambra-open-filters cambra-open-filters-mobile\">\n        <a class=\"open-filter\" href=\"#\">\n            <span class=\"cambra-dropdown-icon cambra-filter-dropdown-icon icon-slider\"><\/span>\n            <span>Mostrar men\u00fa de filtros<\/span>\n        <\/a>\n    <\/div>\n    <div class=\"cambra-filters\">\n        <span class=\"cambra-icon-close cambra-filters-icon-close\"><\/span>\n\t\t<div class=\"cambra-container-dropdown-checkbox\">\n    <div class=\"cambra-dropdown cambra-filter-dropdown d-flex icon-filter-black\"\n         data-control=\"cambra-checkbox-dropdown\">\n\t\t            <a class=\"drop\" href=\"#\">\n                <span class=\"cambra-dropdown-icon cambra-filter-dropdown-icon icon-pin-left\"><\/span>\n\t\t\t\tTipos de publicaciones                <span class=\"cambra-arrow-down\"><\/span>\n            <\/a>\n\t\t        <ul class=\"cambra-dropdown-list cambra-filter-dropdown-list\">\n\t\t\t                <li>\n                    <label class=\"dropdown-option dropdown-filter-option form-control\">\n                        <input type=\"checkbox\" name=\"dropdown-group\" class=\"post-type-checkbox\"\n                               value=\"service\"\/>Servicios                    <\/label>\n                <\/li>\n\t\t\t                <li>\n                    <label class=\"dropdown-option dropdown-filter-option form-control\">\n                        <input type=\"checkbox\" name=\"dropdown-group\" class=\"post-type-checkbox\"\n                               value=\"event\"\/>Actes                    <\/label>\n                <\/li>\n\t\t\t            <li class=\"cambra-filters-btn-wrapper\">\n                <button\n                        class=\"button button--primary cambra-filter-dropdown-btn cambra-filter-dropdown-btn-desktop\">Aplicar<\/button>\n            <\/li>\n        <\/ul>\n    <\/div>\n<\/div><div class=\"cambra-container-dropdown-checkbox\">\n    <div class=\"cambra-dropdown cambra-filter-dropdown d-flex icon-filter-black\"\n         data-control=\"cambra-checkbox-dropdown\">\n\t\t            <a class=\"drop\" href=\"#\">\n                <span class=\"cambra-dropdown-icon cambra-filter-dropdown-icon icon-pin-left\"><\/span>\n\t\t\t\tTem\u00e0tica                <span class=\"cambra-arrow-down\"><\/span>\n            <\/a>\n\t\t        <ul class=\"cambra-dropdown-list cambra-filter-dropdown-list\">\n\t\t\t                <li>\n                    <label class=\"dropdown-option dropdown-filter-option form-control\">\n                        <input type=\"checkbox\" name=\"dropdown-group\" class=\"category-checkbox\"\n                               value=\"439\"\/>Alquiler de espacios                    <\/label>\n                <\/li>\n\t\t\t                <li>\n                    <label class=\"dropdown-option dropdown-filter-option form-control\">\n                        <input type=\"checkbox\" name=\"dropdown-group\" class=\"category-checkbox\"\n                               value=\"446\"\/>Apoyo Empresarial                    <\/label>\n                <\/li>\n\t\t\t                <li>\n                    <label class=\"dropdown-option dropdown-filter-option form-control\">\n                        <input type=\"checkbox\" name=\"dropdown-group\" class=\"category-checkbox\"\n                               value=\"425\"\/>Ayudas y convocatorias                    <\/label>\n                <\/li>\n\t\t\t                <li>\n                    <label class=\"dropdown-option dropdown-filter-option form-control\">\n                        <input type=\"checkbox\" name=\"dropdown-group\" class=\"category-checkbox\"\n                               value=\"426\"\/>Blockchain                    <\/label>\n                <\/li>\n\t\t\t                <li>\n                    <label class=\"dropdown-option dropdown-filter-option form-control\">\n                        <input type=\"checkbox\" name=\"dropdown-group\" class=\"category-checkbox\"\n                               value=\"427\"\/>Club C\u00e1mara                    <\/label>\n                <\/li>\n\t\t\t                <li>\n                    <label class=\"dropdown-option dropdown-filter-option form-control\">\n                        <input type=\"checkbox\" name=\"dropdown-group\" class=\"category-checkbox\"\n                               value=\"428\"\/>Comercio                    <\/label>\n                <\/li>\n\t\t\t                <li>\n                    <label class=\"dropdown-option dropdown-filter-option form-control\">\n                        <input type=\"checkbox\" name=\"dropdown-group\" class=\"category-checkbox\"\n                               value=\"429\"\/>Digitalizaci\u00f3n                    <\/label>\n                <\/li>\n\t\t\t                <li>\n                    <label class=\"dropdown-option dropdown-filter-option form-control\">\n                        <input type=\"checkbox\" name=\"dropdown-group\" class=\"category-checkbox\"\n                               value=\"430\"\/>Emprendimiento                    <\/label>\n                <\/li>\n\t\t\t                <li>\n                    <label class=\"dropdown-option dropdown-filter-option form-control\">\n                        <input type=\"checkbox\" name=\"dropdown-group\" class=\"category-checkbox\"\n                               value=\"433\"\/>Estudios                    <\/label>\n                <\/li>\n\t\t\t                <li>\n                    <label class=\"dropdown-option dropdown-filter-option form-control\">\n                        <input type=\"checkbox\" name=\"dropdown-group\" class=\"category-checkbox\"\n                               value=\"431\"\/>Eventos                    <\/label>\n                <\/li>\n\t\t\t                <li>\n                    <label class=\"dropdown-option dropdown-filter-option form-control\">\n                        <input type=\"checkbox\" name=\"dropdown-group\" class=\"category-checkbox\"\n                               value=\"432\"\/>Eventos institucionales                    <\/label>\n                <\/li>\n\t\t\t                <li>\n                    <label class=\"dropdown-option dropdown-filter-option form-control\">\n                        <input type=\"checkbox\" name=\"dropdown-group\" class=\"category-checkbox\"\n                               value=\"434\"\/>Financiaci\u00f3n                    <\/label>\n                <\/li>\n\t\t\t                <li>\n                    <label class=\"dropdown-option dropdown-filter-option form-control\">\n                        <input type=\"checkbox\" name=\"dropdown-group\" class=\"category-checkbox\"\n                               value=\"435\"\/>Formaci\u00f3n                    <\/label>\n                <\/li>\n\t\t\t                <li>\n                    <label class=\"dropdown-option dropdown-filter-option form-control\">\n                        <input type=\"checkbox\" name=\"dropdown-group\" class=\"category-checkbox\"\n                               value=\"436\"\/>Igualdad                    <\/label>\n                <\/li>\n\t\t\t                <li>\n                    <label class=\"dropdown-option dropdown-filter-option form-control\">\n                        <input type=\"checkbox\" name=\"dropdown-group\" class=\"category-checkbox\"\n                               value=\"437\"\/>Innovaci\u00f3n                    <\/label>\n                <\/li>\n\t\t\t                <li>\n                    <label class=\"dropdown-option dropdown-filter-option form-control\">\n                        <input type=\"checkbox\" name=\"dropdown-group\" class=\"category-checkbox\"\n                               value=\"438\"\/>Internacionalizaci\u00f3n                    <\/label>\n                <\/li>\n\t\t\t                <li>\n                    <label class=\"dropdown-option dropdown-filter-option form-control\">\n                        <input type=\"checkbox\" name=\"dropdown-group\" class=\"category-checkbox\"\n                               value=\"440\"\/>Mediaci\u00f3n y arbitraje                    <\/label>\n                <\/li>\n\t\t\t                <li>\n                    <label class=\"dropdown-option dropdown-filter-option form-control\">\n                        <input type=\"checkbox\" name=\"dropdown-group\" class=\"category-checkbox\"\n                               value=\"441\"\/>Networking                    <\/label>\n                <\/li>\n\t\t\t                <li>\n                    <label class=\"dropdown-option dropdown-filter-option form-control\">\n                        <input type=\"checkbox\" name=\"dropdown-group\" class=\"category-checkbox\"\n                               value=\"442\"\/>Orientaci\u00f3n financiera                    <\/label>\n                <\/li>\n\t\t\t                <li>\n                    <label class=\"dropdown-option dropdown-filter-option form-control\">\n                        <input type=\"checkbox\" name=\"dropdown-group\" class=\"category-checkbox\"\n                               value=\"443\"\/>Patrocinios                    <\/label>\n                <\/li>\n\t\t\t                <li>\n                    <label class=\"dropdown-option dropdown-filter-option form-control\">\n                        <input type=\"checkbox\" name=\"dropdown-group\" class=\"category-checkbox\"\n                               value=\"444\"\/>Proyectos europeos                    <\/label>\n                <\/li>\n\t\t\t                <li>\n                    <label class=\"dropdown-option dropdown-filter-option form-control\">\n                        <input type=\"checkbox\" name=\"dropdown-group\" class=\"category-checkbox\"\n                               value=\"445\"\/>Sostenibilidad                    <\/label>\n                <\/li>\n\t\t\t                <li>\n                    <label class=\"dropdown-option dropdown-filter-option form-control\">\n                        <input type=\"checkbox\" name=\"dropdown-group\" class=\"category-checkbox\"\n                               value=\"447\"\/>Tr\u00e1mites                    <\/label>\n                <\/li>\n\t\t\t                <li>\n                    <label class=\"dropdown-option dropdown-filter-option form-control\">\n                        <input type=\"checkbox\" name=\"dropdown-group\" class=\"category-checkbox\"\n                               value=\"448\"\/>Turismo                    <\/label>\n                <\/li>\n\t\t\t            <li class=\"cambra-filters-btn-wrapper\">\n                <button\n                        class=\"button button--primary cambra-filter-dropdown-btn cambra-filter-dropdown-btn-desktop\">Aplicar<\/button>\n            <\/li>\n        <\/ul>\n    <\/div>\n<\/div><div class=\"cambra-container-dropdown-checkbox\">\n    <div class=\"cambra-dropdown cambra-filter-dropdown d-flex icon-filter-black\"\n         data-control=\"cambra-checkbox-dropdown\">\n\t\t            <a class=\"drop\" href=\"#\">\n                <span class=\"cambra-dropdown-icon cambra-filter-dropdown-icon icon-map-pin\"><\/span>\n\t\t\t\tUbicaci\u00f3n                <span class=\"cambra-arrow-down\"><\/span>\n            <\/a>\n\t\t        <ul class=\"cambra-dropdown-list cambra-filter-dropdown-list\">\n\t\t\t                <li>\n                    <label class=\"dropdown-option dropdown-filter-option form-control\">\n                        <input type=\"checkbox\" name=\"dropdown-group\" class=\"category-checkbox\"\n                               value=\"356\"\/>Alt Pened\u00e8s                    <\/label>\n                <\/li>\n\t\t\t                <li>\n                    <label class=\"dropdown-option dropdown-filter-option form-control\">\n                        <input type=\"checkbox\" name=\"dropdown-group\" class=\"category-checkbox\"\n                               value=\"355\"\/>Anoia                    <\/label>\n                <\/li>\n\t\t\t                <li>\n                    <label class=\"dropdown-option dropdown-filter-option form-control\">\n                        <input type=\"checkbox\" name=\"dropdown-group\" class=\"category-checkbox\"\n                               value=\"354\"\/>Baix Llobregat                    <\/label>\n                <\/li>\n\t\t\t                <li>\n                    <label class=\"dropdown-option dropdown-filter-option form-control\">\n                        <input type=\"checkbox\" name=\"dropdown-group\" class=\"category-checkbox\"\n                               value=\"1119\"\/>Baix Montseny                    <\/label>\n                <\/li>\n\t\t\t                <li>\n                    <label class=\"dropdown-option dropdown-filter-option form-control\">\n                        <input type=\"checkbox\" name=\"dropdown-group\" class=\"category-checkbox\"\n                               value=\"353\"\/>Barcelona                    <\/label>\n                <\/li>\n\t\t\t                <li>\n                    <label class=\"dropdown-option dropdown-filter-option form-control\">\n                        <input type=\"checkbox\" name=\"dropdown-group\" class=\"category-checkbox\"\n                               value=\"352\"\/>Barcelon\u00e8s Norte                    <\/label>\n                <\/li>\n\t\t\t                <li>\n                    <label class=\"dropdown-option dropdown-filter-option form-control\">\n                        <input type=\"checkbox\" name=\"dropdown-group\" class=\"category-checkbox\"\n                               value=\"351\"\/>Bergued\u00e0                    <\/label>\n                <\/li>\n\t\t\t                <li>\n                    <label class=\"dropdown-option dropdown-filter-option form-control\">\n                        <input type=\"checkbox\" name=\"dropdown-group\" class=\"category-checkbox\"\n                               value=\"349\"\/>Garraf                    <\/label>\n                <\/li>\n\t\t\t                <li>\n                    <label class=\"dropdown-option dropdown-filter-option form-control\">\n                        <input type=\"checkbox\" name=\"dropdown-group\" class=\"category-checkbox\"\n                               value=\"348\"\/>Hospitalet                    <\/label>\n                <\/li>\n\t\t\t                <li>\n                    <label class=\"dropdown-option dropdown-filter-option form-control\">\n                        <input type=\"checkbox\" name=\"dropdown-group\" class=\"category-checkbox\"\n                               value=\"347\"\/>Maresme                    <\/label>\n                <\/li>\n\t\t\t                <li>\n                    <label class=\"dropdown-option dropdown-filter-option form-control\">\n                        <input type=\"checkbox\" name=\"dropdown-group\" class=\"category-checkbox\"\n                               value=\"346\"\/>Osona                    <\/label>\n                <\/li>\n\t\t\t                <li>\n                    <label class=\"dropdown-option dropdown-filter-option form-control\">\n                        <input type=\"checkbox\" name=\"dropdown-group\" class=\"category-checkbox\"\n                               value=\"358\"\/>Vall\u00e8s Oriental                    <\/label>\n                <\/li>\n\t\t\t                <li>\n                    <label class=\"dropdown-option dropdown-filter-option form-control\">\n                        <input type=\"checkbox\" name=\"dropdown-group\" class=\"category-checkbox\"\n                               value=\"350\"\/>Espacio Online                    <\/label>\n                <\/li>\n\t\t\t                <li>\n                    <label class=\"dropdown-option dropdown-filter-option form-control\">\n                        <input type=\"checkbox\" name=\"dropdown-group\" class=\"category-checkbox\"\n                               value=\"1100\"\/>Videoconferencia                    <\/label>\n                <\/li>\n\t\t\t                <li>\n                    <label class=\"dropdown-option dropdown-filter-option form-control\">\n                        <input type=\"checkbox\" name=\"dropdown-group\" class=\"category-checkbox\"\n                               value=\"357\"\/>Otros                    <\/label>\n                <\/li>\n\t\t\t            <li class=\"cambra-filters-btn-wrapper\">\n                <button\n                        class=\"button button--primary cambra-filter-dropdown-btn cambra-filter-dropdown-btn-desktop\">Aplicar<\/button>\n            <\/li>\n        <\/ul>\n    <\/div>\n<\/div>        <div class=\"cambra-container-dropdown-checkbox\" id=\"cambra-search-template-datepicker-dropdown\">\n            <div class=\"cambra-dropdown cambra-filter-dropdown d-flex icon-filter-black\"\n                 data-control=\"cambra-checkbox-dropdown\">\n                <a class=\"drop\" href=\"#\">\n                    <span class=\"cambra-dropdown-icon cambra-filter-dropdown-icon icon-calendar\"><\/span>\n\t\t\t\t\tFecha<span class=\"cambra-arrow-down\"><\/span>\n                <\/a>\n                <ul class=\"cambra-dropdown-list cambra-filter-dropdown-list\">\n\t\t\t\t\t                    <li class=\"filter-date icon-cal\">\n                        <label class=\"dropdown-option dropdown-filter-option form-control\">\n                            <input id=\"date-from\"\n\t\t\t\t\t\t\t\tplaceholder=\"Fecha inicio\"                                   type=\"text\" name=\"dropdown-group\" class=\"date-checkbox\">\n                        <\/label>\n                    <\/li>\n                    <li class=\"filter-date icon-cal\">\n                        <label class=\"dropdown-option dropdown-filter-option form-control\">\n                            <label class=\"dropdown-option dropdown-filter-option form-control\">\n                                <input id=\"date-to\"\n\t\t\t\t\t\t\t\t\tplaceholder=\"Fecha fin\"                                       type=\"text\" name=\"dropdown-group\" class=\"date-checkbox\">\n                            <\/label>\n                        <\/label>\n                    <\/li>\n\n                    <li>\n                        <button class=\"button button--primary cambra-filter-dropdown-btn cambra-filter-dropdown-btn-desktop\">\n\t\t\t\t\t\t\tAplicar                        <\/button>\n                    <\/li>\n                <\/ul>\n            <\/div>\n        <\/div>\n\t\t        <ul class=\"cambra-dropdown-list-tags\"><\/ul>\n        <button class=\"button button--primary cambra-filter-dropdown-btn cambra-filter-dropdown-btn-mobile\">\n\t\t\tAplicar        <\/button>\n    <\/div>\n<\/div>\n\t\t\t<div class=\"wp-block-group cambra-cards-heading-link-container\">\n\t\t\t\t\t\t\t\t\t\t\t<\/div>\n\t\t\t\t\n\t\t<div id=\"cambra-spinner\" class=\"cambra-spinner\"><\/div>\n\t\t<div class=\"cambra-calendar-entry-schedule-agenda-filters-container\"\n\t\t\t id=\"cambrasearchbockcardscontainer\"\n\t\t\t data-language=\"es\"\n\t\t\t data-total=\"2\"\n\t\t\t data-page=\"1\"\n\t\t\t data-per-page=\"9\"\n\t\t\t data-container-class=\"cambra-calendar-entry-schedule-agenda-filters-container\"\n\t\t\t data-cards-element=\"card-call-image\"\n\t\t\t data-template-part=\"3-columns\">\n\t\t\t\n<ul class=\"wp-block-post-template wp-block-post-custom-template columns-3 card-box-shadow cambra-card\">\n\t\t\t\t\t\t<li class=\"wp-block-post has-post-thumbnail card-call-image\">\n    <div class=\"card-call-image--top\">\n        <div class=\"card-call-image--top--image\">\n            <figure class=\"wp-block-post-featured-image\">\n                <a href=\"https:\/\/cambrabcn.org\/es\/jornadas-sobre-mercados-internacionales\/?call=Q6UJ9A0ICRMW\">\n\t\t\t\t\t<img loading=\"lazy\" decoding=\"async\" width=\"1200\" height=\"273\" src=\"https:\/\/cambrabcn.org\/wp-content\/uploads\/2026\/04\/Singapur_1200x273.jpg\" class=\"attachment-post-thumbnail size-post-thumbnail\" alt=\"\" srcset=\"https:\/\/cambrabcn.org\/wp-content\/uploads\/2026\/04\/Singapur_1200x273.jpg 1200w, https:\/\/cambrabcn.org\/wp-content\/uploads\/2026\/04\/Singapur_1200x273-300x68.jpg 300w, https:\/\/cambrabcn.org\/wp-content\/uploads\/2026\/04\/Singapur_1200x273-1024x233.jpg 1024w, https:\/\/cambrabcn.org\/wp-content\/uploads\/2026\/04\/Singapur_1200x273-768x175.jpg 768w, https:\/\/cambrabcn.org\/wp-content\/uploads\/2026\/04\/Singapur_1200x273-600x137.jpg 600w\" sizes=\"auto, (max-width: 1200px) 100vw, 1200px\" \/>                <\/a>\n            <\/figure>\n        <\/div>\n        <div class=\"card-call-image--top--content\">\n            <div class=\"has-text-color has-alternative-tertiary-color wp-block-post-terms has-small-font-size\">\n\t\t\t\t<a href=\"https:\/\/cambrabcn.org\/es\/soluciones-de\/soluciones-internacional\/\" rel=\"tag\">Internacionalizaci\u00f3n<\/a>            <\/div>\n            <h3 class=\"card-call-image--title wp-block-post-title has-normal-font-size heading-3\">\n                <a href=\"https:\/\/cambrabcn.org\/es\/jornadas-sobre-mercados-internacionales\/?call=Q6UJ9A0ICRMW\">\n                    <strong>Alianzas con Singapur: puerta de entrada al mercado asi\u00e1tico<\/strong>\n                <\/a>\n            <\/h3>\n            <div class=\"card-call-image--bottom--content\">\n                <p class=\"card-call-image--date has-secondary-neutral-black-color has-text-color has-small-font-size\">\n\t\t\t\t\tDe 06\/05\/2026 a 06\/05\/2026                <\/p>\n                <div class=\"card-call-image--bottom--content--info\">\n\t\t\t\t\t                        <div class=\"call-info-line\">\n                            <span class=\"call-info-icon\">\n                                <img loading=\"lazy\" decoding=\"async\" width=\"20\" height=\"20\"\n                                     src=\"https:\/\/cambrabcn.org\/wp-content\/plugins\/cambra-custom-blocks\/\/images\/product\/icon-contact-map-red.svg\"\n                                     alt=\"Icono de lugar\">\n                            <\/span>\n                            <span class=\"same-line has-x-small-font-size\">Lugar:                                <span class=\"has-secondary-neutral-black-color has-text-color\">\n                                    Barcelona                                <\/span>\n                            <\/span>\n                        <\/div>\n\t\t\t\t\t                    <div class=\"call-info-line\">\n                        <span class=\"call-info-icon\">\n                            <img loading=\"lazy\" decoding=\"async\" width=\"20\" height=\"20\"\n                                 src=\"https:\/\/cambrabcn.org\/wp-content\/plugins\/cambra-custom-blocks\/\/images\/product\/icon-general-timer-sand-red.svg\"\n                                 alt=\"Icono de duraci\u00f3n\">\n                        <\/span>\n                        <span class=\"same-line has-x-small-font-size\">Duraci\u00f3n:                            <span class=\"has-secondary-neutral-black-color has-text-color\">2 horas<\/span>\n                        <\/span>\n                    <\/div>\n                    <div class=\"call-info-line\">\n                        <span class=\"call-info-icon\">\n                            <img loading=\"lazy\" decoding=\"async\" width=\"20\" height=\"20\"\n                                 src=\"https:\/\/cambrabcn.org\/wp-content\/plugins\/cambra-custom-blocks\/\/images\/product\/icon-shopping-amount-red.svg\"\n                                 alt=\"Icono de precio\">\n                        <\/span>\n                        <span class=\"same-line has-x-small-font-size\">Precio:                            <span class=\"has-secondary-neutral-black-color has-text-color\">0\u20ac<\/span>\n                        <\/span>\n                    <\/div>\n                <\/div>\n            <\/div>\n        <\/div>\n    <\/div>\n    <div class=\"card-call-image--read-more\">\n        <div class=\"wp-block-read-more\">\n            <a class=\"icon-right icon-right--black\"\n               href=\"https:\/\/cambrabcn.org\/es\/jornadas-sobre-mercados-internacionales\/?call=Q6UJ9A0ICRMW\">\n\t\t\t\tInscr\u00edbete            <\/a>\n        <\/div>\n    <\/div>\n    <a class=\"cambra-card-full-link\" href=\"https:\/\/cambrabcn.org\/es\/jornadas-sobre-mercados-internacionales\/?call=Q6UJ9A0ICRMW\"><\/a>\n<\/li>\n\t\t\t\t\t<li class=\"wp-block-post has-post-thumbnail card-call-image\">\n    <div class=\"card-call-image--top\">\n        <div class=\"card-call-image--top--image\">\n            <figure class=\"wp-block-post-featured-image\">\n                <a href=\"https:\/\/cambrabcn.org\/es\/ens-activem-al-maresme-ubicacio-maresme-20260507-183000\/?call=Q6UJ9A0IC77B\">\n\t\t\t\t\t<img loading=\"lazy\" decoding=\"async\" width=\"1200\" height=\"273\" src=\"https:\/\/cambrabcn.org\/wp-content\/uploads\/2026\/04\/Maresme_1200x273-png.webp\" class=\"attachment-post-thumbnail size-post-thumbnail wp-post-image\" alt=\"\" srcset=\"https:\/\/cambrabcn.org\/wp-content\/uploads\/2026\/04\/Maresme_1200x273-png.webp 1200w, https:\/\/cambrabcn.org\/wp-content\/uploads\/2026\/04\/Maresme_1200x273-300x68-png.webp 300w, https:\/\/cambrabcn.org\/wp-content\/uploads\/2026\/04\/Maresme_1200x273-1024x233-png.webp 1024w, https:\/\/cambrabcn.org\/wp-content\/uploads\/2026\/04\/Maresme_1200x273-768x175-png.webp 768w, https:\/\/cambrabcn.org\/wp-content\/uploads\/2026\/04\/Maresme_1200x273-600x137.png 600w\" sizes=\"auto, (max-width: 1200px) 100vw, 1200px\" \/>                <\/a>\n            <\/figure>\n        <\/div>\n        <div class=\"card-call-image--top--content\">\n            <div class=\"has-text-color has-alternative-tertiary-color wp-block-post-terms has-small-font-size\">\n\t\t\t\t<a href=\"https:\/\/cambrabcn.org\/es\/soluciones-de\/soluciones-networking\/\" rel=\"tag\">Networking<\/a>            <\/div>\n            <h3 class=\"card-call-image--title wp-block-post-title has-normal-font-size heading-3\">\n                <a href=\"https:\/\/cambrabcn.org\/es\/ens-activem-al-maresme-ubicacio-maresme-20260507-183000\/?call=Q6UJ9A0IC77B\">\n                    <strong>Nos activamos en el Maresme<\/strong>\n                <\/a>\n            <\/h3>\n            <div class=\"card-call-image--bottom--content\">\n                <p class=\"card-call-image--date has-secondary-neutral-black-color has-text-color has-small-font-size\">\n\t\t\t\t\tDe 07\/05\/2026 a 07\/05\/2026                <\/p>\n                <div class=\"card-call-image--bottom--content--info\">\n\t\t\t\t\t                        <div class=\"call-info-line\">\n                            <span class=\"call-info-icon\">\n                                <img loading=\"lazy\" decoding=\"async\" width=\"20\" height=\"20\"\n                                     src=\"https:\/\/cambrabcn.org\/wp-content\/plugins\/cambra-custom-blocks\/\/images\/product\/icon-contact-map-red.svg\"\n                                     alt=\"Icono de lugar\">\n                            <\/span>\n                            <span class=\"same-line has-x-small-font-size\">Lugar:                                <span class=\"has-secondary-neutral-black-color has-text-color\">\n                                    Maresme                                <\/span>\n                            <\/span>\n                        <\/div>\n\t\t\t\t\t                    <div class=\"call-info-line\">\n                        <span class=\"call-info-icon\">\n                            <img loading=\"lazy\" decoding=\"async\" width=\"20\" height=\"20\"\n                                 src=\"https:\/\/cambrabcn.org\/wp-content\/plugins\/cambra-custom-blocks\/\/images\/product\/icon-general-timer-sand-red.svg\"\n                                 alt=\"Icono de duraci\u00f3n\">\n                        <\/span>\n                        <span class=\"same-line has-x-small-font-size\">Duraci\u00f3n:                            <span class=\"has-secondary-neutral-black-color has-text-color\">1,5 horas<\/span>\n                        <\/span>\n                    <\/div>\n                    <div class=\"call-info-line\">\n                        <span class=\"call-info-icon\">\n                            <img loading=\"lazy\" decoding=\"async\" width=\"20\" height=\"20\"\n                                 src=\"https:\/\/cambrabcn.org\/wp-content\/plugins\/cambra-custom-blocks\/\/images\/product\/icon-shopping-amount-red.svg\"\n                                 alt=\"Icono de precio\">\n                        <\/span>\n                        <span class=\"same-line has-x-small-font-size\">Precio:                            <span class=\"has-secondary-neutral-black-color has-text-color\">0\u20ac<\/span>\n                        <\/span>\n                    <\/div>\n                <\/div>\n            <\/div>\n        <\/div>\n    <\/div>\n    <div class=\"card-call-image--read-more\">\n        <div class=\"wp-block-read-more\">\n            <a class=\"icon-right icon-right--black\"\n               href=\"https:\/\/cambrabcn.org\/es\/ens-activem-al-maresme-ubicacio-maresme-20260507-183000\/?call=Q6UJ9A0IC77B\">\n\t\t\t\tInscr\u00edbete            <\/a>\n        <\/div>\n    <\/div>\n    <a class=\"cambra-card-full-link\" href=\"https:\/\/cambrabcn.org\/es\/ens-activem-al-maresme-ubicacio-maresme-20260507-183000\/?call=Q6UJ9A0IC77B\"><\/a>\n<\/li>\n\t\t\t\t\t<li class=\"wp-block-post has-post-thumbnail card-call-image\">\n    <div class=\"card-call-image--top\">\n        <div class=\"card-call-image--top--image\">\n            <figure class=\"wp-block-post-featured-image\">\n                <a href=\"https:\/\/cambrabcn.org\/es\/jornadas-sobre-mercados-internacionales\/?call=Q6UJ9A0IMIW2\">\n\t\t\t\t\t<img loading=\"lazy\" decoding=\"async\" width=\"1200\" height=\"273\" src=\"https:\/\/cambrabcn.org\/wp-content\/uploads\/2026\/04\/Algeria_1200x273.jpg\" class=\"attachment-post-thumbnail size-post-thumbnail\" alt=\"\" srcset=\"https:\/\/cambrabcn.org\/wp-content\/uploads\/2026\/04\/Algeria_1200x273.jpg 1200w, https:\/\/cambrabcn.org\/wp-content\/uploads\/2026\/04\/Algeria_1200x273-300x68.jpg 300w, https:\/\/cambrabcn.org\/wp-content\/uploads\/2026\/04\/Algeria_1200x273-1024x233.jpg 1024w, https:\/\/cambrabcn.org\/wp-content\/uploads\/2026\/04\/Algeria_1200x273-768x175.jpg 768w, https:\/\/cambrabcn.org\/wp-content\/uploads\/2026\/04\/Algeria_1200x273-600x137.jpg 600w\" sizes=\"auto, (max-width: 1200px) 100vw, 1200px\" \/>                <\/a>\n            <\/figure>\n        <\/div>\n        <div class=\"card-call-image--top--content\">\n            <div class=\"has-text-color has-alternative-tertiary-color wp-block-post-terms has-small-font-size\">\n\t\t\t\t<a href=\"https:\/\/cambrabcn.org\/es\/soluciones-de\/soluciones-internacional\/\" rel=\"tag\">Internacionalizaci\u00f3n<\/a>            <\/div>\n            <h3 class=\"card-call-image--title wp-block-post-title has-normal-font-size heading-3\">\n                <a href=\"https:\/\/cambrabcn.org\/es\/jornadas-sobre-mercados-internacionales\/?call=Q6UJ9A0IMIW2\">\n                    <strong>Oportunidades de negocio en Argelia<\/strong>\n                <\/a>\n            <\/h3>\n            <div class=\"card-call-image--bottom--content\">\n                <p class=\"card-call-image--date has-secondary-neutral-black-color has-text-color has-small-font-size\">\n\t\t\t\t\tDe 20\/05\/2026 a 20\/05\/2026                <\/p>\n                <div class=\"card-call-image--bottom--content--info\">\n\t\t\t\t\t                        <div class=\"call-info-line\">\n                            <span class=\"call-info-icon\">\n                                <img loading=\"lazy\" decoding=\"async\" width=\"20\" height=\"20\"\n                                     src=\"https:\/\/cambrabcn.org\/wp-content\/plugins\/cambra-custom-blocks\/\/images\/product\/icon-contact-map-red.svg\"\n                                     alt=\"Icono de lugar\">\n                            <\/span>\n                            <span class=\"same-line has-x-small-font-size\">Lugar:                                <span class=\"has-secondary-neutral-black-color has-text-color\">\n                                    Barcelona                                <\/span>\n                            <\/span>\n                        <\/div>\n\t\t\t\t\t                    <div class=\"call-info-line\">\n                        <span class=\"call-info-icon\">\n                            <img loading=\"lazy\" decoding=\"async\" width=\"20\" height=\"20\"\n                                 src=\"https:\/\/cambrabcn.org\/wp-content\/plugins\/cambra-custom-blocks\/\/images\/product\/icon-general-timer-sand-red.svg\"\n                                 alt=\"Icono de duraci\u00f3n\">\n                        <\/span>\n                        <span class=\"same-line has-x-small-font-size\">Duraci\u00f3n:                            <span class=\"has-secondary-neutral-black-color has-text-color\">3 horas<\/span>\n                        <\/span>\n                    <\/div>\n                    <div class=\"call-info-line\">\n                        <span class=\"call-info-icon\">\n                            <img loading=\"lazy\" decoding=\"async\" width=\"20\" height=\"20\"\n                                 src=\"https:\/\/cambrabcn.org\/wp-content\/plugins\/cambra-custom-blocks\/\/images\/product\/icon-shopping-amount-red.svg\"\n                                 alt=\"Icono de precio\">\n                        <\/span>\n                        <span class=\"same-line has-x-small-font-size\">Precio:                            <span class=\"has-secondary-neutral-black-color has-text-color\">0\u20ac<\/span>\n                        <\/span>\n                    <\/div>\n                <\/div>\n            <\/div>\n        <\/div>\n    <\/div>\n    <div class=\"card-call-image--read-more\">\n        <div class=\"wp-block-read-more\">\n            <a class=\"icon-right icon-right--black\"\n               href=\"https:\/\/cambrabcn.org\/es\/jornadas-sobre-mercados-internacionales\/?call=Q6UJ9A0IMIW2\">\n\t\t\t\tInscr\u00edbete            <\/a>\n        <\/div>\n    <\/div>\n    <a class=\"cambra-card-full-link\" href=\"https:\/\/cambrabcn.org\/es\/jornadas-sobre-mercados-internacionales\/?call=Q6UJ9A0IMIW2\"><\/a>\n<\/li>\n\t\t\t\t\t<li class=\"wp-block-post has-post-thumbnail card-call-image\">\n    <div class=\"card-call-image--top\">\n        <div class=\"card-call-image--top--image\">\n            <figure class=\"wp-block-post-featured-image\">\n                <a href=\"https:\/\/cambrabcn.org\/es\/dia-de-la-cambra-al-valles-oriental-ubicacio-valles-oriental-20260505-183000\/?call=Q6UJ9A0IA5SP\">\n\t\t\t\t\t<img loading=\"lazy\" decoding=\"async\" width=\"1200\" height=\"273\" src=\"https:\/\/cambrabcn.org\/wp-content\/uploads\/2026\/03\/Dia_Cambra_VO_2026_1200x273-png.webp\" class=\"attachment-post-thumbnail size-post-thumbnail wp-post-image\" alt=\"\" srcset=\"https:\/\/cambrabcn.org\/wp-content\/uploads\/2026\/03\/Dia_Cambra_VO_2026_1200x273-png.webp 1200w, https:\/\/cambrabcn.org\/wp-content\/uploads\/2026\/03\/Dia_Cambra_VO_2026_1200x273-300x68-png.webp 300w, https:\/\/cambrabcn.org\/wp-content\/uploads\/2026\/03\/Dia_Cambra_VO_2026_1200x273-1024x233-png.webp 1024w, https:\/\/cambrabcn.org\/wp-content\/uploads\/2026\/03\/Dia_Cambra_VO_2026_1200x273-768x175-png.webp 768w, https:\/\/cambrabcn.org\/wp-content\/uploads\/2026\/03\/Dia_Cambra_VO_2026_1200x273-600x137.png 600w\" sizes=\"auto, (max-width: 1200px) 100vw, 1200px\" \/>                <\/a>\n            <\/figure>\n        <\/div>\n        <div class=\"card-call-image--top--content\">\n            <div class=\"has-text-color has-alternative-tertiary-color wp-block-post-terms has-small-font-size\">\n\t\t\t\t<a href=\"https:\/\/cambrabcn.org\/es\/soluciones-de\/soluciones-networking\/\" rel=\"tag\">Networking<\/a>            <\/div>\n            <h3 class=\"card-call-image--title wp-block-post-title has-normal-font-size heading-3\">\n                <a href=\"https:\/\/cambrabcn.org\/es\/dia-de-la-cambra-al-valles-oriental-ubicacio-valles-oriental-20260505-183000\/?call=Q6UJ9A0IA5SP\">\n                    <strong>D\u00eda de la Cambra en el Vall\u00e8s Oriental<\/strong>\n                <\/a>\n            <\/h3>\n            <div class=\"card-call-image--bottom--content\">\n                <p class=\"card-call-image--date has-secondary-neutral-black-color has-text-color has-small-font-size\">\n\t\t\t\t\tDe 05\/05\/2026 a 05\/05\/2026                <\/p>\n                <div class=\"card-call-image--bottom--content--info\">\n\t\t\t\t\t                        <div class=\"call-info-line\">\n                            <span class=\"call-info-icon\">\n                                <img loading=\"lazy\" decoding=\"async\" width=\"20\" height=\"20\"\n                                     src=\"https:\/\/cambrabcn.org\/wp-content\/plugins\/cambra-custom-blocks\/\/images\/product\/icon-contact-map-red.svg\"\n                                     alt=\"Icono de lugar\">\n                            <\/span>\n                            <span class=\"same-line has-x-small-font-size\">Lugar:                                <span class=\"has-secondary-neutral-black-color has-text-color\">\n                                    Vall\u00e8s Oriental                                <\/span>\n                            <\/span>\n                        <\/div>\n\t\t\t\t\t                    <div class=\"call-info-line\">\n                        <span class=\"call-info-icon\">\n                            <img loading=\"lazy\" decoding=\"async\" width=\"20\" height=\"20\"\n                                 src=\"https:\/\/cambrabcn.org\/wp-content\/plugins\/cambra-custom-blocks\/\/images\/product\/icon-general-timer-sand-red.svg\"\n                                 alt=\"Icono de duraci\u00f3n\">\n                        <\/span>\n                        <span class=\"same-line has-x-small-font-size\">Duraci\u00f3n:                            <span class=\"has-secondary-neutral-black-color has-text-color\">2,5 horas<\/span>\n                        <\/span>\n                    <\/div>\n                    <div class=\"call-info-line\">\n                        <span class=\"call-info-icon\">\n                            <img loading=\"lazy\" decoding=\"async\" width=\"20\" height=\"20\"\n                                 src=\"https:\/\/cambrabcn.org\/wp-content\/plugins\/cambra-custom-blocks\/\/images\/product\/icon-shopping-amount-red.svg\"\n                                 alt=\"Icono de precio\">\n                        <\/span>\n                        <span class=\"same-line has-x-small-font-size\">Precio:                            <span class=\"has-secondary-neutral-black-color has-text-color\">0\u20ac<\/span>\n                        <\/span>\n                    <\/div>\n                <\/div>\n            <\/div>\n        <\/div>\n    <\/div>\n    <div class=\"card-call-image--read-more\">\n        <div class=\"wp-block-read-more\">\n            <a class=\"icon-right icon-right--black\"\n               href=\"https:\/\/cambrabcn.org\/es\/dia-de-la-cambra-al-valles-oriental-ubicacio-valles-oriental-20260505-183000\/?call=Q6UJ9A0IA5SP\">\n\t\t\t\tInscr\u00edbete            <\/a>\n        <\/div>\n    <\/div>\n    <a class=\"cambra-card-full-link\" href=\"https:\/\/cambrabcn.org\/es\/dia-de-la-cambra-al-valles-oriental-ubicacio-valles-oriental-20260505-183000\/?call=Q6UJ9A0IA5SP\"><\/a>\n<\/li>\n\t\t\t\t\t<li class=\"wp-block-post has-post-thumbnail card-call-image\">\n    <div class=\"card-call-image--top\">\n        <div class=\"card-call-image--top--image\">\n            <figure class=\"wp-block-post-featured-image\">\n                <a href=\"https:\/\/cambrabcn.org\/es\/grans-tenidors-i-lloguer-de-lhabitatge-ubicacio-espai-online-20260515-093000\/?call=Q6UJ9A0IJCQF\">\n\t\t\t\t\t<img loading=\"lazy\" decoding=\"async\" width=\"1200\" height=\"273\" src=\"https:\/\/cambrabcn.org\/wp-content\/uploads\/2026\/04\/Grans_tenidors_1200x273-jpg.webp\" class=\"attachment-post-thumbnail size-post-thumbnail wp-post-image\" alt=\"\" srcset=\"https:\/\/cambrabcn.org\/wp-content\/uploads\/2026\/04\/Grans_tenidors_1200x273-jpg.webp 1200w, https:\/\/cambrabcn.org\/wp-content\/uploads\/2026\/04\/Grans_tenidors_1200x273-300x68-jpg.webp 300w, https:\/\/cambrabcn.org\/wp-content\/uploads\/2026\/04\/Grans_tenidors_1200x273-1024x233-jpg.webp 1024w, https:\/\/cambrabcn.org\/wp-content\/uploads\/2026\/04\/Grans_tenidors_1200x273-768x175-jpg.webp 768w, https:\/\/cambrabcn.org\/wp-content\/uploads\/2026\/04\/Grans_tenidors_1200x273-600x137.jpg 600w\" sizes=\"auto, (max-width: 1200px) 100vw, 1200px\" \/>                <\/a>\n            <\/figure>\n        <\/div>\n        <div class=\"card-call-image--top--content\">\n            <div class=\"has-text-color has-alternative-tertiary-color wp-block-post-terms has-small-font-size\">\n\t\t\t\t<a href=\"https:\/\/cambrabcn.org\/es\/soluciones-de\/apoyo-empresarial\/\" rel=\"tag\">Apoyo Empresarial<\/a>            <\/div>\n            <h3 class=\"card-call-image--title wp-block-post-title has-normal-font-size heading-3\">\n                <a href=\"https:\/\/cambrabcn.org\/es\/grans-tenidors-i-lloguer-de-lhabitatge-ubicacio-espai-online-20260515-093000\/?call=Q6UJ9A0IJCQF\">\n                    <strong>Grandes tenedores y alquiler de la vivienda<\/strong>\n                <\/a>\n            <\/h3>\n            <div class=\"card-call-image--bottom--content\">\n                <p class=\"card-call-image--date has-secondary-neutral-black-color has-text-color has-small-font-size\">\n\t\t\t\t\tDe 15\/05\/2026 a 15\/05\/2026                <\/p>\n                <div class=\"card-call-image--bottom--content--info\">\n\t\t\t\t\t                        <div class=\"call-info-line\">\n                            <span class=\"call-info-icon\">\n                                <img loading=\"lazy\" decoding=\"async\" width=\"20\" height=\"20\"\n                                     src=\"https:\/\/cambrabcn.org\/wp-content\/plugins\/cambra-custom-blocks\/\/images\/product\/icon-contact-map-red.svg\"\n                                     alt=\"Icono de lugar\">\n                            <\/span>\n                            <span class=\"same-line has-x-small-font-size\">Lugar:                                <span class=\"has-secondary-neutral-black-color has-text-color\">\n                                    Espacio Online                                <\/span>\n                            <\/span>\n                        <\/div>\n\t\t\t\t\t                    <div class=\"call-info-line\">\n                        <span class=\"call-info-icon\">\n                            <img loading=\"lazy\" decoding=\"async\" width=\"20\" height=\"20\"\n                                 src=\"https:\/\/cambrabcn.org\/wp-content\/plugins\/cambra-custom-blocks\/\/images\/product\/icon-general-timer-sand-red.svg\"\n                                 alt=\"Icono de duraci\u00f3n\">\n                        <\/span>\n                        <span class=\"same-line has-x-small-font-size\">Duraci\u00f3n:                            <span class=\"has-secondary-neutral-black-color has-text-color\">1,5 horas<\/span>\n                        <\/span>\n                    <\/div>\n                    <div class=\"call-info-line\">\n                        <span class=\"call-info-icon\">\n                            <img loading=\"lazy\" decoding=\"async\" width=\"20\" height=\"20\"\n                                 src=\"https:\/\/cambrabcn.org\/wp-content\/plugins\/cambra-custom-blocks\/\/images\/product\/icon-shopping-amount-red.svg\"\n                                 alt=\"Icono de precio\">\n                        <\/span>\n                        <span class=\"same-line has-x-small-font-size\">Precio:                            <span class=\"has-secondary-neutral-black-color has-text-color\">0\u20ac<\/span>\n                        <\/span>\n                    <\/div>\n                <\/div>\n            <\/div>\n        <\/div>\n    <\/div>\n    <div class=\"card-call-image--read-more\">\n        <div class=\"wp-block-read-more\">\n            <a class=\"icon-right icon-right--black\"\n               href=\"https:\/\/cambrabcn.org\/es\/grans-tenidors-i-lloguer-de-lhabitatge-ubicacio-espai-online-20260515-093000\/?call=Q6UJ9A0IJCQF\">\n\t\t\t\tInscr\u00edbete            <\/a>\n        <\/div>\n    <\/div>\n    <a class=\"cambra-card-full-link\" href=\"https:\/\/cambrabcn.org\/es\/grans-tenidors-i-lloguer-de-lhabitatge-ubicacio-espai-online-20260515-093000\/?call=Q6UJ9A0IJCQF\"><\/a>\n<\/li>\n\t\t\t\t\t<li class=\"wp-block-post has-post-thumbnail card-call-image\">\n    <div class=\"card-call-image--top\">\n        <div class=\"card-call-image--top--image\">\n            <figure class=\"wp-block-post-featured-image\">\n                <a href=\"https:\/\/cambrabcn.org\/es\/aplicacions-i-avantatges-de-laerotermia-ubicacio-espai-online-20260518-120000\/?call=Q6UJ9A0IKGZ1\">\n\t\t\t\t\t<img loading=\"lazy\" decoding=\"async\" width=\"1200\" height=\"273\" src=\"https:\/\/cambrabcn.org\/wp-content\/uploads\/2026\/04\/Aerotermia_1200x273-jpg.webp\" class=\"attachment-post-thumbnail size-post-thumbnail wp-post-image\" alt=\"\" srcset=\"https:\/\/cambrabcn.org\/wp-content\/uploads\/2026\/04\/Aerotermia_1200x273-jpg.webp 1200w, https:\/\/cambrabcn.org\/wp-content\/uploads\/2026\/04\/Aerotermia_1200x273-300x68-jpg.webp 300w, https:\/\/cambrabcn.org\/wp-content\/uploads\/2026\/04\/Aerotermia_1200x273-1024x233-jpg.webp 1024w, https:\/\/cambrabcn.org\/wp-content\/uploads\/2026\/04\/Aerotermia_1200x273-768x175-jpg.webp 768w, https:\/\/cambrabcn.org\/wp-content\/uploads\/2026\/04\/Aerotermia_1200x273-600x137.jpg 600w\" sizes=\"auto, (max-width: 1200px) 100vw, 1200px\" \/>                <\/a>\n            <\/figure>\n        <\/div>\n        <div class=\"card-call-image--top--content\">\n            <div class=\"has-text-color has-alternative-tertiary-color wp-block-post-terms has-small-font-size\">\n\t\t\t\t<a href=\"https:\/\/cambrabcn.org\/es\/soluciones-de\/soluciones-sostenibilidad\/\" rel=\"tag\">Sostenibilidad<\/a>            <\/div>\n            <h3 class=\"card-call-image--title wp-block-post-title has-normal-font-size heading-3\">\n                <a href=\"https:\/\/cambrabcn.org\/es\/aplicacions-i-avantatges-de-laerotermia-ubicacio-espai-online-20260518-120000\/?call=Q6UJ9A0IKGZ1\">\n                    <strong>Aplicaciones y ventajas de la aerotermia<\/strong>\n                <\/a>\n            <\/h3>\n            <div class=\"card-call-image--bottom--content\">\n                <p class=\"card-call-image--date has-secondary-neutral-black-color has-text-color has-small-font-size\">\n\t\t\t\t\tDe 18\/05\/2026 a 18\/05\/2026                <\/p>\n                <div class=\"card-call-image--bottom--content--info\">\n\t\t\t\t\t                        <div class=\"call-info-line\">\n                            <span class=\"call-info-icon\">\n                                <img loading=\"lazy\" decoding=\"async\" width=\"20\" height=\"20\"\n                                     src=\"https:\/\/cambrabcn.org\/wp-content\/plugins\/cambra-custom-blocks\/\/images\/product\/icon-contact-map-red.svg\"\n                                     alt=\"Icono de lugar\">\n                            <\/span>\n                            <span class=\"same-line has-x-small-font-size\">Lugar:                                <span class=\"has-secondary-neutral-black-color has-text-color\">\n                                    Espacio Online                                <\/span>\n                            <\/span>\n                        <\/div>\n\t\t\t\t\t                    <div class=\"call-info-line\">\n                        <span class=\"call-info-icon\">\n                            <img loading=\"lazy\" decoding=\"async\" width=\"20\" height=\"20\"\n                                 src=\"https:\/\/cambrabcn.org\/wp-content\/plugins\/cambra-custom-blocks\/\/images\/product\/icon-general-timer-sand-red.svg\"\n                                 alt=\"Icono de duraci\u00f3n\">\n                        <\/span>\n                        <span class=\"same-line has-x-small-font-size\">Duraci\u00f3n:                            <span class=\"has-secondary-neutral-black-color has-text-color\">1 hora<\/span>\n                        <\/span>\n                    <\/div>\n                    <div class=\"call-info-line\">\n                        <span class=\"call-info-icon\">\n                            <img loading=\"lazy\" decoding=\"async\" width=\"20\" height=\"20\"\n                                 src=\"https:\/\/cambrabcn.org\/wp-content\/plugins\/cambra-custom-blocks\/\/images\/product\/icon-shopping-amount-red.svg\"\n                                 alt=\"Icono de precio\">\n                        <\/span>\n                        <span class=\"same-line has-x-small-font-size\">Precio:                            <span class=\"has-secondary-neutral-black-color has-text-color\">0\u20ac<\/span>\n                        <\/span>\n                    <\/div>\n                <\/div>\n            <\/div>\n        <\/div>\n    <\/div>\n    <div class=\"card-call-image--read-more\">\n        <div class=\"wp-block-read-more\">\n            <a class=\"icon-right icon-right--black\"\n               href=\"https:\/\/cambrabcn.org\/es\/aplicacions-i-avantatges-de-laerotermia-ubicacio-espai-online-20260518-120000\/?call=Q6UJ9A0IKGZ1\">\n\t\t\t\tInscr\u00edbete            <\/a>\n        <\/div>\n    <\/div>\n    <a class=\"cambra-card-full-link\" href=\"https:\/\/cambrabcn.org\/es\/aplicacions-i-avantatges-de-laerotermia-ubicacio-espai-online-20260518-120000\/?call=Q6UJ9A0IKGZ1\"><\/a>\n<\/li>\n\t\t\t\t\t<li class=\"wp-block-post has-post-thumbnail card-call-image\">\n    <div class=\"card-call-image--top\">\n        <div class=\"card-call-image--top--image\">\n            <figure class=\"wp-block-post-featured-image\">\n                <a href=\"https:\/\/cambrabcn.org\/es\/steida-es\/?call=Q6UJ9A0II1Y7\">\n\t\t\t\t\t<img loading=\"lazy\" decoding=\"async\" width=\"1200\" height=\"273\" src=\"https:\/\/cambrabcn.org\/wp-content\/uploads\/2026\/04\/Steida_1200x273.jpg\" class=\"attachment-post-thumbnail size-post-thumbnail\" alt=\"\" srcset=\"https:\/\/cambrabcn.org\/wp-content\/uploads\/2026\/04\/Steida_1200x273.jpg 1200w, https:\/\/cambrabcn.org\/wp-content\/uploads\/2026\/04\/Steida_1200x273-300x68.jpg 300w, https:\/\/cambrabcn.org\/wp-content\/uploads\/2026\/04\/Steida_1200x273-1024x233.jpg 1024w, https:\/\/cambrabcn.org\/wp-content\/uploads\/2026\/04\/Steida_1200x273-768x175.jpg 768w, https:\/\/cambrabcn.org\/wp-content\/uploads\/2026\/04\/Steida_1200x273-600x137.jpg 600w\" sizes=\"auto, (max-width: 1200px) 100vw, 1200px\" \/>                <\/a>\n            <\/figure>\n        <\/div>\n        <div class=\"card-call-image--top--content\">\n            <div class=\"has-text-color has-alternative-tertiary-color wp-block-post-terms has-small-font-size\">\n\t\t\t\t<a href=\"https:\/\/cambrabcn.org\/es\/soluciones-de\/soluciones-innovacion\/\" rel=\"tag\">Innovaci\u00f3n<\/a><span class=\"wp-block-post-terms__separator\">, <\/span><a href=\"https:\/\/cambrabcn.org\/es\/soluciones-de\/soluciones-proyectos-europeos\/\" rel=\"tag\">Proyectos europeos<\/a>            <\/div>\n            <h3 class=\"card-call-image--title wp-block-post-title has-normal-font-size heading-3\">\n                <a href=\"https:\/\/cambrabcn.org\/es\/steida-es\/?call=Q6UJ9A0II1Y7\">\n                    <strong>Transferencia tecnol\u00f3gica y de conocimiento: del laboratorio al cliente<\/strong>\n                <\/a>\n            <\/h3>\n            <div class=\"card-call-image--bottom--content\">\n                <p class=\"card-call-image--date has-secondary-neutral-black-color has-text-color has-small-font-size\">\n\t\t\t\t\tDe 19\/05\/2026 a 19\/05\/2026                <\/p>\n                <div class=\"card-call-image--bottom--content--info\">\n\t\t\t\t\t                        <div class=\"call-info-line\">\n                            <span class=\"call-info-icon\">\n                                <img loading=\"lazy\" decoding=\"async\" width=\"20\" height=\"20\"\n                                     src=\"https:\/\/cambrabcn.org\/wp-content\/plugins\/cambra-custom-blocks\/\/images\/product\/icon-contact-map-red.svg\"\n                                     alt=\"Icono de lugar\">\n                            <\/span>\n                            <span class=\"same-line has-x-small-font-size\">Lugar:                                <span class=\"has-secondary-neutral-black-color has-text-color\">\n                                    Barcelona                                <\/span>\n                            <\/span>\n                        <\/div>\n\t\t\t\t\t                    <div class=\"call-info-line\">\n                        <span class=\"call-info-icon\">\n                            <img loading=\"lazy\" decoding=\"async\" width=\"20\" height=\"20\"\n                                 src=\"https:\/\/cambrabcn.org\/wp-content\/plugins\/cambra-custom-blocks\/\/images\/product\/icon-general-timer-sand-red.svg\"\n                                 alt=\"Icono de duraci\u00f3n\">\n                        <\/span>\n                        <span class=\"same-line has-x-small-font-size\">Duraci\u00f3n:                            <span class=\"has-secondary-neutral-black-color has-text-color\">3 horas<\/span>\n                        <\/span>\n                    <\/div>\n                    <div class=\"call-info-line\">\n                        <span class=\"call-info-icon\">\n                            <img loading=\"lazy\" decoding=\"async\" width=\"20\" height=\"20\"\n                                 src=\"https:\/\/cambrabcn.org\/wp-content\/plugins\/cambra-custom-blocks\/\/images\/product\/icon-shopping-amount-red.svg\"\n                                 alt=\"Icono de precio\">\n                        <\/span>\n                        <span class=\"same-line has-x-small-font-size\">Precio:                            <span class=\"has-secondary-neutral-black-color has-text-color\">0\u20ac<\/span>\n                        <\/span>\n                    <\/div>\n                <\/div>\n            <\/div>\n        <\/div>\n    <\/div>\n    <div class=\"card-call-image--read-more\">\n        <div class=\"wp-block-read-more\">\n            <a class=\"icon-right icon-right--black\"\n               href=\"https:\/\/cambrabcn.org\/es\/steida-es\/?call=Q6UJ9A0II1Y7\">\n\t\t\t\tInscr\u00edbete            <\/a>\n        <\/div>\n    <\/div>\n    <a class=\"cambra-card-full-link\" href=\"https:\/\/cambrabcn.org\/es\/steida-es\/?call=Q6UJ9A0II1Y7\"><\/a>\n<\/li>\n\t\t\t\t\t<li class=\"wp-block-post has-post-thumbnail card-call-image\">\n    <div class=\"card-call-image--top\">\n        <div class=\"card-call-image--top--image\">\n            <figure class=\"wp-block-post-featured-image\">\n                <a href=\"https:\/\/cambrabcn.org\/es\/deduccions-fiscals-per-a-millores-deficiencia-energetica-ubicacio-anoia-20260519-160000\/?call=Q6UJ9A0IM4EK\">\n\t\t\t\t\t<img loading=\"lazy\" decoding=\"async\" width=\"1200\" height=\"273\" src=\"https:\/\/cambrabcn.org\/wp-content\/uploads\/2026\/02\/Deduccions_fiscals_1200x273-jpg.webp\" class=\"attachment-post-thumbnail size-post-thumbnail wp-post-image\" alt=\"\" srcset=\"https:\/\/cambrabcn.org\/wp-content\/uploads\/2026\/02\/Deduccions_fiscals_1200x273-jpg.webp 1200w, https:\/\/cambrabcn.org\/wp-content\/uploads\/2026\/02\/Deduccions_fiscals_1200x273-300x68-jpg.webp 300w, https:\/\/cambrabcn.org\/wp-content\/uploads\/2026\/02\/Deduccions_fiscals_1200x273-1024x233-jpg.webp 1024w, https:\/\/cambrabcn.org\/wp-content\/uploads\/2026\/02\/Deduccions_fiscals_1200x273-768x175-jpg.webp 768w, https:\/\/cambrabcn.org\/wp-content\/uploads\/2026\/02\/Deduccions_fiscals_1200x273-600x137.jpg 600w\" sizes=\"auto, (max-width: 1200px) 100vw, 1200px\" \/>                <\/a>\n            <\/figure>\n        <\/div>\n        <div class=\"card-call-image--top--content\">\n            <div class=\"has-text-color has-alternative-tertiary-color wp-block-post-terms has-small-font-size\">\n\t\t\t\t<a href=\"https:\/\/cambrabcn.org\/es\/soluciones-de\/soluciones-sostenibilidad\/\" rel=\"tag\">Sostenibilidad<\/a>            <\/div>\n            <h3 class=\"card-call-image--title wp-block-post-title has-normal-font-size heading-3\">\n                <a href=\"https:\/\/cambrabcn.org\/es\/deduccions-fiscals-per-a-millores-deficiencia-energetica-ubicacio-anoia-20260519-160000\/?call=Q6UJ9A0IM4EK\">\n                    <strong>Deducciones fiscales para mejoras de eficiencia energ\u00e9tica<\/strong>\n                <\/a>\n            <\/h3>\n            <div class=\"card-call-image--bottom--content\">\n                <p class=\"card-call-image--date has-secondary-neutral-black-color has-text-color has-small-font-size\">\n\t\t\t\t\tDe 19\/05\/2026 a 19\/05\/2026                <\/p>\n                <div class=\"card-call-image--bottom--content--info\">\n\t\t\t\t\t                        <div class=\"call-info-line\">\n                            <span class=\"call-info-icon\">\n                                <img loading=\"lazy\" decoding=\"async\" width=\"20\" height=\"20\"\n                                     src=\"https:\/\/cambrabcn.org\/wp-content\/plugins\/cambra-custom-blocks\/\/images\/product\/icon-contact-map-red.svg\"\n                                     alt=\"Icono de lugar\">\n                            <\/span>\n                            <span class=\"same-line has-x-small-font-size\">Lugar:                                <span class=\"has-secondary-neutral-black-color has-text-color\">\n                                    Anoia                                <\/span>\n                            <\/span>\n                        <\/div>\n\t\t\t\t\t                    <div class=\"call-info-line\">\n                        <span class=\"call-info-icon\">\n                            <img loading=\"lazy\" decoding=\"async\" width=\"20\" height=\"20\"\n                                 src=\"https:\/\/cambrabcn.org\/wp-content\/plugins\/cambra-custom-blocks\/\/images\/product\/icon-general-timer-sand-red.svg\"\n                                 alt=\"Icono de duraci\u00f3n\">\n                        <\/span>\n                        <span class=\"same-line has-x-small-font-size\">Duraci\u00f3n:                            <span class=\"has-secondary-neutral-black-color has-text-color\">2,5 horas<\/span>\n                        <\/span>\n                    <\/div>\n                    <div class=\"call-info-line\">\n                        <span class=\"call-info-icon\">\n                            <img loading=\"lazy\" decoding=\"async\" width=\"20\" height=\"20\"\n                                 src=\"https:\/\/cambrabcn.org\/wp-content\/plugins\/cambra-custom-blocks\/\/images\/product\/icon-shopping-amount-red.svg\"\n                                 alt=\"Icono de precio\">\n                        <\/span>\n                        <span class=\"same-line has-x-small-font-size\">Precio:                            <span class=\"has-secondary-neutral-black-color has-text-color\">0\u20ac<\/span>\n                        <\/span>\n                    <\/div>\n                <\/div>\n            <\/div>\n        <\/div>\n    <\/div>\n    <div class=\"card-call-image--read-more\">\n        <div class=\"wp-block-read-more\">\n            <a class=\"icon-right icon-right--black\"\n               href=\"https:\/\/cambrabcn.org\/es\/deduccions-fiscals-per-a-millores-deficiencia-energetica-ubicacio-anoia-20260519-160000\/?call=Q6UJ9A0IM4EK\">\n\t\t\t\tInscr\u00edbete            <\/a>\n        <\/div>\n    <\/div>\n    <a class=\"cambra-card-full-link\" href=\"https:\/\/cambrabcn.org\/es\/deduccions-fiscals-per-a-millores-deficiencia-energetica-ubicacio-anoia-20260519-160000\/?call=Q6UJ9A0IM4EK\"><\/a>\n<\/li>\n\t\t\t\t\t<li class=\"wp-block-post has-post-thumbnail card-call-image\">\n    <div class=\"card-call-image--top\">\n        <div class=\"card-call-image--top--image\">\n            <figure class=\"wp-block-post-featured-image\">\n                <a href=\"https:\/\/cambrabcn.org\/es\/absentisme-malaltia-i-incapacitat-com-fer-una-gestio-efectiva-ubicacio-barcelona-20260520-150000\/?call=Q6UJ9A0IN1QY\">\n\t\t\t\t\t<img loading=\"lazy\" decoding=\"async\" width=\"1200\" height=\"273\" src=\"https:\/\/cambrabcn.org\/wp-content\/uploads\/2026\/04\/Absentisme_laboral_1200x273-jpg.webp\" class=\"attachment-post-thumbnail size-post-thumbnail wp-post-image\" alt=\"\" srcset=\"https:\/\/cambrabcn.org\/wp-content\/uploads\/2026\/04\/Absentisme_laboral_1200x273-jpg.webp 1200w, https:\/\/cambrabcn.org\/wp-content\/uploads\/2026\/04\/Absentisme_laboral_1200x273-300x68-jpg.webp 300w, https:\/\/cambrabcn.org\/wp-content\/uploads\/2026\/04\/Absentisme_laboral_1200x273-1024x233-jpg.webp 1024w, https:\/\/cambrabcn.org\/wp-content\/uploads\/2026\/04\/Absentisme_laboral_1200x273-768x175-jpg.webp 768w, https:\/\/cambrabcn.org\/wp-content\/uploads\/2026\/04\/Absentisme_laboral_1200x273-600x137.jpg 600w\" sizes=\"auto, (max-width: 1200px) 100vw, 1200px\" \/>                <\/a>\n            <\/figure>\n        <\/div>\n        <div class=\"card-call-image--top--content\">\n            <div class=\"has-text-color has-alternative-tertiary-color wp-block-post-terms has-small-font-size\">\n\t\t\t\t<a href=\"https:\/\/cambrabcn.org\/es\/soluciones-de\/apoyo-empresarial\/\" rel=\"tag\">Apoyo Empresarial<\/a>            <\/div>\n            <h3 class=\"card-call-image--title wp-block-post-title has-normal-font-size heading-3\">\n                <a href=\"https:\/\/cambrabcn.org\/es\/absentisme-malaltia-i-incapacitat-com-fer-una-gestio-efectiva-ubicacio-barcelona-20260520-150000\/?call=Q6UJ9A0IN1QY\">\n                    <strong>Absentismo, enfermedad e incapacidad: c\u00f3mo realizar una gesti\u00f3n efectiva<\/strong>\n                <\/a>\n            <\/h3>\n            <div class=\"card-call-image--bottom--content\">\n                <p class=\"card-call-image--date has-secondary-neutral-black-color has-text-color has-small-font-size\">\n\t\t\t\t\tDe 20\/05\/2026 a 20\/05\/2026                <\/p>\n                <div class=\"card-call-image--bottom--content--info\">\n\t\t\t\t\t                        <div class=\"call-info-line\">\n                            <span class=\"call-info-icon\">\n                                <img loading=\"lazy\" decoding=\"async\" width=\"20\" height=\"20\"\n                                     src=\"https:\/\/cambrabcn.org\/wp-content\/plugins\/cambra-custom-blocks\/\/images\/product\/icon-contact-map-red.svg\"\n                                     alt=\"Icono de lugar\">\n                            <\/span>\n                            <span class=\"same-line has-x-small-font-size\">Lugar:                                <span class=\"has-secondary-neutral-black-color has-text-color\">\n                                    Barcelona                                <\/span>\n                            <\/span>\n                        <\/div>\n\t\t\t\t\t                    <div class=\"call-info-line\">\n                        <span class=\"call-info-icon\">\n                            <img loading=\"lazy\" decoding=\"async\" width=\"20\" height=\"20\"\n                                 src=\"https:\/\/cambrabcn.org\/wp-content\/plugins\/cambra-custom-blocks\/\/images\/product\/icon-general-timer-sand-red.svg\"\n                                 alt=\"Icono de duraci\u00f3n\">\n                        <\/span>\n                        <span class=\"same-line has-x-small-font-size\">Duraci\u00f3n:                            <span class=\"has-secondary-neutral-black-color has-text-color\">2 horas<\/span>\n                        <\/span>\n                    <\/div>\n                    <div class=\"call-info-line\">\n                        <span class=\"call-info-icon\">\n                            <img loading=\"lazy\" decoding=\"async\" width=\"20\" height=\"20\"\n                                 src=\"https:\/\/cambrabcn.org\/wp-content\/plugins\/cambra-custom-blocks\/\/images\/product\/icon-shopping-amount-red.svg\"\n                                 alt=\"Icono de precio\">\n                        <\/span>\n                        <span class=\"same-line has-x-small-font-size\">Precio:                            <span class=\"has-secondary-neutral-black-color has-text-color\">0\u20ac<\/span>\n                        <\/span>\n                    <\/div>\n                <\/div>\n            <\/div>\n        <\/div>\n    <\/div>\n    <div class=\"card-call-image--read-more\">\n        <div class=\"wp-block-read-more\">\n            <a class=\"icon-right icon-right--black\"\n               href=\"https:\/\/cambrabcn.org\/es\/absentisme-malaltia-i-incapacitat-com-fer-una-gestio-efectiva-ubicacio-barcelona-20260520-150000\/?call=Q6UJ9A0IN1QY\">\n\t\t\t\tInscr\u00edbete            <\/a>\n        <\/div>\n    <\/div>\n    <a class=\"cambra-card-full-link\" href=\"https:\/\/cambrabcn.org\/es\/absentisme-malaltia-i-incapacitat-com-fer-una-gestio-efectiva-ubicacio-barcelona-20260520-150000\/?call=Q6UJ9A0IN1QY\"><\/a>\n<\/li>\n\t\t\t<\/ul>\n  \n\t\t<\/div>\n\t\t    <div class=\"cambra-cards-list-pagination\">\n        <button class=\"cambra-cards-list-pagination--link-back\">\n            <span class=\"icon-left icon-left--black\"><\/span>\n        <\/button>\n        <span class=\"cambra-cards-list-pagination--text\">P\u00e1gina <span class=\"current-page\">1<\/span> de <span class=\"total-pages\">2<\/span><\/>\n        <button class=\"cambra-cards-list-pagination--link-next\">\n            <span class=\"icon-right icon-right--black\"><\/span>\n        <\/button>\n    <\/div>\n\n\n\t<\/div>\n","protected":false},"excerpt":{"rendered":"","protected":false},"author":1,"featured_media":0,"parent":6067,"menu_order":0,"comment_status":"closed","ping_status":"closed","template":"","meta":{"_acf_changed":false,"inline_featured_image":false,"ep_exclude_from_search":false,"footnotes":""},"class_list":["post-86285","page","type-page","status-publish","hentry"],"pp_statuses_selecting_workflow":false,"pp_workflow_action":"current","pp_status_selection":"publish","acf":[],"yoast_head":"<!-- This site is optimized with the Yoast SEO Premium plugin v27.1 (Yoast SEO v27.4) - https:\/\/yoast.com\/product\/yoast-seo-premium-wordpress\/ -->\n<title>Actes i jornades | Cambra de Comer\u00e7 de Barcelona<\/title>\n<meta name=\"robots\" content=\"index, follow, max-snippet:-1, max-image-preview:large, max-video-preview:-1\" \/>\n<link rel=\"canonical\" href=\"https:\/\/cambrabcn.org\/es\/agenda-es\/actos-y-jornadas\/\" \/>\n<meta property=\"og:locale\" content=\"es_ES\" \/>\n<meta property=\"og:type\" content=\"article\" \/>\n<meta property=\"og:title\" content=\"Actes i jornades\" \/>\n<meta property=\"og:url\" content=\"https:\/\/cambrabcn.org\/es\/agenda-es\/actos-y-jornadas\/\" \/>\n<meta property=\"og:site_name\" content=\"Cambra de Comer\u00e7 de Barcelona\" \/>\n<meta property=\"article:modified_time\" content=\"2025-04-22T06:37:31+00:00\" \/>\n<meta property=\"og:image\" content=\"https:\/\/cambrabcn.org\/wp-content\/uploads\/2024\/04\/Captura-de-pantalla-2024-04-04-a-les-8.47.44.png\" \/>\n\t<meta property=\"og:image:width\" content=\"1004\" \/>\n\t<meta property=\"og:image:height\" content=\"528\" \/>\n\t<meta property=\"og:image:type\" content=\"image\/png\" \/>\n<meta name=\"twitter:card\" content=\"summary_large_image\" \/>\n<meta name=\"twitter:site\" content=\"@cambrabcn\" \/>\n<meta name=\"twitter:label1\" content=\"Tiempo de lectura\" \/>\n\t<meta name=\"twitter:data1\" content=\"1 minuto\" \/>\n<script type=\"application\/ld+json\" class=\"yoast-schema-graph\">{\"@context\":\"https:\\\/\\\/schema.org\",\"@graph\":[{\"@type\":\"WebPage\",\"@id\":\"https:\\\/\\\/cambrabcn.org\\\/es\\\/agenda-es\\\/actos-y-jornadas\\\/\",\"url\":\"https:\\\/\\\/cambrabcn.org\\\/es\\\/agenda-es\\\/actos-y-jornadas\\\/\",\"name\":\"Actes i jornades | Cambra de Comer\u00e7 de Barcelona\",\"isPartOf\":{\"@id\":\"https:\\\/\\\/cambrabcn.org\\\/es\\\/#website\"},\"datePublished\":\"2025-04-14T14:11:11+00:00\",\"dateModified\":\"2025-04-22T06:37:31+00:00\",\"breadcrumb\":{\"@id\":\"https:\\\/\\\/cambrabcn.org\\\/es\\\/agenda-es\\\/actos-y-jornadas\\\/#breadcrumb\"},\"inLanguage\":\"es\",\"potentialAction\":[{\"@type\":\"ReadAction\",\"target\":[\"https:\\\/\\\/cambrabcn.org\\\/es\\\/agenda-es\\\/actos-y-jornadas\\\/\"]}]},{\"@type\":\"BreadcrumbList\",\"@id\":\"https:\\\/\\\/cambrabcn.org\\\/es\\\/agenda-es\\\/actos-y-jornadas\\\/#breadcrumb\",\"itemListElement\":[{\"@type\":\"ListItem\",\"position\":1,\"name\":\"Home\",\"item\":\"https:\\\/\\\/cambrabcn.org\\\/es\\\/\"},{\"@type\":\"ListItem\",\"position\":2,\"name\":\"Agenda\",\"item\":\"https:\\\/\\\/cambrabcn.org\\\/es\\\/agenda-es\\\/\"},{\"@type\":\"ListItem\",\"position\":3,\"name\":\"Actes i jornades\"}]},{\"@type\":\"WebSite\",\"@id\":\"https:\\\/\\\/cambrabcn.org\\\/es\\\/#website\",\"url\":\"https:\\\/\\\/cambrabcn.org\\\/es\\\/\",\"name\":\"Cambra de Comer\u00e7 de Barcelona\",\"description\":\"La Cambra de Tothom\",\"publisher\":{\"@id\":\"https:\\\/\\\/cambrabcn.org\\\/es\\\/#organization\"},\"alternateName\":\"Cambra Oficial de Comer\u00e7, Ind\u00fastria, Serveis i Navegaci\u00f3 de Barcelona\",\"potentialAction\":[{\"@type\":\"SearchAction\",\"target\":{\"@type\":\"EntryPoint\",\"urlTemplate\":\"https:\\\/\\\/cambrabcn.org\\\/es\\\/?s={search_term_string}\"},\"query-input\":{\"@type\":\"PropertyValueSpecification\",\"valueRequired\":true,\"valueName\":\"search_term_string\"}}],\"inLanguage\":\"es\"},{\"@type\":\"Organization\",\"@id\":\"https:\\\/\\\/cambrabcn.org\\\/es\\\/#organization\",\"name\":\"Cambra de Comer\u00e7 de Barcelona\",\"alternateName\":\"Cambra Oficial de Comer\u00e7, Ind\u00fastria, Serveis i Navegaci\u00f3 de Barcelona\",\"url\":\"https:\\\/\\\/cambrabcn.org\\\/es\\\/\",\"logo\":{\"@type\":\"ImageObject\",\"inLanguage\":\"es\",\"@id\":\"https:\\\/\\\/cambrabcn.org\\\/es\\\/#\\\/schema\\\/logo\\\/image\\\/\",\"url\":\"https:\\\/\\\/cambrabcn.org\\\/wp-content\\\/uploads\\\/2023\\\/11\\\/logo-cambra-300x77-1.png\",\"contentUrl\":\"https:\\\/\\\/cambrabcn.org\\\/wp-content\\\/uploads\\\/2023\\\/11\\\/logo-cambra-300x77-1.png\",\"width\":300,\"height\":77,\"caption\":\"Cambra de Comer\u00e7 de Barcelona\"},\"image\":{\"@id\":\"https:\\\/\\\/cambrabcn.org\\\/es\\\/#\\\/schema\\\/logo\\\/image\\\/\"},\"sameAs\":[\"https:\\\/\\\/x.com\\\/cambrabcn\",\"https:\\\/\\\/www.instagram.com\\\/cambrabcn\\\/\",\"https:\\\/\\\/www.linkedin.com\\\/school\\\/cambrabcn\",\"https:\\\/\\\/www.youtube.com\\\/user\\\/PressCambrabcn\",\"https:\\\/\\\/ca.wikipedia.org\\\/wiki\\\/Cambra_Oficial_de_Comer\u00e7,_Ind\u00fastria_i_Navegaci\u00f3_de_Barcelona\",\"http:\\\/\\\/viaf.org\\\/viaf\\\/124017095\"],\"description\":\"La Cambra Oficial de Comer\u00e7, Ind\u00fastria, Serveis i Navegaci\u00f3 de Barcelona \u00e9s una corporaci\u00f3 de dret p\u00fablic que presta serveis a les empreses, contribuint a la regeneraci\u00f3 del teixit econ\u00f2mic i la creaci\u00f3 d\u2019ocupaci\u00f3.\",\"email\":\"cambra@cambrabcn.cat\",\"telephone\":\"+34 93 416 93 00\",\"legalName\":\"La Cambra Oficial de Comer\u00e7, Ind\u00fastria, Serveis i Navegaci\u00f3 de Barcelona\",\"foundingDate\":\"1886-01-01\",\"vatID\":\"Q0873001B\",\"taxID\":\"Q0873001B\",\"naics\":\"813910\"}]}<\/script>\n<!-- \/ Yoast SEO Premium plugin. -->","yoast_head_json":{"title":"Actes i jornades | Cambra de Comer\u00e7 de Barcelona","robots":{"index":"index","follow":"follow","max-snippet":"max-snippet:-1","max-image-preview":"max-image-preview:large","max-video-preview":"max-video-preview:-1"},"canonical":"https:\/\/cambrabcn.org\/es\/agenda-es\/actos-y-jornadas\/","og_locale":"es_ES","og_type":"article","og_title":"Actes i jornades","og_url":"https:\/\/cambrabcn.org\/es\/agenda-es\/actos-y-jornadas\/","og_site_name":"Cambra de Comer\u00e7 de Barcelona","article_modified_time":"2025-04-22T06:37:31+00:00","og_image":[{"width":1004,"height":528,"url":"https:\/\/cambrabcn.org\/wp-content\/uploads\/2024\/04\/Captura-de-pantalla-2024-04-04-a-les-8.47.44.png","type":"image\/png"}],"twitter_card":"summary_large_image","twitter_site":"@cambrabcn","twitter_misc":{"Tiempo de lectura":"1 minuto"},"schema":{"@context":"https:\/\/schema.org","@graph":[{"@type":"WebPage","@id":"https:\/\/cambrabcn.org\/es\/agenda-es\/actos-y-jornadas\/","url":"https:\/\/cambrabcn.org\/es\/agenda-es\/actos-y-jornadas\/","name":"Actes i jornades | Cambra de Comer\u00e7 de Barcelona","isPartOf":{"@id":"https:\/\/cambrabcn.org\/es\/#website"},"datePublished":"2025-04-14T14:11:11+00:00","dateModified":"2025-04-22T06:37:31+00:00","breadcrumb":{"@id":"https:\/\/cambrabcn.org\/es\/agenda-es\/actos-y-jornadas\/#breadcrumb"},"inLanguage":"es","potentialAction":[{"@type":"ReadAction","target":["https:\/\/cambrabcn.org\/es\/agenda-es\/actos-y-jornadas\/"]}]},{"@type":"BreadcrumbList","@id":"https:\/\/cambrabcn.org\/es\/agenda-es\/actos-y-jornadas\/#breadcrumb","itemListElement":[{"@type":"ListItem","position":1,"name":"Home","item":"https:\/\/cambrabcn.org\/es\/"},{"@type":"ListItem","position":2,"name":"Agenda","item":"https:\/\/cambrabcn.org\/es\/agenda-es\/"},{"@type":"ListItem","position":3,"name":"Actes i jornades"}]},{"@type":"WebSite","@id":"https:\/\/cambrabcn.org\/es\/#website","url":"https:\/\/cambrabcn.org\/es\/","name":"Cambra de Comer\u00e7 de Barcelona","description":"La Cambra de Tothom","publisher":{"@id":"https:\/\/cambrabcn.org\/es\/#organization"},"alternateName":"Cambra Oficial de Comer\u00e7, Ind\u00fastria, Serveis i Navegaci\u00f3 de Barcelona","potentialAction":[{"@type":"SearchAction","target":{"@type":"EntryPoint","urlTemplate":"https:\/\/cambrabcn.org\/es\/?s={search_term_string}"},"query-input":{"@type":"PropertyValueSpecification","valueRequired":true,"valueName":"search_term_string"}}],"inLanguage":"es"},{"@type":"Organization","@id":"https:\/\/cambrabcn.org\/es\/#organization","name":"Cambra de Comer\u00e7 de Barcelona","alternateName":"Cambra Oficial de Comer\u00e7, Ind\u00fastria, Serveis i Navegaci\u00f3 de Barcelona","url":"https:\/\/cambrabcn.org\/es\/","logo":{"@type":"ImageObject","inLanguage":"es","@id":"https:\/\/cambrabcn.org\/es\/#\/schema\/logo\/image\/","url":"https:\/\/cambrabcn.org\/wp-content\/uploads\/2023\/11\/logo-cambra-300x77-1.png","contentUrl":"https:\/\/cambrabcn.org\/wp-content\/uploads\/2023\/11\/logo-cambra-300x77-1.png","width":300,"height":77,"caption":"Cambra de Comer\u00e7 de Barcelona"},"image":{"@id":"https:\/\/cambrabcn.org\/es\/#\/schema\/logo\/image\/"},"sameAs":["https:\/\/x.com\/cambrabcn","https:\/\/www.instagram.com\/cambrabcn\/","https:\/\/www.linkedin.com\/school\/cambrabcn","https:\/\/www.youtube.com\/user\/PressCambrabcn","https:\/\/ca.wikipedia.org\/wiki\/Cambra_Oficial_de_Comer\u00e7,_Ind\u00fastria_i_Navegaci\u00f3_de_Barcelona","http:\/\/viaf.org\/viaf\/124017095"],"description":"La Cambra Oficial de Comer\u00e7, Ind\u00fastria, Serveis i Navegaci\u00f3 de Barcelona \u00e9s una corporaci\u00f3 de dret p\u00fablic que presta serveis a les empreses, contribuint a la regeneraci\u00f3 del teixit econ\u00f2mic i la creaci\u00f3 d\u2019ocupaci\u00f3.","email":"cambra@cambrabcn.cat","telephone":"+34 93 416 93 00","legalName":"La Cambra Oficial de Comer\u00e7, Ind\u00fastria, Serveis i Navegaci\u00f3 de Barcelona","foundingDate":"1886-01-01","vatID":"Q0873001B","taxID":"Q0873001B","naics":"813910"}]}},"mfb_rest_fields":["pp_statuses_selecting_workflow","pp_workflow_action","pp_status_selection","yoast_head","yoast_head_json"],"_links":{"self":[{"href":"https:\/\/cambrabcn.org\/es\/wp-json\/wp\/v2\/pages\/86285","targetHints":{"allow":["GET"]}}],"collection":[{"href":"https:\/\/cambrabcn.org\/es\/wp-json\/wp\/v2\/pages"}],"about":[{"href":"https:\/\/cambrabcn.org\/es\/wp-json\/wp\/v2\/types\/page"}],"author":[{"embeddable":true,"href":"https:\/\/cambrabcn.org\/es\/wp-json\/wp\/v2\/users\/1"}],"replies":[{"embeddable":true,"href":"https:\/\/cambrabcn.org\/es\/wp-json\/wp\/v2\/comments?post=86285"}],"version-history":[{"count":9,"href":"https:\/\/cambrabcn.org\/es\/wp-json\/wp\/v2\/pages\/86285\/revisions"}],"predecessor-version":[{"id":113199,"href":"https:\/\/cambrabcn.org\/es\/wp-json\/wp\/v2\/pages\/86285\/revisions\/113199"}],"up":[{"embeddable":true,"href":"https:\/\/cambrabcn.org\/es\/wp-json\/wp\/v2\/pages\/6067"}],"wp:attachment":[{"href":"https:\/\/cambrabcn.org\/es\/wp-json\/wp\/v2\/media?parent=86285"}],"curies":[{"name":"wp","href":"https:\/\/api.w.org\/{rel}","templated":true}]}}