{"id":55824,"date":"2024-02-01T12:00:00","date_gmt":"2024-02-01T10:00:00","guid":{"rendered":"https:\/\/cambrabcn.org\/es-sobre-cambra\/transparencia-y-perfil-del-contratante\/transparencia\/estructura-organizativa\/"},"modified":"2025-05-06T18:42:07","modified_gmt":"2025-05-06T16:42:07","slug":"estructura-organizativa","status":"publish","type":"page","link":"https:\/\/cambrabcn.org\/es\/es-sobre-cambra\/transparencia-y-perfil-del-contratante\/transparencia\/estructura-organizativa\/","title":{"rendered":"Estructura organizativa"},"content":{"rendered":"\n<div class=\"wp-block-group cambra-page-about-us-single is-layout-constrained wp-container-core-group-is-layout-e9b1e06a wp-block-group-is-layout-constrained\">\n<div style=\"height:2.5rem\" aria-hidden=\"true\" class=\"wp-block-spacer hide-mobile\"><\/div>\n\n\n\n<div class=\"wp-block-group is-layout-constrained wp-container-core-group-is-layout-6b712b1a wp-block-group-is-layout-constrained\"><div class=\"wp-block-cambra-custom-blocks-cambra-breadcrumbs\"><nav role=\"navigation\" aria-label=\"Breadcrumb\" class=\"breadcrumb\"><ol class=\"breadcrumb-items\"><li class=\"breadcrumb-item breadcrumb-item--current breadcrumb-item--home\"><span class=\"breadcrumb-item-name\">Inicio<\/span><\/li><\/ol><\/nav><\/div><\/div>\n\n\n\n<div style=\"height:2.5rem\" aria-hidden=\"true\" class=\"wp-block-spacer hide-mobile\"><\/div>\n\n\n\n<div class=\"wp-block-group main-content is-layout-constrained wp-container-core-group-is-layout-6b712b1a wp-block-group-is-layout-constrained\"><figure class=\"aligncenter wp-block-post-featured-image\"><img loading=\"lazy\" decoding=\"async\" width=\"1800\" height=\"409\" src=\"https:\/\/cambrabcn.org\/wp-content\/uploads\/2024\/03\/cambra-reunio-treball-4-jpg.webp\" class=\"attachment-post-thumbnail size-post-thumbnail wp-post-image\" alt=\"\" style=\"object-fit:cover;\" srcset=\"https:\/\/cambrabcn.org\/wp-content\/uploads\/2024\/03\/cambra-reunio-treball-4-jpg.webp 1800w, https:\/\/cambrabcn.org\/wp-content\/uploads\/2024\/03\/cambra-reunio-treball-4-300x68.webp 300w, https:\/\/cambrabcn.org\/wp-content\/uploads\/2024\/03\/cambra-reunio-treball-4-1024x233.webp 1024w, https:\/\/cambrabcn.org\/wp-content\/uploads\/2024\/03\/cambra-reunio-treball-4-768x175.webp 768w, https:\/\/cambrabcn.org\/wp-content\/uploads\/2024\/03\/cambra-reunio-treball-4-1536x349.webp 1536w, https:\/\/cambrabcn.org\/wp-content\/uploads\/2024\/03\/cambra-reunio-treball-4-600x136.webp 600w\" sizes=\"auto, (max-width: 1800px) 100vw, 1800px\" \/><\/figure>\n\n\n<div class=\"wp-block-group cambra-bottom-line is-layout-constrained wp-container-core-group-is-layout-7fca5b48 wp-block-group-is-layout-constrained\"><h1 class=\"heading-1 wp-block-post-title\">Estructura organizativa<\/h1><\/div>\n<\/div>\n\n\n\n<div style=\"height:3.75rem\" aria-hidden=\"true\" class=\"wp-block-spacer\"><\/div>\n\n\n\n<div class=\"wp-block-group has-secondary-neutral-black-color has-text-color is-layout-constrained wp-container-core-group-is-layout-6b712b1a wp-block-group-is-layout-constrained\">\n<div class=\"wp-block-group is-layout-constrained wp-container-core-group-is-layout-7fca5b48 wp-block-group-is-layout-constrained\">\n<p>Para desempe\u00f1ar sus funciones y competencias, y para desarrollar su actividad, la C\u00e1mara Oficial de Comercio, Industria, Servicios y Navegaci\u00f3n de Barcelona se ha dotado de una organizaci\u00f3n interna. En este apartado puede encontrar informaci\u00f3n relativa a la organizaci\u00f3n y gesti\u00f3n de la Corporaci\u00f3n, as\u00ed como a sus sedes, oficinas y delegaciones. <\/p>\n\n\n\n<h2 class=\"wp-block-heading heading-2\">Sedes, oficinas y C\u00e1maras territoriales<\/h2>\n\n\n\n<p>De acuerdo con el art\u00edculo 10 de la Ley 14\/2002, las c\u00e1maras pueden crear delegaciones y oficinas en su respectivo \u00e1mbito territorial. Para ofrecer cercan\u00eda a las empresas de toda su demarcaci\u00f3n, la C\u00e1mara de Barcelona suma en las <strong>sedes central e institucional de Barcelona<\/strong> una red de 10 <a href=\"\/sobre-cambra\/xarxa-territorial\" target=\"_blank\" rel=\"noreferrer noopener\"><strong>C\u00e1maras territoriales y 1 punto de servicio.<\/strong><\/a> <\/p>\n\n\n\n<h2 class=\"wp-block-heading heading-2\">Estructura de gesti\u00f3n<\/h2>\n\n\n\n<p>V\u00e9ase el <strong><mark style=\"background-color:#FFFFFF;color:#e0071b\" class=\"has-inline-color\"><a href=\"https:\/\/cambrabcn.org\/es\/es-sobre-cambra\/la-institucion\/estructura-organizativa\/\">Organigrama<\/a><\/mark><\/strong> de la C\u00e1mara de Comercio de Barcelona.<\/p>\n\n\n\n<p>De acuerdo con el art\u00edculo 21 del Reglamento de R\u00e9gimen Interior de la C\u00e1mara, las <strong>funciones del director\/a gerente de la C\u00e1mara<\/strong> son las siguientes: <\/p>\n\n\n\n<p style=\"padding-top:0;padding-right:0;padding-bottom:0;padding-left:0\">a) Gesti\u00f3n de la ejecuci\u00f3n de los acuerdos de los \u00f3rganos de gobierno de la C\u00e1mara, de conformidad con las instrucciones que reciba.<\/p>\n\n\n\n<p>b) Representaci\u00f3n del presidente\/a cuando \u00e9ste as\u00ed lo determine y se trate de facultades meramente ejecutivas.<\/p>\n\n\n\n<p>c) Direcci\u00f3n de todo el personal retribuido.<\/p>\n\n\n\n<p>d) Direcci\u00f3n de todos los servicios de la C\u00e1mara, de cuyo funcionamiento es responsable ante el Pleno.<\/p>\n\n\n\n<p>El actual director gerente de la C\u00e1mara de Comercio de Barcelona es el <strong>Sr. Roger Guasch Soler<\/strong>, nombrado por el Pleno de la Cambra en sesi\u00f3n del 11 de julio de 2024.<\/p>\n\n\n\n<p>De acuerdo con el art\u00edculo 25 del Reglamento de R\u00e9gimen Interior de la C\u00e1mara, las <strong>funciones del secretario\/a general de la C\u00e1mara<\/strong> son las siguientes: <\/p>\n\n\n\n<p>a) Velar, con independencia de criterio, por la legalidad de los acuerdos de los \u00f3rganos de gobierno y hacer, cuando proceda, las advertencias pertinentes, dejando constancia de ello en las actas, informes y documentos correspondientes.<\/p>\n\n\n\n<p>b) Asistir como Secretario\/a, con voz pero sin voto, a las reuniones de los \u00f3rganos colegiados de la C\u00e1mara; redactar y firmar las actas de las sesiones del Pleno y del Comit\u00e9 Ejecutivo y las dem\u00e1s que correspondan a actuaciones de car\u00e1cter corporativo, certificando, cuando sea necesario, los acuerdos corporativos.<\/p>\n\n\n\n<p>c) Prestar asistencia y asesoramiento al Pleno, al Comit\u00e9 Ejecutivo y al Presidente\/a para el buen ejercicio de sus funciones.<\/p>\n\n\n\n<p>d) Dirigir la oficina de Secretar\u00eda, custodiar el archivo de la Corporaci\u00f3n y llevar el Registro de firmas de asistencia al Pleno y al Comit\u00e9 Ejecutivo, el de documentos y correspondencia y el censo electoral. <\/p>\n\n\n\n<p>El actual secretario general de la C\u00e1mara de Comercio de Barcelona es el <strong>Sr. Xavier Coronas i Guinart<\/strong>, nombrado por el Pleno de la C\u00e1mara en sesi\u00f3n de 31 de marzo de 2011.<\/p>\n\n\n\n<h2 class=\"wp-block-heading heading-2\">Retribuci\u00f3n de altos cargos<\/h2>\n\n\n\n<p>.La retribuci\u00f3n de altos cargos se incluye en los apartados 20.2 y 20.3 del Informe de auditor\u00eda y Cuentas Anuales del a\u00f1o correspondiente, que se encuentra en el apartado de <a href=\"\/transparencia-i-perfil-del-contractant\/transparencia\/informacio-economica\" target=\"_blank\" rel=\"noreferrer noopener\"><strong>Informaci\u00f3n econ\u00f3mica.<\/strong><\/a><\/p>\n\n\n\n<h2 class=\"wp-block-heading heading-2\">Convenio colectivo<\/h2>\n\n\n\n<p>La C\u00e1mara de Comercio de Barcelona dispone de un convenio colectivo para sus trabajadores, el cual est\u00e1 inscrito con el c\u00f3digo de convenio n\u00fam. 08014472012007 en el Registro de convenios y acuerdos colectivos de trabajo. <\/p>\n\n\n\n<p>Tambi\u00e9n son accesibles las <strong>memorias de la actividad <\/strong> de la Corporaci\u00f3n de los \u00faltimos a\u00f1os.<\/p>\n\n\n\n<p class=\"download--pdf has-primary-alternative-red-color has-text-color\"><strong><a href=\"https:\/\/www.boe.es\/boe_catalan\/dias\/2013\/12\/10\/pdfs\/BOE-A-2013-12887-C.pdf\"><\/a><a href=\"\/wp-content\/uploads\/2024\/02\/Conveni-col%C2%B7lectiu-Cambra-Barcelona-2021_2023.pdf\"><\/a><\/strong><\/p>\n<\/div>\n<\/div>\n\n\n\n<div style=\"height:3rem\" aria-hidden=\"true\" class=\"wp-block-spacer hide-mobile\"><\/div>\n<\/div>\n","protected":false},"excerpt":{"rendered":"<p>Para desempe\u00f1ar sus funciones y competencias, y para desarrollar su actividad, la C\u00e1mara Oficial de Comercio, Industria, Servicios y Navegaci\u00f3n de Barcelona se ha dotado de una organizaci\u00f3n interna. En este apartado puede encontrar informaci\u00f3n relativa a la organizaci\u00f3n y gesti\u00f3n de la Corporaci\u00f3n, as\u00ed como a sus sedes, oficinas y delegaciones. Sedes, oficinas y [&hellip;]<\/p>\n","protected":false},"author":2,"featured_media":44060,"parent":1466,"menu_order":0,"comment_status":"closed","ping_status":"closed","template":"","meta":{"_acf_changed":false,"inline_featured_image":false,"ep_exclude_from_search":false,"footnotes":""},"class_list":["post-55824","page","type-page","status-publish","has-post-thumbnail","hentry"],"pp_statuses_selecting_workflow":false,"pp_workflow_action":"current","pp_status_selection":"publish","acf":[],"yoast_head":"<!-- This site is optimized with the Yoast SEO Premium plugin v27.1 (Yoast SEO v27.4) - https:\/\/yoast.com\/product\/yoast-seo-premium-wordpress\/ -->\n<title>Estructura organizativa | Cambra de Comer\u00e7 de Barcelona<\/title>\n<meta name=\"robots\" content=\"index, follow, max-snippet:-1, max-image-preview:large, max-video-preview:-1\" \/>\n<link rel=\"canonical\" href=\"https:\/\/cambrabcn.org\/es\/es-sobre-cambra\/transparencia-y-perfil-del-contratante\/transparencia\/estructura-organizativa\/\" \/>\n<meta property=\"og:locale\" content=\"es_ES\" \/>\n<meta property=\"og:type\" content=\"article\" \/>\n<meta property=\"og:title\" content=\"Estructura organizativa\" \/>\n<meta property=\"og:description\" content=\"Para desempe\u00f1ar sus funciones y competencias, y para desarrollar su actividad, la C\u00e1mara Oficial de Comercio, Industria, Servicios y Navegaci\u00f3n de Barcelona se ha dotado de una organizaci\u00f3n interna. En este apartado puede encontrar informaci\u00f3n relativa a la organizaci\u00f3n y gesti\u00f3n de la Corporaci\u00f3n, as\u00ed como a sus sedes, oficinas y delegaciones. Sedes, oficinas y [&hellip;]\" \/>\n<meta property=\"og:url\" content=\"https:\/\/cambrabcn.org\/es\/es-sobre-cambra\/transparencia-y-perfil-del-contratante\/transparencia\/estructura-organizativa\/\" \/>\n<meta property=\"og:site_name\" content=\"Cambra de Comer\u00e7 de Barcelona\" \/>\n<meta property=\"article:modified_time\" content=\"2025-05-06T16:42:07+00:00\" \/>\n<meta property=\"og:image\" content=\"https:\/\/cambrabcn.org\/wp-content\/uploads\/2024\/03\/cambra-reunio-treball-4-jpg.webp\" \/>\n\t<meta property=\"og:image:width\" content=\"1800\" \/>\n\t<meta property=\"og:image:height\" content=\"409\" \/>\n\t<meta property=\"og:image:type\" content=\"image\/jpeg\" \/>\n<meta name=\"twitter:card\" content=\"summary_large_image\" \/>\n<meta name=\"twitter:site\" content=\"@cambrabcn\" \/>\n<meta name=\"twitter:label1\" content=\"Tiempo de lectura\" \/>\n\t<meta name=\"twitter:data1\" content=\"4 minutos\" \/>\n<script type=\"application\/ld+json\" class=\"yoast-schema-graph\">{\"@context\":\"https:\\\/\\\/schema.org\",\"@graph\":[{\"@type\":\"WebPage\",\"@id\":\"https:\\\/\\\/cambrabcn.org\\\/es\\\/es-sobre-cambra\\\/transparencia-y-perfil-del-contratante\\\/transparencia\\\/estructura-organizativa\\\/\",\"url\":\"https:\\\/\\\/cambrabcn.org\\\/es\\\/es-sobre-cambra\\\/transparencia-y-perfil-del-contratante\\\/transparencia\\\/estructura-organizativa\\\/\",\"name\":\"Estructura organizativa | Cambra de Comer\u00e7 de Barcelona\",\"isPartOf\":{\"@id\":\"https:\\\/\\\/cambrabcn.org\\\/es\\\/#website\"},\"primaryImageOfPage\":{\"@id\":\"https:\\\/\\\/cambrabcn.org\\\/es\\\/es-sobre-cambra\\\/transparencia-y-perfil-del-contratante\\\/transparencia\\\/estructura-organizativa\\\/#primaryimage\"},\"image\":{\"@id\":\"https:\\\/\\\/cambrabcn.org\\\/es\\\/es-sobre-cambra\\\/transparencia-y-perfil-del-contratante\\\/transparencia\\\/estructura-organizativa\\\/#primaryimage\"},\"thumbnailUrl\":\"https:\\\/\\\/cambrabcn.org\\\/wp-content\\\/uploads\\\/2024\\\/03\\\/cambra-reunio-treball-4-jpg.webp\",\"datePublished\":\"2024-02-01T10:00:00+00:00\",\"dateModified\":\"2025-05-06T16:42:07+00:00\",\"breadcrumb\":{\"@id\":\"https:\\\/\\\/cambrabcn.org\\\/es\\\/es-sobre-cambra\\\/transparencia-y-perfil-del-contratante\\\/transparencia\\\/estructura-organizativa\\\/#breadcrumb\"},\"inLanguage\":\"es\",\"potentialAction\":[{\"@type\":\"ReadAction\",\"target\":[\"https:\\\/\\\/cambrabcn.org\\\/es\\\/es-sobre-cambra\\\/transparencia-y-perfil-del-contratante\\\/transparencia\\\/estructura-organizativa\\\/\"]}]},{\"@type\":\"ImageObject\",\"inLanguage\":\"es\",\"@id\":\"https:\\\/\\\/cambrabcn.org\\\/es\\\/es-sobre-cambra\\\/transparencia-y-perfil-del-contratante\\\/transparencia\\\/estructura-organizativa\\\/#primaryimage\",\"url\":\"https:\\\/\\\/cambrabcn.org\\\/wp-content\\\/uploads\\\/2024\\\/03\\\/cambra-reunio-treball-4-jpg.webp\",\"contentUrl\":\"https:\\\/\\\/cambrabcn.org\\\/wp-content\\\/uploads\\\/2024\\\/03\\\/cambra-reunio-treball-4-jpg.webp\",\"width\":1800,\"height\":409},{\"@type\":\"BreadcrumbList\",\"@id\":\"https:\\\/\\\/cambrabcn.org\\\/es\\\/es-sobre-cambra\\\/transparencia-y-perfil-del-contratante\\\/transparencia\\\/estructura-organizativa\\\/#breadcrumb\",\"itemListElement\":[{\"@type\":\"ListItem\",\"position\":1,\"name\":\"Home\",\"item\":\"https:\\\/\\\/cambrabcn.org\\\/es\\\/\"},{\"@type\":\"ListItem\",\"position\":2,\"name\":\"Sobre Cambra\",\"item\":\"https:\\\/\\\/cambrabcn.org\\\/es\\\/es-sobre-cambra\\\/\"},{\"@type\":\"ListItem\",\"position\":3,\"name\":\"Transparencia y Perfil del contratante\",\"item\":\"https:\\\/\\\/cambrabcn.org\\\/es\\\/es-sobre-cambra\\\/transparencia-y-perfil-del-contratante\\\/\"},{\"@type\":\"ListItem\",\"position\":4,\"name\":\"Transparencia\",\"item\":\"https:\\\/\\\/cambrabcn.org\\\/es\\\/es-sobre-cambra\\\/transparencia-y-perfil-del-contratante\\\/transparencia\\\/\"},{\"@type\":\"ListItem\",\"position\":5,\"name\":\"Estructura organizativa\"}]},{\"@type\":\"WebSite\",\"@id\":\"https:\\\/\\\/cambrabcn.org\\\/es\\\/#website\",\"url\":\"https:\\\/\\\/cambrabcn.org\\\/es\\\/\",\"name\":\"Cambra de Comer\u00e7 de Barcelona\",\"description\":\"La Cambra de Tothom\",\"publisher\":{\"@id\":\"https:\\\/\\\/cambrabcn.org\\\/es\\\/#organization\"},\"alternateName\":\"Cambra Oficial de Comer\u00e7, Ind\u00fastria, Serveis i Navegaci\u00f3 de Barcelona\",\"potentialAction\":[{\"@type\":\"SearchAction\",\"target\":{\"@type\":\"EntryPoint\",\"urlTemplate\":\"https:\\\/\\\/cambrabcn.org\\\/es\\\/?s={search_term_string}\"},\"query-input\":{\"@type\":\"PropertyValueSpecification\",\"valueRequired\":true,\"valueName\":\"search_term_string\"}}],\"inLanguage\":\"es\"},{\"@type\":\"Organization\",\"@id\":\"https:\\\/\\\/cambrabcn.org\\\/es\\\/#organization\",\"name\":\"Cambra de Comer\u00e7 de Barcelona\",\"alternateName\":\"Cambra Oficial de Comer\u00e7, Ind\u00fastria, Serveis i Navegaci\u00f3 de Barcelona\",\"url\":\"https:\\\/\\\/cambrabcn.org\\\/es\\\/\",\"logo\":{\"@type\":\"ImageObject\",\"inLanguage\":\"es\",\"@id\":\"https:\\\/\\\/cambrabcn.org\\\/es\\\/#\\\/schema\\\/logo\\\/image\\\/\",\"url\":\"https:\\\/\\\/cambrabcn.org\\\/wp-content\\\/uploads\\\/2023\\\/11\\\/logo-cambra-300x77-1.png\",\"contentUrl\":\"https:\\\/\\\/cambrabcn.org\\\/wp-content\\\/uploads\\\/2023\\\/11\\\/logo-cambra-300x77-1.png\",\"width\":300,\"height\":77,\"caption\":\"Cambra de Comer\u00e7 de Barcelona\"},\"image\":{\"@id\":\"https:\\\/\\\/cambrabcn.org\\\/es\\\/#\\\/schema\\\/logo\\\/image\\\/\"},\"sameAs\":[\"https:\\\/\\\/x.com\\\/cambrabcn\",\"https:\\\/\\\/www.instagram.com\\\/cambrabcn\\\/\",\"https:\\\/\\\/www.linkedin.com\\\/school\\\/cambrabcn\",\"https:\\\/\\\/www.youtube.com\\\/user\\\/PressCambrabcn\",\"https:\\\/\\\/ca.wikipedia.org\\\/wiki\\\/Cambra_Oficial_de_Comer\u00e7,_Ind\u00fastria_i_Navegaci\u00f3_de_Barcelona\",\"http:\\\/\\\/viaf.org\\\/viaf\\\/124017095\"],\"description\":\"La Cambra Oficial de Comer\u00e7, Ind\u00fastria, Serveis i Navegaci\u00f3 de Barcelona \u00e9s una corporaci\u00f3 de dret p\u00fablic que presta serveis a les empreses, contribuint a la regeneraci\u00f3 del teixit econ\u00f2mic i la creaci\u00f3 d\u2019ocupaci\u00f3.\",\"email\":\"cambra@cambrabcn.cat\",\"telephone\":\"+34 93 416 93 00\",\"legalName\":\"La Cambra Oficial de Comer\u00e7, Ind\u00fastria, Serveis i Navegaci\u00f3 de Barcelona\",\"foundingDate\":\"1886-01-01\",\"vatID\":\"Q0873001B\",\"taxID\":\"Q0873001B\",\"naics\":\"813910\"}]}<\/script>\n<!-- \/ Yoast SEO Premium plugin. -->","yoast_head_json":{"title":"Estructura organizativa | Cambra de Comer\u00e7 de Barcelona","robots":{"index":"index","follow":"follow","max-snippet":"max-snippet:-1","max-image-preview":"max-image-preview:large","max-video-preview":"max-video-preview:-1"},"canonical":"https:\/\/cambrabcn.org\/es\/es-sobre-cambra\/transparencia-y-perfil-del-contratante\/transparencia\/estructura-organizativa\/","og_locale":"es_ES","og_type":"article","og_title":"Estructura organizativa","og_description":"Para desempe\u00f1ar sus funciones y competencias, y para desarrollar su actividad, la C\u00e1mara Oficial de Comercio, Industria, Servicios y Navegaci\u00f3n de Barcelona se ha dotado de una organizaci\u00f3n interna. En este apartado puede encontrar informaci\u00f3n relativa a la organizaci\u00f3n y gesti\u00f3n de la Corporaci\u00f3n, as\u00ed como a sus sedes, oficinas y delegaciones. Sedes, oficinas y [&hellip;]","og_url":"https:\/\/cambrabcn.org\/es\/es-sobre-cambra\/transparencia-y-perfil-del-contratante\/transparencia\/estructura-organizativa\/","og_site_name":"Cambra de Comer\u00e7 de Barcelona","article_modified_time":"2025-05-06T16:42:07+00:00","og_image":[{"width":1800,"height":409,"url":"https:\/\/cambrabcn.org\/wp-content\/uploads\/2024\/03\/cambra-reunio-treball-4-jpg.webp","type":"image\/jpeg"}],"twitter_card":"summary_large_image","twitter_site":"@cambrabcn","twitter_misc":{"Tiempo de lectura":"4 minutos"},"schema":{"@context":"https:\/\/schema.org","@graph":[{"@type":"WebPage","@id":"https:\/\/cambrabcn.org\/es\/es-sobre-cambra\/transparencia-y-perfil-del-contratante\/transparencia\/estructura-organizativa\/","url":"https:\/\/cambrabcn.org\/es\/es-sobre-cambra\/transparencia-y-perfil-del-contratante\/transparencia\/estructura-organizativa\/","name":"Estructura organizativa | Cambra de Comer\u00e7 de Barcelona","isPartOf":{"@id":"https:\/\/cambrabcn.org\/es\/#website"},"primaryImageOfPage":{"@id":"https:\/\/cambrabcn.org\/es\/es-sobre-cambra\/transparencia-y-perfil-del-contratante\/transparencia\/estructura-organizativa\/#primaryimage"},"image":{"@id":"https:\/\/cambrabcn.org\/es\/es-sobre-cambra\/transparencia-y-perfil-del-contratante\/transparencia\/estructura-organizativa\/#primaryimage"},"thumbnailUrl":"https:\/\/cambrabcn.org\/wp-content\/uploads\/2024\/03\/cambra-reunio-treball-4-jpg.webp","datePublished":"2024-02-01T10:00:00+00:00","dateModified":"2025-05-06T16:42:07+00:00","breadcrumb":{"@id":"https:\/\/cambrabcn.org\/es\/es-sobre-cambra\/transparencia-y-perfil-del-contratante\/transparencia\/estructura-organizativa\/#breadcrumb"},"inLanguage":"es","potentialAction":[{"@type":"ReadAction","target":["https:\/\/cambrabcn.org\/es\/es-sobre-cambra\/transparencia-y-perfil-del-contratante\/transparencia\/estructura-organizativa\/"]}]},{"@type":"ImageObject","inLanguage":"es","@id":"https:\/\/cambrabcn.org\/es\/es-sobre-cambra\/transparencia-y-perfil-del-contratante\/transparencia\/estructura-organizativa\/#primaryimage","url":"https:\/\/cambrabcn.org\/wp-content\/uploads\/2024\/03\/cambra-reunio-treball-4-jpg.webp","contentUrl":"https:\/\/cambrabcn.org\/wp-content\/uploads\/2024\/03\/cambra-reunio-treball-4-jpg.webp","width":1800,"height":409},{"@type":"BreadcrumbList","@id":"https:\/\/cambrabcn.org\/es\/es-sobre-cambra\/transparencia-y-perfil-del-contratante\/transparencia\/estructura-organizativa\/#breadcrumb","itemListElement":[{"@type":"ListItem","position":1,"name":"Home","item":"https:\/\/cambrabcn.org\/es\/"},{"@type":"ListItem","position":2,"name":"Sobre Cambra","item":"https:\/\/cambrabcn.org\/es\/es-sobre-cambra\/"},{"@type":"ListItem","position":3,"name":"Transparencia y Perfil del contratante","item":"https:\/\/cambrabcn.org\/es\/es-sobre-cambra\/transparencia-y-perfil-del-contratante\/"},{"@type":"ListItem","position":4,"name":"Transparencia","item":"https:\/\/cambrabcn.org\/es\/es-sobre-cambra\/transparencia-y-perfil-del-contratante\/transparencia\/"},{"@type":"ListItem","position":5,"name":"Estructura organizativa"}]},{"@type":"WebSite","@id":"https:\/\/cambrabcn.org\/es\/#website","url":"https:\/\/cambrabcn.org\/es\/","name":"Cambra de Comer\u00e7 de Barcelona","description":"La Cambra de Tothom","publisher":{"@id":"https:\/\/cambrabcn.org\/es\/#organization"},"alternateName":"Cambra Oficial de Comer\u00e7, Ind\u00fastria, Serveis i Navegaci\u00f3 de Barcelona","potentialAction":[{"@type":"SearchAction","target":{"@type":"EntryPoint","urlTemplate":"https:\/\/cambrabcn.org\/es\/?s={search_term_string}"},"query-input":{"@type":"PropertyValueSpecification","valueRequired":true,"valueName":"search_term_string"}}],"inLanguage":"es"},{"@type":"Organization","@id":"https:\/\/cambrabcn.org\/es\/#organization","name":"Cambra de Comer\u00e7 de Barcelona","alternateName":"Cambra Oficial de Comer\u00e7, Ind\u00fastria, Serveis i Navegaci\u00f3 de Barcelona","url":"https:\/\/cambrabcn.org\/es\/","logo":{"@type":"ImageObject","inLanguage":"es","@id":"https:\/\/cambrabcn.org\/es\/#\/schema\/logo\/image\/","url":"https:\/\/cambrabcn.org\/wp-content\/uploads\/2023\/11\/logo-cambra-300x77-1.png","contentUrl":"https:\/\/cambrabcn.org\/wp-content\/uploads\/2023\/11\/logo-cambra-300x77-1.png","width":300,"height":77,"caption":"Cambra de Comer\u00e7 de Barcelona"},"image":{"@id":"https:\/\/cambrabcn.org\/es\/#\/schema\/logo\/image\/"},"sameAs":["https:\/\/x.com\/cambrabcn","https:\/\/www.instagram.com\/cambrabcn\/","https:\/\/www.linkedin.com\/school\/cambrabcn","https:\/\/www.youtube.com\/user\/PressCambrabcn","https:\/\/ca.wikipedia.org\/wiki\/Cambra_Oficial_de_Comer\u00e7,_Ind\u00fastria_i_Navegaci\u00f3_de_Barcelona","http:\/\/viaf.org\/viaf\/124017095"],"description":"La Cambra Oficial de Comer\u00e7, Ind\u00fastria, Serveis i Navegaci\u00f3 de Barcelona \u00e9s una corporaci\u00f3 de dret p\u00fablic que presta serveis a les empreses, contribuint a la regeneraci\u00f3 del teixit econ\u00f2mic i la creaci\u00f3 d\u2019ocupaci\u00f3.","email":"cambra@cambrabcn.cat","telephone":"+34 93 416 93 00","legalName":"La Cambra Oficial de Comer\u00e7, Ind\u00fastria, Serveis i Navegaci\u00f3 de Barcelona","foundingDate":"1886-01-01","vatID":"Q0873001B","taxID":"Q0873001B","naics":"813910"}]}},"mfb_rest_fields":["pp_statuses_selecting_workflow","pp_workflow_action","pp_status_selection","yoast_head","yoast_head_json"],"_links":{"self":[{"href":"https:\/\/cambrabcn.org\/es\/wp-json\/wp\/v2\/pages\/55824","targetHints":{"allow":["GET"]}}],"collection":[{"href":"https:\/\/cambrabcn.org\/es\/wp-json\/wp\/v2\/pages"}],"about":[{"href":"https:\/\/cambrabcn.org\/es\/wp-json\/wp\/v2\/types\/page"}],"author":[{"embeddable":true,"href":"https:\/\/cambrabcn.org\/es\/wp-json\/wp\/v2\/users\/2"}],"replies":[{"embeddable":true,"href":"https:\/\/cambrabcn.org\/es\/wp-json\/wp\/v2\/comments?post=55824"}],"version-history":[{"count":6,"href":"https:\/\/cambrabcn.org\/es\/wp-json\/wp\/v2\/pages\/55824\/revisions"}],"predecessor-version":[{"id":88151,"href":"https:\/\/cambrabcn.org\/es\/wp-json\/wp\/v2\/pages\/55824\/revisions\/88151"}],"up":[{"embeddable":true,"href":"https:\/\/cambrabcn.org\/es\/wp-json\/wp\/v2\/pages\/1466"}],"wp:featuredmedia":[{"embeddable":true,"href":"https:\/\/cambrabcn.org\/es\/wp-json\/wp\/v2\/media\/44060"}],"wp:attachment":[{"href":"https:\/\/cambrabcn.org\/es\/wp-json\/wp\/v2\/media?parent=55824"}],"curies":[{"name":"wp","href":"https:\/\/api.w.org\/{rel}","templated":true}]}}