{"id":38062,"date":"2024-02-01T12:00:00","date_gmt":"2024-02-01T10:00:00","guid":{"rendered":"https:\/\/cambrabcn.org\/asesoramiento-personalizado\/"},"modified":"2025-03-03T09:45:27","modified_gmt":"2025-03-03T07:45:27","slug":"asesoramiento-personalizado","status":"publish","type":"page","link":"https:\/\/cambrabcn.org\/es\/servicio-financiacion-cambra\/informacion-y-formacion-en-cultura-financiera\/asesoramiento-personalizado\/","title":{"rendered":"Asesoramiento personalizado"},"content":{"rendered":"\n<p><\/p>\n\n\n<div class=\"wp-block-cambra-custom-blocks-cambra-breadcrumbs\"><nav role=\"navigation\" aria-label=\"Breadcrumb\" class=\"breadcrumb\"><ol class=\"breadcrumb-items\"><li class=\"breadcrumb-item breadcrumb-item--current breadcrumb-item--home\"><span class=\"breadcrumb-item-name\">Inicio<\/span><\/li><\/ol><\/nav><\/div>\n\n<h2 class=\"wp-block-post-title\">Asesoramiento personalizado<\/h2>\n\n\n<p><\/p>\n\n\n\n<figure class=\"wp-block-image size-full\"><img data-dominant-color=\"a5a79b\" data-has-transparency=\"true\" style=\"--dominant-color: #a5a79b;\" loading=\"lazy\" decoding=\"async\" width=\"1200\" height=\"240\" src=\"https:\/\/cambrabcn.org\/wp-content\/uploads\/2023\/12\/Cultura_financera_1200x240.png\" alt=\"\" class=\"wp-image-5074 has-transparency\" srcset=\"https:\/\/cambrabcn.org\/wp-content\/uploads\/2023\/12\/Cultura_financera_1200x240.png 1200w, https:\/\/cambrabcn.org\/wp-content\/uploads\/2023\/12\/Cultura_financera_1200x240-300x60.png 300w, https:\/\/cambrabcn.org\/wp-content\/uploads\/2023\/12\/Cultura_financera_1200x240-1024x205.png 1024w, https:\/\/cambrabcn.org\/wp-content\/uploads\/2023\/12\/Cultura_financera_1200x240-768x154.png 768w, https:\/\/cambrabcn.org\/wp-content\/uploads\/2023\/12\/Cultura_financera_1200x240-600x120.png 600w\" sizes=\"auto, (max-width: 1200px) 100vw, 1200px\" \/><\/figure>\n\n\n\n<p>Te ofrecemos asesoramiento financiero personalizado, ayud\u00e1ndote a preparar la <strong>informaci\u00f3n financiera necesaria para poder optar a nueva financiaci\u00f3n<\/strong>.<\/p>\n\n\n\n<p>ASENCAT y SECOT son asociaciones de voluntariado social sin \u00e1nimo de lucro que aglutinan a personas con esp\u00edritu colaborador y altruista, que han alcanzado responsabilidades en la vida laboral y pueden transmitir su <strong>experticia<\/strong> a empresas y empresarios, ofreci\u00e9ndoles su <strong>orientaci\u00f3n y acompa\u00f1amiento<\/strong> sin m\u00e1s influencias ni intereses de terceros.<\/p>\n\n\n\n<p class=\"has-text-color has-link-color wp-elements-3e9b11931aba1cec9658bfc7b580d70e\" style=\"color:#000000\">Si quieres que estudiemos tu caso, env\u00eda el <strong><a href=\"https:\/\/cambrabcn.org\/wp-content\/uploads\/2024\/01\/Peticio-Assessorament-Financer_2023.pdf\" target=\"_blank\" rel=\"noreferrer noopener\"><span style=\"color: #3ea15a\">formulario rellenado<\/span><\/a><\/strong> y la&nbsp;<strong>documentaci\u00f3n <\/strong>necesaria para analizar tu solicitud, y contactaremos contigo. En caso de dudas, y para m\u00e1s informaci\u00f3n: <strong><a href=\"mailto:sefin@cambrabcn.cat\" target=\"_blank\" rel=\"noreferrer noopener\"><mark class=\"has-inline-color\" style=\"background-color: #ffffff;color: #3ea15a\">sefin@cambrabcn.cat<\/mark><\/a><\/strong><\/p>\n\n\n\n<div style=\"height:5px\" aria-hidden=\"true\" class=\"wp-block-spacer\"><\/div>\n\n\n\n\n\n<div style=\"height:20px\" aria-hidden=\"true\" class=\"wp-block-spacer\"><\/div>\n","protected":false},"excerpt":{"rendered":"<p>Te ofrecemos asesoramiento financiero personalizado, ayud\u00e1ndote a preparar la informaci\u00f3n financiera necesaria para poder optar a nueva financiaci\u00f3n. ASENCAT y SECOT son asociaciones de voluntariado social sin \u00e1nimo de lucro que aglutinan a personas con esp\u00edritu colaborador y altruista, que han alcanzado responsabilidades en la vida laboral y pueden transmitir su experticia a empresas y [&hellip;]<\/p>\n","protected":false},"author":6,"featured_media":0,"parent":37852,"menu_order":0,"comment_status":"closed","ping_status":"closed","template":"","meta":{"_acf_changed":false,"inline_featured_image":false,"ep_exclude_from_search":false,"footnotes":""},"class_list":["post-38062","page","type-page","status-publish","hentry"],"pp_statuses_selecting_workflow":false,"pp_workflow_action":"current","pp_status_selection":"publish","acf":[],"yoast_head":"<!-- This site is optimized with the Yoast SEO Premium plugin v27.1 (Yoast SEO v27.4) - https:\/\/yoast.com\/product\/yoast-seo-premium-wordpress\/ -->\n<title>Asesoramiento personalizado | Cambra de Comer\u00e7 de Barcelona<\/title>\n<meta name=\"robots\" content=\"index, follow, max-snippet:-1, max-image-preview:large, max-video-preview:-1\" \/>\n<link rel=\"canonical\" href=\"https:\/\/cambrabcn.org\/es\/servicio-financiacion-cambra\/informacion-y-formacion-en-cultura-financiera\/asesoramiento-personalizado\/\" \/>\n<meta property=\"og:locale\" content=\"es_ES\" \/>\n<meta property=\"og:type\" content=\"article\" \/>\n<meta property=\"og:title\" content=\"Asesoramiento personalizado\" \/>\n<meta property=\"og:description\" content=\"Te ofrecemos asesoramiento financiero personalizado, ayud\u00e1ndote a preparar la informaci\u00f3n financiera necesaria para poder optar a nueva financiaci\u00f3n. ASENCAT y SECOT son asociaciones de voluntariado social sin \u00e1nimo de lucro que aglutinan a personas con esp\u00edritu colaborador y altruista, que han alcanzado responsabilidades en la vida laboral y pueden transmitir su experticia a empresas y [&hellip;]\" \/>\n<meta property=\"og:url\" content=\"https:\/\/cambrabcn.org\/es\/servicio-financiacion-cambra\/informacion-y-formacion-en-cultura-financiera\/asesoramiento-personalizado\/\" \/>\n<meta property=\"og:site_name\" content=\"Cambra de Comer\u00e7 de Barcelona\" \/>\n<meta property=\"article:modified_time\" content=\"2025-03-03T07:45:27+00:00\" \/>\n<meta property=\"og:image\" content=\"https:\/\/cambrabcn.org\/wp-content\/uploads\/2023\/12\/Cultura_financera_1200x240.png\" \/>\n<meta name=\"twitter:card\" content=\"summary_large_image\" \/>\n<meta name=\"twitter:site\" content=\"@cambrabcn\" \/>\n<meta name=\"twitter:label1\" content=\"Tiempo de lectura\" \/>\n\t<meta name=\"twitter:data1\" content=\"1 minuto\" \/>\n<script type=\"application\/ld+json\" class=\"yoast-schema-graph\">{\"@context\":\"https:\\\/\\\/schema.org\",\"@graph\":[{\"@type\":\"WebPage\",\"@id\":\"https:\\\/\\\/cambrabcn.org\\\/es\\\/servicio-financiacion-cambra\\\/informacion-y-formacion-en-cultura-financiera\\\/asesoramiento-personalizado\\\/\",\"url\":\"https:\\\/\\\/cambrabcn.org\\\/es\\\/servicio-financiacion-cambra\\\/informacion-y-formacion-en-cultura-financiera\\\/asesoramiento-personalizado\\\/\",\"name\":\"Asesoramiento personalizado | Cambra de Comer\u00e7 de Barcelona\",\"isPartOf\":{\"@id\":\"https:\\\/\\\/cambrabcn.org\\\/es\\\/#website\"},\"primaryImageOfPage\":{\"@id\":\"https:\\\/\\\/cambrabcn.org\\\/es\\\/servicio-financiacion-cambra\\\/informacion-y-formacion-en-cultura-financiera\\\/asesoramiento-personalizado\\\/#primaryimage\"},\"image\":{\"@id\":\"https:\\\/\\\/cambrabcn.org\\\/es\\\/servicio-financiacion-cambra\\\/informacion-y-formacion-en-cultura-financiera\\\/asesoramiento-personalizado\\\/#primaryimage\"},\"thumbnailUrl\":\"https:\\\/\\\/cambrabcn.org\\\/wp-content\\\/uploads\\\/2023\\\/12\\\/Cultura_financera_1200x240.png\",\"datePublished\":\"2024-02-01T10:00:00+00:00\",\"dateModified\":\"2025-03-03T07:45:27+00:00\",\"breadcrumb\":{\"@id\":\"https:\\\/\\\/cambrabcn.org\\\/es\\\/servicio-financiacion-cambra\\\/informacion-y-formacion-en-cultura-financiera\\\/asesoramiento-personalizado\\\/#breadcrumb\"},\"inLanguage\":\"es\",\"potentialAction\":[{\"@type\":\"ReadAction\",\"target\":[\"https:\\\/\\\/cambrabcn.org\\\/es\\\/servicio-financiacion-cambra\\\/informacion-y-formacion-en-cultura-financiera\\\/asesoramiento-personalizado\\\/\"]}]},{\"@type\":\"ImageObject\",\"inLanguage\":\"es\",\"@id\":\"https:\\\/\\\/cambrabcn.org\\\/es\\\/servicio-financiacion-cambra\\\/informacion-y-formacion-en-cultura-financiera\\\/asesoramiento-personalizado\\\/#primaryimage\",\"url\":\"https:\\\/\\\/cambrabcn.org\\\/wp-content\\\/uploads\\\/2023\\\/12\\\/Cultura_financera_1200x240.png\",\"contentUrl\":\"https:\\\/\\\/cambrabcn.org\\\/wp-content\\\/uploads\\\/2023\\\/12\\\/Cultura_financera_1200x240.png\"},{\"@type\":\"BreadcrumbList\",\"@id\":\"https:\\\/\\\/cambrabcn.org\\\/es\\\/servicio-financiacion-cambra\\\/informacion-y-formacion-en-cultura-financiera\\\/asesoramiento-personalizado\\\/#breadcrumb\",\"itemListElement\":[{\"@type\":\"ListItem\",\"position\":1,\"name\":\"Home\",\"item\":\"https:\\\/\\\/cambrabcn.org\\\/es\\\/\"},{\"@type\":\"ListItem\",\"position\":2,\"name\":\"Servicio Financiaci\u00f3n Cambra\",\"item\":\"https:\\\/\\\/cambrabcn.org\\\/es\\\/?page_id=37676\"},{\"@type\":\"ListItem\",\"position\":3,\"name\":\"Informaci\u00f3n y formaci\u00f3n en cultura financiera\",\"item\":\"https:\\\/\\\/cambrabcn.org\\\/es\\\/servicio-financiacion-cambra\\\/informacion-y-formacion-en-cultura-financiera\\\/\"},{\"@type\":\"ListItem\",\"position\":4,\"name\":\"Asesoramiento personalizado\"}]},{\"@type\":\"WebSite\",\"@id\":\"https:\\\/\\\/cambrabcn.org\\\/es\\\/#website\",\"url\":\"https:\\\/\\\/cambrabcn.org\\\/es\\\/\",\"name\":\"Cambra de Comer\u00e7 de Barcelona\",\"description\":\"La Cambra de Tothom\",\"publisher\":{\"@id\":\"https:\\\/\\\/cambrabcn.org\\\/es\\\/#organization\"},\"alternateName\":\"Cambra Oficial de Comer\u00e7, Ind\u00fastria, Serveis i Navegaci\u00f3 de Barcelona\",\"potentialAction\":[{\"@type\":\"SearchAction\",\"target\":{\"@type\":\"EntryPoint\",\"urlTemplate\":\"https:\\\/\\\/cambrabcn.org\\\/es\\\/?s={search_term_string}\"},\"query-input\":{\"@type\":\"PropertyValueSpecification\",\"valueRequired\":true,\"valueName\":\"search_term_string\"}}],\"inLanguage\":\"es\"},{\"@type\":\"Organization\",\"@id\":\"https:\\\/\\\/cambrabcn.org\\\/es\\\/#organization\",\"name\":\"Cambra de Comer\u00e7 de Barcelona\",\"alternateName\":\"Cambra Oficial de Comer\u00e7, Ind\u00fastria, Serveis i Navegaci\u00f3 de Barcelona\",\"url\":\"https:\\\/\\\/cambrabcn.org\\\/es\\\/\",\"logo\":{\"@type\":\"ImageObject\",\"inLanguage\":\"es\",\"@id\":\"https:\\\/\\\/cambrabcn.org\\\/es\\\/#\\\/schema\\\/logo\\\/image\\\/\",\"url\":\"https:\\\/\\\/cambrabcn.org\\\/wp-content\\\/uploads\\\/2023\\\/11\\\/logo-cambra-300x77-1.png\",\"contentUrl\":\"https:\\\/\\\/cambrabcn.org\\\/wp-content\\\/uploads\\\/2023\\\/11\\\/logo-cambra-300x77-1.png\",\"width\":300,\"height\":77,\"caption\":\"Cambra de Comer\u00e7 de Barcelona\"},\"image\":{\"@id\":\"https:\\\/\\\/cambrabcn.org\\\/es\\\/#\\\/schema\\\/logo\\\/image\\\/\"},\"sameAs\":[\"https:\\\/\\\/x.com\\\/cambrabcn\",\"https:\\\/\\\/www.instagram.com\\\/cambrabcn\\\/\",\"https:\\\/\\\/www.linkedin.com\\\/school\\\/cambrabcn\",\"https:\\\/\\\/www.youtube.com\\\/user\\\/PressCambrabcn\",\"https:\\\/\\\/ca.wikipedia.org\\\/wiki\\\/Cambra_Oficial_de_Comer\u00e7,_Ind\u00fastria_i_Navegaci\u00f3_de_Barcelona\",\"http:\\\/\\\/viaf.org\\\/viaf\\\/124017095\"],\"description\":\"La Cambra Oficial de Comer\u00e7, Ind\u00fastria, Serveis i Navegaci\u00f3 de Barcelona \u00e9s una corporaci\u00f3 de dret p\u00fablic que presta serveis a les empreses, contribuint a la regeneraci\u00f3 del teixit econ\u00f2mic i la creaci\u00f3 d\u2019ocupaci\u00f3.\",\"email\":\"cambra@cambrabcn.cat\",\"telephone\":\"+34 93 416 93 00\",\"legalName\":\"La Cambra Oficial de Comer\u00e7, Ind\u00fastria, Serveis i Navegaci\u00f3 de Barcelona\",\"foundingDate\":\"1886-01-01\",\"vatID\":\"Q0873001B\",\"taxID\":\"Q0873001B\",\"naics\":\"813910\"}]}<\/script>\n<!-- \/ Yoast SEO Premium plugin. -->","yoast_head_json":{"title":"Asesoramiento personalizado | Cambra de Comer\u00e7 de Barcelona","robots":{"index":"index","follow":"follow","max-snippet":"max-snippet:-1","max-image-preview":"max-image-preview:large","max-video-preview":"max-video-preview:-1"},"canonical":"https:\/\/cambrabcn.org\/es\/servicio-financiacion-cambra\/informacion-y-formacion-en-cultura-financiera\/asesoramiento-personalizado\/","og_locale":"es_ES","og_type":"article","og_title":"Asesoramiento personalizado","og_description":"Te ofrecemos asesoramiento financiero personalizado, ayud\u00e1ndote a preparar la informaci\u00f3n financiera necesaria para poder optar a nueva financiaci\u00f3n. ASENCAT y SECOT son asociaciones de voluntariado social sin \u00e1nimo de lucro que aglutinan a personas con esp\u00edritu colaborador y altruista, que han alcanzado responsabilidades en la vida laboral y pueden transmitir su experticia a empresas y [&hellip;]","og_url":"https:\/\/cambrabcn.org\/es\/servicio-financiacion-cambra\/informacion-y-formacion-en-cultura-financiera\/asesoramiento-personalizado\/","og_site_name":"Cambra de Comer\u00e7 de Barcelona","article_modified_time":"2025-03-03T07:45:27+00:00","og_image":[{"url":"https:\/\/cambrabcn.org\/wp-content\/uploads\/2023\/12\/Cultura_financera_1200x240.png","type":"","width":"","height":""}],"twitter_card":"summary_large_image","twitter_site":"@cambrabcn","twitter_misc":{"Tiempo de lectura":"1 minuto"},"schema":{"@context":"https:\/\/schema.org","@graph":[{"@type":"WebPage","@id":"https:\/\/cambrabcn.org\/es\/servicio-financiacion-cambra\/informacion-y-formacion-en-cultura-financiera\/asesoramiento-personalizado\/","url":"https:\/\/cambrabcn.org\/es\/servicio-financiacion-cambra\/informacion-y-formacion-en-cultura-financiera\/asesoramiento-personalizado\/","name":"Asesoramiento personalizado | Cambra de Comer\u00e7 de Barcelona","isPartOf":{"@id":"https:\/\/cambrabcn.org\/es\/#website"},"primaryImageOfPage":{"@id":"https:\/\/cambrabcn.org\/es\/servicio-financiacion-cambra\/informacion-y-formacion-en-cultura-financiera\/asesoramiento-personalizado\/#primaryimage"},"image":{"@id":"https:\/\/cambrabcn.org\/es\/servicio-financiacion-cambra\/informacion-y-formacion-en-cultura-financiera\/asesoramiento-personalizado\/#primaryimage"},"thumbnailUrl":"https:\/\/cambrabcn.org\/wp-content\/uploads\/2023\/12\/Cultura_financera_1200x240.png","datePublished":"2024-02-01T10:00:00+00:00","dateModified":"2025-03-03T07:45:27+00:00","breadcrumb":{"@id":"https:\/\/cambrabcn.org\/es\/servicio-financiacion-cambra\/informacion-y-formacion-en-cultura-financiera\/asesoramiento-personalizado\/#breadcrumb"},"inLanguage":"es","potentialAction":[{"@type":"ReadAction","target":["https:\/\/cambrabcn.org\/es\/servicio-financiacion-cambra\/informacion-y-formacion-en-cultura-financiera\/asesoramiento-personalizado\/"]}]},{"@type":"ImageObject","inLanguage":"es","@id":"https:\/\/cambrabcn.org\/es\/servicio-financiacion-cambra\/informacion-y-formacion-en-cultura-financiera\/asesoramiento-personalizado\/#primaryimage","url":"https:\/\/cambrabcn.org\/wp-content\/uploads\/2023\/12\/Cultura_financera_1200x240.png","contentUrl":"https:\/\/cambrabcn.org\/wp-content\/uploads\/2023\/12\/Cultura_financera_1200x240.png"},{"@type":"BreadcrumbList","@id":"https:\/\/cambrabcn.org\/es\/servicio-financiacion-cambra\/informacion-y-formacion-en-cultura-financiera\/asesoramiento-personalizado\/#breadcrumb","itemListElement":[{"@type":"ListItem","position":1,"name":"Home","item":"https:\/\/cambrabcn.org\/es\/"},{"@type":"ListItem","position":2,"name":"Servicio Financiaci\u00f3n Cambra","item":"https:\/\/cambrabcn.org\/es\/?page_id=37676"},{"@type":"ListItem","position":3,"name":"Informaci\u00f3n y formaci\u00f3n en cultura financiera","item":"https:\/\/cambrabcn.org\/es\/servicio-financiacion-cambra\/informacion-y-formacion-en-cultura-financiera\/"},{"@type":"ListItem","position":4,"name":"Asesoramiento personalizado"}]},{"@type":"WebSite","@id":"https:\/\/cambrabcn.org\/es\/#website","url":"https:\/\/cambrabcn.org\/es\/","name":"Cambra de Comer\u00e7 de Barcelona","description":"La Cambra de Tothom","publisher":{"@id":"https:\/\/cambrabcn.org\/es\/#organization"},"alternateName":"Cambra Oficial de Comer\u00e7, Ind\u00fastria, Serveis i Navegaci\u00f3 de Barcelona","potentialAction":[{"@type":"SearchAction","target":{"@type":"EntryPoint","urlTemplate":"https:\/\/cambrabcn.org\/es\/?s={search_term_string}"},"query-input":{"@type":"PropertyValueSpecification","valueRequired":true,"valueName":"search_term_string"}}],"inLanguage":"es"},{"@type":"Organization","@id":"https:\/\/cambrabcn.org\/es\/#organization","name":"Cambra de Comer\u00e7 de Barcelona","alternateName":"Cambra Oficial de Comer\u00e7, Ind\u00fastria, Serveis i Navegaci\u00f3 de Barcelona","url":"https:\/\/cambrabcn.org\/es\/","logo":{"@type":"ImageObject","inLanguage":"es","@id":"https:\/\/cambrabcn.org\/es\/#\/schema\/logo\/image\/","url":"https:\/\/cambrabcn.org\/wp-content\/uploads\/2023\/11\/logo-cambra-300x77-1.png","contentUrl":"https:\/\/cambrabcn.org\/wp-content\/uploads\/2023\/11\/logo-cambra-300x77-1.png","width":300,"height":77,"caption":"Cambra de Comer\u00e7 de Barcelona"},"image":{"@id":"https:\/\/cambrabcn.org\/es\/#\/schema\/logo\/image\/"},"sameAs":["https:\/\/x.com\/cambrabcn","https:\/\/www.instagram.com\/cambrabcn\/","https:\/\/www.linkedin.com\/school\/cambrabcn","https:\/\/www.youtube.com\/user\/PressCambrabcn","https:\/\/ca.wikipedia.org\/wiki\/Cambra_Oficial_de_Comer\u00e7,_Ind\u00fastria_i_Navegaci\u00f3_de_Barcelona","http:\/\/viaf.org\/viaf\/124017095"],"description":"La Cambra Oficial de Comer\u00e7, Ind\u00fastria, Serveis i Navegaci\u00f3 de Barcelona \u00e9s una corporaci\u00f3 de dret p\u00fablic que presta serveis a les empreses, contribuint a la regeneraci\u00f3 del teixit econ\u00f2mic i la creaci\u00f3 d\u2019ocupaci\u00f3.","email":"cambra@cambrabcn.cat","telephone":"+34 93 416 93 00","legalName":"La Cambra Oficial de Comer\u00e7, Ind\u00fastria, Serveis i Navegaci\u00f3 de Barcelona","foundingDate":"1886-01-01","vatID":"Q0873001B","taxID":"Q0873001B","naics":"813910"}]}},"mfb_rest_fields":["pp_statuses_selecting_workflow","pp_workflow_action","pp_status_selection","yoast_head","yoast_head_json"],"_links":{"self":[{"href":"https:\/\/cambrabcn.org\/es\/wp-json\/wp\/v2\/pages\/38062","targetHints":{"allow":["GET"]}}],"collection":[{"href":"https:\/\/cambrabcn.org\/es\/wp-json\/wp\/v2\/pages"}],"about":[{"href":"https:\/\/cambrabcn.org\/es\/wp-json\/wp\/v2\/types\/page"}],"author":[{"embeddable":true,"href":"https:\/\/cambrabcn.org\/es\/wp-json\/wp\/v2\/users\/6"}],"replies":[{"embeddable":true,"href":"https:\/\/cambrabcn.org\/es\/wp-json\/wp\/v2\/comments?post=38062"}],"version-history":[{"count":4,"href":"https:\/\/cambrabcn.org\/es\/wp-json\/wp\/v2\/pages\/38062\/revisions"}],"predecessor-version":[{"id":82086,"href":"https:\/\/cambrabcn.org\/es\/wp-json\/wp\/v2\/pages\/38062\/revisions\/82086"}],"up":[{"embeddable":true,"href":"https:\/\/cambrabcn.org\/es\/wp-json\/wp\/v2\/pages\/37852"}],"wp:attachment":[{"href":"https:\/\/cambrabcn.org\/es\/wp-json\/wp\/v2\/media?parent=38062"}],"curies":[{"name":"wp","href":"https:\/\/api.w.org\/{rel}","templated":true}]}}