{"id":48367,"date":"2023-10-01T12:00:00","date_gmt":"2023-10-01T10:00:00","guid":{"rendered":"https:\/\/cambrabcn.org\/cronuts-digital-clubcambra\/"},"modified":"2024-04-25T10:02:07","modified_gmt":"2024-04-25T08:02:07","slug":"cronuts-digital-clubcambra","status":"publish","type":"member","link":"https:\/\/cambrabcn.org\/es\/cronuts-digital-clubcambra\/","title":{"rendered":"Cronuts Digital"},"content":{"rendered":"\n<p><\/p>\n\n\n\n<p>CRONUTS.DIGITAL es una empresa dedicada a la consultor\u00eda digital nacida con el objetivo de impulsar la transformaci\u00f3n digital de peque\u00f1as y medianas empresas. Nuestra creaci\u00f3n fue motivada por la necesidad de ofrecer soluciones integrales que combinaran tecnolog\u00eda avanzada y estrategias innovadoras de marketing para maximizar el crecimiento y el rendimiento de los negocios en la era digital. Nuestra trayectoria est\u00e1 marcada por una evoluci\u00f3n constante, adapt\u00e1ndonos a las \u00faltimas tendencias tecnol\u00f3gicas y las necesidades del mercado para ofrecer servicios personalizados que transformen los retos en oportunidades.<\/p>\n\n\n\n<p>Nuestro objetivo principal es democratizar la digitalizaci\u00f3n para las pymes, ofreciendo soluciones tecnol\u00f3gicas y de marketing digital accesibles y efectivas. Buscamos transformar e impulsar el crecimiento de los negocios en el mercado digital, garantizando su competitividad y sostenibilidad a largo plazo, todo ello con una inversi\u00f3n ajustada y enfoc\u00e1ndonos en resultados tangibles y significativos para nuestros clientes.  <\/p>\n\n\n\n<p><strong>\u00bfQu\u00e9 te ofrecemos?<\/strong><\/p>\n\n\n\n<p> Nuestro valor a\u00f1adido se basa en ofrecer un servicio integral de transformaci\u00f3n digital a un costo inferior al de un salario promedio espa\u00f1ol, garantizando eficacia con un modelo de acci\u00f3n directa y pr\u00e1ctica. A diferencia de consultoras tradicionales, nos convertimos en el departamento digital externo de nuestros clientes, proporcionando soluciones personalizadas que incluyen desde el dise\u00f1o web hasta el uso de inteligencia artificial, todo con un enfoque orientado a resultados tangibles y crecimiento del negocio.<\/p>\n\n\n\n<ol class=\"wp-block-list\">\n<li><strong>Servicio de Digital Partner: <\/strong>Ofrecemos una colaboraci\u00f3n estrecha con las pymes, actuando como su departamento digital externo. Este servicio cubre todos los aspectos de la presencia digital de una empresa: desde la creaci\u00f3n y optimizaci\u00f3n de su p\u00e1gina web, gesti\u00f3n de SEO, campa\u00f1as de publicidad de pago, email marketing, creaci\u00f3n de contenidos para diversas plataformas, edici\u00f3n de v\u00eddeos, hasta el uso de inteligencia artificial para mejorar la efectividad. Este enfoque integral busca garantizar el crecimiento del negocio a trav\u00e9s de una estrategia digital completa, todo ello por un coste mensual competitivo.<\/li>\n<\/ol>\n\n\n\n<p><\/p>\n\n\n\n<ol class=\"wp-block-list\">\n<li><strong>Estrategia y gesti\u00f3n de marketing digital: <\/strong>Desarrollamos y gestionamos campa\u00f1as de marketing digital, incluyendo SEO, publicidad online y gesti\u00f3n de redes sociales, enfocadas a optimizar la visibilidad y el rendimiento comercial.<\/li>\n<\/ol>\n\n\n\n<p><\/p>\n\n\n\n<ol class=\"wp-block-list\">\n<li><strong>Desarrollo web y E-commerce: <\/strong>Creamos sitios web y plataformas de comercio electr\u00f3nico adaptados a las necesidades espec\u00edficas de cada cliente, mejorando la experiencia de usuario y la conversi\u00f3n.<\/li>\n<\/ol>\n\n\n\n<p><\/p>\n","protected":false},"excerpt":{"rendered":"<p>TIC<\/p>\n","protected":false},"featured_media":0,"parent":0,"template":"","member-category":[561],"territorial-chamber":[],"services-for":[],"solutions-for":[],"location":[],"class_list":["post-48367","member","type-member","status-publish","hentry","member-category-miembro-business"],"pp_statuses_selecting_workflow":false,"pp_workflow_action":"current","pp_status_selection":"publish","acf":[],"yoast_head":"<!-- This site is optimized with the Yoast SEO Premium plugin v27.1 (Yoast SEO v27.4) - https:\/\/yoast.com\/product\/yoast-seo-premium-wordpress\/ -->\n<title>Cronuts Digital | Cambra de Comer\u00e7 de Barcelona<\/title>\n<meta name=\"robots\" content=\"noindex, follow\" \/>\n<meta property=\"og:locale\" content=\"es_ES\" \/>\n<meta property=\"og:type\" content=\"article\" \/>\n<meta property=\"og:title\" content=\"Cronuts Digital\" \/>\n<meta property=\"og:description\" content=\"TIC\" \/>\n<meta property=\"og:url\" content=\"https:\/\/cambrabcn.org\/es\/cronuts-digital-clubcambra\/\" \/>\n<meta property=\"og:site_name\" content=\"Cambra de Comer\u00e7 de Barcelona\" \/>\n<meta property=\"article:modified_time\" content=\"2024-04-25T08:02:07+00:00\" \/>\n<meta property=\"og:image\" content=\"https:\/\/cambrabcn.org\/wp-content\/uploads\/2024\/04\/Captura-de-pantalla-2024-04-04-a-les-8.47.44.png\" \/>\n\t<meta property=\"og:image:width\" content=\"1004\" \/>\n\t<meta property=\"og:image:height\" content=\"528\" \/>\n\t<meta property=\"og:image:type\" content=\"image\/png\" \/>\n<meta name=\"twitter:card\" content=\"summary_large_image\" \/>\n<meta name=\"twitter:site\" content=\"@cambrabcn\" \/>\n<meta name=\"twitter:label1\" content=\"Tiempo de lectura\" \/>\n\t<meta name=\"twitter:data1\" content=\"3 minutos\" \/>\n<script type=\"application\/ld+json\" class=\"yoast-schema-graph\">{\"@context\":\"https:\\\/\\\/schema.org\",\"@graph\":[{\"@type\":\"WebPage\",\"@id\":\"https:\\\/\\\/cambrabcn.org\\\/es\\\/cronuts-digital-clubcambra\\\/\",\"url\":\"https:\\\/\\\/cambrabcn.org\\\/es\\\/cronuts-digital-clubcambra\\\/\",\"name\":\"Cronuts Digital | Cambra de Comer\u00e7 de Barcelona\",\"isPartOf\":{\"@id\":\"https:\\\/\\\/cambrabcn.org\\\/es\\\/#website\"},\"datePublished\":\"2023-10-01T10:00:00+00:00\",\"dateModified\":\"2024-04-25T08:02:07+00:00\",\"breadcrumb\":{\"@id\":\"https:\\\/\\\/cambrabcn.org\\\/es\\\/cronuts-digital-clubcambra\\\/#breadcrumb\"},\"inLanguage\":\"es\",\"potentialAction\":[{\"@type\":\"ReadAction\",\"target\":[\"https:\\\/\\\/cambrabcn.org\\\/es\\\/cronuts-digital-clubcambra\\\/\"]}]},{\"@type\":\"BreadcrumbList\",\"@id\":\"https:\\\/\\\/cambrabcn.org\\\/es\\\/cronuts-digital-clubcambra\\\/#breadcrumb\",\"itemListElement\":[{\"@type\":\"ListItem\",\"position\":1,\"name\":\"Home\",\"item\":\"https:\\\/\\\/cambrabcn.org\\\/es\\\/\"},{\"@type\":\"ListItem\",\"position\":2,\"name\":\"Socios\",\"item\":\"https:\\\/\\\/cambrabcn.org\\\/es\\\/club-cambra-es\\\/nuestros-socios\\\/\"},{\"@type\":\"ListItem\",\"position\":3,\"name\":\"Cronuts Digital\"}]},{\"@type\":\"WebSite\",\"@id\":\"https:\\\/\\\/cambrabcn.org\\\/es\\\/#website\",\"url\":\"https:\\\/\\\/cambrabcn.org\\\/es\\\/\",\"name\":\"Cambra de Comer\u00e7 de Barcelona\",\"description\":\"La Cambra de Tothom\",\"publisher\":{\"@id\":\"https:\\\/\\\/cambrabcn.org\\\/es\\\/#organization\"},\"alternateName\":\"Cambra Oficial de Comer\u00e7, Ind\u00fastria, Serveis i Navegaci\u00f3 de Barcelona\",\"potentialAction\":[{\"@type\":\"SearchAction\",\"target\":{\"@type\":\"EntryPoint\",\"urlTemplate\":\"https:\\\/\\\/cambrabcn.org\\\/es\\\/?s={search_term_string}\"},\"query-input\":{\"@type\":\"PropertyValueSpecification\",\"valueRequired\":true,\"valueName\":\"search_term_string\"}}],\"inLanguage\":\"es\"},{\"@type\":\"Organization\",\"@id\":\"https:\\\/\\\/cambrabcn.org\\\/es\\\/#organization\",\"name\":\"Cambra de Comer\u00e7 de Barcelona\",\"alternateName\":\"Cambra Oficial de Comer\u00e7, Ind\u00fastria, Serveis i Navegaci\u00f3 de Barcelona\",\"url\":\"https:\\\/\\\/cambrabcn.org\\\/es\\\/\",\"logo\":{\"@type\":\"ImageObject\",\"inLanguage\":\"es\",\"@id\":\"https:\\\/\\\/cambrabcn.org\\\/es\\\/#\\\/schema\\\/logo\\\/image\\\/\",\"url\":\"https:\\\/\\\/cambrabcn.org\\\/wp-content\\\/uploads\\\/2023\\\/11\\\/logo-cambra-300x77-1.png\",\"contentUrl\":\"https:\\\/\\\/cambrabcn.org\\\/wp-content\\\/uploads\\\/2023\\\/11\\\/logo-cambra-300x77-1.png\",\"width\":300,\"height\":77,\"caption\":\"Cambra de Comer\u00e7 de Barcelona\"},\"image\":{\"@id\":\"https:\\\/\\\/cambrabcn.org\\\/es\\\/#\\\/schema\\\/logo\\\/image\\\/\"},\"sameAs\":[\"https:\\\/\\\/x.com\\\/cambrabcn\",\"https:\\\/\\\/www.instagram.com\\\/cambrabcn\\\/\",\"https:\\\/\\\/www.linkedin.com\\\/school\\\/cambrabcn\",\"https:\\\/\\\/www.youtube.com\\\/user\\\/PressCambrabcn\",\"https:\\\/\\\/ca.wikipedia.org\\\/wiki\\\/Cambra_Oficial_de_Comer\u00e7,_Ind\u00fastria_i_Navegaci\u00f3_de_Barcelona\",\"http:\\\/\\\/viaf.org\\\/viaf\\\/124017095\"],\"description\":\"La Cambra Oficial de Comer\u00e7, Ind\u00fastria, Serveis i Navegaci\u00f3 de Barcelona \u00e9s una corporaci\u00f3 de dret p\u00fablic que presta serveis a les empreses, contribuint a la regeneraci\u00f3 del teixit econ\u00f2mic i la creaci\u00f3 d\u2019ocupaci\u00f3.\",\"email\":\"cambra@cambrabcn.cat\",\"telephone\":\"+34 93 416 93 00\",\"legalName\":\"La Cambra Oficial de Comer\u00e7, Ind\u00fastria, Serveis i Navegaci\u00f3 de Barcelona\",\"foundingDate\":\"1886-01-01\",\"vatID\":\"Q0873001B\",\"taxID\":\"Q0873001B\",\"naics\":\"813910\"}]}<\/script>\n<!-- \/ Yoast SEO Premium plugin. -->","yoast_head_json":{"title":"Cronuts Digital | Cambra de Comer\u00e7 de Barcelona","robots":{"index":"noindex","follow":"follow"},"og_locale":"es_ES","og_type":"article","og_title":"Cronuts Digital","og_description":"TIC","og_url":"https:\/\/cambrabcn.org\/es\/cronuts-digital-clubcambra\/","og_site_name":"Cambra de Comer\u00e7 de Barcelona","article_modified_time":"2024-04-25T08:02:07+00:00","og_image":[{"width":1004,"height":528,"url":"https:\/\/cambrabcn.org\/wp-content\/uploads\/2024\/04\/Captura-de-pantalla-2024-04-04-a-les-8.47.44.png","type":"image\/png"}],"twitter_card":"summary_large_image","twitter_site":"@cambrabcn","twitter_misc":{"Tiempo de lectura":"3 minutos"},"schema":{"@context":"https:\/\/schema.org","@graph":[{"@type":"WebPage","@id":"https:\/\/cambrabcn.org\/es\/cronuts-digital-clubcambra\/","url":"https:\/\/cambrabcn.org\/es\/cronuts-digital-clubcambra\/","name":"Cronuts Digital | Cambra de Comer\u00e7 de Barcelona","isPartOf":{"@id":"https:\/\/cambrabcn.org\/es\/#website"},"datePublished":"2023-10-01T10:00:00+00:00","dateModified":"2024-04-25T08:02:07+00:00","breadcrumb":{"@id":"https:\/\/cambrabcn.org\/es\/cronuts-digital-clubcambra\/#breadcrumb"},"inLanguage":"es","potentialAction":[{"@type":"ReadAction","target":["https:\/\/cambrabcn.org\/es\/cronuts-digital-clubcambra\/"]}]},{"@type":"BreadcrumbList","@id":"https:\/\/cambrabcn.org\/es\/cronuts-digital-clubcambra\/#breadcrumb","itemListElement":[{"@type":"ListItem","position":1,"name":"Home","item":"https:\/\/cambrabcn.org\/es\/"},{"@type":"ListItem","position":2,"name":"Socios","item":"https:\/\/cambrabcn.org\/es\/club-cambra-es\/nuestros-socios\/"},{"@type":"ListItem","position":3,"name":"Cronuts Digital"}]},{"@type":"WebSite","@id":"https:\/\/cambrabcn.org\/es\/#website","url":"https:\/\/cambrabcn.org\/es\/","name":"Cambra de Comer\u00e7 de Barcelona","description":"La Cambra de Tothom","publisher":{"@id":"https:\/\/cambrabcn.org\/es\/#organization"},"alternateName":"Cambra Oficial de Comer\u00e7, Ind\u00fastria, Serveis i Navegaci\u00f3 de Barcelona","potentialAction":[{"@type":"SearchAction","target":{"@type":"EntryPoint","urlTemplate":"https:\/\/cambrabcn.org\/es\/?s={search_term_string}"},"query-input":{"@type":"PropertyValueSpecification","valueRequired":true,"valueName":"search_term_string"}}],"inLanguage":"es"},{"@type":"Organization","@id":"https:\/\/cambrabcn.org\/es\/#organization","name":"Cambra de Comer\u00e7 de Barcelona","alternateName":"Cambra Oficial de Comer\u00e7, Ind\u00fastria, Serveis i Navegaci\u00f3 de Barcelona","url":"https:\/\/cambrabcn.org\/es\/","logo":{"@type":"ImageObject","inLanguage":"es","@id":"https:\/\/cambrabcn.org\/es\/#\/schema\/logo\/image\/","url":"https:\/\/cambrabcn.org\/wp-content\/uploads\/2023\/11\/logo-cambra-300x77-1.png","contentUrl":"https:\/\/cambrabcn.org\/wp-content\/uploads\/2023\/11\/logo-cambra-300x77-1.png","width":300,"height":77,"caption":"Cambra de Comer\u00e7 de Barcelona"},"image":{"@id":"https:\/\/cambrabcn.org\/es\/#\/schema\/logo\/image\/"},"sameAs":["https:\/\/x.com\/cambrabcn","https:\/\/www.instagram.com\/cambrabcn\/","https:\/\/www.linkedin.com\/school\/cambrabcn","https:\/\/www.youtube.com\/user\/PressCambrabcn","https:\/\/ca.wikipedia.org\/wiki\/Cambra_Oficial_de_Comer\u00e7,_Ind\u00fastria_i_Navegaci\u00f3_de_Barcelona","http:\/\/viaf.org\/viaf\/124017095"],"description":"La Cambra Oficial de Comer\u00e7, Ind\u00fastria, Serveis i Navegaci\u00f3 de Barcelona \u00e9s una corporaci\u00f3 de dret p\u00fablic que presta serveis a les empreses, contribuint a la regeneraci\u00f3 del teixit econ\u00f2mic i la creaci\u00f3 d\u2019ocupaci\u00f3.","email":"cambra@cambrabcn.cat","telephone":"+34 93 416 93 00","legalName":"La Cambra Oficial de Comer\u00e7, Ind\u00fastria, Serveis i Navegaci\u00f3 de Barcelona","foundingDate":"1886-01-01","vatID":"Q0873001B","taxID":"Q0873001B","naics":"813910"}]}},"_links":{"self":[{"href":"https:\/\/cambrabcn.org\/es\/wp-json\/wp\/v2\/member\/48367","targetHints":{"allow":["GET"]}}],"collection":[{"href":"https:\/\/cambrabcn.org\/es\/wp-json\/wp\/v2\/member"}],"about":[{"href":"https:\/\/cambrabcn.org\/es\/wp-json\/wp\/v2\/types\/member"}],"version-history":[{"count":3,"href":"https:\/\/cambrabcn.org\/es\/wp-json\/wp\/v2\/member\/48367\/revisions"}],"predecessor-version":[{"id":49211,"href":"https:\/\/cambrabcn.org\/es\/wp-json\/wp\/v2\/member\/48367\/revisions\/49211"}],"wp:attachment":[{"href":"https:\/\/cambrabcn.org\/es\/wp-json\/wp\/v2\/media?parent=48367"}],"wp:term":[{"taxonomy":"member-category","embeddable":true,"href":"https:\/\/cambrabcn.org\/es\/wp-json\/wp\/v2\/member-category?post=48367"},{"taxonomy":"territorial-chamber","embeddable":true,"href":"https:\/\/cambrabcn.org\/es\/wp-json\/wp\/v2\/territorial-chamber?post=48367"},{"taxonomy":"services-for","embeddable":true,"href":"https:\/\/cambrabcn.org\/es\/wp-json\/wp\/v2\/services-for?post=48367"},{"taxonomy":"solutions-for","embeddable":true,"href":"https:\/\/cambrabcn.org\/es\/wp-json\/wp\/v2\/solutions-for?post=48367"},{"taxonomy":"location","embeddable":true,"href":"https:\/\/cambrabcn.org\/es\/wp-json\/wp\/v2\/location?post=48367"}],"curies":[{"name":"wp","href":"https:\/\/api.w.org\/{rel}","templated":true}]}}