{"id":125303,"date":"2026-04-17T14:12:37","date_gmt":"2026-04-17T12:12:37","guid":{"rendered":"https:\/\/cambrabcn.org\/?post_type=event&#038;p=125303"},"modified":"2026-04-17T15:22:03","modified_gmt":"2026-04-17T13:22:03","slug":"grans-tenidors-i-lloguer-de-lhabitatge-ubicacio-espai-online-20260515-093000","status":"publish","type":"event","link":"https:\/\/cambrabcn.org\/es\/grans-tenidors-i-lloguer-de-lhabitatge-ubicacio-espai-online-20260515-093000\/","title":{"rendered":"Grandes tenedores y alquiler de la vivienda"},"content":{"rendered":"","protected":false},"excerpt":{"rendered":"<p>La Llei pel dret a l&#8217;habitatge, amb m\u00e9s de dos anys de vig\u00e8ncia, ha suposat un punt d&#8217;inflexi\u00f3 en el mercat immobiliari. En aquest context, es fa imprescindible analitzar-ne els efectes reals i entendre la incid\u00e8ncia de les \u00faltimes reformes legislatives que impacten directament en el lloguer d&#8217;habitatges. <\/p>\n<p>Aquest webinar t\u00e9 com a objectiu oferir una visi\u00f3 pr\u00e0ctica i actualitzada del marc normatiu dels arrendaments urbans, amb especial atenci\u00f3 al r\u00e8gim aplicable als grans tenidors. <\/p>\n<p>Durant la sessi\u00f3, es clarificar\u00e0 l&#8217;abast real de les reformes, aix\u00ed com el seu impacte en aspectes clau com la contractaci\u00f3 del lloguer, la fixaci\u00f3 de la renda, les pr\u00f2rrogues i els procediments de desnonament. Tot plegat, amb l&#8217;objectiu d&#8217;aportar criteris jur\u00eddics \u00fatils que permetin minimitzar riscos i prendre decisions amb la m\u00e0xima seguretat jur\u00eddica.<\/p>\n","protected":false},"author":4,"featured_media":125298,"parent":0,"template":"","event-type":[926],"event-category":[],"territorial-chamber":[277],"services-for":[],"solutions-for":[446],"location":[350],"class_list":["post-125303","event","type-event","status-publish","has-post-thumbnail","hentry","event-type-eventos-webinar","territorial-chamber-barcelona-es","solutions-for-apoyo-empresarial"],"pp_statuses_selecting_workflow":false,"pp_workflow_action":"current","pp_status_selection":"publish","acf":[],"yoast_head":"<!-- This site is optimized with the Yoast SEO Premium plugin v27.1 (Yoast SEO v27.4) - https:\/\/yoast.com\/product\/yoast-seo-premium-wordpress\/ -->\n<title>Grandes tenedores y alquiler de la vivienda | Cambra de Comer\u00e7 de Barcelona<\/title>\n<meta name=\"description\" content=\"Una visi\u00f3n actualizada del marco normativo de los arrendamientos urbanos, con atenci\u00f3n al r\u00e9gimen aplicable a los grandes tenedores.\" \/>\n<meta name=\"robots\" content=\"index, follow, max-snippet:-1, max-image-preview:large, max-video-preview:-1\" \/>\n<link rel=\"canonical\" href=\"https:\/\/cambrabcn.org\/es\/grans-tenidors-i-lloguer-de-lhabitatge-ubicacio-espai-online-20260515-093000\/\" \/>\n<meta property=\"og:locale\" content=\"es_ES\" \/>\n<meta property=\"og:type\" content=\"article\" \/>\n<meta property=\"og:title\" content=\"Grandes tenedores y alquiler de la vivienda\" \/>\n<meta property=\"og:description\" content=\"Una visi\u00f3n actualizada del marco normativo de los arrendamientos urbanos, con atenci\u00f3n al r\u00e9gimen aplicable a los grandes tenedores.\" \/>\n<meta property=\"og:url\" content=\"https:\/\/cambrabcn.org\/es\/grans-tenidors-i-lloguer-de-lhabitatge-ubicacio-espai-online-20260515-093000\/\" \/>\n<meta property=\"og:site_name\" content=\"Cambra de Comer\u00e7 de Barcelona\" \/>\n<meta property=\"article:modified_time\" content=\"2026-04-17T13:22:03+00:00\" \/>\n<meta property=\"og:image\" content=\"https:\/\/cambrabcn.org\/wp-content\/uploads\/2026\/04\/Grans_tenidors_1200x273.jpg\" \/>\n\t<meta property=\"og:image:width\" content=\"1200\" \/>\n\t<meta property=\"og:image:height\" content=\"273\" \/>\n\t<meta property=\"og:image:type\" content=\"image\/jpeg\" \/>\n<meta name=\"twitter:card\" content=\"summary_large_image\" \/>\n<meta name=\"twitter:site\" content=\"@cambrabcn\" \/>\n<meta name=\"twitter:label1\" content=\"Tiempo de lectura\" \/>\n\t<meta name=\"twitter:data1\" content=\"3 minutos\" \/>\n<script type=\"application\/ld+json\" class=\"yoast-schema-graph\">{\"@context\":\"https:\\\/\\\/schema.org\",\"@graph\":[{\"@type\":\"WebPage\",\"@id\":\"https:\\\/\\\/cambrabcn.org\\\/es\\\/grans-tenidors-i-lloguer-de-lhabitatge-ubicacio-espai-online-20260515-093000\\\/\",\"url\":\"https:\\\/\\\/cambrabcn.org\\\/es\\\/grans-tenidors-i-lloguer-de-lhabitatge-ubicacio-espai-online-20260515-093000\\\/\",\"name\":\"Grandes tenedores y alquiler de la vivienda | Cambra de Comer\u00e7 de Barcelona\",\"isPartOf\":{\"@id\":\"https:\\\/\\\/cambrabcn.org\\\/es\\\/#website\"},\"primaryImageOfPage\":{\"@id\":\"https:\\\/\\\/cambrabcn.org\\\/es\\\/grans-tenidors-i-lloguer-de-lhabitatge-ubicacio-espai-online-20260515-093000\\\/#primaryimage\"},\"image\":{\"@id\":\"https:\\\/\\\/cambrabcn.org\\\/es\\\/grans-tenidors-i-lloguer-de-lhabitatge-ubicacio-espai-online-20260515-093000\\\/#primaryimage\"},\"thumbnailUrl\":\"https:\\\/\\\/cambrabcn.org\\\/wp-content\\\/uploads\\\/2026\\\/04\\\/Grans_tenidors_1200x273.jpg\",\"datePublished\":\"2026-04-17T12:12:37+00:00\",\"dateModified\":\"2026-04-17T13:22:03+00:00\",\"description\":\"Una visi\u00f3n actualizada del marco normativo de los arrendamientos urbanos, con atenci\u00f3n al r\u00e9gimen aplicable a los grandes tenedores.\",\"breadcrumb\":{\"@id\":\"https:\\\/\\\/cambrabcn.org\\\/es\\\/grans-tenidors-i-lloguer-de-lhabitatge-ubicacio-espai-online-20260515-093000\\\/#breadcrumb\"},\"inLanguage\":\"es\",\"potentialAction\":[{\"@type\":\"ReadAction\",\"target\":[\"https:\\\/\\\/cambrabcn.org\\\/es\\\/grans-tenidors-i-lloguer-de-lhabitatge-ubicacio-espai-online-20260515-093000\\\/\"]}]},{\"@type\":\"ImageObject\",\"inLanguage\":\"es\",\"@id\":\"https:\\\/\\\/cambrabcn.org\\\/es\\\/grans-tenidors-i-lloguer-de-lhabitatge-ubicacio-espai-online-20260515-093000\\\/#primaryimage\",\"url\":\"https:\\\/\\\/cambrabcn.org\\\/wp-content\\\/uploads\\\/2026\\\/04\\\/Grans_tenidors_1200x273.jpg\",\"contentUrl\":\"https:\\\/\\\/cambrabcn.org\\\/wp-content\\\/uploads\\\/2026\\\/04\\\/Grans_tenidors_1200x273.jpg\",\"width\":1200,\"height\":273},{\"@type\":\"BreadcrumbList\",\"@id\":\"https:\\\/\\\/cambrabcn.org\\\/es\\\/grans-tenidors-i-lloguer-de-lhabitatge-ubicacio-espai-online-20260515-093000\\\/#breadcrumb\",\"itemListElement\":[{\"@type\":\"ListItem\",\"position\":1,\"name\":\"Home\",\"item\":\"https:\\\/\\\/cambrabcn.org\\\/es\\\/\"},{\"@type\":\"ListItem\",\"position\":2,\"name\":\"Eventos\",\"item\":\"https:\\\/\\\/cambrabcn.org\\\/es\\\/eventos\\\/\"},{\"@type\":\"ListItem\",\"position\":3,\"name\":\"Grandes tenedores y alquiler de la vivienda\"}]},{\"@type\":\"WebSite\",\"@id\":\"https:\\\/\\\/cambrabcn.org\\\/es\\\/#website\",\"url\":\"https:\\\/\\\/cambrabcn.org\\\/es\\\/\",\"name\":\"Cambra de Comer\u00e7 de Barcelona\",\"description\":\"La Cambra de Tothom\",\"publisher\":{\"@id\":\"https:\\\/\\\/cambrabcn.org\\\/es\\\/#organization\"},\"alternateName\":\"Cambra Oficial de Comer\u00e7, Ind\u00fastria, Serveis i Navegaci\u00f3 de Barcelona\",\"potentialAction\":[{\"@type\":\"SearchAction\",\"target\":{\"@type\":\"EntryPoint\",\"urlTemplate\":\"https:\\\/\\\/cambrabcn.org\\\/es\\\/?s={search_term_string}\"},\"query-input\":{\"@type\":\"PropertyValueSpecification\",\"valueRequired\":true,\"valueName\":\"search_term_string\"}}],\"inLanguage\":\"es\"},{\"@type\":\"Organization\",\"@id\":\"https:\\\/\\\/cambrabcn.org\\\/es\\\/#organization\",\"name\":\"Cambra de Comer\u00e7 de Barcelona\",\"alternateName\":\"Cambra Oficial de Comer\u00e7, Ind\u00fastria, Serveis i Navegaci\u00f3 de Barcelona\",\"url\":\"https:\\\/\\\/cambrabcn.org\\\/es\\\/\",\"logo\":{\"@type\":\"ImageObject\",\"inLanguage\":\"es\",\"@id\":\"https:\\\/\\\/cambrabcn.org\\\/es\\\/#\\\/schema\\\/logo\\\/image\\\/\",\"url\":\"https:\\\/\\\/cambrabcn.org\\\/wp-content\\\/uploads\\\/2023\\\/11\\\/logo-cambra-300x77-1.png\",\"contentUrl\":\"https:\\\/\\\/cambrabcn.org\\\/wp-content\\\/uploads\\\/2023\\\/11\\\/logo-cambra-300x77-1.png\",\"width\":300,\"height\":77,\"caption\":\"Cambra de Comer\u00e7 de Barcelona\"},\"image\":{\"@id\":\"https:\\\/\\\/cambrabcn.org\\\/es\\\/#\\\/schema\\\/logo\\\/image\\\/\"},\"sameAs\":[\"https:\\\/\\\/x.com\\\/cambrabcn\",\"https:\\\/\\\/www.instagram.com\\\/cambrabcn\\\/\",\"https:\\\/\\\/www.linkedin.com\\\/school\\\/cambrabcn\",\"https:\\\/\\\/www.youtube.com\\\/user\\\/PressCambrabcn\",\"https:\\\/\\\/ca.wikipedia.org\\\/wiki\\\/Cambra_Oficial_de_Comer\u00e7,_Ind\u00fastria_i_Navegaci\u00f3_de_Barcelona\",\"http:\\\/\\\/viaf.org\\\/viaf\\\/124017095\"],\"description\":\"La Cambra Oficial de Comer\u00e7, Ind\u00fastria, Serveis i Navegaci\u00f3 de Barcelona \u00e9s una corporaci\u00f3 de dret p\u00fablic que presta serveis a les empreses, contribuint a la regeneraci\u00f3 del teixit econ\u00f2mic i la creaci\u00f3 d\u2019ocupaci\u00f3.\",\"email\":\"cambra@cambrabcn.cat\",\"telephone\":\"+34 93 416 93 00\",\"legalName\":\"La Cambra Oficial de Comer\u00e7, Ind\u00fastria, Serveis i Navegaci\u00f3 de Barcelona\",\"foundingDate\":\"1886-01-01\",\"vatID\":\"Q0873001B\",\"taxID\":\"Q0873001B\",\"naics\":\"813910\"}]}<\/script>\n<!-- \/ Yoast SEO Premium plugin. -->","yoast_head_json":{"title":"Grandes tenedores y alquiler de la vivienda | Cambra de Comer\u00e7 de Barcelona","description":"Una visi\u00f3n actualizada del marco normativo de los arrendamientos urbanos, con atenci\u00f3n al r\u00e9gimen aplicable a los grandes tenedores.","robots":{"index":"index","follow":"follow","max-snippet":"max-snippet:-1","max-image-preview":"max-image-preview:large","max-video-preview":"max-video-preview:-1"},"canonical":"https:\/\/cambrabcn.org\/es\/grans-tenidors-i-lloguer-de-lhabitatge-ubicacio-espai-online-20260515-093000\/","og_locale":"es_ES","og_type":"article","og_title":"Grandes tenedores y alquiler de la vivienda","og_description":"Una visi\u00f3n actualizada del marco normativo de los arrendamientos urbanos, con atenci\u00f3n al r\u00e9gimen aplicable a los grandes tenedores.","og_url":"https:\/\/cambrabcn.org\/es\/grans-tenidors-i-lloguer-de-lhabitatge-ubicacio-espai-online-20260515-093000\/","og_site_name":"Cambra de Comer\u00e7 de Barcelona","article_modified_time":"2026-04-17T13:22:03+00:00","og_image":[{"width":1200,"height":273,"url":"https:\/\/cambrabcn.org\/wp-content\/uploads\/2026\/04\/Grans_tenidors_1200x273.jpg","type":"image\/jpeg"}],"twitter_card":"summary_large_image","twitter_site":"@cambrabcn","twitter_misc":{"Tiempo de lectura":"3 minutos"},"schema":{"@context":"https:\/\/schema.org","@graph":[{"@type":"WebPage","@id":"https:\/\/cambrabcn.org\/es\/grans-tenidors-i-lloguer-de-lhabitatge-ubicacio-espai-online-20260515-093000\/","url":"https:\/\/cambrabcn.org\/es\/grans-tenidors-i-lloguer-de-lhabitatge-ubicacio-espai-online-20260515-093000\/","name":"Grandes tenedores y alquiler de la vivienda | Cambra de Comer\u00e7 de Barcelona","isPartOf":{"@id":"https:\/\/cambrabcn.org\/es\/#website"},"primaryImageOfPage":{"@id":"https:\/\/cambrabcn.org\/es\/grans-tenidors-i-lloguer-de-lhabitatge-ubicacio-espai-online-20260515-093000\/#primaryimage"},"image":{"@id":"https:\/\/cambrabcn.org\/es\/grans-tenidors-i-lloguer-de-lhabitatge-ubicacio-espai-online-20260515-093000\/#primaryimage"},"thumbnailUrl":"https:\/\/cambrabcn.org\/wp-content\/uploads\/2026\/04\/Grans_tenidors_1200x273.jpg","datePublished":"2026-04-17T12:12:37+00:00","dateModified":"2026-04-17T13:22:03+00:00","description":"Una visi\u00f3n actualizada del marco normativo de los arrendamientos urbanos, con atenci\u00f3n al r\u00e9gimen aplicable a los grandes tenedores.","breadcrumb":{"@id":"https:\/\/cambrabcn.org\/es\/grans-tenidors-i-lloguer-de-lhabitatge-ubicacio-espai-online-20260515-093000\/#breadcrumb"},"inLanguage":"es","potentialAction":[{"@type":"ReadAction","target":["https:\/\/cambrabcn.org\/es\/grans-tenidors-i-lloguer-de-lhabitatge-ubicacio-espai-online-20260515-093000\/"]}]},{"@type":"ImageObject","inLanguage":"es","@id":"https:\/\/cambrabcn.org\/es\/grans-tenidors-i-lloguer-de-lhabitatge-ubicacio-espai-online-20260515-093000\/#primaryimage","url":"https:\/\/cambrabcn.org\/wp-content\/uploads\/2026\/04\/Grans_tenidors_1200x273.jpg","contentUrl":"https:\/\/cambrabcn.org\/wp-content\/uploads\/2026\/04\/Grans_tenidors_1200x273.jpg","width":1200,"height":273},{"@type":"BreadcrumbList","@id":"https:\/\/cambrabcn.org\/es\/grans-tenidors-i-lloguer-de-lhabitatge-ubicacio-espai-online-20260515-093000\/#breadcrumb","itemListElement":[{"@type":"ListItem","position":1,"name":"Home","item":"https:\/\/cambrabcn.org\/es\/"},{"@type":"ListItem","position":2,"name":"Eventos","item":"https:\/\/cambrabcn.org\/es\/eventos\/"},{"@type":"ListItem","position":3,"name":"Grandes tenedores y alquiler de la vivienda"}]},{"@type":"WebSite","@id":"https:\/\/cambrabcn.org\/es\/#website","url":"https:\/\/cambrabcn.org\/es\/","name":"Cambra de Comer\u00e7 de Barcelona","description":"La Cambra de Tothom","publisher":{"@id":"https:\/\/cambrabcn.org\/es\/#organization"},"alternateName":"Cambra Oficial de Comer\u00e7, Ind\u00fastria, Serveis i Navegaci\u00f3 de Barcelona","potentialAction":[{"@type":"SearchAction","target":{"@type":"EntryPoint","urlTemplate":"https:\/\/cambrabcn.org\/es\/?s={search_term_string}"},"query-input":{"@type":"PropertyValueSpecification","valueRequired":true,"valueName":"search_term_string"}}],"inLanguage":"es"},{"@type":"Organization","@id":"https:\/\/cambrabcn.org\/es\/#organization","name":"Cambra de Comer\u00e7 de Barcelona","alternateName":"Cambra Oficial de Comer\u00e7, Ind\u00fastria, Serveis i Navegaci\u00f3 de Barcelona","url":"https:\/\/cambrabcn.org\/es\/","logo":{"@type":"ImageObject","inLanguage":"es","@id":"https:\/\/cambrabcn.org\/es\/#\/schema\/logo\/image\/","url":"https:\/\/cambrabcn.org\/wp-content\/uploads\/2023\/11\/logo-cambra-300x77-1.png","contentUrl":"https:\/\/cambrabcn.org\/wp-content\/uploads\/2023\/11\/logo-cambra-300x77-1.png","width":300,"height":77,"caption":"Cambra de Comer\u00e7 de Barcelona"},"image":{"@id":"https:\/\/cambrabcn.org\/es\/#\/schema\/logo\/image\/"},"sameAs":["https:\/\/x.com\/cambrabcn","https:\/\/www.instagram.com\/cambrabcn\/","https:\/\/www.linkedin.com\/school\/cambrabcn","https:\/\/www.youtube.com\/user\/PressCambrabcn","https:\/\/ca.wikipedia.org\/wiki\/Cambra_Oficial_de_Comer\u00e7,_Ind\u00fastria_i_Navegaci\u00f3_de_Barcelona","http:\/\/viaf.org\/viaf\/124017095"],"description":"La Cambra Oficial de Comer\u00e7, Ind\u00fastria, Serveis i Navegaci\u00f3 de Barcelona \u00e9s una corporaci\u00f3 de dret p\u00fablic que presta serveis a les empreses, contribuint a la regeneraci\u00f3 del teixit econ\u00f2mic i la creaci\u00f3 d\u2019ocupaci\u00f3.","email":"cambra@cambrabcn.cat","telephone":"+34 93 416 93 00","legalName":"La Cambra Oficial de Comer\u00e7, Ind\u00fastria, Serveis i Navegaci\u00f3 de Barcelona","foundingDate":"1886-01-01","vatID":"Q0873001B","taxID":"Q0873001B","naics":"813910"}]}},"_links":{"self":[{"href":"https:\/\/cambrabcn.org\/es\/wp-json\/wp\/v2\/event\/125303","targetHints":{"allow":["GET"]}}],"collection":[{"href":"https:\/\/cambrabcn.org\/es\/wp-json\/wp\/v2\/event"}],"about":[{"href":"https:\/\/cambrabcn.org\/es\/wp-json\/wp\/v2\/types\/event"}],"author":[{"embeddable":true,"href":"https:\/\/cambrabcn.org\/es\/wp-json\/wp\/v2\/users\/4"}],"version-history":[{"count":1,"href":"https:\/\/cambrabcn.org\/es\/wp-json\/wp\/v2\/event\/125303\/revisions"}],"predecessor-version":[{"id":125315,"href":"https:\/\/cambrabcn.org\/es\/wp-json\/wp\/v2\/event\/125303\/revisions\/125315"}],"wp:featuredmedia":[{"embeddable":true,"href":"https:\/\/cambrabcn.org\/es\/wp-json\/wp\/v2\/media\/125298"}],"wp:attachment":[{"href":"https:\/\/cambrabcn.org\/es\/wp-json\/wp\/v2\/media?parent=125303"}],"wp:term":[{"taxonomy":"event-type","embeddable":true,"href":"https:\/\/cambrabcn.org\/es\/wp-json\/wp\/v2\/event-type?post=125303"},{"taxonomy":"event-category","embeddable":true,"href":"https:\/\/cambrabcn.org\/es\/wp-json\/wp\/v2\/event-category?post=125303"},{"taxonomy":"territorial-chamber","embeddable":true,"href":"https:\/\/cambrabcn.org\/es\/wp-json\/wp\/v2\/territorial-chamber?post=125303"},{"taxonomy":"services-for","embeddable":true,"href":"https:\/\/cambrabcn.org\/es\/wp-json\/wp\/v2\/services-for?post=125303"},{"taxonomy":"solutions-for","embeddable":true,"href":"https:\/\/cambrabcn.org\/es\/wp-json\/wp\/v2\/solutions-for?post=125303"},{"taxonomy":"location","embeddable":true,"href":"https:\/\/cambrabcn.org\/es\/wp-json\/wp\/v2\/location?post=125303"}],"curies":[{"name":"wp","href":"https:\/\/api.w.org\/{rel}","templated":true}]}}