{"id":117571,"date":"2026-01-29T17:09:02","date_gmt":"2026-01-29T15:09:02","guid":{"rendered":"https:\/\/cambrabcn.org\/?post_type=event&#038;p=117571"},"modified":"2026-01-29T17:14:22","modified_gmt":"2026-01-29T15:14:22","slug":"xarxaddictes-2026-celebrem-la-forca-i-el-valor-de-la-xarxa-ubicacio-barcelona-20260129-080000","status":"publish","type":"event","link":"https:\/\/cambrabcn.org\/es\/xarxaddictes-2026-celebrem-la-forca-i-el-valor-de-la-xarxa-ubicacio-barcelona-20260129-080000\/","title":{"rendered":"XarxAddictes 2026: celebrem la for\u00e7a i el valor de la xarxa"},"content":{"rendered":"","protected":false},"excerpt":{"rendered":"<p>L&#8217;esdeveniment XarxAddictes \u00e9s el punt de trobada anual dels membres de la Xarxa de Negocis Cambra, un espai pensat per posar en valor la for\u00e7a de la comunitat, compartir resultats i refor\u00e7ar els vincles professionals que s&#8217;han generat al llarg de l&#8217;any. <\/p>\n<p>Aquesta edici\u00f3 comptar\u00e0 amb la participaci\u00f3 d&#8217;Ada Parellada, restauradora i propiet\u00e0ria de Semproniana, com a ponent convidada. Compartir\u00e0 els principals reptes i obstacles de la seva traject\u00f2ria professional, aix\u00ed com les lli\u00e7ons apreses que l&#8217;han portada fins on \u00e9s avui. <\/p>\n<p>Durant la jornada es donar\u00e0 a con\u00e8ixer la iniciativa de la xarxa, tant pel que fa al nombre de membres i grups actius com pel volum de negoci generat entre empreses participants gr\u00e0cies a la plataforma. Tamb\u00e9 es presentaran les dades anuals del 2025, fent balan\u00e7 de l&#8217;evoluci\u00f3 del projecte. <\/p>\n<p>L&#8217;acte permetr\u00e0 visibilitzar projectes transversals i iniciatives de col\u00b7laboraci\u00f3 sorgides entre els membres, exemples reals de com el networking es transforma en oportunitats, aliances i creixement empresarial compartit. <\/p>\n<p>Com a cloenda, es lliuraran els Premis XarxAddictes, un reconeixement a aquells membres que han tingut un paper especialment actiu i determinant dins la Xarxa al llarg de l&#8217;any.<\/p>\n","protected":false},"author":4,"featured_media":114563,"parent":0,"template":"","event-type":[],"event-category":[],"territorial-chamber":[277],"services-for":[],"solutions-for":[],"location":[353],"class_list":["post-117571","event","type-event","status-publish","has-post-thumbnail","hentry","territorial-chamber-barcelona-es"],"pp_statuses_selecting_workflow":false,"pp_workflow_action":"current","pp_status_selection":"publish","acf":[],"yoast_head":"<!-- This site is optimized with the Yoast SEO Premium plugin v27.1 (Yoast SEO v27.4) - https:\/\/yoast.com\/product\/yoast-seo-premium-wordpress\/ -->\n<title>XarxAddictes 2026: celebrem la for\u00e7a i el valor de la xarxa | Cambra de Comer\u00e7 de Barcelona<\/title>\n<meta name=\"robots\" content=\"index, follow, max-snippet:-1, max-image-preview:large, max-video-preview:-1\" \/>\n<link rel=\"canonical\" href=\"https:\/\/cambrabcn.org\/es\/xarxaddictes-2026-celebrem-la-forca-i-el-valor-de-la-xarxa-ubicacio-barcelona-20260129-080000\/\" \/>\n<meta property=\"og:locale\" content=\"es_ES\" \/>\n<meta property=\"og:type\" content=\"article\" \/>\n<meta property=\"og:title\" content=\"XarxAddictes 2026: celebrem la for\u00e7a i el valor de la xarxa\" \/>\n<meta property=\"og:description\" content=\"L&#039;esdeveniment XarxAddictes \u00e9s el punt de trobada anual dels membres de la Xarxa de Negocis Cambra, un espai pensat per posar en valor la for\u00e7a de la comunitat, compartir resultats i refor\u00e7ar els vincles professionals que s&#039;han generat al llarg de l&#039;any.  Aquesta edici\u00f3 comptar\u00e0 amb la participaci\u00f3 d&#039;Ada Parellada, restauradora i propiet\u00e0ria de Semproniana, com a ponent convidada. Compartir\u00e0 els principals reptes i obstacles de la seva traject\u00f2ria professional, aix\u00ed com les lli\u00e7ons apreses que l&#039;han portada fins on \u00e9s avui.  Durant la jornada es donar\u00e0 a con\u00e8ixer la iniciativa de la xarxa, tant pel que fa al nombre de membres i grups actius com pel volum de negoci generat entre empreses participants gr\u00e0cies a la plataforma. Tamb\u00e9 es presentaran les dades anuals del 2025, fent balan\u00e7 de l&#039;evoluci\u00f3 del projecte.  L&#039;acte permetr\u00e0 visibilitzar projectes transversals i iniciatives de col\u00b7laboraci\u00f3 sorgides entre els membres, exemples reals de com el networking es transforma en oportunitats, aliances i creixement empresarial compartit.  Com a cloenda, es lliuraran els Premis XarxAddictes, un reconeixement a aquells membres que han tingut un paper especialment actiu i determinant dins la Xarxa al llarg de l&#039;any.\" \/>\n<meta property=\"og:url\" content=\"https:\/\/cambrabcn.org\/es\/xarxaddictes-2026-celebrem-la-forca-i-el-valor-de-la-xarxa-ubicacio-barcelona-20260129-080000\/\" \/>\n<meta property=\"og:site_name\" content=\"Cambra de Comer\u00e7 de Barcelona\" \/>\n<meta property=\"article:modified_time\" content=\"2026-01-29T15:14:22+00:00\" \/>\n<meta property=\"og:image\" content=\"https:\/\/cambrabcn.org\/wp-content\/uploads\/2026\/01\/XarxAddictes_1200x273.png\" \/>\n\t<meta property=\"og:image:width\" content=\"1200\" \/>\n\t<meta property=\"og:image:height\" content=\"273\" \/>\n\t<meta property=\"og:image:type\" content=\"image\/png\" \/>\n<meta name=\"twitter:card\" content=\"summary_large_image\" \/>\n<meta name=\"twitter:site\" content=\"@cambrabcn\" \/>\n<meta name=\"twitter:label1\" content=\"Tiempo de lectura\" \/>\n\t<meta name=\"twitter:data1\" content=\"3 minutos\" \/>\n<script type=\"application\/ld+json\" class=\"yoast-schema-graph\">{\"@context\":\"https:\\\/\\\/schema.org\",\"@graph\":[{\"@type\":\"WebPage\",\"@id\":\"https:\\\/\\\/cambrabcn.org\\\/es\\\/xarxaddictes-2026-celebrem-la-forca-i-el-valor-de-la-xarxa-ubicacio-barcelona-20260129-080000\\\/\",\"url\":\"https:\\\/\\\/cambrabcn.org\\\/es\\\/xarxaddictes-2026-celebrem-la-forca-i-el-valor-de-la-xarxa-ubicacio-barcelona-20260129-080000\\\/\",\"name\":\"XarxAddictes 2026: celebrem la for\u00e7a i el valor de la xarxa | Cambra de Comer\u00e7 de Barcelona\",\"isPartOf\":{\"@id\":\"https:\\\/\\\/cambrabcn.org\\\/es\\\/#website\"},\"primaryImageOfPage\":{\"@id\":\"https:\\\/\\\/cambrabcn.org\\\/es\\\/xarxaddictes-2026-celebrem-la-forca-i-el-valor-de-la-xarxa-ubicacio-barcelona-20260129-080000\\\/#primaryimage\"},\"image\":{\"@id\":\"https:\\\/\\\/cambrabcn.org\\\/es\\\/xarxaddictes-2026-celebrem-la-forca-i-el-valor-de-la-xarxa-ubicacio-barcelona-20260129-080000\\\/#primaryimage\"},\"thumbnailUrl\":\"https:\\\/\\\/cambrabcn.org\\\/wp-content\\\/uploads\\\/2026\\\/01\\\/XarxAddictes_1200x273.png\",\"datePublished\":\"2026-01-29T15:09:02+00:00\",\"dateModified\":\"2026-01-29T15:14:22+00:00\",\"breadcrumb\":{\"@id\":\"https:\\\/\\\/cambrabcn.org\\\/es\\\/xarxaddictes-2026-celebrem-la-forca-i-el-valor-de-la-xarxa-ubicacio-barcelona-20260129-080000\\\/#breadcrumb\"},\"inLanguage\":\"es\",\"potentialAction\":[{\"@type\":\"ReadAction\",\"target\":[\"https:\\\/\\\/cambrabcn.org\\\/es\\\/xarxaddictes-2026-celebrem-la-forca-i-el-valor-de-la-xarxa-ubicacio-barcelona-20260129-080000\\\/\"]}]},{\"@type\":\"ImageObject\",\"inLanguage\":\"es\",\"@id\":\"https:\\\/\\\/cambrabcn.org\\\/es\\\/xarxaddictes-2026-celebrem-la-forca-i-el-valor-de-la-xarxa-ubicacio-barcelona-20260129-080000\\\/#primaryimage\",\"url\":\"https:\\\/\\\/cambrabcn.org\\\/wp-content\\\/uploads\\\/2026\\\/01\\\/XarxAddictes_1200x273.png\",\"contentUrl\":\"https:\\\/\\\/cambrabcn.org\\\/wp-content\\\/uploads\\\/2026\\\/01\\\/XarxAddictes_1200x273.png\",\"width\":1200,\"height\":273},{\"@type\":\"BreadcrumbList\",\"@id\":\"https:\\\/\\\/cambrabcn.org\\\/es\\\/xarxaddictes-2026-celebrem-la-forca-i-el-valor-de-la-xarxa-ubicacio-barcelona-20260129-080000\\\/#breadcrumb\",\"itemListElement\":[{\"@type\":\"ListItem\",\"position\":1,\"name\":\"Home\",\"item\":\"https:\\\/\\\/cambrabcn.org\\\/es\\\/\"},{\"@type\":\"ListItem\",\"position\":2,\"name\":\"Eventos\",\"item\":\"https:\\\/\\\/cambrabcn.org\\\/es\\\/eventos\\\/\"},{\"@type\":\"ListItem\",\"position\":3,\"name\":\"XarxAddictes 2026: celebrem la for\u00e7a i el valor de la xarxa\"}]},{\"@type\":\"WebSite\",\"@id\":\"https:\\\/\\\/cambrabcn.org\\\/es\\\/#website\",\"url\":\"https:\\\/\\\/cambrabcn.org\\\/es\\\/\",\"name\":\"Cambra de Comer\u00e7 de Barcelona\",\"description\":\"La Cambra de Tothom\",\"publisher\":{\"@id\":\"https:\\\/\\\/cambrabcn.org\\\/es\\\/#organization\"},\"alternateName\":\"Cambra Oficial de Comer\u00e7, Ind\u00fastria, Serveis i Navegaci\u00f3 de Barcelona\",\"potentialAction\":[{\"@type\":\"SearchAction\",\"target\":{\"@type\":\"EntryPoint\",\"urlTemplate\":\"https:\\\/\\\/cambrabcn.org\\\/es\\\/?s={search_term_string}\"},\"query-input\":{\"@type\":\"PropertyValueSpecification\",\"valueRequired\":true,\"valueName\":\"search_term_string\"}}],\"inLanguage\":\"es\"},{\"@type\":\"Organization\",\"@id\":\"https:\\\/\\\/cambrabcn.org\\\/es\\\/#organization\",\"name\":\"Cambra de Comer\u00e7 de Barcelona\",\"alternateName\":\"Cambra Oficial de Comer\u00e7, Ind\u00fastria, Serveis i Navegaci\u00f3 de Barcelona\",\"url\":\"https:\\\/\\\/cambrabcn.org\\\/es\\\/\",\"logo\":{\"@type\":\"ImageObject\",\"inLanguage\":\"es\",\"@id\":\"https:\\\/\\\/cambrabcn.org\\\/es\\\/#\\\/schema\\\/logo\\\/image\\\/\",\"url\":\"https:\\\/\\\/cambrabcn.org\\\/wp-content\\\/uploads\\\/2023\\\/11\\\/logo-cambra-300x77-1.png\",\"contentUrl\":\"https:\\\/\\\/cambrabcn.org\\\/wp-content\\\/uploads\\\/2023\\\/11\\\/logo-cambra-300x77-1.png\",\"width\":300,\"height\":77,\"caption\":\"Cambra de Comer\u00e7 de Barcelona\"},\"image\":{\"@id\":\"https:\\\/\\\/cambrabcn.org\\\/es\\\/#\\\/schema\\\/logo\\\/image\\\/\"},\"sameAs\":[\"https:\\\/\\\/x.com\\\/cambrabcn\",\"https:\\\/\\\/www.instagram.com\\\/cambrabcn\\\/\",\"https:\\\/\\\/www.linkedin.com\\\/school\\\/cambrabcn\",\"https:\\\/\\\/www.youtube.com\\\/user\\\/PressCambrabcn\",\"https:\\\/\\\/ca.wikipedia.org\\\/wiki\\\/Cambra_Oficial_de_Comer\u00e7,_Ind\u00fastria_i_Navegaci\u00f3_de_Barcelona\",\"http:\\\/\\\/viaf.org\\\/viaf\\\/124017095\"],\"description\":\"La Cambra Oficial de Comer\u00e7, Ind\u00fastria, Serveis i Navegaci\u00f3 de Barcelona \u00e9s una corporaci\u00f3 de dret p\u00fablic que presta serveis a les empreses, contribuint a la regeneraci\u00f3 del teixit econ\u00f2mic i la creaci\u00f3 d\u2019ocupaci\u00f3.\",\"email\":\"cambra@cambrabcn.cat\",\"telephone\":\"+34 93 416 93 00\",\"legalName\":\"La Cambra Oficial de Comer\u00e7, Ind\u00fastria, Serveis i Navegaci\u00f3 de Barcelona\",\"foundingDate\":\"1886-01-01\",\"vatID\":\"Q0873001B\",\"taxID\":\"Q0873001B\",\"naics\":\"813910\"}]}<\/script>\n<!-- \/ Yoast SEO Premium plugin. -->","yoast_head_json":{"title":"XarxAddictes 2026: celebrem la for\u00e7a i el valor de la xarxa | Cambra de Comer\u00e7 de Barcelona","robots":{"index":"index","follow":"follow","max-snippet":"max-snippet:-1","max-image-preview":"max-image-preview:large","max-video-preview":"max-video-preview:-1"},"canonical":"https:\/\/cambrabcn.org\/es\/xarxaddictes-2026-celebrem-la-forca-i-el-valor-de-la-xarxa-ubicacio-barcelona-20260129-080000\/","og_locale":"es_ES","og_type":"article","og_title":"XarxAddictes 2026: celebrem la for\u00e7a i el valor de la xarxa","og_description":"L'esdeveniment XarxAddictes \u00e9s el punt de trobada anual dels membres de la Xarxa de Negocis Cambra, un espai pensat per posar en valor la for\u00e7a de la comunitat, compartir resultats i refor\u00e7ar els vincles professionals que s'han generat al llarg de l'any.  Aquesta edici\u00f3 comptar\u00e0 amb la participaci\u00f3 d'Ada Parellada, restauradora i propiet\u00e0ria de Semproniana, com a ponent convidada. Compartir\u00e0 els principals reptes i obstacles de la seva traject\u00f2ria professional, aix\u00ed com les lli\u00e7ons apreses que l'han portada fins on \u00e9s avui.  Durant la jornada es donar\u00e0 a con\u00e8ixer la iniciativa de la xarxa, tant pel que fa al nombre de membres i grups actius com pel volum de negoci generat entre empreses participants gr\u00e0cies a la plataforma. Tamb\u00e9 es presentaran les dades anuals del 2025, fent balan\u00e7 de l'evoluci\u00f3 del projecte.  L'acte permetr\u00e0 visibilitzar projectes transversals i iniciatives de col\u00b7laboraci\u00f3 sorgides entre els membres, exemples reals de com el networking es transforma en oportunitats, aliances i creixement empresarial compartit.  Com a cloenda, es lliuraran els Premis XarxAddictes, un reconeixement a aquells membres que han tingut un paper especialment actiu i determinant dins la Xarxa al llarg de l'any.","og_url":"https:\/\/cambrabcn.org\/es\/xarxaddictes-2026-celebrem-la-forca-i-el-valor-de-la-xarxa-ubicacio-barcelona-20260129-080000\/","og_site_name":"Cambra de Comer\u00e7 de Barcelona","article_modified_time":"2026-01-29T15:14:22+00:00","og_image":[{"width":1200,"height":273,"url":"https:\/\/cambrabcn.org\/wp-content\/uploads\/2026\/01\/XarxAddictes_1200x273.png","type":"image\/png"}],"twitter_card":"summary_large_image","twitter_site":"@cambrabcn","twitter_misc":{"Tiempo de lectura":"3 minutos"},"schema":{"@context":"https:\/\/schema.org","@graph":[{"@type":"WebPage","@id":"https:\/\/cambrabcn.org\/es\/xarxaddictes-2026-celebrem-la-forca-i-el-valor-de-la-xarxa-ubicacio-barcelona-20260129-080000\/","url":"https:\/\/cambrabcn.org\/es\/xarxaddictes-2026-celebrem-la-forca-i-el-valor-de-la-xarxa-ubicacio-barcelona-20260129-080000\/","name":"XarxAddictes 2026: celebrem la for\u00e7a i el valor de la xarxa | Cambra de Comer\u00e7 de Barcelona","isPartOf":{"@id":"https:\/\/cambrabcn.org\/es\/#website"},"primaryImageOfPage":{"@id":"https:\/\/cambrabcn.org\/es\/xarxaddictes-2026-celebrem-la-forca-i-el-valor-de-la-xarxa-ubicacio-barcelona-20260129-080000\/#primaryimage"},"image":{"@id":"https:\/\/cambrabcn.org\/es\/xarxaddictes-2026-celebrem-la-forca-i-el-valor-de-la-xarxa-ubicacio-barcelona-20260129-080000\/#primaryimage"},"thumbnailUrl":"https:\/\/cambrabcn.org\/wp-content\/uploads\/2026\/01\/XarxAddictes_1200x273.png","datePublished":"2026-01-29T15:09:02+00:00","dateModified":"2026-01-29T15:14:22+00:00","breadcrumb":{"@id":"https:\/\/cambrabcn.org\/es\/xarxaddictes-2026-celebrem-la-forca-i-el-valor-de-la-xarxa-ubicacio-barcelona-20260129-080000\/#breadcrumb"},"inLanguage":"es","potentialAction":[{"@type":"ReadAction","target":["https:\/\/cambrabcn.org\/es\/xarxaddictes-2026-celebrem-la-forca-i-el-valor-de-la-xarxa-ubicacio-barcelona-20260129-080000\/"]}]},{"@type":"ImageObject","inLanguage":"es","@id":"https:\/\/cambrabcn.org\/es\/xarxaddictes-2026-celebrem-la-forca-i-el-valor-de-la-xarxa-ubicacio-barcelona-20260129-080000\/#primaryimage","url":"https:\/\/cambrabcn.org\/wp-content\/uploads\/2026\/01\/XarxAddictes_1200x273.png","contentUrl":"https:\/\/cambrabcn.org\/wp-content\/uploads\/2026\/01\/XarxAddictes_1200x273.png","width":1200,"height":273},{"@type":"BreadcrumbList","@id":"https:\/\/cambrabcn.org\/es\/xarxaddictes-2026-celebrem-la-forca-i-el-valor-de-la-xarxa-ubicacio-barcelona-20260129-080000\/#breadcrumb","itemListElement":[{"@type":"ListItem","position":1,"name":"Home","item":"https:\/\/cambrabcn.org\/es\/"},{"@type":"ListItem","position":2,"name":"Eventos","item":"https:\/\/cambrabcn.org\/es\/eventos\/"},{"@type":"ListItem","position":3,"name":"XarxAddictes 2026: celebrem la for\u00e7a i el valor de la xarxa"}]},{"@type":"WebSite","@id":"https:\/\/cambrabcn.org\/es\/#website","url":"https:\/\/cambrabcn.org\/es\/","name":"Cambra de Comer\u00e7 de Barcelona","description":"La Cambra de Tothom","publisher":{"@id":"https:\/\/cambrabcn.org\/es\/#organization"},"alternateName":"Cambra Oficial de Comer\u00e7, Ind\u00fastria, Serveis i Navegaci\u00f3 de Barcelona","potentialAction":[{"@type":"SearchAction","target":{"@type":"EntryPoint","urlTemplate":"https:\/\/cambrabcn.org\/es\/?s={search_term_string}"},"query-input":{"@type":"PropertyValueSpecification","valueRequired":true,"valueName":"search_term_string"}}],"inLanguage":"es"},{"@type":"Organization","@id":"https:\/\/cambrabcn.org\/es\/#organization","name":"Cambra de Comer\u00e7 de Barcelona","alternateName":"Cambra Oficial de Comer\u00e7, Ind\u00fastria, Serveis i Navegaci\u00f3 de Barcelona","url":"https:\/\/cambrabcn.org\/es\/","logo":{"@type":"ImageObject","inLanguage":"es","@id":"https:\/\/cambrabcn.org\/es\/#\/schema\/logo\/image\/","url":"https:\/\/cambrabcn.org\/wp-content\/uploads\/2023\/11\/logo-cambra-300x77-1.png","contentUrl":"https:\/\/cambrabcn.org\/wp-content\/uploads\/2023\/11\/logo-cambra-300x77-1.png","width":300,"height":77,"caption":"Cambra de Comer\u00e7 de Barcelona"},"image":{"@id":"https:\/\/cambrabcn.org\/es\/#\/schema\/logo\/image\/"},"sameAs":["https:\/\/x.com\/cambrabcn","https:\/\/www.instagram.com\/cambrabcn\/","https:\/\/www.linkedin.com\/school\/cambrabcn","https:\/\/www.youtube.com\/user\/PressCambrabcn","https:\/\/ca.wikipedia.org\/wiki\/Cambra_Oficial_de_Comer\u00e7,_Ind\u00fastria_i_Navegaci\u00f3_de_Barcelona","http:\/\/viaf.org\/viaf\/124017095"],"description":"La Cambra Oficial de Comer\u00e7, Ind\u00fastria, Serveis i Navegaci\u00f3 de Barcelona \u00e9s una corporaci\u00f3 de dret p\u00fablic que presta serveis a les empreses, contribuint a la regeneraci\u00f3 del teixit econ\u00f2mic i la creaci\u00f3 d\u2019ocupaci\u00f3.","email":"cambra@cambrabcn.cat","telephone":"+34 93 416 93 00","legalName":"La Cambra Oficial de Comer\u00e7, Ind\u00fastria, Serveis i Navegaci\u00f3 de Barcelona","foundingDate":"1886-01-01","vatID":"Q0873001B","taxID":"Q0873001B","naics":"813910"}]}},"_links":{"self":[{"href":"https:\/\/cambrabcn.org\/es\/wp-json\/wp\/v2\/event\/117571","targetHints":{"allow":["GET"]}}],"collection":[{"href":"https:\/\/cambrabcn.org\/es\/wp-json\/wp\/v2\/event"}],"about":[{"href":"https:\/\/cambrabcn.org\/es\/wp-json\/wp\/v2\/types\/event"}],"author":[{"embeddable":true,"href":"https:\/\/cambrabcn.org\/es\/wp-json\/wp\/v2\/users\/4"}],"version-history":[{"count":1,"href":"https:\/\/cambrabcn.org\/es\/wp-json\/wp\/v2\/event\/117571\/revisions"}],"predecessor-version":[{"id":117579,"href":"https:\/\/cambrabcn.org\/es\/wp-json\/wp\/v2\/event\/117571\/revisions\/117579"}],"wp:featuredmedia":[{"embeddable":true,"href":"https:\/\/cambrabcn.org\/es\/wp-json\/wp\/v2\/media\/114563"}],"wp:attachment":[{"href":"https:\/\/cambrabcn.org\/es\/wp-json\/wp\/v2\/media?parent=117571"}],"wp:term":[{"taxonomy":"event-type","embeddable":true,"href":"https:\/\/cambrabcn.org\/es\/wp-json\/wp\/v2\/event-type?post=117571"},{"taxonomy":"event-category","embeddable":true,"href":"https:\/\/cambrabcn.org\/es\/wp-json\/wp\/v2\/event-category?post=117571"},{"taxonomy":"territorial-chamber","embeddable":true,"href":"https:\/\/cambrabcn.org\/es\/wp-json\/wp\/v2\/territorial-chamber?post=117571"},{"taxonomy":"services-for","embeddable":true,"href":"https:\/\/cambrabcn.org\/es\/wp-json\/wp\/v2\/services-for?post=117571"},{"taxonomy":"solutions-for","embeddable":true,"href":"https:\/\/cambrabcn.org\/es\/wp-json\/wp\/v2\/solutions-for?post=117571"},{"taxonomy":"location","embeddable":true,"href":"https:\/\/cambrabcn.org\/es\/wp-json\/wp\/v2\/location?post=117571"}],"curies":[{"name":"wp","href":"https:\/\/api.w.org\/{rel}","templated":true}]}}