{"id":43398,"date":"2023-10-01T12:00:00","date_gmt":"2023-10-01T10:00:00","guid":{"rendered":"https:\/\/cambrabcn.org\/?post_type=partner&#038;p=43398"},"modified":"2025-06-23T12:44:48","modified_gmt":"2025-06-23T10:44:48","slug":"cesce-en","status":"publish","type":"partner","link":"https:\/\/cambrabcn.org\/en\/cesce-en\/","title":{"rendered":"CESCE"},"content":{"rendered":"\n<p><\/p>\n\n\n\n<p>Spanish ECA (Export Credit Agency) exclusively managing credit and investment insurance on behalf of the State, covering political, commercial, and extraordinary risks associated with the internationalization of Spanish companies since 1971.<\/p>\n","protected":false},"excerpt":{"rendered":"<p>Export credit and risk coverage.<\/p>\n","protected":false},"author":2,"featured_media":43399,"parent":0,"template":"","partner-category":[],"partner-solution":[],"partner-business-type":[],"territorial-chamber":[],"services-for":[],"solutions-for":[],"location":[],"class_list":["post-43398","partner","type-partner","status-publish","has-post-thumbnail","hentry"],"pp_statuses_selecting_workflow":false,"pp_workflow_action":"current","pp_status_selection":"publish","acf":[],"yoast_head":"<!-- This site is optimized with the Yoast SEO Premium plugin v27.1 (Yoast SEO v27.4) - https:\/\/yoast.com\/product\/yoast-seo-premium-wordpress\/ -->\n<title>CESCE | Partner | Cambra de Comer\u00e7 de Barcelona<\/title>\n<meta name=\"robots\" content=\"index, follow, max-snippet:-1, max-image-preview:large, max-video-preview:-1\" \/>\n<link rel=\"canonical\" href=\"https:\/\/cambrabcn.org\/en\/cesce-en\/\" \/>\n<meta property=\"og:locale\" content=\"en_US\" \/>\n<meta property=\"og:type\" content=\"article\" \/>\n<meta property=\"og:title\" content=\"CESCE\" \/>\n<meta property=\"og:description\" content=\"Export credit and risk coverage.\" \/>\n<meta property=\"og:url\" content=\"https:\/\/cambrabcn.org\/en\/cesce-en\/\" \/>\n<meta property=\"og:site_name\" content=\"Cambra de Comer\u00e7 de Barcelona\" \/>\n<meta property=\"article:modified_time\" content=\"2025-06-23T10:44:48+00:00\" \/>\n<meta property=\"og:image\" content=\"https:\/\/cambrabcn.org\/wp-content\/uploads\/2024\/03\/Logo_cesce-jpg.webp\" \/>\n\t<meta property=\"og:image:width\" content=\"800\" \/>\n\t<meta property=\"og:image:height\" content=\"435\" \/>\n\t<meta property=\"og:image:type\" content=\"image\/jpeg\" \/>\n<meta name=\"twitter:card\" content=\"summary_large_image\" \/>\n<meta name=\"twitter:site\" content=\"@cambrabcn\" \/>\n<meta name=\"twitter:label1\" content=\"Est. reading time\" \/>\n\t<meta name=\"twitter:data1\" content=\"1 minute\" \/>\n<script type=\"application\/ld+json\" class=\"yoast-schema-graph\">{\"@context\":\"https:\\\/\\\/schema.org\",\"@graph\":[{\"@type\":[\"WebPage\",\"AboutPage\"],\"@id\":\"https:\\\/\\\/cambrabcn.org\\\/en\\\/cesce-en\\\/\",\"url\":\"https:\\\/\\\/cambrabcn.org\\\/en\\\/cesce-en\\\/\",\"name\":\"CESCE | Partner | Cambra de Comer\u00e7 de Barcelona\",\"isPartOf\":{\"@id\":\"https:\\\/\\\/cambrabcn.org\\\/en\\\/#website\"},\"primaryImageOfPage\":{\"@id\":\"https:\\\/\\\/cambrabcn.org\\\/en\\\/cesce-en\\\/#primaryimage\"},\"image\":{\"@id\":\"https:\\\/\\\/cambrabcn.org\\\/en\\\/cesce-en\\\/#primaryimage\"},\"thumbnailUrl\":\"https:\\\/\\\/cambrabcn.org\\\/wp-content\\\/uploads\\\/2024\\\/03\\\/Logo_cesce-jpg.webp\",\"datePublished\":\"2023-10-01T10:00:00+00:00\",\"dateModified\":\"2025-06-23T10:44:48+00:00\",\"breadcrumb\":{\"@id\":\"https:\\\/\\\/cambrabcn.org\\\/en\\\/cesce-en\\\/#breadcrumb\"},\"inLanguage\":\"en-US\",\"potentialAction\":[{\"@type\":\"ReadAction\",\"target\":[\"https:\\\/\\\/cambrabcn.org\\\/en\\\/cesce-en\\\/\"]}]},{\"@type\":\"ImageObject\",\"inLanguage\":\"en-US\",\"@id\":\"https:\\\/\\\/cambrabcn.org\\\/en\\\/cesce-en\\\/#primaryimage\",\"url\":\"https:\\\/\\\/cambrabcn.org\\\/wp-content\\\/uploads\\\/2024\\\/03\\\/Logo_cesce-jpg.webp\",\"contentUrl\":\"https:\\\/\\\/cambrabcn.org\\\/wp-content\\\/uploads\\\/2024\\\/03\\\/Logo_cesce-jpg.webp\",\"width\":800,\"height\":435},{\"@type\":\"BreadcrumbList\",\"@id\":\"https:\\\/\\\/cambrabcn.org\\\/en\\\/cesce-en\\\/#breadcrumb\",\"itemListElement\":[{\"@type\":\"ListItem\",\"position\":1,\"name\":\"Home\",\"item\":\"https:\\\/\\\/cambrabcn.org\\\/en\\\/\"},{\"@type\":\"ListItem\",\"position\":2,\"name\":\"Partners\",\"item\":\"https:\\\/\\\/cambrabcn.org\\\/en\\\/partners-en\\\/\"},{\"@type\":\"ListItem\",\"position\":3,\"name\":\"CESCE\"}]},{\"@type\":\"WebSite\",\"@id\":\"https:\\\/\\\/cambrabcn.org\\\/en\\\/#website\",\"url\":\"https:\\\/\\\/cambrabcn.org\\\/en\\\/\",\"name\":\"Cambra de Comer\u00e7 de Barcelona\",\"description\":\"La Cambra de Tothom\",\"publisher\":{\"@id\":\"https:\\\/\\\/cambrabcn.org\\\/en\\\/#organization\"},\"alternateName\":\"Cambra Oficial de Comer\u00e7, Ind\u00fastria, Serveis i Navegaci\u00f3 de Barcelona\",\"potentialAction\":[{\"@type\":\"SearchAction\",\"target\":{\"@type\":\"EntryPoint\",\"urlTemplate\":\"https:\\\/\\\/cambrabcn.org\\\/en\\\/?s={search_term_string}\"},\"query-input\":{\"@type\":\"PropertyValueSpecification\",\"valueRequired\":true,\"valueName\":\"search_term_string\"}}],\"inLanguage\":\"en-US\"},{\"@type\":\"Organization\",\"@id\":\"https:\\\/\\\/cambrabcn.org\\\/en\\\/#organization\",\"name\":\"Cambra de Comer\u00e7 de Barcelona\",\"alternateName\":\"Cambra Oficial de Comer\u00e7, Ind\u00fastria, Serveis i Navegaci\u00f3 de Barcelona\",\"url\":\"https:\\\/\\\/cambrabcn.org\\\/en\\\/\",\"logo\":{\"@type\":\"ImageObject\",\"inLanguage\":\"en-US\",\"@id\":\"https:\\\/\\\/cambrabcn.org\\\/en\\\/#\\\/schema\\\/logo\\\/image\\\/\",\"url\":\"https:\\\/\\\/cambrabcn.org\\\/wp-content\\\/uploads\\\/2023\\\/11\\\/logo-cambra-300x77-1.png\",\"contentUrl\":\"https:\\\/\\\/cambrabcn.org\\\/wp-content\\\/uploads\\\/2023\\\/11\\\/logo-cambra-300x77-1.png\",\"width\":300,\"height\":77,\"caption\":\"Cambra de Comer\u00e7 de Barcelona\"},\"image\":{\"@id\":\"https:\\\/\\\/cambrabcn.org\\\/en\\\/#\\\/schema\\\/logo\\\/image\\\/\"},\"sameAs\":[\"https:\\\/\\\/x.com\\\/cambrabcn\",\"https:\\\/\\\/www.instagram.com\\\/cambrabcn\\\/\",\"https:\\\/\\\/www.linkedin.com\\\/school\\\/cambrabcn\",\"https:\\\/\\\/www.youtube.com\\\/user\\\/PressCambrabcn\",\"https:\\\/\\\/ca.wikipedia.org\\\/wiki\\\/Cambra_Oficial_de_Comer\u00e7,_Ind\u00fastria_i_Navegaci\u00f3_de_Barcelona\",\"http:\\\/\\\/viaf.org\\\/viaf\\\/124017095\"],\"description\":\"La Cambra Oficial de Comer\u00e7, Ind\u00fastria, Serveis i Navegaci\u00f3 de Barcelona \u00e9s una corporaci\u00f3 de dret p\u00fablic que presta serveis a les empreses, contribuint a la regeneraci\u00f3 del teixit econ\u00f2mic i la creaci\u00f3 d\u2019ocupaci\u00f3.\",\"email\":\"cambra@cambrabcn.cat\",\"telephone\":\"+34 93 416 93 00\",\"legalName\":\"La Cambra Oficial de Comer\u00e7, Ind\u00fastria, Serveis i Navegaci\u00f3 de Barcelona\",\"foundingDate\":\"1886-01-01\",\"vatID\":\"Q0873001B\",\"taxID\":\"Q0873001B\",\"naics\":\"813910\"}]}<\/script>\n<!-- \/ Yoast SEO Premium plugin. -->","yoast_head_json":{"title":"CESCE | Partner | Cambra de Comer\u00e7 de Barcelona","robots":{"index":"index","follow":"follow","max-snippet":"max-snippet:-1","max-image-preview":"max-image-preview:large","max-video-preview":"max-video-preview:-1"},"canonical":"https:\/\/cambrabcn.org\/en\/cesce-en\/","og_locale":"en_US","og_type":"article","og_title":"CESCE","og_description":"Export credit and risk coverage.","og_url":"https:\/\/cambrabcn.org\/en\/cesce-en\/","og_site_name":"Cambra de Comer\u00e7 de Barcelona","article_modified_time":"2025-06-23T10:44:48+00:00","og_image":[{"width":800,"height":435,"url":"https:\/\/cambrabcn.org\/wp-content\/uploads\/2024\/03\/Logo_cesce-jpg.webp","type":"image\/jpeg"}],"twitter_card":"summary_large_image","twitter_site":"@cambrabcn","twitter_misc":{"Est. reading time":"1 minute"},"schema":{"@context":"https:\/\/schema.org","@graph":[{"@type":["WebPage","AboutPage"],"@id":"https:\/\/cambrabcn.org\/en\/cesce-en\/","url":"https:\/\/cambrabcn.org\/en\/cesce-en\/","name":"CESCE | Partner | Cambra de Comer\u00e7 de Barcelona","isPartOf":{"@id":"https:\/\/cambrabcn.org\/en\/#website"},"primaryImageOfPage":{"@id":"https:\/\/cambrabcn.org\/en\/cesce-en\/#primaryimage"},"image":{"@id":"https:\/\/cambrabcn.org\/en\/cesce-en\/#primaryimage"},"thumbnailUrl":"https:\/\/cambrabcn.org\/wp-content\/uploads\/2024\/03\/Logo_cesce-jpg.webp","datePublished":"2023-10-01T10:00:00+00:00","dateModified":"2025-06-23T10:44:48+00:00","breadcrumb":{"@id":"https:\/\/cambrabcn.org\/en\/cesce-en\/#breadcrumb"},"inLanguage":"en-US","potentialAction":[{"@type":"ReadAction","target":["https:\/\/cambrabcn.org\/en\/cesce-en\/"]}]},{"@type":"ImageObject","inLanguage":"en-US","@id":"https:\/\/cambrabcn.org\/en\/cesce-en\/#primaryimage","url":"https:\/\/cambrabcn.org\/wp-content\/uploads\/2024\/03\/Logo_cesce-jpg.webp","contentUrl":"https:\/\/cambrabcn.org\/wp-content\/uploads\/2024\/03\/Logo_cesce-jpg.webp","width":800,"height":435},{"@type":"BreadcrumbList","@id":"https:\/\/cambrabcn.org\/en\/cesce-en\/#breadcrumb","itemListElement":[{"@type":"ListItem","position":1,"name":"Home","item":"https:\/\/cambrabcn.org\/en\/"},{"@type":"ListItem","position":2,"name":"Partners","item":"https:\/\/cambrabcn.org\/en\/partners-en\/"},{"@type":"ListItem","position":3,"name":"CESCE"}]},{"@type":"WebSite","@id":"https:\/\/cambrabcn.org\/en\/#website","url":"https:\/\/cambrabcn.org\/en\/","name":"Cambra de Comer\u00e7 de Barcelona","description":"La Cambra de Tothom","publisher":{"@id":"https:\/\/cambrabcn.org\/en\/#organization"},"alternateName":"Cambra Oficial de Comer\u00e7, Ind\u00fastria, Serveis i Navegaci\u00f3 de Barcelona","potentialAction":[{"@type":"SearchAction","target":{"@type":"EntryPoint","urlTemplate":"https:\/\/cambrabcn.org\/en\/?s={search_term_string}"},"query-input":{"@type":"PropertyValueSpecification","valueRequired":true,"valueName":"search_term_string"}}],"inLanguage":"en-US"},{"@type":"Organization","@id":"https:\/\/cambrabcn.org\/en\/#organization","name":"Cambra de Comer\u00e7 de Barcelona","alternateName":"Cambra Oficial de Comer\u00e7, Ind\u00fastria, Serveis i Navegaci\u00f3 de Barcelona","url":"https:\/\/cambrabcn.org\/en\/","logo":{"@type":"ImageObject","inLanguage":"en-US","@id":"https:\/\/cambrabcn.org\/en\/#\/schema\/logo\/image\/","url":"https:\/\/cambrabcn.org\/wp-content\/uploads\/2023\/11\/logo-cambra-300x77-1.png","contentUrl":"https:\/\/cambrabcn.org\/wp-content\/uploads\/2023\/11\/logo-cambra-300x77-1.png","width":300,"height":77,"caption":"Cambra de Comer\u00e7 de Barcelona"},"image":{"@id":"https:\/\/cambrabcn.org\/en\/#\/schema\/logo\/image\/"},"sameAs":["https:\/\/x.com\/cambrabcn","https:\/\/www.instagram.com\/cambrabcn\/","https:\/\/www.linkedin.com\/school\/cambrabcn","https:\/\/www.youtube.com\/user\/PressCambrabcn","https:\/\/ca.wikipedia.org\/wiki\/Cambra_Oficial_de_Comer\u00e7,_Ind\u00fastria_i_Navegaci\u00f3_de_Barcelona","http:\/\/viaf.org\/viaf\/124017095"],"description":"La Cambra Oficial de Comer\u00e7, Ind\u00fastria, Serveis i Navegaci\u00f3 de Barcelona \u00e9s una corporaci\u00f3 de dret p\u00fablic que presta serveis a les empreses, contribuint a la regeneraci\u00f3 del teixit econ\u00f2mic i la creaci\u00f3 d\u2019ocupaci\u00f3.","email":"cambra@cambrabcn.cat","telephone":"+34 93 416 93 00","legalName":"La Cambra Oficial de Comer\u00e7, Ind\u00fastria, Serveis i Navegaci\u00f3 de Barcelona","foundingDate":"1886-01-01","vatID":"Q0873001B","taxID":"Q0873001B","naics":"813910"}]}},"_links":{"self":[{"href":"https:\/\/cambrabcn.org\/en\/wp-json\/wp\/v2\/partner\/43398","targetHints":{"allow":["GET"]}}],"collection":[{"href":"https:\/\/cambrabcn.org\/en\/wp-json\/wp\/v2\/partner"}],"about":[{"href":"https:\/\/cambrabcn.org\/en\/wp-json\/wp\/v2\/types\/partner"}],"author":[{"embeddable":true,"href":"https:\/\/cambrabcn.org\/en\/wp-json\/wp\/v2\/users\/2"}],"version-history":[{"count":1,"href":"https:\/\/cambrabcn.org\/en\/wp-json\/wp\/v2\/partner\/43398\/revisions"}],"predecessor-version":[{"id":43402,"href":"https:\/\/cambrabcn.org\/en\/wp-json\/wp\/v2\/partner\/43398\/revisions\/43402"}],"wp:featuredmedia":[{"embeddable":true,"href":"https:\/\/cambrabcn.org\/en\/wp-json\/wp\/v2\/media\/43399"}],"wp:attachment":[{"href":"https:\/\/cambrabcn.org\/en\/wp-json\/wp\/v2\/media?parent=43398"}],"wp:term":[{"taxonomy":"partner-category","embeddable":true,"href":"https:\/\/cambrabcn.org\/en\/wp-json\/wp\/v2\/partner-category?post=43398"},{"taxonomy":"partner-solution","embeddable":true,"href":"https:\/\/cambrabcn.org\/en\/wp-json\/wp\/v2\/partner-solution?post=43398"},{"taxonomy":"partner-business-type","embeddable":true,"href":"https:\/\/cambrabcn.org\/en\/wp-json\/wp\/v2\/partner-business-type?post=43398"},{"taxonomy":"territorial-chamber","embeddable":true,"href":"https:\/\/cambrabcn.org\/en\/wp-json\/wp\/v2\/territorial-chamber?post=43398"},{"taxonomy":"services-for","embeddable":true,"href":"https:\/\/cambrabcn.org\/en\/wp-json\/wp\/v2\/services-for?post=43398"},{"taxonomy":"solutions-for","embeddable":true,"href":"https:\/\/cambrabcn.org\/en\/wp-json\/wp\/v2\/solutions-for?post=43398"},{"taxonomy":"location","embeddable":true,"href":"https:\/\/cambrabcn.org\/en\/wp-json\/wp\/v2\/location?post=43398"}],"curies":[{"name":"wp","href":"https:\/\/api.w.org\/{rel}","templated":true}]}}